



{"id":1192,"date":"2025-10-06T15:15:54","date_gmt":"2025-10-06T13:15:54","guid":{"rendered":"https:\/\/www.4h.se\/uppsala\/?page_id=1192"},"modified":"2025-10-22T08:34:44","modified_gmt":"2025-10-22T06:34:44","slug":"traffar-pa-4h-gardarna","status":"publish","type":"page","link":"https:\/\/www.4h.se\/uppsala\/traffar-pa-4h-gardarna\/","title":{"rendered":"Tr\u00e4ffar p\u00e5 4H-g\u00e5rdarna"},"content":{"rendered":"<div class=\"wpb-content-wrapper\"><p>[vc_row][vc_column][vc_single_image image=&#8221;1073&#8243; img_size=&#8221;1110&#215;300&#8243; style=&#8221;vc_box_rounded&#8221; css=&#8221;&#8221;][\/vc_column][\/vc_row][vc_row][vc_column][vc_column_text css=&#8221;&#8221;]<\/p>\n<h1>Vill du vara med i 4H?<\/h1>\n<h4 style=\"text-align: left;padding-left: 80px\">Missa inte detta!<\/h4>\n<p>[\/vc_column_text][\/vc_column][\/vc_row][vc_row][vc_column width=&#8221;1\/2&#8243;][vc_column_text css=&#8221;&#8221;]<\/p>\n<p data-start=\"98\" data-end=\"230\"><strong data-start=\"98\" data-end=\"230\">Under h\u00f6sten 2025 bjuder 4H-g\u00e5rdarna in till infotr\u00e4ffar \u2013 s\u00e5 att du som \u00e4r intresserad enkelt kan bli en del av v\u00e5r verksamhet.<\/strong><\/p>\n<p data-start=\"232\" data-end=\"492\">P\u00e5 infotr\u00e4ffarna f\u00e5r barn och unga h\u00e4nga p\u00e5 g\u00e5rden, testa aktiviteter, tr\u00e4ffa nya v\u00e4nner och uppt\u00e4cka vad 4H \u00e4r. Kanske vill du g\u00e5 med i en klubb \u2013 eller starta en egen tillsammans med dina kompisar?<\/p>\n<p data-start=\"494\" data-end=\"670\">Kanske \u00e4r det just du som vill starta en 4H-klubb p\u00e5 en 4H-g\u00e5rd och ta hand om djuren \u2013 eller varf\u00f6r inte starta en fotbollsklubb? M\u00f6jligheterna \u00e4r o\u00e4ndliga \u2013 kom p\u00e5 tr\u00e4ffarna!<\/p>\n<p>[\/vc_column_text][vc_row_inner][vc_column_inner][vc_separator color=&#8221;peacoc&#8221; css=&#8221;&#8221;][\/vc_column_inner][\/vc_row_inner][vc_row_inner][vc_column_inner width=&#8221;1\/2&#8243;][vc_column_text css=&#8221;&#8221;]<\/p>\n<h3 style=\"text-align: center\">Tr\u00e4ff 1<\/h3>\n<p>[\/vc_column_text][vc_column_text css=&#8221;&#8221;]Alla g\u00e5rdar har tv\u00e5 tr\u00e4ffar var, d\u00e4r deltagarna uppmuntras att dela p\u00e5 b\u00e5da.<\/p>\n<p>P\u00e5 den f\u00f6rsta tr\u00e4ffen f\u00e5r deltagarna umg\u00e5s med djuren p\u00e5 g\u00e5rden och testa hur det \u00e4r att vara medlem. Vi fikar, umg\u00e5s och har roligt tillsammans![\/vc_column_text][\/vc_column_inner][vc_column_inner width=&#8221;1\/2&#8243;][vc_column_text css=&#8221;&#8221;]<\/p>\n<h3 style=\"text-align: center\">Tr\u00e4ff 2<\/h3>\n<p>[\/vc_column_text][vc_column_text css=&#8221;&#8221;]Till tr\u00e4ff tv\u00e5 har medlemmarna f\u00e5tt fundera p\u00e5 ifall de vill vara medlemmar i en klubb som redan finns p\u00e5 g\u00e5rden, eller ifall de vill starta sin egen klubb.<\/p>\n<p>En klubb kan rikta in sig p\u00e5 djur, sport, spel eller n\u00e5got helt annat.[\/vc_column_text][\/vc_column_inner][\/vc_row_inner][\/vc_column][vc_column width=&#8221;1\/2&#8243;][vc_single_image image=&#8221;1143&#8243; img_size=&#8221;540&#215;440&#8243; style=&#8221;vc_box_rounded&#8221; css=&#8221;&#8221;][\/vc_column][\/vc_row][vc_row][vc_column][vc_separator color=&#8221;peacoc&#8221; css=&#8221;&#8221;][\/vc_column][\/vc_row][vc_row][vc_column width=&#8221;1\/3&#8243;][vc_column_text css=&#8221;&#8221;]<\/p>\n<h3 style=\"text-align: center\">Gr\u00e4nby 4H-g\u00e5rd<\/h3>\n<p>[\/vc_column_text][vc_text_separator title=&#8221;INFOTR\u00c4FFAR&#8221; css=&#8221;&#8221;][vc_tta_accordion style=&#8221;modern&#8221; color=&#8221;green&#8221; c_align=&#8221;left&#8221; c_icon=&#8221;chevron&#8221; active_section=&#8221;1&#8243;][vc_tta_section title=&#8221;Onsdag 22 oktober&#8221; tab_id=&#8221;1759493368471-4e8433fd-e938&#8243;][vc_column_text css=&#8221;&#8221;]V\u00e4lkommen p\u00e5 infotr\u00e4ff p\u00e5 Gr\u00e4nby 4H-g\u00e5rd.<\/p>\n<p>Tr\u00e4ffen p\u00e5g\u00e5r mellan kl. 17.30 &#8211; 19.00.<\/p>\n<ul>\n<li>Ingen anm\u00e4lan kr\u00e4vs<\/li>\n<li>Det \u00e4r helt gratis<\/li>\n<li>Vi bjuder p\u00e5 fika<\/li>\n<\/ul>\n<p>[\/vc_column_text][\/vc_tta_section][vc_tta_section title=&#8221;Tisdag 18 november&#8221; tab_id=&#8221;1759493368471-e664aa9e-b50f&#8221;][vc_column_text css=&#8221;&#8221;]V\u00e4lkommen p\u00e5 infotr\u00e4ff p\u00e5 Gr\u00e4nby 4H-g\u00e5rd.<\/p>\n<p>Tr\u00e4ffen p\u00e5g\u00e5r mellan kl. 17.30 &#8211; 19.00.<\/p>\n<ul>\n<li>Ingen anm\u00e4lan kr\u00e4vs<\/li>\n<li>Det \u00e4r helt gratis<\/li>\n<li>Vi bjuder p\u00e5 fika<\/li>\n<\/ul>\n<p>[\/vc_column_text][\/vc_tta_section][\/vc_tta_accordion][vc_btn title=&#8221;L\u00c4S MER OM GR\u00c4NBYS TR\u00c4FFAR&#8221; style=&#8221;3d&#8221; color=&#8221;green&#8221; align=&#8221;center&#8221; i_icon_fontawesome=&#8221;fa fa-solid fa-book-open-reader&#8221; css=&#8221;&#8221; button_block=&#8221;true&#8221; add_icon=&#8221;true&#8221; link=&#8221;url:https%3A%2F%2Fwww.4h.se%2Fgranby%2Fuppstartstraffar%2F|target:_blank&#8221;][\/vc_column][vc_column width=&#8221;1\/3&#8243;][vc_column_text css=&#8221;&#8221;]<\/p>\n<h3 style=\"text-align: center\">S\u00e4vja 4H-g\u00e5rd<\/h3>\n<p>[\/vc_column_text][vc_text_separator title=&#8221;INFOTR\u00c4FFAR&#8221; css=&#8221;&#8221;][vc_tta_accordion style=&#8221;modern&#8221; color=&#8221;pink&#8221; c_align=&#8221;left&#8221; c_icon=&#8221;chevron&#8221; active_section=&#8221;1&#8243;][vc_tta_section title=&#8221;Tisdag 7 oktober&#8221; tab_id=&#8221;1759493033523-3486dc0e-a78e&#8221;][vc_column_text css=&#8221;&#8221;]V\u00e4lkommen p\u00e5 infotr\u00e4ff p\u00e5 S\u00e4vja 4H-g\u00e5rd.<\/p>\n<p>Tr\u00e4ffen p\u00e5g\u00e5r mellan kl. 17.30 &#8211; 19.00.<\/p>\n<ul>\n<li>Ingen anm\u00e4lan kr\u00e4vs<\/li>\n<li>Det \u00e4r helt gratis<\/li>\n<li>Vi bjuder p\u00e5 fika<\/li>\n<\/ul>\n<p>[\/vc_column_text][\/vc_tta_section][vc_tta_section title=&#8221;Torsdag 13 november&#8221; tab_id=&#8221;1759493033523-b6670b51-0de5&#8243;][vc_column_text css=&#8221;&#8221;]V\u00e4lkommen p\u00e5 infotr\u00e4ff p\u00e5 S\u00e4vja 4H-g\u00e5rd.<\/p>\n<p>Tr\u00e4ffen p\u00e5g\u00e5r mellan kl. 17.30 &#8211; 19.00.<\/p>\n<ul>\n<li>Ingen anm\u00e4lan kr\u00e4vs<\/li>\n<li>Det \u00e4r helt gratis<\/li>\n<li>Vi bjuder p\u00e5 fika<\/li>\n<\/ul>\n<p>[\/vc_column_text][\/vc_tta_section][\/vc_tta_accordion][vc_btn title=&#8221;L\u00c4S MER OM S\u00c4VJAS TR\u00c4FFAR&#8221; style=&#8221;3d&#8221; color=&#8221;pink&#8221; align=&#8221;center&#8221; i_icon_fontawesome=&#8221;fa fa-solid fa-book-open-reader&#8221; css=&#8221;&#8221; button_block=&#8221;true&#8221; add_icon=&#8221;true&#8221; link=&#8221;url:https%3A%2F%2Fwww.4h.se%2Fsavja%2Fuppstartstraffar%2F|target:_blank&#8221;][\/vc_column][vc_column width=&#8221;1\/3&#8243;][vc_column_text css=&#8221;&#8221;]<\/p>\n<h3 style=\"text-align: center\">\u00c5rsta 4H-g\u00e5rd<\/h3>\n<p>[\/vc_column_text][vc_text_separator title=&#8221;INFOTR\u00c4FFAR&#8221; css=&#8221;&#8221;][vc_tta_accordion style=&#8221;modern&#8221; color=&#8221;orange&#8221; c_align=&#8221;left&#8221; c_icon=&#8221;chevron&#8221; active_section=&#8221;1&#8243;][vc_tta_section title=&#8221;Tisdag 11 november&#8221; tab_id=&#8221;1759493394747-c943e051-6e3b&#8221;][vc_column_text css=&#8221;&#8221;]V\u00e4lkommen p\u00e5 infotr\u00e4ff p\u00e5 \u00c5rsta 4H-g\u00e5rd.<\/p>\n<p>Tr\u00e4ffen p\u00e5g\u00e5r mellan kl. 17.30 &#8211; 19.00.<\/p>\n<ul>\n<li>Ingen anm\u00e4lan kr\u00e4vs<\/li>\n<li>Det \u00e4r helt gratis<\/li>\n<li>Vi bjuder p\u00e5 fika<\/li>\n<\/ul>\n<p>[\/vc_column_text][\/vc_tta_section][vc_tta_section title=&#8221;Onsdag 26 november&#8221; tab_id=&#8221;1759493394748-dae7dbba-1933&#8243;][vc_column_text css=&#8221;&#8221;]V\u00e4lkommen p\u00e5 infotr\u00e4ff p\u00e5 \u00c5rsta 4H-g\u00e5rd.<\/p>\n<p>Tr\u00e4ffen p\u00e5g\u00e5r mellan kl. 17.30 &#8211; 19.00.<\/p>\n<ul>\n<li>Ingen anm\u00e4lan kr\u00e4vs<\/li>\n<li>Det \u00e4r helt gratis<\/li>\n<li>Vi bjuder p\u00e5 fika<\/li>\n<\/ul>\n<p>[\/vc_column_text][\/vc_tta_section][\/vc_tta_accordion][vc_btn title=&#8221;L\u00c4S MER OM \u00c5RSTAS TR\u00c4FFAR&#8221; style=&#8221;3d&#8221; color=&#8221;orange&#8221; align=&#8221;center&#8221; i_icon_fontawesome=&#8221;fa fa-solid fa-book-open-reader&#8221; css=&#8221;&#8221; button_block=&#8221;true&#8221; add_icon=&#8221;true&#8221; link=&#8221;url:https%3A%2F%2Fwww.4h.se%2Farsta%2Fuppstartstraffar%2F|target:_blank&#8221;][\/vc_column][\/vc_row][vc_row][vc_column][vc_separator color=&#8221;peacoc&#8221; css=&#8221;&#8221;][\/vc_column][\/vc_row][vc_row][vc_column width=&#8221;1\/4&#8243;][\/vc_column][vc_column width=&#8221;1\/2&#8243;][vc_single_image image=&#8221;1122&#8243; img_size=&#8221;full&#8221; style=&#8221;vc_box_rounded&#8221; css=&#8221;&#8221;][\/vc_column][vc_column width=&#8221;1\/4&#8243;][\/vc_column][\/vc_row][vc_row][vc_column][vc_column_text css=&#8221;&#8221;]<\/p>\n<p style=\"text-align: center;\"><strong>Med st\u00f6d av Myndigheten f\u00f6r ungdoms- och civilsamh\u00e4llesfr\u00e5gor, MUCF.<\/strong><\/p>\n<p>[\/vc_column_text][\/vc_column][\/vc_row]<\/p>\n<\/div>","protected":false},"excerpt":{"rendered":"<p>[vc_row][vc_column][vc_single_image image=&#8221;1073&#8243; img_size=&#8221;1110&#215;300&#8243; style=&#8221;vc_box_rounded&#8221; css=&#8221;&#8221;][\/vc_column][\/vc_row][vc_row][vc_column][vc_column_text css=&#8221;&#8221;] Vill du vara med i 4H? Missa inte detta! [\/vc_column_text][\/vc_column][\/vc_row][vc_row][vc_column width=&#8221;1\/2&#8243;][vc_column_text css=&#8221;&#8221;] Under h\u00f6sten 2025 bjuder 4H-g\u00e5rdarna in till infotr\u00e4ffar \u2013 s\u00e5 att du som \u00e4r intresserad enkelt kan bli en del av v\u00e5r verksamhet. P\u00e5 infotr\u00e4ffarna f\u00e5r barn och unga h\u00e4nga p\u00e5 g\u00e5rden, testa aktiviteter, tr\u00e4ffa nya v\u00e4nner&nbsp; <a href=\"https:\/\/www.4h.se\/uppsala\/traffar-pa-4h-gardarna\/\">&hellip; Read more <i class=\"glyphicon glyphicon-arrow-right\"><\/i><\/a><\/p>\n","protected":false},"author":211,"featured_media":0,"parent":0,"menu_order":0,"comment_status":"closed","ping_status":"closed","template":"","meta":{"_acf_changed":false,"footnotes":""},"class_list":["post-1192","page","type-page","status-publish","hentry"],"acf":[],"yoast_head":"<!-- This site is optimized with the Yoast SEO plugin v27.4 - https:\/\/yoast.com\/product\/yoast-seo-wordpress\/ -->\n<title>Tr\u00e4ffar p\u00e5 4H-g\u00e5rdarna - 4H i Uppsala<\/title>\n<meta name=\"robots\" content=\"index, follow, max-snippet:-1, max-image-preview:large, max-video-preview:-1\" \/>\n<link rel=\"canonical\" href=\"https:\/\/www.4h.se\/uppsala\/traffar-pa-4h-gardarna\/\" \/>\n<meta property=\"og:locale\" content=\"sv_SE\" \/>\n<meta property=\"og:type\" content=\"article\" \/>\n<meta property=\"og:title\" content=\"Tr\u00e4ffar p\u00e5 4H-g\u00e5rdarna - 4H i Uppsala\" \/>\n<meta property=\"og:description\" content=\"[vc_row][vc_column][vc_single_image image=&#8221;1073&#8243; img_size=&#8221;1110&#215;300&#8243; style=&#8221;vc_box_rounded&#8221; css=&#8221;&#8221;][\/vc_column][\/vc_row][vc_row][vc_column][vc_column_text css=&#8221;&#8221;] Vill du vara med i 4H? Missa inte detta! [\/vc_column_text][\/vc_column][\/vc_row][vc_row][vc_column width=&#8221;1\/2&#8243;][vc_column_text css=&#8221;&#8221;] Under h\u00f6sten 2025 bjuder 4H-g\u00e5rdarna in till infotr\u00e4ffar \u2013 s\u00e5 att du som \u00e4r intresserad enkelt kan bli en del av v\u00e5r verksamhet. P\u00e5 infotr\u00e4ffarna f\u00e5r barn och unga h\u00e4nga p\u00e5 g\u00e5rden, testa aktiviteter, tr\u00e4ffa nya v\u00e4nner&nbsp; &hellip; Read more\" \/>\n<meta property=\"og:url\" content=\"https:\/\/www.4h.se\/uppsala\/traffar-pa-4h-gardarna\/\" \/>\n<meta property=\"og:site_name\" content=\"4H i Uppsala\" \/>\n<meta property=\"article:modified_time\" content=\"2025-10-22T06:34:44+00:00\" \/>\n<meta name=\"twitter:card\" content=\"summary_large_image\" \/>\n<script type=\"application\/ld+json\" class=\"yoast-schema-graph\">{\"@context\":\"https:\\\/\\\/schema.org\",\"@graph\":[{\"@type\":\"WebPage\",\"@id\":\"https:\\\/\\\/www.4h.se\\\/uppsala\\\/traffar-pa-4h-gardarna\\\/\",\"url\":\"https:\\\/\\\/www.4h.se\\\/uppsala\\\/traffar-pa-4h-gardarna\\\/\",\"name\":\"Tr\u00e4ffar p\u00e5 4H-g\u00e5rdarna - 4H i Uppsala\",\"isPartOf\":{\"@id\":\"https:\\\/\\\/www.4h.se\\\/uppsala\\\/#website\"},\"datePublished\":\"2025-10-06T13:15:54+00:00\",\"dateModified\":\"2025-10-22T06:34:44+00:00\",\"breadcrumb\":{\"@id\":\"https:\\\/\\\/www.4h.se\\\/uppsala\\\/traffar-pa-4h-gardarna\\\/#breadcrumb\"},\"inLanguage\":\"sv-SE\",\"potentialAction\":[{\"@type\":\"ReadAction\",\"target\":[\"https:\\\/\\\/www.4h.se\\\/uppsala\\\/traffar-pa-4h-gardarna\\\/\"]}]},{\"@type\":\"BreadcrumbList\",\"@id\":\"https:\\\/\\\/www.4h.se\\\/uppsala\\\/traffar-pa-4h-gardarna\\\/#breadcrumb\",\"itemListElement\":[{\"@type\":\"ListItem\",\"position\":1,\"name\":\"Hem\",\"item\":\"https:\\\/\\\/www.4h.se\\\/uppsala\\\/\"},{\"@type\":\"ListItem\",\"position\":2,\"name\":\"Tr\u00e4ffar p\u00e5 4H-g\u00e5rdarna\"}]},{\"@type\":\"WebSite\",\"@id\":\"https:\\\/\\\/www.4h.se\\\/uppsala\\\/#website\",\"url\":\"https:\\\/\\\/www.4h.se\\\/uppsala\\\/\",\"name\":\"4H i Uppsala\",\"description\":\"\",\"potentialAction\":[{\"@type\":\"SearchAction\",\"target\":{\"@type\":\"EntryPoint\",\"urlTemplate\":\"https:\\\/\\\/www.4h.se\\\/uppsala\\\/?s={search_term_string}\"},\"query-input\":{\"@type\":\"PropertyValueSpecification\",\"valueRequired\":true,\"valueName\":\"search_term_string\"}}],\"inLanguage\":\"sv-SE\"}]}<\/script>\n<!-- \/ Yoast SEO plugin. -->","yoast_head_json":{"title":"Tr\u00e4ffar p\u00e5 4H-g\u00e5rdarna - 4H i Uppsala","robots":{"index":"index","follow":"follow","max-snippet":"max-snippet:-1","max-image-preview":"max-image-preview:large","max-video-preview":"max-video-preview:-1"},"canonical":"https:\/\/www.4h.se\/uppsala\/traffar-pa-4h-gardarna\/","og_locale":"sv_SE","og_type":"article","og_title":"Tr\u00e4ffar p\u00e5 4H-g\u00e5rdarna - 4H i Uppsala","og_description":"[vc_row][vc_column][vc_single_image image=&#8221;1073&#8243; img_size=&#8221;1110&#215;300&#8243; style=&#8221;vc_box_rounded&#8221; css=&#8221;&#8221;][\/vc_column][\/vc_row][vc_row][vc_column][vc_column_text css=&#8221;&#8221;] Vill du vara med i 4H? Missa inte detta! [\/vc_column_text][\/vc_column][\/vc_row][vc_row][vc_column width=&#8221;1\/2&#8243;][vc_column_text css=&#8221;&#8221;] Under h\u00f6sten 2025 bjuder 4H-g\u00e5rdarna in till infotr\u00e4ffar \u2013 s\u00e5 att du som \u00e4r intresserad enkelt kan bli en del av v\u00e5r verksamhet. P\u00e5 infotr\u00e4ffarna f\u00e5r barn och unga h\u00e4nga p\u00e5 g\u00e5rden, testa aktiviteter, tr\u00e4ffa nya v\u00e4nner&nbsp; &hellip; Read more","og_url":"https:\/\/www.4h.se\/uppsala\/traffar-pa-4h-gardarna\/","og_site_name":"4H i Uppsala","article_modified_time":"2025-10-22T06:34:44+00:00","twitter_card":"summary_large_image","schema":{"@context":"https:\/\/schema.org","@graph":[{"@type":"WebPage","@id":"https:\/\/www.4h.se\/uppsala\/traffar-pa-4h-gardarna\/","url":"https:\/\/www.4h.se\/uppsala\/traffar-pa-4h-gardarna\/","name":"Tr\u00e4ffar p\u00e5 4H-g\u00e5rdarna - 4H i Uppsala","isPartOf":{"@id":"https:\/\/www.4h.se\/uppsala\/#website"},"datePublished":"2025-10-06T13:15:54+00:00","dateModified":"2025-10-22T06:34:44+00:00","breadcrumb":{"@id":"https:\/\/www.4h.se\/uppsala\/traffar-pa-4h-gardarna\/#breadcrumb"},"inLanguage":"sv-SE","potentialAction":[{"@type":"ReadAction","target":["https:\/\/www.4h.se\/uppsala\/traffar-pa-4h-gardarna\/"]}]},{"@type":"BreadcrumbList","@id":"https:\/\/www.4h.se\/uppsala\/traffar-pa-4h-gardarna\/#breadcrumb","itemListElement":[{"@type":"ListItem","position":1,"name":"Hem","item":"https:\/\/www.4h.se\/uppsala\/"},{"@type":"ListItem","position":2,"name":"Tr\u00e4ffar p\u00e5 4H-g\u00e5rdarna"}]},{"@type":"WebSite","@id":"https:\/\/www.4h.se\/uppsala\/#website","url":"https:\/\/www.4h.se\/uppsala\/","name":"4H i Uppsala","description":"","potentialAction":[{"@type":"SearchAction","target":{"@type":"EntryPoint","urlTemplate":"https:\/\/www.4h.se\/uppsala\/?s={search_term_string}"},"query-input":{"@type":"PropertyValueSpecification","valueRequired":true,"valueName":"search_term_string"}}],"inLanguage":"sv-SE"}]}},"_links":{"self":[{"href":"https:\/\/www.4h.se\/uppsala\/wp-json\/wp\/v2\/pages\/1192","targetHints":{"allow":["GET"]}}],"collection":[{"href":"https:\/\/www.4h.se\/uppsala\/wp-json\/wp\/v2\/pages"}],"about":[{"href":"https:\/\/www.4h.se\/uppsala\/wp-json\/wp\/v2\/types\/page"}],"author":[{"embeddable":true,"href":"https:\/\/www.4h.se\/uppsala\/wp-json\/wp\/v2\/users\/211"}],"replies":[{"embeddable":true,"href":"https:\/\/www.4h.se\/uppsala\/wp-json\/wp\/v2\/comments?post=1192"}],"version-history":[{"count":0,"href":"https:\/\/www.4h.se\/uppsala\/wp-json\/wp\/v2\/pages\/1192\/revisions"}],"wp:attachment":[{"href":"https:\/\/www.4h.se\/uppsala\/wp-json\/wp\/v2\/media?parent=1192"}],"curies":[{"name":"wp","href":"https:\/\/api.w.org\/{rel}","templated":true}]}}