



{"id":1094,"date":"2025-02-13T11:15:19","date_gmt":"2025-02-13T10:15:19","guid":{"rendered":"https:\/\/www.4h.se\/uppsala\/?page_id=1094"},"modified":"2026-03-12T15:44:43","modified_gmt":"2026-03-12T14:44:43","slug":"projekt","status":"publish","type":"page","link":"https:\/\/www.4h.se\/uppsala\/projekt\/","title":{"rendered":"Projekt"},"content":{"rendered":"<div class=\"wpb-content-wrapper\"><p>[vc_row][vc_column][vc_column_text css=&#8221;&#8221;]<\/p>\n<h1>Projekt<\/h1>\n<p>[\/vc_column_text][vc_column_text css=&#8221;&#8221;]F\u00f6r att kunna genomf\u00f6ra v\u00e5r verksamhet och f\u00f6rverkliga v\u00e5ra medlemmars id\u00e9er och intressen, \u00e4r vi beroende av projektmedel. Dessa medel \u00e4r avg\u00f6rande f\u00f6r att finansiera v\u00e5ra aktiviteter, utbildningar och evenemang. Genom att s\u00f6ka och erh\u00e5lla bidrag kan vi kontinuerligt erbjuda en bred och dynamisk verksamhet som speglar v\u00e5ra medlemmars \u00f6nskem\u00e5l och behov.<\/p>\n<p>De projekt vi genomf\u00f6r utg\u00e5r fr\u00e5n de intresseomr\u00e5den vi ser bland v\u00e5ra medlemmar och bes\u00f6kare, samt de m\u00e5lgrupper vi str\u00e4var mot att n\u00e5. Genom att inkludera olika perspektiv f\u00e5r vi insikter som speglar b\u00e5de befintliga och potentiella m\u00e5lgrupper, och ger dem m\u00f6jlighet att vara delaktiga i planering och genomf\u00f6rande av projekten. P\u00e5 s\u00e5 s\u00e4tt skapar vi inte bara meningsfulla aktiviteter utan ocks\u00e5 en stark k\u00e4nsla av gemenskap och ansvarstagande.<\/p>\n<p>Genom att driva v\u00e5r verksamhet p\u00e5 detta s\u00e4tt s\u00e4kerst\u00e4ller vi att 4H forts\u00e4tter att vara en plats d\u00e4r unga f\u00e5r v\u00e4xa, utvecklas och f\u00f6rverkliga sina id\u00e9er. Vi \u00e4r stolta \u00f6ver att vara en organisation som bygger p\u00e5 samarbete, engagemang och viljan att skapa en b\u00e4ttre framtid tillsammans.[\/vc_column_text][\/vc_column][\/vc_row][vc_row][vc_column][vc_tta_tabs style=&#8221;modern&#8221; color=&#8221;peacoc&#8221; spacing=&#8221;5&#8243; gap=&#8221;5&#8243; active_section=&#8221;1&#8243; pagination_style=&#8221;outline-round&#8221; pagination_color=&#8221;peacoc&#8221;][vc_tta_section title=&#8221;2025&#8243; tab_id=&#8221;1739440478559-948694ae-aee0&#8243;][vc_column_text css=&#8221;&#8221;]<\/p>\n<h1>projekt 2025<\/h1>\n<p>Nedan kan du l\u00e4sa om de projekt som vi har genomf\u00f6rt under 2025.[\/vc_column_text][vc_separator color=&#8221;peacoc&#8221; css=&#8221;&#8221;][vc_row_inner][vc_column_inner width=&#8221;1\/2&#8243;][vc_column_text css=&#8221;&#8221;]<\/p>\n<div class=\"wpb_text_column wpb_content_element\">\n<div class=\"wpb_wrapper\">\n<h3>ett 4H f\u00f6r alla<\/h3>\n<h4><em>Insatser f\u00f6r att n\u00e5 nya m\u00e5lgrupper<\/em><\/h4>\n<\/div>\n<\/div>\n<div class=\"wpb_text_column wpb_content_element\">\n<div class=\"wpb_wrapper\">\n<p data-start=\"285\" data-end=\"631\">Vi p\u00e5 4H brinner f\u00f6r att alla barn och unga ska ha m\u00f6jlighet att skapa sig en rik och meningsfull fritid \u2013 oavsett var man bor, hur man ser ut eller vilka intressen man har. Alla ska kunna vara en del av v\u00e5r verksamhet och f\u00e5 m\u00f6jlighet att utvecklas inom 4H. Samtidigt ser vi att vissa grupper i dag \u00e4r underrepresenterade i v\u00e5r verksamhet.<\/p>\n<p data-start=\"633\" data-end=\"937\">Under 2025 genomf\u00f6rde vi d\u00e4rf\u00f6r projektet <em><strong>ETT 4H F\u00d6R ALLA &#8211; INSATSER F\u00d6R ATT N\u00c5 NYA M\u00c5LGRUPPER<\/strong><\/em>, med m\u00e5let att n\u00e5 nya m\u00e5lgrupper och g\u00f6ra v\u00e5r verksamhet \u00e4nnu mer inkluderande. Projektet fokuserade s\u00e4rskilt p\u00e5 att n\u00e5 pojkar och barn som bor i socioekonomiskt utsatta omr\u00e5den, och att skapa fler v\u00e4gar in i 4H:s verksamhet och f\u00f6reningsliv.<\/p>\n<p data-start=\"939\" data-end=\"1151\">Projektet genomf\u00f6rdes i Uppsala kommun, med s\u00e4rskilt fokus p\u00e5 omr\u00e5dena Gr\u00e4nby, Gottsunda, Stenhagen och S\u00e4vja, d\u00e4r vi s\u00e5g stora m\u00f6jligheter att n\u00e5 fler barn och unga och g\u00f6ra verksamheten mer tillg\u00e4nglig.<\/p>\n<p data-start=\"1153\" data-end=\"1556\">F\u00f6r att s\u00e4nka tr\u00f6sklarna till verksamheten genomf\u00f6rdes flera upps\u00f6kande aktiviteter. Bland annat arrangerades djurhagar i socioekonomiskt utsatta omr\u00e5den, d\u00e4r barn och unga fick m\u00f6jlighet att m\u00f6ta djur och ta del av delar av g\u00e5rdsverksamheten i sin egen n\u00e4rmilj\u00f6. Genom att flytta ut verksamheten till platser d\u00e4r barn och unga redan befinner sig kunde vi v\u00e4cka nyfikenhet och skapa nya kontaktytor.<\/p>\n<p data-start=\"1558\" data-end=\"1857\">Parallellt genomf\u00f6rdes kostnadsfria lovaktiviteter p\u00e5 4H-g\u00e5rdarna, d\u00e4r barn och unga fick m\u00f6jlighet att delta i praktiska aktiviteter kopplade till djur, natur och gemenskap. Aktiviteterna gav fler barn m\u00f6jlighet att bes\u00f6ka g\u00e5rdarna och uppt\u00e4cka verksamheten, oavsett ekonomiska f\u00f6ruts\u00e4ttningar.<\/p>\n<p data-start=\"1859\" data-end=\"2189\">Inom projektet arrangerades \u00e4ven informationstr\u00e4ffar f\u00f6r att v\u00e4rva nya medlemmar och sprida kunskap om f\u00f6reningslivet. Tr\u00e4ffarna h\u00f6lls b\u00e5de p\u00e5 externa m\u00f6tesplatser, som fritidsg\u00e5rdar, och p\u00e5 4H-g\u00e5rdarna. P\u00e5 s\u00e5 s\u00e4tt kunde fler barn, unga och familjer f\u00e5 information om verksamheten och hur de kan engagera sig i f\u00f6reningslivet.<\/p>\n<p data-start=\"2191\" data-end=\"2644\">F\u00f6r att skapa en mer inkluderande verksamhet satsade projektet \u00e4ven p\u00e5 utbildningsinsatser f\u00f6r personal och ideella ledare. Under en utbildningshelg samlades personal och l\u00e4nsf\u00f6rbundsstyrelse f\u00f6r kompetensutveckling med fokus p\u00e5 inkludering och tillg\u00e4nglighet. Dessutom genomf\u00f6rdes utbildningstillf\u00e4llen f\u00f6r organisationens ideella ungdomsledare f\u00f6r att st\u00e4rka deras f\u00f6ruts\u00e4ttningar att leda en verksamhet d\u00e4r fler k\u00e4nner sig v\u00e4lkomna och delaktiga.<\/p>\n<p data-start=\"2646\" data-end=\"2873\">Projektet genomf\u00f6rdes <strong>med st\u00f6d av Myndigheten f\u00f6r ungdoms- och civilsamh\u00e4llesfr\u00e5gor, MUCF<\/strong>, vilket gjorde det m\u00f6jligt f\u00f6r oss att arbeta mer riktat f\u00f6r att n\u00e5 nya m\u00e5lgrupper och utveckla ett mer inkluderande f\u00f6reningsliv.<\/p>\n<p data-start=\"2875\" data-end=\"3046\">Genom projektet har vi tagit viktiga steg mot att g\u00f6ra 4H till en plats d\u00e4r \u00e4nnu fler barn och unga kan hitta gemenskap, utvecklas och uppt\u00e4cka gl\u00e4djen i att engagera sig.<\/p>\n<\/div>\n<\/div>\n<p>[\/vc_column_text][\/vc_column_inner][vc_column_inner width=&#8221;1\/2&#8243;][vc_single_image image=&#8221;1122&#8243; img_size=&#8221;full&#8221; css=&#8221;&#8221;][vc_gallery interval=&#8221;5&#8243; images=&#8221;1239,1240,1241,1242,1243&#8243; css=&#8221;&#8221;][\/vc_column_inner][\/vc_row_inner][vc_row_inner][vc_column_inner][vc_separator color=&#8221;peacoc&#8221; css=&#8221;&#8221;][\/vc_column_inner][\/vc_row_inner][vc_row_inner][vc_column_inner width=&#8221;1\/4&#8243;][vc_column_text css=&#8221;&#8221;]<\/p>\n<h3 style=\"text-align: center\">Seniortr\u00e4ffar<\/h3>\n<p>[\/vc_column_text][vc_single_image image=&#8221;1090&#8243; img_size=&#8221;full&#8221; style=&#8221;vc_box_rounded&#8221; css=&#8221;&#8221;][vc_column_text css=&#8221;&#8221;]<\/p>\n<div class=\"relative p-1 rounded-sm flex items-center justify-center bg-token-main-surface-primary text-token-text-primary h-8 w-8\">\n<p>4H \u00e4r inte bara en barn- och ungdomsorganisation \u2013 vi vill \u00e4ven skapa m\u00f6tesplatser som f\u00f6renar generationer. Under 2025 anordnade vi d\u00e4rf\u00f6r Seniortr\u00e4ffar p\u00e5 v\u00e5ra 4H-g\u00e5rdar, d\u00e4r seniorer fick m\u00f6jlighet att m\u00f6tas, umg\u00e5s och delta i aktiviteter i v\u00e5ra g\u00e5rdsmilj\u00f6er. I \u00e5r fokuserade vi lite extra p\u00e5 just aktivitet och \u00f6kad r\u00f6rlighet!<\/p><\/div>\n<p>Projektet, som finansierades av Uppsala kommun, gjorde det m\u00f6jligt att utveckla v\u00e5ra 4H-g\u00e5rdar till \u00e4nnu mer inkluderande och levande platser f\u00f6r m\u00e4nniskor i alla \u00e5ldrar.[\/vc_column_text][\/vc_column_inner][vc_column_inner width=&#8221;1\/4&#8243;][vc_column_text css=&#8221;&#8221;]<\/p>\n<h3 style=\"text-align: center;\">Ledarutbildning<\/h3>\n<p>[\/vc_column_text][vc_single_image image=&#8221;1245&#8243; img_size=&#8221;full&#8221; style=&#8221;vc_box_rounded&#8221; css=&#8221;&#8221;][vc_column_text css=&#8221;&#8221;]<\/p>\n<div class=\"relative p-1 rounded-sm flex items-center justify-center bg-token-main-surface-primary text-token-text-primary h-8 w-8\">\n<p>Vi genomf\u00f6rde en ledarutbildning med fokus p\u00e5 inkluderande ledarskap.<\/p>\n<p>Under utbildningen deltog ledare och ideella i en serie utbildningspass som syftade till att st\u00e4rka v\u00e5r kompetens och f\u00f6rst\u00e5else f\u00f6r inkludering i verksamheten. Utbildningen gav oss inte bara kunskap och inspiration, utan ocks\u00e5 en st\u00e4rkt gemenskap och ett gemensamt engagemang f\u00f6r att g\u00f6ra 4H till en \u00e4nnu mer inkluderande plats f\u00f6r alla.<\/p><\/div>\n<p>[\/vc_column_text][\/vc_column_inner][vc_column_inner width=&#8221;1\/4&#8243;][vc_column_text css=&#8221;&#8221;]<\/p>\n<h3 style=\"text-align: center;\">h\u00f6nsprojekt<\/h3>\n<p>[\/vc_column_text][vc_single_image image=&#8221;1244&#8243; img_size=&#8221;full&#8221; style=&#8221;vc_box_rounded&#8221; css=&#8221;&#8221;][vc_column_text css=&#8221;&#8221;]<\/p>\n<div class=\"relative p-1 rounded-sm flex items-center justify-center bg-token-main-surface-primary text-token-text-primary h-8 w-8\">\n<div class=\"relative p-1 rounded-sm flex items-center justify-center bg-token-main-surface-primary text-token-text-primary h-8 w-8\">\n<div class=\"relative p-1 rounded-sm flex items-center justify-center bg-token-main-surface-primary text-token-text-primary h-8 w-8\">\n<p>Projektet genomf\u00f6rdes med syftet att skapa en trivsam milj\u00f6 f\u00f6r hotade svenska lantrash\u00f6ns p\u00e5 \u00c5rsta 4H-g\u00e5rd och samtidigt visa bes\u00f6kare hur sm\u00e5skalig \u00e4ggproduktion med h\u00f6g djurv\u00e4lf\u00e4rd kan fungera. Inom projektet byggdes ett mobilt h\u00f6nshus med fokus p\u00e5 djurv\u00e4lf\u00e4rd och \u00e5terbrukade material. G\u00e5rden k\u00f6pte \u00e4ven in \u00f6l\u00e4ndska dv\u00e4rgh\u00f6ns, en hotad svensk lantras, f\u00f6r att bidra till bevarandearbetet. H\u00f6nsen blev en del av g\u00e5rdens pedagogiska verksamhet d\u00e4r bes\u00f6kare kan l\u00e4ra sig mer om h\u00f6ns, djurh\u00e5llning och biologisk m\u00e5ngfald.<\/p><\/div>\n<\/div>\n<\/div>\n<p>[\/vc_column_text][\/vc_column_inner][vc_column_inner width=&#8221;1\/4&#8243;][vc_column_text css=&#8221;&#8221;]<\/p>\n<h3 style=\"text-align: center;\">kostnadsfria l\u00e4gerplatser<\/h3>\n<p>[\/vc_column_text][vc_single_image image=&#8221;1246&#8243; img_size=&#8221;full&#8221; style=&#8221;vc_box_rounded&#8221; css=&#8221;&#8221;][vc_column_text css=&#8221;&#8221;]<\/p>\n<div class=\"relative p-1 rounded-sm flex items-center justify-center bg-token-main-surface-primary text-token-text-primary h-8 w-8\">\n<p>Under 2025 genomf\u00f6rde 4H ett viktigt projekt f\u00f6r att ge fler barn och unga m\u00f6jlighet till en meningsfull och aktiv fritid. Med st\u00f6d av \u00c5hl\u00e9n-stiftelsen och V\u00e4rldsklass Uppsala kunde 47 barn delta p\u00e5 l\u00e4ger och p\u00e5 s\u00e5 s\u00e4tt f\u00e5 en meningsfull fritid.<\/p>\n<p>Syftet med initiativet var att ge barn och unga, s\u00e4rskilt fr\u00e5n socioekonomiskt utsatta bakgrunder, en chans att delta i v\u00e5ra l\u00e4ger utan ekonomiska hinder. Under l\u00e4gerveckorna fick deltagarna uppleva sp\u00e4nnande aktiviteter, nya v\u00e4nskaper och gemenskap i en trygg och inspirerande milj\u00f6.<\/p><\/div>\n<p>[\/vc_column_text][\/vc_column_inner][\/vc_row_inner][\/vc_tta_section][vc_tta_section title=&#8221;2024&#8243; tab_id=&#8221;1739440478559-ca7557e6-e2fb&#8221;][vc_column_text css=&#8221;&#8221;]<\/p>\n<h1>projekt 2024<\/h1>\n<p>Nedan kan du l\u00e4sa om de projekt som vi har genomf\u00f6rt under 2024.[\/vc_column_text][vc_separator color=&#8221;peacoc&#8221; css=&#8221;&#8221;][vc_row_inner][vc_column_inner width=&#8221;1\/2&#8243;][vc_column_text css=&#8221;&#8221;]<\/p>\n<h3>Kretsloppsskolan p\u00e5 hjul<\/h3>\n<div class=\"wpb_text_column wpb_content_element\">\n<div class=\"wpb_wrapper\">\n<p><span data-contrast=\"auto\">Projektet syftade till att utveckla 4H:s koncept med kretsloppsbes\u00f6k f\u00f6r att tillg\u00e4ngligg\u00f6ra det f\u00f6r barn och unga i f\u00f6rskola och skola p\u00e5 landsbygden. Detta genom att vi investerade i en mobil matvagn som kunde bes\u00f6ka skolor, f\u00f6rskolor och f\u00f6reningar p\u00e5 landsbygden i Uppsala l\u00e4n. Under projektet genomf\u00f6rdes bes\u00f6k med matvagnen, vilket inkluderade kretsloppsbes\u00f6k p\u00e5 f\u00f6rskolor och skolor, studiebes\u00f6k f\u00f6r f\u00f6rskolebarn hos lokala lantbrukare, samt deltagande vid eventdagar p\u00e5 landsbygden.<\/span><span data-ccp-props=\"{}\">\u00a0<\/span><\/p>\n<p><span data-contrast=\"auto\">Parallellt med detta kompletterades det praktiska l\u00e4randet genom framtagandet av ett nytt pedagogiskt material, f\u00f6r att kunna erbjuda de barn och unga som tagit del av bes\u00f6ken en f\u00f6rdjupad inl\u00e4rning om mat, milj\u00f6 och kretslopp genom m\u00e5lgruppsanpassade interaktiva metoder.<\/span><span data-ccp-props=\"{}\">\u00a0<\/span><\/p>\n<p><span data-contrast=\"auto\">Inom projektet planterades \u00e4ven frukttr\u00e4d p\u00e5 4H-g\u00e5rden i Gr\u00e4nby samt hos frivilliga lokala lantbrukare. Tr\u00e4den planterades dels i klimatkompenserande syfte f\u00f6r de utsl\u00e4pp som skett genom den upps\u00f6kande verksamheten i projektet, samt dels i en pedagogisk aspekt f\u00f6r att bidra till ett st\u00f6rre och l\u00e5ngsiktigt engagemang kring odling, klimatmedvetenhet och lokalt l\u00e4rande. Tr\u00e4den skapade m\u00f6jlighet f\u00f6r lokala lantbrukare att utveckla sin verksamhet och p\u00e5 s\u00e5 s\u00e4tt skapa v\u00e4rden p\u00e5 l\u00e5ng sikt.<\/span><span data-ccp-props=\"{}\">\u00a0<\/span><\/p>\n<p><span data-contrast=\"auto\">Projektet kombinerade lokal och global h\u00e5llbarhet genom att knyta ihop naturliga kretslopp och engagera barn och unga i bygdernas utveckling.<\/span><\/div>\n<\/div>\n<div class=\"wpb_text_column wpb_content_element\">\n<div class=\"wpb_wrapper\">\n<ul>\n<li>\n<h4>VI N\u00c5DDE 419 BARN P\u00c5 LANDSBYGDEN<br \/>\n<span style=\"font-family: Arial;font-size: 14px;color: inherit\">genom verksamheten som bedrevs i projektet.<\/span><\/h4>\n<\/li>\n<\/ul>\n<p>&nbsp;<\/p>\n<ul>\n<li>\n<h4>34 BES\u00d6K GENOMF\u00d6RDES<br \/>\n<span style=\"font-family: Arial;font-size: 14px\">med matvagnen, i form av kretsloppsbes\u00f6k, studiebes\u00f6k och bes\u00f6k p\u00e5 eventdagar.<\/span><\/h4>\n<\/li>\n<\/ul>\n<p>&nbsp;<\/p>\n<ul>\n<li>\n<h4>ETT NYTT PEDAGOGISKT MATERIAL<br \/>\n<span style=\"font-family: Arial;font-size: 14px\">togs fram, i form av ett h\u00e4fte, som alla deltagande barn kan tilldelas i samband med kretsloppsbes\u00f6ken f\u00f6r att f\u00f6rdjupa sitt l\u00e4rande om h\u00e5llbarhet och milj\u00f6.<\/span><\/h4>\n<\/li>\n<\/ul>\n<p>&nbsp;<\/p>\n<ul>\n<li>\n<h4>52 V\u00c4XTER PLANTERADES<br \/>\n<span style=\"font-family: Arial;font-size: 14px\">innefattande 35 tr\u00e4d, 7 kl\u00e4tterv\u00e4xter och 10 buskar, f\u00f6r att minska v\u00e5rt klimatavtryck i projektet.<\/span><\/h4>\n<\/li>\n<\/ul>\n<\/div>\n<\/div>\n<p>[\/vc_column_text][\/vc_column_inner][vc_column_inner width=&#8221;1\/2&#8243;][vc_single_image image=&#8221;966&#8243; img_size=&#8221;full&#8221; style=&#8221;vc_box_rounded&#8221; css=&#8221;&#8221;][vc_single_image image=&#8221;1034&#8243; img_size=&#8221;full&#8221; style=&#8221;vc_box_rounded&#8221; css=&#8221;&#8221;][\/vc_column_inner][\/vc_row_inner][vc_row_inner][vc_column_inner width=&#8221;1\/4&#8243;][vc_column_text css=&#8221;&#8221;]<\/p>\n<h3 style=\"text-align: center\">Ledarutbildning<\/h3>\n<p>[\/vc_column_text][vc_single_image image=&#8221;1005&#8243; img_size=&#8221;full&#8221; style=&#8221;vc_box_rounded&#8221; css=&#8221;&#8221;][vc_column_text css=&#8221;&#8221;]Vi genomf\u00f6rde en ledarutbildning med fokus p\u00e5 inkludering, s\u00e4rskilt inriktad p\u00e5 temat funktionsvariationer. Under utbildningen deltog ledare och ideella i en serie utbildningspass som syftade till att st\u00e4rka v\u00e5r kompetens och f\u00f6rst\u00e5else f\u00f6r inkludering i verksamheten. En av h\u00f6jdpunkterna var en inspirationsf\u00f6rel\u00e4sning av P\u00e4r Johansson; grundare av Glada Hudik-teatern. P\u00e4r delade med sig av sina erfarenheter och insikter kring sitt arbete, och gav oss v\u00e4rdefulla verktyg och perspektiv att ta med oss i v\u00e5rt fortsatta arbete. Utbildningen gav oss inte bara kunskap och inspiration, utan ocks\u00e5 en st\u00e4rkt gemenskap och ett gemensamt engagemang f\u00f6r att g\u00f6ra 4H till en \u00e4nnu mer inkluderande plats f\u00f6r alla.[\/vc_column_text][\/vc_column_inner][vc_column_inner width=&#8221;1\/4&#8243;][vc_column_text css=&#8221;&#8221;]<\/p>\n<h3 style=\"text-align: center\">Kostnadsfria aktiviteter<\/h3>\n<p>[\/vc_column_text][vc_single_image image=&#8221;1004&#8243; img_size=&#8221;full&#8221; style=&#8221;vc_box_rounded&#8221; css=&#8221;&#8221;][vc_column_text css=&#8221;&#8221;]I det h\u00e4r projektet erbj\u00f6d vi kostnadsfria aktiviteter p\u00e5 4H-g\u00e5rdarna i Gr\u00e4nby och \u00c5rsta under sommarlovet. Syftet med projektet var att g\u00f6ra v\u00e5r verksamhet tillg\u00e4nglig f\u00f6r fler, oavsett ekonomiska f\u00f6ruts\u00e4ttningar. Genom att erbjuda drop-in-aktiviteter utan krav p\u00e5 f\u00f6ranm\u00e4lan, medlemskap eller betalning, kunde vi v\u00e4lkomna nya m\u00e5lgrupper som fick delta p\u00e5 egna villkor. Resultatet blev en fantastisk sommar d\u00e4r n\u00e4rmre 2 000 deltagare tog del av v\u00e5ra aktiviteter, vilket bidrog till att fler barn och unga fick en meningsfull fritid under sitt sommarlov. Vi \u00e4r stolta \u00f6ver att ha kunnat erbjuda en trygg och inspirerande arena f\u00f6r barn och unga, d\u00e4r de f\u00e5r m\u00f6jlighet att l\u00e4ra sig nya saker i en milj\u00f6 fri fr\u00e5n prestation.[\/vc_column_text][\/vc_column_inner][vc_column_inner width=&#8221;1\/4&#8243;][vc_column_text css=&#8221;&#8221;]<\/p>\n<h3 style=\"text-align: center\">Kostnadsfria l\u00e4gerplatser<\/h3>\n<p>[\/vc_column_text][vc_single_image image=&#8221;1038&#8243; img_size=&#8221;full&#8221; style=&#8221;vc_box_rounded&#8221; css=&#8221;&#8221;][vc_column_text css=&#8221;&#8221;]Under sommaren 2024 genomf\u00f6rde 4H ett viktigt projekt f\u00f6r att ge fler barn och unga m\u00f6jlighet till en meningsfull och aktiv fritid. Med st\u00f6d av \u00c5hl\u00e9n-stiftelsen erbj\u00f6d vi 43 kostnadsfria l\u00e4gerplatser, som snabbt fylldes upp.<\/p>\n<p>Syftet med initiativet var att ge barn och unga, s\u00e4rskilt fr\u00e5n socioekonomiskt utsatta bakgrunder, en chans att delta i v\u00e5ra l\u00e4ger utan ekonomiska hinder. Under l\u00e4gerveckorna fick deltagarna uppleva sp\u00e4nnande aktiviteter, nya v\u00e4nskaper och gemenskap i en trygg och inspirerande milj\u00f6.<\/p>\n<p>Tack vare \u00c5hl\u00e9n-stiftelsens st\u00f6d kunde vi n\u00e5 fler unga och st\u00e4rka v\u00e5r roll som en inkluderande och tillg\u00e4nglig organisation som skapar m\u00f6jligheter f\u00f6r alla.[\/vc_column_text][\/vc_column_inner][vc_column_inner width=&#8221;1\/4&#8243;][vc_column_text css=&#8221;&#8221;]<\/p>\n<h3 style=\"text-align: center\">Seniortr\u00e4ffar<\/h3>\n<p>[\/vc_column_text][vc_single_image image=&#8221;1090&#8243; img_size=&#8221;full&#8221; style=&#8221;vc_box_rounded&#8221; css=&#8221;&#8221;][vc_column_text css=&#8221;&#8221;]Under sommaren 2024 genomf\u00f6rde 4H ett viktigt projekt f\u00f6r att ge fler barn och unga m\u00f6jlighet till en meningsfull och aktiv fritid. Med st\u00f6d av \u00c5hl\u00e9n-stiftelsen erbj\u00f6d vi 43 kostnadsfria l\u00e4gerplatser, som snabbt fylldes upp.<\/p>\n<p>Syftet med initiativet var att ge barn och unga, s\u00e4rskilt fr\u00e5n socioekonomiskt utsatta bakgrunder, en chans att delta i v\u00e5ra l\u00e4ger utan ekonomiska hinder. Under l\u00e4gerveckorna fick deltagarna uppleva sp\u00e4nnande aktiviteter, nya v\u00e4nskaper och gemenskap i en trygg och inspirerande milj\u00f6.<\/p>\n<p>Tack vare \u00c5hl\u00e9n-stiftelsens st\u00f6d kunde vi n\u00e5 fler unga och st\u00e4rka v\u00e5r roll som en inkluderande och tillg\u00e4nglig organisation som skapar m\u00f6jligheter f\u00f6r alla.[\/vc_column_text][\/vc_column_inner][\/vc_row_inner][\/vc_tta_section][\/vc_tta_tabs][\/vc_column][\/vc_row][vc_row][vc_column][\/vc_column][\/vc_row]<\/p>\n<\/div>","protected":false},"excerpt":{"rendered":"<p>[vc_row][vc_column][vc_column_text css=&#8221;&#8221;] Projekt [\/vc_column_text][vc_column_text css=&#8221;&#8221;]F\u00f6r att kunna genomf\u00f6ra v\u00e5r verksamhet och f\u00f6rverkliga v\u00e5ra medlemmars id\u00e9er och intressen, \u00e4r vi beroende av projektmedel. Dessa medel \u00e4r avg\u00f6rande f\u00f6r att finansiera v\u00e5ra aktiviteter, utbildningar och evenemang. Genom att s\u00f6ka och erh\u00e5lla bidrag kan vi kontinuerligt erbjuda en bred och dynamisk verksamhet som speglar v\u00e5ra medlemmars \u00f6nskem\u00e5l och&nbsp; <a href=\"https:\/\/www.4h.se\/uppsala\/projekt\/\">&hellip; Read more <i class=\"glyphicon glyphicon-arrow-right\"><\/i><\/a><\/p>\n","protected":false},"author":211,"featured_media":0,"parent":0,"menu_order":0,"comment_status":"closed","ping_status":"closed","template":"","meta":{"_acf_changed":false,"footnotes":""},"class_list":["post-1094","page","type-page","status-publish","hentry"],"acf":[],"yoast_head":"<!-- This site is optimized with the Yoast SEO plugin v27.4 - https:\/\/yoast.com\/product\/yoast-seo-wordpress\/ -->\n<title>Projekt - 4H i Uppsala<\/title>\n<meta name=\"robots\" content=\"index, follow, max-snippet:-1, max-image-preview:large, max-video-preview:-1\" \/>\n<link rel=\"canonical\" href=\"https:\/\/www.4h.se\/uppsala\/projekt\/\" \/>\n<meta property=\"og:locale\" content=\"sv_SE\" \/>\n<meta property=\"og:type\" content=\"article\" \/>\n<meta property=\"og:title\" content=\"Projekt - 4H i Uppsala\" \/>\n<meta property=\"og:description\" content=\"[vc_row][vc_column][vc_column_text css=&#8221;&#8221;] Projekt [\/vc_column_text][vc_column_text css=&#8221;&#8221;]F\u00f6r att kunna genomf\u00f6ra v\u00e5r verksamhet och f\u00f6rverkliga v\u00e5ra medlemmars id\u00e9er och intressen, \u00e4r vi beroende av projektmedel. Dessa medel \u00e4r avg\u00f6rande f\u00f6r att finansiera v\u00e5ra aktiviteter, utbildningar och evenemang. Genom att s\u00f6ka och erh\u00e5lla bidrag kan vi kontinuerligt erbjuda en bred och dynamisk verksamhet som speglar v\u00e5ra medlemmars \u00f6nskem\u00e5l och&nbsp; &hellip; Read more\" \/>\n<meta property=\"og:url\" content=\"https:\/\/www.4h.se\/uppsala\/projekt\/\" \/>\n<meta property=\"og:site_name\" content=\"4H i Uppsala\" \/>\n<meta property=\"article:modified_time\" content=\"2026-03-12T14:44:43+00:00\" \/>\n<meta name=\"twitter:card\" content=\"summary_large_image\" \/>\n<script type=\"application\/ld+json\" class=\"yoast-schema-graph\">{\"@context\":\"https:\\\/\\\/schema.org\",\"@graph\":[{\"@type\":\"WebPage\",\"@id\":\"https:\\\/\\\/www.4h.se\\\/uppsala\\\/projekt\\\/\",\"url\":\"https:\\\/\\\/www.4h.se\\\/uppsala\\\/projekt\\\/\",\"name\":\"Projekt - 4H i Uppsala\",\"isPartOf\":{\"@id\":\"https:\\\/\\\/www.4h.se\\\/uppsala\\\/#website\"},\"datePublished\":\"2025-02-13T10:15:19+00:00\",\"dateModified\":\"2026-03-12T14:44:43+00:00\",\"breadcrumb\":{\"@id\":\"https:\\\/\\\/www.4h.se\\\/uppsala\\\/projekt\\\/#breadcrumb\"},\"inLanguage\":\"sv-SE\",\"potentialAction\":[{\"@type\":\"ReadAction\",\"target\":[\"https:\\\/\\\/www.4h.se\\\/uppsala\\\/projekt\\\/\"]}]},{\"@type\":\"BreadcrumbList\",\"@id\":\"https:\\\/\\\/www.4h.se\\\/uppsala\\\/projekt\\\/#breadcrumb\",\"itemListElement\":[{\"@type\":\"ListItem\",\"position\":1,\"name\":\"Hem\",\"item\":\"https:\\\/\\\/www.4h.se\\\/uppsala\\\/\"},{\"@type\":\"ListItem\",\"position\":2,\"name\":\"Projekt\"}]},{\"@type\":\"WebSite\",\"@id\":\"https:\\\/\\\/www.4h.se\\\/uppsala\\\/#website\",\"url\":\"https:\\\/\\\/www.4h.se\\\/uppsala\\\/\",\"name\":\"4H i Uppsala\",\"description\":\"\",\"potentialAction\":[{\"@type\":\"SearchAction\",\"target\":{\"@type\":\"EntryPoint\",\"urlTemplate\":\"https:\\\/\\\/www.4h.se\\\/uppsala\\\/?s={search_term_string}\"},\"query-input\":{\"@type\":\"PropertyValueSpecification\",\"valueRequired\":true,\"valueName\":\"search_term_string\"}}],\"inLanguage\":\"sv-SE\"}]}<\/script>\n<!-- \/ Yoast SEO plugin. -->","yoast_head_json":{"title":"Projekt - 4H i Uppsala","robots":{"index":"index","follow":"follow","max-snippet":"max-snippet:-1","max-image-preview":"max-image-preview:large","max-video-preview":"max-video-preview:-1"},"canonical":"https:\/\/www.4h.se\/uppsala\/projekt\/","og_locale":"sv_SE","og_type":"article","og_title":"Projekt - 4H i Uppsala","og_description":"[vc_row][vc_column][vc_column_text css=&#8221;&#8221;] Projekt [\/vc_column_text][vc_column_text css=&#8221;&#8221;]F\u00f6r att kunna genomf\u00f6ra v\u00e5r verksamhet och f\u00f6rverkliga v\u00e5ra medlemmars id\u00e9er och intressen, \u00e4r vi beroende av projektmedel. Dessa medel \u00e4r avg\u00f6rande f\u00f6r att finansiera v\u00e5ra aktiviteter, utbildningar och evenemang. Genom att s\u00f6ka och erh\u00e5lla bidrag kan vi kontinuerligt erbjuda en bred och dynamisk verksamhet som speglar v\u00e5ra medlemmars \u00f6nskem\u00e5l och&nbsp; &hellip; Read more","og_url":"https:\/\/www.4h.se\/uppsala\/projekt\/","og_site_name":"4H i Uppsala","article_modified_time":"2026-03-12T14:44:43+00:00","twitter_card":"summary_large_image","schema":{"@context":"https:\/\/schema.org","@graph":[{"@type":"WebPage","@id":"https:\/\/www.4h.se\/uppsala\/projekt\/","url":"https:\/\/www.4h.se\/uppsala\/projekt\/","name":"Projekt - 4H i Uppsala","isPartOf":{"@id":"https:\/\/www.4h.se\/uppsala\/#website"},"datePublished":"2025-02-13T10:15:19+00:00","dateModified":"2026-03-12T14:44:43+00:00","breadcrumb":{"@id":"https:\/\/www.4h.se\/uppsala\/projekt\/#breadcrumb"},"inLanguage":"sv-SE","potentialAction":[{"@type":"ReadAction","target":["https:\/\/www.4h.se\/uppsala\/projekt\/"]}]},{"@type":"BreadcrumbList","@id":"https:\/\/www.4h.se\/uppsala\/projekt\/#breadcrumb","itemListElement":[{"@type":"ListItem","position":1,"name":"Hem","item":"https:\/\/www.4h.se\/uppsala\/"},{"@type":"ListItem","position":2,"name":"Projekt"}]},{"@type":"WebSite","@id":"https:\/\/www.4h.se\/uppsala\/#website","url":"https:\/\/www.4h.se\/uppsala\/","name":"4H i Uppsala","description":"","potentialAction":[{"@type":"SearchAction","target":{"@type":"EntryPoint","urlTemplate":"https:\/\/www.4h.se\/uppsala\/?s={search_term_string}"},"query-input":{"@type":"PropertyValueSpecification","valueRequired":true,"valueName":"search_term_string"}}],"inLanguage":"sv-SE"}]}},"_links":{"self":[{"href":"https:\/\/www.4h.se\/uppsala\/wp-json\/wp\/v2\/pages\/1094","targetHints":{"allow":["GET"]}}],"collection":[{"href":"https:\/\/www.4h.se\/uppsala\/wp-json\/wp\/v2\/pages"}],"about":[{"href":"https:\/\/www.4h.se\/uppsala\/wp-json\/wp\/v2\/types\/page"}],"author":[{"embeddable":true,"href":"https:\/\/www.4h.se\/uppsala\/wp-json\/wp\/v2\/users\/211"}],"replies":[{"embeddable":true,"href":"https:\/\/www.4h.se\/uppsala\/wp-json\/wp\/v2\/comments?post=1094"}],"version-history":[{"count":0,"href":"https:\/\/www.4h.se\/uppsala\/wp-json\/wp\/v2\/pages\/1094\/revisions"}],"wp:attachment":[{"href":"https:\/\/www.4h.se\/uppsala\/wp-json\/wp\/v2\/media?parent=1094"}],"curies":[{"name":"wp","href":"https:\/\/api.w.org\/{rel}","templated":true}]}}