



{"id":1016,"date":"2024-10-10T09:29:20","date_gmt":"2024-10-10T07:29:20","guid":{"rendered":"https:\/\/www.4h.se\/uppsala\/?page_id=1016"},"modified":"2025-02-07T08:56:04","modified_gmt":"2025-02-07T07:56:04","slug":"ny-4h-gard","status":"publish","type":"page","link":"https:\/\/www.4h.se\/uppsala\/ny-4h-gard\/","title":{"rendered":"Ny 4H-g\u00e5rd"},"content":{"rendered":"<div class=\"wpb-content-wrapper\"><p>[vc_row][vc_column][vc_single_image image=&#8221;884&#8243; img_size=&#8221;1110&#215;300&#8243; style=&#8221;vc_box_rounded&#8221; css=&#8221;&#8221;][vc_column_text css=&#8221;&#8221;]<\/p>\n<h1>Ny 4H-g\u00e5rd<\/h1>\n<p>[\/vc_column_text][vc_row_inner][vc_column_inner width=&#8221;1\/2&#8243;][vc_column_text css=&#8221;&#8221;]<\/p>\n<h4>Fj\u00e4rde 4H-g\u00e5rden \u00f6ppnas i Uppsala \u2013 kommunen satsar 3,8 miljoner<\/h4>\n<p>Under 2027 kommer Uppsalas fj\u00e4rde 4H-g\u00e5rd att \u00f6ppnas i Vals\u00e4tra\/Gottsunda. Det inneb\u00e4r att det kommer finnas en 4H-g\u00e5rd i varje v\u00e4derstreck i kommunen. Satsningen g\u00f6rs i samarbete med Uppsala kommun d\u00e4r 2,5 miljoner kronor kommer g\u00e5 \u00e5t driftst\u00f6d samt ytterligare 1,3 miljoner kronor i investeringsst\u00f6d.<\/p>\n<p>\u2013 Vi \u00e4r otroligt glada f\u00f6r att Uppsala kommun satsar p\u00e5 4H:s barn- och ungdomsverksamhet! Att starta en fj\u00e4rde 4H-g\u00e5rd i kommunen inneb\u00e4r att \u00e4nnu fler barn och unga f\u00e5r en rik och meningsfull fritid, s\u00e4ger Ellen Johansson Wiss, regionchef f\u00f6r Uppsala l\u00e4ns 4H.<\/p>\n<p>Den nya 4H-g\u00e5rden kommer att byggas p\u00e5 den redan befintliga g\u00e5rden Malma g\u00e5rd, vars lokaler och ytor kommer att beh\u00f6va anpassas ytterligare f\u00f6r att 4H ska f\u00e5 en godk\u00e4nd djurparksverksamhet p\u00e5 platsen. F\u00f6rhoppningen \u00e4r att det ska finnas ett flertal olika djur p\u00e5 g\u00e5rden, bland annat h\u00e4star, f\u00e5r, getter, kaniner och h\u00f6ns, men exakt vilka djur som kommer flytta in p\u00e5 Malma g\u00e5rd \u00e5terst\u00e5r att utreda utifr\u00e5n g\u00e5rdens f\u00f6ruts\u00e4ttningar, tillst\u00e5nd som kr\u00e4vs men \u00e4ven \u00f6nskem\u00e5l fr\u00e5n ungdomarna i omr\u00e5det.<\/p>\n<p>Genom \u00f6ppnandet av g\u00e5rden hoppas 4H p\u00e5 att kunna n\u00e5 fler barn- och unga i kommunen och ge de mer j\u00e4mlika f\u00f6ruts\u00e4ttningar f\u00f6r att skapa sin egna rika och meningsfulla fritid.<\/p>\n<p>\u2013 V\u00e5r vision f\u00f6r Malma 4H-g\u00e5rd \u00e4r att det blir en \u00f6ppen bes\u00f6ksg\u00e5rd d\u00e4r barn och unga f\u00e5r l\u00e4ra sig om f\u00f6reningsdemokrati genom 4H:s motto \u201cL\u00e4ra genom att g\u00f6ra\u201d, s\u00e4ger Linn Henningson, ordf\u00f6rande f\u00f6r Uppsala l\u00e4ns 4H.[\/vc_column_text][vc_column_text css=&#8221;&#8221;]<\/p>\n<h4>Vill du veta mer om den nya 4H-g\u00e5rden?<\/h4>\n<p>[\/vc_column_text][vc_btn title=&#8221;Kontakta oss&#8221; style=&#8221;3d&#8221; color=&#8221;success&#8221; align=&#8221;center&#8221; i_icon_fontawesome=&#8221;far fa-comments&#8221; css=&#8221;&#8221; button_block=&#8221;true&#8221; add_icon=&#8221;true&#8221; link=&#8221;url:https%3A%2F%2Fwww.4h.se%2Fuppsala%2Fkontakta-oss%2F|title:Kontakt&#8221;][\/vc_column_inner][vc_column_inner width=&#8221;1\/2&#8243;][vc_single_image image=&#8221;876&#8243; img_size=&#8221;550&#215;630&#8243; style=&#8221;vc_box_rounded&#8221; css=&#8221;&#8221;][\/vc_column_inner][\/vc_row_inner][\/vc_column][\/vc_row]<\/p>\n<\/div>","protected":false},"excerpt":{"rendered":"<p>[vc_row][vc_column][vc_single_image image=&#8221;884&#8243; img_size=&#8221;1110&#215;300&#8243; style=&#8221;vc_box_rounded&#8221; css=&#8221;&#8221;][vc_column_text css=&#8221;&#8221;] Ny 4H-g\u00e5rd [\/vc_column_text][vc_row_inner][vc_column_inner width=&#8221;1\/2&#8243;][vc_column_text css=&#8221;&#8221;] Fj\u00e4rde 4H-g\u00e5rden \u00f6ppnas i Uppsala \u2013 kommunen satsar 3,8 miljoner Under 2027 kommer Uppsalas fj\u00e4rde 4H-g\u00e5rd att \u00f6ppnas i Vals\u00e4tra\/Gottsunda. Det inneb\u00e4r att det kommer finnas en 4H-g\u00e5rd i varje v\u00e4derstreck i kommunen. Satsningen g\u00f6rs i samarbete med Uppsala kommun d\u00e4r 2,5 miljoner kronor&nbsp; <a href=\"https:\/\/www.4h.se\/uppsala\/ny-4h-gard\/\">&hellip; Read more <i class=\"glyphicon glyphicon-arrow-right\"><\/i><\/a><\/p>\n","protected":false},"author":211,"featured_media":0,"parent":0,"menu_order":0,"comment_status":"closed","ping_status":"closed","template":"","meta":{"_acf_changed":false,"footnotes":""},"class_list":["post-1016","page","type-page","status-publish","hentry"],"acf":[],"yoast_head":"<!-- This site is optimized with the Yoast SEO plugin v27.4 - https:\/\/yoast.com\/product\/yoast-seo-wordpress\/ -->\n<title>Ny 4H-g\u00e5rd - 4H i Uppsala<\/title>\n<meta name=\"robots\" content=\"index, follow, max-snippet:-1, max-image-preview:large, max-video-preview:-1\" \/>\n<link rel=\"canonical\" href=\"https:\/\/www.4h.se\/uppsala\/ny-4h-gard\/\" \/>\n<meta property=\"og:locale\" content=\"sv_SE\" \/>\n<meta property=\"og:type\" content=\"article\" \/>\n<meta property=\"og:title\" content=\"Ny 4H-g\u00e5rd - 4H i Uppsala\" \/>\n<meta property=\"og:description\" content=\"[vc_row][vc_column][vc_single_image image=&#8221;884&#8243; img_size=&#8221;1110&#215;300&#8243; style=&#8221;vc_box_rounded&#8221; css=&#8221;&#8221;][vc_column_text css=&#8221;&#8221;] Ny 4H-g\u00e5rd [\/vc_column_text][vc_row_inner][vc_column_inner width=&#8221;1\/2&#8243;][vc_column_text css=&#8221;&#8221;] Fj\u00e4rde 4H-g\u00e5rden \u00f6ppnas i Uppsala \u2013 kommunen satsar 3,8 miljoner Under 2027 kommer Uppsalas fj\u00e4rde 4H-g\u00e5rd att \u00f6ppnas i Vals\u00e4tra\/Gottsunda. Det inneb\u00e4r att det kommer finnas en 4H-g\u00e5rd i varje v\u00e4derstreck i kommunen. Satsningen g\u00f6rs i samarbete med Uppsala kommun d\u00e4r 2,5 miljoner kronor&nbsp; &hellip; Read more\" \/>\n<meta property=\"og:url\" content=\"https:\/\/www.4h.se\/uppsala\/ny-4h-gard\/\" \/>\n<meta property=\"og:site_name\" content=\"4H i Uppsala\" \/>\n<meta property=\"article:modified_time\" content=\"2025-02-07T07:56:04+00:00\" \/>\n<meta name=\"twitter:card\" content=\"summary_large_image\" \/>\n<script type=\"application\/ld+json\" class=\"yoast-schema-graph\">{\"@context\":\"https:\\\/\\\/schema.org\",\"@graph\":[{\"@type\":\"WebPage\",\"@id\":\"https:\\\/\\\/www.4h.se\\\/uppsala\\\/ny-4h-gard\\\/\",\"url\":\"https:\\\/\\\/www.4h.se\\\/uppsala\\\/ny-4h-gard\\\/\",\"name\":\"Ny 4H-g\u00e5rd - 4H i Uppsala\",\"isPartOf\":{\"@id\":\"https:\\\/\\\/www.4h.se\\\/uppsala\\\/#website\"},\"datePublished\":\"2024-10-10T07:29:20+00:00\",\"dateModified\":\"2025-02-07T07:56:04+00:00\",\"breadcrumb\":{\"@id\":\"https:\\\/\\\/www.4h.se\\\/uppsala\\\/ny-4h-gard\\\/#breadcrumb\"},\"inLanguage\":\"sv-SE\",\"potentialAction\":[{\"@type\":\"ReadAction\",\"target\":[\"https:\\\/\\\/www.4h.se\\\/uppsala\\\/ny-4h-gard\\\/\"]}]},{\"@type\":\"BreadcrumbList\",\"@id\":\"https:\\\/\\\/www.4h.se\\\/uppsala\\\/ny-4h-gard\\\/#breadcrumb\",\"itemListElement\":[{\"@type\":\"ListItem\",\"position\":1,\"name\":\"Hem\",\"item\":\"https:\\\/\\\/www.4h.se\\\/uppsala\\\/\"},{\"@type\":\"ListItem\",\"position\":2,\"name\":\"Ny 4H-g\u00e5rd\"}]},{\"@type\":\"WebSite\",\"@id\":\"https:\\\/\\\/www.4h.se\\\/uppsala\\\/#website\",\"url\":\"https:\\\/\\\/www.4h.se\\\/uppsala\\\/\",\"name\":\"4H i Uppsala\",\"description\":\"\",\"potentialAction\":[{\"@type\":\"SearchAction\",\"target\":{\"@type\":\"EntryPoint\",\"urlTemplate\":\"https:\\\/\\\/www.4h.se\\\/uppsala\\\/?s={search_term_string}\"},\"query-input\":{\"@type\":\"PropertyValueSpecification\",\"valueRequired\":true,\"valueName\":\"search_term_string\"}}],\"inLanguage\":\"sv-SE\"}]}<\/script>\n<!-- \/ Yoast SEO plugin. -->","yoast_head_json":{"title":"Ny 4H-g\u00e5rd - 4H i Uppsala","robots":{"index":"index","follow":"follow","max-snippet":"max-snippet:-1","max-image-preview":"max-image-preview:large","max-video-preview":"max-video-preview:-1"},"canonical":"https:\/\/www.4h.se\/uppsala\/ny-4h-gard\/","og_locale":"sv_SE","og_type":"article","og_title":"Ny 4H-g\u00e5rd - 4H i Uppsala","og_description":"[vc_row][vc_column][vc_single_image image=&#8221;884&#8243; img_size=&#8221;1110&#215;300&#8243; style=&#8221;vc_box_rounded&#8221; css=&#8221;&#8221;][vc_column_text css=&#8221;&#8221;] Ny 4H-g\u00e5rd [\/vc_column_text][vc_row_inner][vc_column_inner width=&#8221;1\/2&#8243;][vc_column_text css=&#8221;&#8221;] Fj\u00e4rde 4H-g\u00e5rden \u00f6ppnas i Uppsala \u2013 kommunen satsar 3,8 miljoner Under 2027 kommer Uppsalas fj\u00e4rde 4H-g\u00e5rd att \u00f6ppnas i Vals\u00e4tra\/Gottsunda. Det inneb\u00e4r att det kommer finnas en 4H-g\u00e5rd i varje v\u00e4derstreck i kommunen. Satsningen g\u00f6rs i samarbete med Uppsala kommun d\u00e4r 2,5 miljoner kronor&nbsp; &hellip; Read more","og_url":"https:\/\/www.4h.se\/uppsala\/ny-4h-gard\/","og_site_name":"4H i Uppsala","article_modified_time":"2025-02-07T07:56:04+00:00","twitter_card":"summary_large_image","schema":{"@context":"https:\/\/schema.org","@graph":[{"@type":"WebPage","@id":"https:\/\/www.4h.se\/uppsala\/ny-4h-gard\/","url":"https:\/\/www.4h.se\/uppsala\/ny-4h-gard\/","name":"Ny 4H-g\u00e5rd - 4H i Uppsala","isPartOf":{"@id":"https:\/\/www.4h.se\/uppsala\/#website"},"datePublished":"2024-10-10T07:29:20+00:00","dateModified":"2025-02-07T07:56:04+00:00","breadcrumb":{"@id":"https:\/\/www.4h.se\/uppsala\/ny-4h-gard\/#breadcrumb"},"inLanguage":"sv-SE","potentialAction":[{"@type":"ReadAction","target":["https:\/\/www.4h.se\/uppsala\/ny-4h-gard\/"]}]},{"@type":"BreadcrumbList","@id":"https:\/\/www.4h.se\/uppsala\/ny-4h-gard\/#breadcrumb","itemListElement":[{"@type":"ListItem","position":1,"name":"Hem","item":"https:\/\/www.4h.se\/uppsala\/"},{"@type":"ListItem","position":2,"name":"Ny 4H-g\u00e5rd"}]},{"@type":"WebSite","@id":"https:\/\/www.4h.se\/uppsala\/#website","url":"https:\/\/www.4h.se\/uppsala\/","name":"4H i Uppsala","description":"","potentialAction":[{"@type":"SearchAction","target":{"@type":"EntryPoint","urlTemplate":"https:\/\/www.4h.se\/uppsala\/?s={search_term_string}"},"query-input":{"@type":"PropertyValueSpecification","valueRequired":true,"valueName":"search_term_string"}}],"inLanguage":"sv-SE"}]}},"_links":{"self":[{"href":"https:\/\/www.4h.se\/uppsala\/wp-json\/wp\/v2\/pages\/1016","targetHints":{"allow":["GET"]}}],"collection":[{"href":"https:\/\/www.4h.se\/uppsala\/wp-json\/wp\/v2\/pages"}],"about":[{"href":"https:\/\/www.4h.se\/uppsala\/wp-json\/wp\/v2\/types\/page"}],"author":[{"embeddable":true,"href":"https:\/\/www.4h.se\/uppsala\/wp-json\/wp\/v2\/users\/211"}],"replies":[{"embeddable":true,"href":"https:\/\/www.4h.se\/uppsala\/wp-json\/wp\/v2\/comments?post=1016"}],"version-history":[{"count":0,"href":"https:\/\/www.4h.se\/uppsala\/wp-json\/wp\/v2\/pages\/1016\/revisions"}],"wp:attachment":[{"href":"https:\/\/www.4h.se\/uppsala\/wp-json\/wp\/v2\/media?parent=1016"}],"curies":[{"name":"wp","href":"https:\/\/api.w.org\/{rel}","templated":true}]}}