



{"id":458,"date":"2024-09-19T11:16:58","date_gmt":"2024-09-19T09:16:58","guid":{"rendered":"https:\/\/www.4h.se\/tranas\/?page_id=458"},"modified":"2024-10-09T13:27:40","modified_gmt":"2024-10-09T11:27:40","slug":"om-garden","status":"publish","type":"page","link":"https:\/\/www.4h.se\/tranas\/garden\/om-garden\/","title":{"rendered":"Om g\u00e5rden"},"content":{"rendered":"<div class=\"wpb-content-wrapper\"><p>[vc_row][vc_column][vc_column_text css=&#8221;&#8221;]<\/p>\n<h1>om g\u00e5rden<\/h1>\n<p>[\/vc_column_text][\/vc_column][\/vc_row][vc_row][vc_column width=&#8221;1\/2&#8243;][vc_column_text css=&#8221;&#8221;]Tran\u00e5s 4H-G\u00e5rd skapades 2019 med hj\u00e4lp av engagerade ideella ungdomar. Tillsammans byggdes hagar och hus till djuren samt en ordentlig uppfr\u00e4schning av det vi nu kallar f\u00f6r medlemsrum som tidigare hade anv\u00e4nts som verkstad.<\/p>\n<p>P\u00e5 4H-g\u00e5rden bedrivs \u00e4ven Tran\u00e5s vagns mus\u00e9um som sk\u00e4nktes till Tran\u00e5s kommun 2019 och som 4H hj\u00e4lper till att h\u00e5lla \u00f6ppet under sommar halv\u00e5ret maj- september. De flesta vagnar \u00e4r insamlade och sk\u00e4nkta av Axel Hermelin.<\/p>\n<p class=\"normal\">Tran\u00e5s vagnmuseum innefattar Skandinaviens st\u00f6rsta samling med ett femtiotal vagnar, sl\u00e4dar och seldon i originalskick. Vagnarna h\u00e4rstammar fr\u00e5n 1700-talet och \u00e4nda fram till 1900-talets b\u00f6rjan. En del av vagnarna \u00e4r helt unika och i museet visas allt fr\u00e5n oxdragna k\u00e4rror till st\u00e5ndsm\u00e4ssiga h\u00e4stdragna vagnar. I anslutning till museet finns en 4H-g\u00e5rd med djur och fokus p\u00e5 utomhusaktiviteter.<\/p>\n<p class=\"normal\">Idag drivs Tran\u00e5s vagnsmuseum av 4H i samarbete med tidigare ansvarig f\u00f6r verksamheten, nestor Leopold Creutz. Utemilj\u00f6n \u00e4r en framv\u00e4xande 4H-g\u00e5rd med fr\u00e4mst sm\u00e5djur och kurser kring hur man driver en g\u00e5rd.<\/p>\n<p>[\/vc_column_text][\/vc_column][vc_column width=&#8221;1\/2&#8243;][vc_single_image image=&#8221;471&#8243; img_size=&#8221;400&#215;400&#8243; alignment=&#8221;center&#8221; style=&#8221;vc_box_rounded&#8221; css=&#8221;&#8221;][\/vc_column][\/vc_row]<\/p>\n<\/div>","protected":false},"excerpt":{"rendered":"<p>[vc_row][vc_column][vc_column_text css=&#8221;&#8221;] om g\u00e5rden [\/vc_column_text][\/vc_column][\/vc_row][vc_row][vc_column width=&#8221;1\/2&#8243;][vc_column_text css=&#8221;&#8221;]Tran\u00e5s 4H-G\u00e5rd skapades 2019 med hj\u00e4lp av engagerade ideella ungdomar. Tillsammans byggdes hagar och hus till djuren samt en ordentlig uppfr\u00e4schning av det vi nu kallar f\u00f6r medlemsrum som tidigare hade anv\u00e4nts som verkstad. P\u00e5 4H-g\u00e5rden bedrivs \u00e4ven Tran\u00e5s vagns mus\u00e9um som sk\u00e4nktes till Tran\u00e5s kommun 2019 och som&nbsp; <a href=\"https:\/\/www.4h.se\/tranas\/garden\/om-garden\/\">&hellip; Read more <i class=\"glyphicon glyphicon-arrow-right\"><\/i><\/a><\/p>\n","protected":false},"author":252,"featured_media":0,"parent":438,"menu_order":1,"comment_status":"closed","ping_status":"closed","template":"","meta":{"_acf_changed":false,"footnotes":""},"class_list":["post-458","page","type-page","status-publish","hentry"],"acf":[],"yoast_head":"<!-- This site is optimized with the Yoast SEO plugin v28.4 - https:\/\/yoast.com\/product\/yoast-seo-wordpress\/ -->\n<title>Om g\u00e5rden - Tran\u00e5s 4H-klubb<\/title>\n<meta name=\"robots\" content=\"index, follow, max-snippet:-1, max-image-preview:large, max-video-preview:-1\" \/>\n<link rel=\"canonical\" href=\"https:\/\/www.4h.se\/tranas\/garden\/om-garden\/\" \/>\n<meta property=\"og:locale\" content=\"sv_SE\" \/>\n<meta property=\"og:type\" content=\"article\" \/>\n<meta property=\"og:title\" content=\"Om g\u00e5rden - Tran\u00e5s 4H-klubb\" \/>\n<meta property=\"og:description\" content=\"[vc_row][vc_column][vc_column_text css=&#8221;&#8221;] om g\u00e5rden [\/vc_column_text][\/vc_column][\/vc_row][vc_row][vc_column width=&#8221;1\/2&#8243;][vc_column_text css=&#8221;&#8221;]Tran\u00e5s 4H-G\u00e5rd skapades 2019 med hj\u00e4lp av engagerade ideella ungdomar. Tillsammans byggdes hagar och hus till djuren samt en ordentlig uppfr\u00e4schning av det vi nu kallar f\u00f6r medlemsrum som tidigare hade anv\u00e4nts som verkstad. P\u00e5 4H-g\u00e5rden bedrivs \u00e4ven Tran\u00e5s vagns mus\u00e9um som sk\u00e4nktes till Tran\u00e5s kommun 2019 och som&nbsp; &hellip; Read more\" \/>\n<meta property=\"og:url\" content=\"https:\/\/www.4h.se\/tranas\/garden\/om-garden\/\" \/>\n<meta property=\"og:site_name\" content=\"Tran\u00e5s 4H-klubb\" \/>\n<meta property=\"article:modified_time\" content=\"2024-10-09T11:27:40+00:00\" \/>\n<meta name=\"twitter:card\" content=\"summary_large_image\" \/>\n<script type=\"application\/ld+json\" class=\"yoast-schema-graph\">{\"@context\":\"https:\\\/\\\/schema.org\",\"@graph\":[{\"@type\":\"WebPage\",\"@id\":\"https:\\\/\\\/www.4h.se\\\/tranas\\\/garden\\\/om-garden\\\/\",\"url\":\"https:\\\/\\\/www.4h.se\\\/tranas\\\/garden\\\/om-garden\\\/\",\"name\":\"Om g\u00e5rden - Tran\u00e5s 4H-klubb\",\"isPartOf\":{\"@id\":\"https:\\\/\\\/www.4h.se\\\/tranas\\\/#website\"},\"datePublished\":\"2024-09-19T09:16:58+00:00\",\"dateModified\":\"2024-10-09T11:27:40+00:00\",\"breadcrumb\":{\"@id\":\"https:\\\/\\\/www.4h.se\\\/tranas\\\/garden\\\/om-garden\\\/#breadcrumb\"},\"inLanguage\":\"sv-SE\",\"potentialAction\":[{\"@type\":\"ReadAction\",\"target\":[\"https:\\\/\\\/www.4h.se\\\/tranas\\\/garden\\\/om-garden\\\/\"]}]},{\"@type\":\"BreadcrumbList\",\"@id\":\"https:\\\/\\\/www.4h.se\\\/tranas\\\/garden\\\/om-garden\\\/#breadcrumb\",\"itemListElement\":[{\"@type\":\"ListItem\",\"position\":1,\"name\":\"Hem\",\"item\":\"https:\\\/\\\/www.4h.se\\\/tranas\\\/\"},{\"@type\":\"ListItem\",\"position\":2,\"name\":\"G\u00e5rden\",\"item\":\"https:\\\/\\\/www.4h.se\\\/tranas\\\/garden\\\/\"},{\"@type\":\"ListItem\",\"position\":3,\"name\":\"Om g\u00e5rden\"}]},{\"@type\":\"WebSite\",\"@id\":\"https:\\\/\\\/www.4h.se\\\/tranas\\\/#website\",\"url\":\"https:\\\/\\\/www.4h.se\\\/tranas\\\/\",\"name\":\"Tran\u00e5s 4H-klubb\",\"description\":\"\",\"potentialAction\":[{\"@type\":\"SearchAction\",\"target\":{\"@type\":\"EntryPoint\",\"urlTemplate\":\"https:\\\/\\\/www.4h.se\\\/tranas\\\/?s={search_term_string}\"},\"query-input\":{\"@type\":\"PropertyValueSpecification\",\"valueRequired\":true,\"valueName\":\"search_term_string\"}}],\"inLanguage\":\"sv-SE\"}]}<\/script>\n<!-- \/ Yoast SEO plugin. -->","yoast_head_json":{"title":"Om g\u00e5rden - Tran\u00e5s 4H-klubb","robots":{"index":"index","follow":"follow","max-snippet":"max-snippet:-1","max-image-preview":"max-image-preview:large","max-video-preview":"max-video-preview:-1"},"canonical":"https:\/\/www.4h.se\/tranas\/garden\/om-garden\/","og_locale":"sv_SE","og_type":"article","og_title":"Om g\u00e5rden - Tran\u00e5s 4H-klubb","og_description":"[vc_row][vc_column][vc_column_text css=&#8221;&#8221;] om g\u00e5rden [\/vc_column_text][\/vc_column][\/vc_row][vc_row][vc_column width=&#8221;1\/2&#8243;][vc_column_text css=&#8221;&#8221;]Tran\u00e5s 4H-G\u00e5rd skapades 2019 med hj\u00e4lp av engagerade ideella ungdomar. Tillsammans byggdes hagar och hus till djuren samt en ordentlig uppfr\u00e4schning av det vi nu kallar f\u00f6r medlemsrum som tidigare hade anv\u00e4nts som verkstad. P\u00e5 4H-g\u00e5rden bedrivs \u00e4ven Tran\u00e5s vagns mus\u00e9um som sk\u00e4nktes till Tran\u00e5s kommun 2019 och som&nbsp; &hellip; Read more","og_url":"https:\/\/www.4h.se\/tranas\/garden\/om-garden\/","og_site_name":"Tran\u00e5s 4H-klubb","article_modified_time":"2024-10-09T11:27:40+00:00","twitter_card":"summary_large_image","schema":{"@context":"https:\/\/schema.org","@graph":[{"@type":"WebPage","@id":"https:\/\/www.4h.se\/tranas\/garden\/om-garden\/","url":"https:\/\/www.4h.se\/tranas\/garden\/om-garden\/","name":"Om g\u00e5rden - Tran\u00e5s 4H-klubb","isPartOf":{"@id":"https:\/\/www.4h.se\/tranas\/#website"},"datePublished":"2024-09-19T09:16:58+00:00","dateModified":"2024-10-09T11:27:40+00:00","breadcrumb":{"@id":"https:\/\/www.4h.se\/tranas\/garden\/om-garden\/#breadcrumb"},"inLanguage":"sv-SE","potentialAction":[{"@type":"ReadAction","target":["https:\/\/www.4h.se\/tranas\/garden\/om-garden\/"]}]},{"@type":"BreadcrumbList","@id":"https:\/\/www.4h.se\/tranas\/garden\/om-garden\/#breadcrumb","itemListElement":[{"@type":"ListItem","position":1,"name":"Hem","item":"https:\/\/www.4h.se\/tranas\/"},{"@type":"ListItem","position":2,"name":"G\u00e5rden","item":"https:\/\/www.4h.se\/tranas\/garden\/"},{"@type":"ListItem","position":3,"name":"Om g\u00e5rden"}]},{"@type":"WebSite","@id":"https:\/\/www.4h.se\/tranas\/#website","url":"https:\/\/www.4h.se\/tranas\/","name":"Tran\u00e5s 4H-klubb","description":"","potentialAction":[{"@type":"SearchAction","target":{"@type":"EntryPoint","urlTemplate":"https:\/\/www.4h.se\/tranas\/?s={search_term_string}"},"query-input":{"@type":"PropertyValueSpecification","valueRequired":true,"valueName":"search_term_string"}}],"inLanguage":"sv-SE"}]}},"_links":{"self":[{"href":"https:\/\/www.4h.se\/tranas\/wp-json\/wp\/v2\/pages\/458","targetHints":{"allow":["GET"]}}],"collection":[{"href":"https:\/\/www.4h.se\/tranas\/wp-json\/wp\/v2\/pages"}],"about":[{"href":"https:\/\/www.4h.se\/tranas\/wp-json\/wp\/v2\/types\/page"}],"author":[{"embeddable":true,"href":"https:\/\/www.4h.se\/tranas\/wp-json\/wp\/v2\/users\/252"}],"replies":[{"embeddable":true,"href":"https:\/\/www.4h.se\/tranas\/wp-json\/wp\/v2\/comments?post=458"}],"version-history":[{"count":0,"href":"https:\/\/www.4h.se\/tranas\/wp-json\/wp\/v2\/pages\/458\/revisions"}],"up":[{"embeddable":true,"href":"https:\/\/www.4h.se\/tranas\/wp-json\/wp\/v2\/pages\/438"}],"wp:attachment":[{"href":"https:\/\/www.4h.se\/tranas\/wp-json\/wp\/v2\/media?parent=458"}],"curies":[{"name":"wp","href":"https:\/\/api.w.org\/{rel}","templated":true}]}}