



{"id":4044,"date":"2025-08-17T14:01:14","date_gmt":"2025-08-17T12:01:14","guid":{"rendered":"https:\/\/www.4h.se\/stattared\/?page_id=4044"},"modified":"2026-08-31T10:42:47","modified_gmt":"2026-08-31T08:42:47","slug":"4h-dagen","status":"publish","type":"page","link":"https:\/\/www.4h.se\/stattared\/4h-dagen\/","title":{"rendered":"4H-dagen"},"content":{"rendered":"<div class=\"wpb-content-wrapper\"><p>[vc_row full_width=&#8221;stretch_row_content&#8221; css=&#8221;.vc_custom_1744711949607{margin-top: -110px !important;}&#8221;][vc_column width=&#8221;1\/3&#8243; offset=&#8221;vc_hidden-xs&#8221;][vc_single_image image=&#8221;3910&#8243; img_size=&#8221;full&#8221; css=&#8221;.vc_custom_1755432351983{margin-right: -30px !important;margin-left: -19px !important;}&#8221;][\/vc_column][vc_column width=&#8221;1\/3&#8243;][vc_single_image image=&#8221;3647&#8243; img_size=&#8221;full&#8221; css=&#8221;.vc_custom_1755432376978{margin-right: -24px !important;margin-left: -24px !important;}&#8221;][\/vc_column][vc_column width=&#8221;1\/3&#8243; offset=&#8221;vc_hidden-xs&#8221;][vc_single_image image=&#8221;3842&#8243; img_size=&#8221;full&#8221; css=&#8221;.vc_custom_1755432480042{margin-right: -30px !important;margin-left: -19px !important;}&#8221;][\/vc_column][\/vc_row][vc_row full_width=&#8221;stretch_row&#8221; gap=&#8221;10&#8243;][vc_column css=&#8221;.vc_custom_1712571001728{margin-top: 20px !important;background-color: #ffffff !important;border-radius: 5px !important;}&#8221;][vc_column_text css=&#8221;.vc_custom_1787251039493{margin-top: -20px !important;}&#8221;]<\/p>\n<h1><span style=\"color: #000000;\">4H-dagen<\/span><\/h1>\n<h3><span style=\"color: #000000;\"><strong>L\u00f6rdagen den 19 september 2026 kl 11\u201315.<\/strong><\/span><\/h3>\n<p>[\/vc_column_text][vc_column_text css=&#8221;&#8221;]<span style=\"color: #000000;\">V\u00e4lkomna att fira den nationella 4H-dagen tillsammans med oss p\u00e5 St\u00e4ttareds 4H-g\u00e5rd! Vi bjuder in till en h\u00e4rlig familjedag fylld med roliga aktiviteter, bakluckeloppis och sp\u00e4nnande inslag fr\u00e5n v\u00e5r 4H-verksamhet.<\/span><\/p>\n<div class=\"wpb_text_column wpb_content_element\">\n<div class=\"wpb_wrapper\">\n<p><span style=\"color: #000000;\">Parkeringen kostar 60 kr, och vet du vad? Alla int\u00e4kter g\u00e5r direkt till g\u00e5rden f\u00f6r att st\u00f6dja v\u00e5ra fantastiska djur och verksamhet!<\/span><\/p>\n<p>&nbsp;<\/p><\/div>\n<h4><span style=\"color: #000000;\">Vi jobbar fortfarande med programmet f\u00f6r dagen och fler roliga aktiviteter kan tillkomma.<\/span><\/h4>\n<\/div>\n<p>[\/vc_column_text][vc_separator color=&#8221;green&#8221; border_width=&#8221;5&#8243;][vc_column_text css=&#8221;&#8221;]<\/p>\n<h3><span style=\"color: #000000;\"><strong>Bakluckeloppis \u2022 kl 11-15<\/strong><\/span><\/h3>\n<p><span style=\"color: #000000;\">100 kr per plats.<\/span><\/p>\n<p><span style=\"color: #000000;\">V\u00e4lkommen till v\u00e5r bakluckeloppis, d\u00e4r bilarna f\u00f6rvandlas till sm\u00e5 butiker f\u00f6r en dag. <\/span><\/p>\n<p><span style=\"color: #000000;\">Kanske hittar du just det du letat efter \u2013 eller s\u00e5 passar du p\u00e5 att rensa hemma och l\u00e5ta dina saker f\u00e5 nytt liv hos n\u00e5gon annan. <\/span><\/p>\n<p><span style=\"color: #000000;\">F\u00f6r att s\u00e4lja kr\u00e4vs f\u00f6rbokning av plats via knappen nedan.&nbsp;<\/span><\/p>\n<p><span style=\"color: #000000;\">T\u00e4nk p\u00e5 att ta med eget bord om du vill ha ett \u2013 vi kan tyv\u00e4rr inte erbjuda det p\u00e5 plats.<\/span>[\/vc_column_text][vc_btn title=&#8221;Bokning av plats &#8211; Bakluckeloppis&#8221; style=&#8221;custom&#8221; custom_background=&#8221;#008B44&#8243; custom_text=&#8221;#FFFFFF&#8221; css=&#8221;.vc_custom_1787250666047{margin-top: -20px !important;}&#8221; link=&#8221;url:https%3A%2F%2Fapp.bookspot.io%2Fwidget%2Fv2%2Fdialog%2Fnew-order%3Fkey%3D2fc53eea376fab059e81d28b1d6747202d7dbb96375c9b42ebf4d9235ff87d0a%26productTypes%3Dproducts%2Cvouchers%26listView%3Dproducts%26products%3D20020&#8243;][vc_column_text css=&#8221;&#8221;]<\/p>\n<h3><span style=\"color: #000000;\"><strong>H\u00e4st &amp; vagn \u2022 12-13:30<\/strong><\/span><\/h3>\n<p><span style=\"color: #000000;\">Barn<em>:&nbsp;<\/em>35 kr \/ Vuxna:<em>&nbsp;<\/em>45 kr.<\/span><\/p>\n<p><span style=\"color: #000000;\">Begr\u00e4nsat antal platser. Barn under 8 \u00e5r ska ha medf\u00f6ljande vuxen under \u00e5kturen.<\/span><\/p>\n<p><span style=\"color: #000000;\">Nordsvensk h\u00e4st drar vagnen en tur. Turen b\u00f6rjar bakom h\u00f6nshuset.<\/span><\/p>\n<p><span style=\"color: #000000;\">Aktiviteten genomf\u00f6rs under f\u00f6ruts\u00e4ttning att h\u00e4starna har full h\u00e4lsa.<\/span><\/p>\n<p><span style=\"color: #000000;\">Aktiviteten betalas med swish vid aktiviteten<\/span>[\/vc_column_text][vc_column_text css=&#8221;&#8221;]<\/p>\n<h3><span style=\"color: #000000;\">SAgostund hos F\u00e5ren, kl 11, 12 &amp; 13:30&nbsp;<\/span><\/h3>\n<p><span style=\"color: #000000;\">Barn: 35 kr&nbsp;<\/span><\/p>\n<p><span style=\"color: #000000;\">Kom och kryp upp bland f\u00e5ren f\u00f6r en magisk sagostund \u2013 en stund fylld av v\u00e4rme, n\u00e4rhet och mjuka klappar.<\/span><\/p>\n<p><span style=\"color: #000000;\">L\u00e4sningen tar ca 20 min och det finns tid f\u00f6r gos \u00e4ven n\u00e4r sagan \u00e4r slut<\/span><\/p>\n<p><span style=\"color: #000000;\">Begr\u00e4nsat antal platser.<\/span><\/p>\n<p><span style=\"color: #000000;\">Aktiviteten betalas med swish vid aktiviteten.<\/span><\/p>\n<p>&nbsp;[\/vc_column_text][vc_column_text css=&#8221;&#8221;]<\/p>\n<h3><span style=\"color: #000000;\"><strong>Ponnyridning f\u00f6r BArn\u2022 Kl 11-12 &amp; 13:30-14:30<\/strong><\/span><\/h3>\n<p><span style=\"color: #000000;\">Barn: 35 kr<\/span><\/p>\n<div class=\"group\/conversation-turn relative flex w-full min-w-0 flex-col agent-turn\">\n<div class=\"flex-col gap-1 md:gap-3\">\n<div class=\"flex max-w-full flex-col flex-grow\">\n<div class=\"min-h-8 text-message flex w-full flex-col items-end gap-2 whitespace-normal break-words [.text-message+&amp;]:mt-5\" dir=\"auto\" data-message-author-role=\"assistant\" data-message-id=\"b6f566da-fcb6-4a8b-8109-43687a521036\">\n<div class=\"flex w-full flex-col gap-1 empty:hidden first:pt-[3px]\">\n<div class=\"markdown prose w-full break-words dark:prose-invert dark\">\n<p>Nytt f\u00f6r i \u00e5r \u00e4r att vi kommer ha slot-tider som man bokar via en QR-kod p\u00e5 plats. Det g\u00e5r inte att f\u00f6rboka n\u00e5gra platser.<\/p>\n<p>Detta f\u00f6r att minimera att ni som bes\u00f6kare beh\u00f6ver st\u00e5 i k\u00f6 med ot\u00e5liga barn som kanske vill g\u00f6ra n\u00e5got annat under tiden.<\/p>\n<div class=\"group\/conversation-turn relative flex w-full min-w-0 flex-col agent-turn\">\n<div class=\"flex-col gap-1 md:gap-3\">\n<div class=\"flex max-w-full flex-col flex-grow\">\n<div class=\"min-h-8 text-message flex w-full flex-col items-end gap-2 whitespace-normal break-words [.text-message+&amp;]:mt-5\" dir=\"auto\" data-message-author-role=\"assistant\" data-message-id=\"b6f566da-fcb6-4a8b-8109-43687a521036\">\n<div class=\"flex w-full flex-col gap-1 empty:hidden first:pt-[3px]\">\n<div class=\"markdown prose w-full break-words dark:prose-invert dark\">\n<p>Ta en tur p\u00e5 v\u00e5r mysiga slinga med v\u00e5ra fantastiska h\u00e4star! Barnen f\u00e5r sitta p\u00e5 v\u00e5ra s\u00f6ta Gotlandsruss, som \u00e4r perfekta f\u00f6r dem och klarar av max 50 kg.<\/p><\/div>\n<\/div>\n<\/div>\n<\/div>\n<\/div>\n<\/div>\n<p>Ridningen sker efter h\u00e4starnas f\u00f6ruts\u00e4ttningar och kondition.<\/p>\n<p>Aktiviteten betalas med kort i samband med bokning av tid.<\/p><\/div>\n<\/div>\n<\/div>\n<\/div>\n<\/div>\n<\/div>\n<p>[\/vc_column_text][vc_column_text css=&#8221;&#8221;]<\/p>\n<h3><span style=\"color: #000000\">Servering \u2022&nbsp;kl 11\u221215<\/span><\/h3>\n<p><span style=\"color: #000000\">Caf\u00e9 \u2022 Grillt\u00e4lt<\/span><\/p>\n<p><span style=\"color: #000000\">Nygr\u00e4ddade v\u00e5fflor, rykande varm dryck och doftande kanelbullar v\u00e4ntar p\u00e5 dig \u2013 en riktig smakfest! Eller varf\u00f6r inte ta en saftig hamburgare eller en kokt korv ute i v\u00e5rt mysiga grillt\u00e4lt?<\/span>[\/vc_column_text][vc_column_text css=&#8221;&#8221;]<\/p>\n<h3><span style=\"color: #000000\">Lotteri \u2022 kl 11-15<\/span><\/h3>\n<div class=\"group\/conversation-turn relative flex w-full min-w-0 flex-col agent-turn\">\n<div class=\"flex-col gap-1 md:gap-3\">\n<div class=\"flex max-w-full flex-col flex-grow\">\n<div class=\"min-h-8 text-message flex w-full flex-col items-end gap-2 whitespace-normal break-words [.text-message+&amp;]:mt-5\" dir=\"auto\" data-message-author-role=\"assistant\" data-message-id=\"97ae9e9a-d48c-405d-90da-2ded26ff4ffa\">\n<div class=\"flex w-full flex-col gap-1 empty:hidden first:pt-[3px]\">\n<div class=\"markdown prose w-full break-words dark:prose-invert dark\">\n<p><span style=\"color: #000000\">Testa lyckan i v\u00e5rt 21-lotteri! Om du f\u00e5r mellan 17 och 21 kan du jubla som en vinnare \u2013 Kom och se om turen st\u00e5r p\u00e5 din sida!<\/span><\/p>\n<p><span style=\"color: #000000\">2 kr\/lott eller 10 kr\/remsa<\/span><\/div>\n<\/div>\n<\/div>\n<\/div>\n<\/div>\n<\/div>\n<p>[\/vc_column_text][vc_column_text css=&#8221;&#8221;]<\/p>\n<h3><span style=\"color: #000000\">FISKDAMM \u2022 kl 11-15<\/span><\/h3>\n<p><span style=\"color: #000000\">Fiskdammen \u00e4r en sp\u00e4nnande plats d\u00e4r b\u00e5de stora och sm\u00e5 kan fiska efter \u00f6verraskningar och skatter som v\u00e4ntar under ytan<\/span><\/p>\n<p><span style=\"color: #000000\">20 kr\/kast<\/span>[\/vc_column_text][vc_column_text css=&#8221;&#8221;]<\/p>\n<h3><span style=\"color: #000000\"><strong>4H-f\u00f6retag visar upp sin verksamhet \u2022 k<\/strong><strong>l 11\u221215.&nbsp;&nbsp;<\/strong><\/span><\/h3>\n<p><span style=\"color: #000000\">4H-f\u00f6retag fr\u00e5n Hallands 4H och visar upp sin verksamhet.&nbsp;<\/span>[\/vc_column_text][\/vc_column][\/vc_row][vc_row][vc_column][\/vc_column][\/vc_row]<\/p>\n<\/div>","protected":false},"excerpt":{"rendered":"<p>[vc_row full_width=&#8221;stretch_row_content&#8221; css=&#8221;.vc_custom_1744711949607{margin-top: -110px !important;}&#8221;][vc_column width=&#8221;1\/3&#8243; offset=&#8221;vc_hidden-xs&#8221;][vc_single_image image=&#8221;3910&#8243; img_size=&#8221;full&#8221; css=&#8221;.vc_custom_1755432351983{margin-right: -30px !important;margin-left: -19px !important;}&#8221;][\/vc_column][vc_column width=&#8221;1\/3&#8243;][vc_single_image image=&#8221;3647&#8243; img_size=&#8221;full&#8221; css=&#8221;.vc_custom_1755432376978{margin-right: -24px !important;margin-left: -24px !important;}&#8221;][\/vc_column][vc_column width=&#8221;1\/3&#8243; offset=&#8221;vc_hidden-xs&#8221;][vc_single_image image=&#8221;3842&#8243; img_size=&#8221;full&#8221; css=&#8221;.vc_custom_1755432480042{margin-right: -30px !important;margin-left: -19px !important;}&#8221;][\/vc_column][\/vc_row][vc_row full_width=&#8221;stretch_row&#8221; gap=&#8221;10&#8243;][vc_column css=&#8221;.vc_custom_1712571001728{margin-top: 20px !important;background-color: #ffffff !important;border-radius: 5px !important;}&#8221;][vc_column_text css=&#8221;.vc_custom_1787251039493{margin-top: -20px !important;}&#8221;] 4H-dagen L\u00f6rdagen den 19 september 2026 kl 11\u201315. [\/vc_column_text][vc_column_text css=&#8221;&#8221;]V\u00e4lkomna att fira&nbsp; <a href=\"https:\/\/www.4h.se\/stattared\/4h-dagen\/\">&hellip; Read more <i class=\"glyphicon glyphicon-arrow-right\"><\/i><\/a><\/p>\n","protected":false},"author":64,"featured_media":0,"parent":0,"menu_order":144,"comment_status":"closed","ping_status":"closed","template":"","meta":{"_acf_changed":false,"footnotes":""},"class_list":["post-4044","page","type-page","status-publish","hentry"],"acf":[],"yoast_head":"<!-- This site is optimized with the Yoast SEO plugin v28.3 - https:\/\/yoast.com\/product\/yoast-seo-wordpress\/ -->\n<title>4H-dagen - St\u00e4ttareds 4H-g\u00e5rd<\/title>\n<meta name=\"robots\" content=\"index, follow, max-snippet:-1, max-image-preview:large, max-video-preview:-1\" \/>\n<link rel=\"canonical\" href=\"https:\/\/www.4h.se\/stattared\/4h-dagen\/\" \/>\n<meta property=\"og:locale\" content=\"sv_SE\" \/>\n<meta property=\"og:type\" content=\"article\" \/>\n<meta property=\"og:title\" content=\"4H-dagen - St\u00e4ttareds 4H-g\u00e5rd\" \/>\n<meta property=\"og:description\" content=\"[vc_row full_width=&#8221;stretch_row_content&#8221; css=&#8221;.vc_custom_1744711949607{margin-top: -110px !important;}&#8221;][vc_column width=&#8221;1\/3&#8243; offset=&#8221;vc_hidden-xs&#8221;][vc_single_image image=&#8221;3910&#8243; img_size=&#8221;full&#8221; css=&#8221;.vc_custom_1755432351983{margin-right: -30px !important;margin-left: -19px !important;}&#8221;][\/vc_column][vc_column width=&#8221;1\/3&#8243;][vc_single_image image=&#8221;3647&#8243; img_size=&#8221;full&#8221; css=&#8221;.vc_custom_1755432376978{margin-right: -24px !important;margin-left: -24px !important;}&#8221;][\/vc_column][vc_column width=&#8221;1\/3&#8243; offset=&#8221;vc_hidden-xs&#8221;][vc_single_image image=&#8221;3842&#8243; img_size=&#8221;full&#8221; css=&#8221;.vc_custom_1755432480042{margin-right: -30px !important;margin-left: -19px !important;}&#8221;][\/vc_column][\/vc_row][vc_row full_width=&#8221;stretch_row&#8221; gap=&#8221;10&#8243;][vc_column css=&#8221;.vc_custom_1712571001728{margin-top: 20px !important;background-color: #ffffff !important;border-radius: 5px !important;}&#8221;][vc_column_text css=&#8221;.vc_custom_1787251039493{margin-top: -20px !important;}&#8221;] 4H-dagen L\u00f6rdagen den 19 september 2026 kl 11\u201315. [\/vc_column_text][vc_column_text css=&#8221;&#8221;]V\u00e4lkomna att fira&nbsp; &hellip; Read more\" \/>\n<meta property=\"og:url\" content=\"https:\/\/www.4h.se\/stattared\/4h-dagen\/\" \/>\n<meta property=\"og:site_name\" content=\"St\u00e4ttareds 4H-g\u00e5rd\" \/>\n<meta property=\"article:modified_time\" content=\"2026-08-31T08:42:47+00:00\" \/>\n<meta name=\"twitter:card\" content=\"summary_large_image\" \/>\n<script type=\"application\/ld+json\" class=\"yoast-schema-graph\">{\"@context\":\"https:\\\/\\\/schema.org\",\"@graph\":[{\"@type\":\"WebPage\",\"@id\":\"https:\\\/\\\/www.4h.se\\\/stattared\\\/4h-dagen\\\/\",\"url\":\"https:\\\/\\\/www.4h.se\\\/stattared\\\/4h-dagen\\\/\",\"name\":\"4H-dagen - St\u00e4ttareds 4H-g\u00e5rd\",\"isPartOf\":{\"@id\":\"https:\\\/\\\/www.4h.se\\\/stattared\\\/#website\"},\"datePublished\":\"2025-08-17T12:01:14+00:00\",\"dateModified\":\"2026-08-31T08:42:47+00:00\",\"breadcrumb\":{\"@id\":\"https:\\\/\\\/www.4h.se\\\/stattared\\\/4h-dagen\\\/#breadcrumb\"},\"inLanguage\":\"sv-SE\",\"potentialAction\":[{\"@type\":\"ReadAction\",\"target\":[\"https:\\\/\\\/www.4h.se\\\/stattared\\\/4h-dagen\\\/\"]}]},{\"@type\":\"BreadcrumbList\",\"@id\":\"https:\\\/\\\/www.4h.se\\\/stattared\\\/4h-dagen\\\/#breadcrumb\",\"itemListElement\":[{\"@type\":\"ListItem\",\"position\":1,\"name\":\"Hem\",\"item\":\"https:\\\/\\\/www.4h.se\\\/stattared\\\/\"},{\"@type\":\"ListItem\",\"position\":2,\"name\":\"4H-dagen\"}]},{\"@type\":\"WebSite\",\"@id\":\"https:\\\/\\\/www.4h.se\\\/stattared\\\/#website\",\"url\":\"https:\\\/\\\/www.4h.se\\\/stattared\\\/\",\"name\":\"St\u00e4ttareds 4H-g\u00e5rd\",\"description\":\"mer \u00e4n bara en g\u00e5rd\",\"potentialAction\":[{\"@type\":\"SearchAction\",\"target\":{\"@type\":\"EntryPoint\",\"urlTemplate\":\"https:\\\/\\\/www.4h.se\\\/stattared\\\/?s={search_term_string}\"},\"query-input\":{\"@type\":\"PropertyValueSpecification\",\"valueRequired\":true,\"valueName\":\"search_term_string\"}}],\"inLanguage\":\"sv-SE\"}]}<\/script>\n<!-- \/ Yoast SEO plugin. -->","yoast_head_json":{"title":"4H-dagen - St\u00e4ttareds 4H-g\u00e5rd","robots":{"index":"index","follow":"follow","max-snippet":"max-snippet:-1","max-image-preview":"max-image-preview:large","max-video-preview":"max-video-preview:-1"},"canonical":"https:\/\/www.4h.se\/stattared\/4h-dagen\/","og_locale":"sv_SE","og_type":"article","og_title":"4H-dagen - St\u00e4ttareds 4H-g\u00e5rd","og_description":"[vc_row full_width=&#8221;stretch_row_content&#8221; css=&#8221;.vc_custom_1744711949607{margin-top: -110px !important;}&#8221;][vc_column width=&#8221;1\/3&#8243; offset=&#8221;vc_hidden-xs&#8221;][vc_single_image image=&#8221;3910&#8243; img_size=&#8221;full&#8221; css=&#8221;.vc_custom_1755432351983{margin-right: -30px !important;margin-left: -19px !important;}&#8221;][\/vc_column][vc_column width=&#8221;1\/3&#8243;][vc_single_image image=&#8221;3647&#8243; img_size=&#8221;full&#8221; css=&#8221;.vc_custom_1755432376978{margin-right: -24px !important;margin-left: -24px !important;}&#8221;][\/vc_column][vc_column width=&#8221;1\/3&#8243; offset=&#8221;vc_hidden-xs&#8221;][vc_single_image image=&#8221;3842&#8243; img_size=&#8221;full&#8221; css=&#8221;.vc_custom_1755432480042{margin-right: -30px !important;margin-left: -19px !important;}&#8221;][\/vc_column][\/vc_row][vc_row full_width=&#8221;stretch_row&#8221; gap=&#8221;10&#8243;][vc_column css=&#8221;.vc_custom_1712571001728{margin-top: 20px !important;background-color: #ffffff !important;border-radius: 5px !important;}&#8221;][vc_column_text css=&#8221;.vc_custom_1787251039493{margin-top: -20px !important;}&#8221;] 4H-dagen L\u00f6rdagen den 19 september 2026 kl 11\u201315. [\/vc_column_text][vc_column_text css=&#8221;&#8221;]V\u00e4lkomna att fira&nbsp; &hellip; Read more","og_url":"https:\/\/www.4h.se\/stattared\/4h-dagen\/","og_site_name":"St\u00e4ttareds 4H-g\u00e5rd","article_modified_time":"2026-08-31T08:42:47+00:00","twitter_card":"summary_large_image","schema":{"@context":"https:\/\/schema.org","@graph":[{"@type":"WebPage","@id":"https:\/\/www.4h.se\/stattared\/4h-dagen\/","url":"https:\/\/www.4h.se\/stattared\/4h-dagen\/","name":"4H-dagen - St\u00e4ttareds 4H-g\u00e5rd","isPartOf":{"@id":"https:\/\/www.4h.se\/stattared\/#website"},"datePublished":"2025-08-17T12:01:14+00:00","dateModified":"2026-08-31T08:42:47+00:00","breadcrumb":{"@id":"https:\/\/www.4h.se\/stattared\/4h-dagen\/#breadcrumb"},"inLanguage":"sv-SE","potentialAction":[{"@type":"ReadAction","target":["https:\/\/www.4h.se\/stattared\/4h-dagen\/"]}]},{"@type":"BreadcrumbList","@id":"https:\/\/www.4h.se\/stattared\/4h-dagen\/#breadcrumb","itemListElement":[{"@type":"ListItem","position":1,"name":"Hem","item":"https:\/\/www.4h.se\/stattared\/"},{"@type":"ListItem","position":2,"name":"4H-dagen"}]},{"@type":"WebSite","@id":"https:\/\/www.4h.se\/stattared\/#website","url":"https:\/\/www.4h.se\/stattared\/","name":"St\u00e4ttareds 4H-g\u00e5rd","description":"mer \u00e4n bara en g\u00e5rd","potentialAction":[{"@type":"SearchAction","target":{"@type":"EntryPoint","urlTemplate":"https:\/\/www.4h.se\/stattared\/?s={search_term_string}"},"query-input":{"@type":"PropertyValueSpecification","valueRequired":true,"valueName":"search_term_string"}}],"inLanguage":"sv-SE"}]}},"_links":{"self":[{"href":"https:\/\/www.4h.se\/stattared\/wp-json\/wp\/v2\/pages\/4044","targetHints":{"allow":["GET"]}}],"collection":[{"href":"https:\/\/www.4h.se\/stattared\/wp-json\/wp\/v2\/pages"}],"about":[{"href":"https:\/\/www.4h.se\/stattared\/wp-json\/wp\/v2\/types\/page"}],"author":[{"embeddable":true,"href":"https:\/\/www.4h.se\/stattared\/wp-json\/wp\/v2\/users\/64"}],"replies":[{"embeddable":true,"href":"https:\/\/www.4h.se\/stattared\/wp-json\/wp\/v2\/comments?post=4044"}],"version-history":[{"count":0,"href":"https:\/\/www.4h.se\/stattared\/wp-json\/wp\/v2\/pages\/4044\/revisions"}],"wp:attachment":[{"href":"https:\/\/www.4h.se\/stattared\/wp-json\/wp\/v2\/media?parent=4044"}],"curies":[{"name":"wp","href":"https:\/\/api.w.org\/{rel}","templated":true}]}}