



{"id":3921,"date":"2025-02-06T20:42:54","date_gmt":"2025-02-06T19:42:54","guid":{"rendered":"https:\/\/www.4h.se\/stattared\/?page_id=3921"},"modified":"2026-01-27T15:02:26","modified_gmt":"2026-01-27T14:02:26","slug":"vandrarhem","status":"publish","type":"page","link":"https:\/\/www.4h.se\/stattared\/vandrarhem\/","title":{"rendered":"Vandrarhem"},"content":{"rendered":"<div class=\"wpb-content-wrapper\"><p>[vc_row full_width=&#8221;stretch_row&#8221; css_animation=&#8221;fadeInDown&#8221; css=&#8221;.vc_custom_1769522541746{margin-top: -110px !important;}&#8221;][vc_column][vc_single_image image=&#8221;3928&#8243; img_size=&#8221;full&#8221; alignment=&#8221;right&#8221; css_animation=&#8221;none&#8221; css=&#8221;&#8221;][\/vc_column][\/vc_row][vc_row][vc_column][\/vc_column][\/vc_row][vc_row full_width=&#8221;stretch_row&#8221; gap=&#8221;10&#8243; css_animation=&#8221;fadeInDown&#8221; css=&#8221;.vc_custom_1738873682004{background-position: center !important;background-repeat: no-repeat !important;background-size: cover !important;}&#8221;][vc_column width=&#8221;2\/3&#8243; css=&#8221;.vc_custom_1605020958900{margin-top: 20px !important;margin-bottom: 20px !important;background-color: #ffffff !important;border-radius: 10px !important;}&#8221;][vc_column_text css=&#8221;.vc_custom_1746382586450{margin-top: -60px !important;}&#8221;]<\/p>\n<h1>Vandrarhem<\/h1>\n<p>I mang\u00e5rdsbyggnaden hittar du ett charmigt och hemtrevligt vandrarhem, perfekt f\u00f6r alla \u2013 fr\u00e5n barnfamiljer och vandrare till st\u00f6rre s\u00e4llskap och konferenser.<\/p>\n<p>H\u00e4r finns 21 b\u00e4ddar f\u00f6rdelade p\u00e5 rum med 2\u20136 sovplatser. Rummen, som ligger p\u00e5 \u00f6verv\u00e5ningen, \u00e4r utrustade med bekv\u00e4ma v\u00e5ningss\u00e4ngar. I direkt anslutning finns gemensamma duschar och toaletter.<\/p>\n<p>P\u00e5 nederv\u00e5ningen finns rymliga s\u00e4llskapsytor, inklusive ett fullt utrustat k\u00f6k, en matsal, tv\u00e5 toaletter och ett TV-rum.<\/p>\n<p>P\u00e5 vandrarhemmet kan vi erbjuda en frukostkorg men inga \u00f6vriga m\u00e5ltider, men i k\u00f6ket har du allt du beh\u00f6ver f\u00f6r att laga din egen mat.<\/p>\n<p>Hundar \u00e4r v\u00e4lkomna p\u00e5 rummen, och hela vandrarhemmet \u00e4r r\u00f6kfritt.[\/vc_column_text][vc_separator color=&#8221;custom&#8221; style=&#8221;shadow&#8221; border_width=&#8221;5&#8243; css=&#8221;.vc_custom_1732187780817{margin-top: -20px !important;}&#8221; accent_color=&#8221;#00693f&#8221;][vc_btn title=&#8221;Se tillg\u00e4nglighet och boka rum!&#8221; style=&#8221;outline-custom&#8221; outline_custom_color=&#8221;#00693f&#8221; outline_custom_hover_background=&#8221;#00693f&#8221; outline_custom_hover_text=&#8221;#ffffff&#8221; size=&#8221;lg&#8221; align=&#8221;center&#8221; css=&#8221;&#8221; button_block=&#8221;true&#8221; link=&#8221;url:https%3A%2F%2Fapp.bookspot.io%2Fwidget%2Fv2%2Fdialog%2Fnew-order%3Fkey%3D2fc53eea376fab059e81d28b1d6747202d7dbb96375c9b42ebf4d9235ff87d0a%26productTypes%3Dproducts%2Cvouchers%26listView%3Dproducts%26products%3D13634%26products%3D13635%26products%3D13662%26products%3D14187%26products%3D14002%26products%3D13668%26products%3D14238%26products%3D13633&#8243;][\/vc_column][vc_column width=&#8221;1\/3&#8243;][vc_column_text css=&#8221;.vc_custom_1769446362430{margin-top: -20px !important;}&#8221;]<\/p>\n<h3>Vanliga fr\u00e5gor &amp; svar<\/h3>\n<p>[\/vc_column_text][vc_toggle title=&#8221;N\u00e4r \u00e4r incheckning &#038; utcheckning?&#8221; css=&#8221;.vc_custom_1769445952545{margin-top: 20px !important;}&#8221;]<strong>Incheckning<\/strong>: Sker fr\u00e5n kl 14.<\/p>\n<p><strong>Utcheckning<\/strong> sker senast kl 11.<\/p>\n<p>Du kan \u00f6nska sen utcheckning genom att mejla till <a href=\"mailto:stattared@4h.se\">stattared@4h.se.<\/a><\/p>\n<p>Uppge bokningsnummer i mejlet.[\/vc_toggle][vc_toggle title=&#8221;Ing\u00e5r s\u00e4ngkl\u00e4der?&#8221; css=&#8221;&#8221;]Kudde &amp; t\u00e4cke finns att tillg\u00e5 men man f\u00e5r ta med egna s\u00e4ngkl\u00e4der alternativt hyra ett lakanpaket f\u00f6r 90 kr\/set.<\/p>\n<p>Hyra av lakanpaket sker p\u00e5 plats och med swish.[\/vc_toggle][vc_toggle title=&#8221;Ing\u00e5r frukost?&#8221; css=&#8221;&#8221;]P\u00e5 vandrarhemmet kan vi erbjuda en frukostkorg men inga \u00f6vriga m\u00e5ltider, men i k\u00f6ket har du allt du beh\u00f6ver f\u00f6r att laga din egen mat.[\/vc_toggle][vc_toggle title=&#8221;Finns det WiFi?&#8221; css=&#8221;&#8221;]Ja, det finns wifi p\u00e5 g\u00e5rden.[\/vc_toggle][\/vc_column][\/vc_row][vc_row equal_height=&#8221;yes&#8221; css_animation=&#8221;fadeIn&#8221;][vc_column width=&#8221;1\/3&#8243;][vc_single_image image=&#8221;3923&#8243; img_size=&#8221;medium&#8221; style=&#8221;vc_box_rounded&#8221; css=&#8221;.vc_custom_1738871897991{margin-top: -20px !important;}&#8221;][\/vc_column][vc_column width=&#8221;2\/3&#8243;][vc_column_text css=&#8221;&#8221;]<\/p>\n<h2>1-2 b\u00e4ddsrum med gemensam dusch &amp; toalett<\/h2>\n<p>1 person &#8211; 600 kr\/natt<\/p>\n<p>2 personer &#8211; 600 kr\/natt[\/vc_column_text][\/vc_column][\/vc_row][vc_row full_width=&#8221;stretch_row&#8221; gap=&#8221;10&#8243; equal_height=&#8221;yes&#8221; css_animation=&#8221;fadeIn&#8221; css=&#8221;.vc_custom_1738873487670{background-position: center !important;background-repeat: no-repeat !important;background-size: cover !important;}&#8221;][vc_column width=&#8221;1\/3&#8243;][vc_single_image image=&#8221;3924&#8243; img_size=&#8221;medium&#8221; style=&#8221;vc_box_rounded&#8221; css=&#8221;.vc_custom_1738871882786{margin-top: -20px !important;}&#8221;][\/vc_column][vc_column width=&#8221;2\/3&#8243; css=&#8221;.vc_custom_1605020958900{margin-top: 20px !important;margin-bottom: 20px !important;background-color: #ffffff !important;border-radius: 10px !important;}&#8221;][vc_column_text css=&#8221;.vc_custom_1738871859649{margin-top: -30px !important;}&#8221;]<\/p>\n<h2>1-3 b\u00e4ddsrum med gemensam dusch &amp; toalett<\/h2>\n<p>1 person &#8211; 600 kr\/natt<\/p>\n<p>2 personer &#8211; 900 kr\/natt<\/p>\n<p>3 personer &#8211; 900 kr\/natt[\/vc_column_text][\/vc_column][\/vc_row][vc_row equal_height=&#8221;yes&#8221; content_placement=&#8221;top&#8221; css_animation=&#8221;fadeIn&#8221;][vc_column width=&#8221;1\/3&#8243;][vc_single_image image=&#8221;3925&#8243; img_size=&#8221;medium&#8221; style=&#8221;vc_box_rounded&#8221; css=&#8221;&#8221;][\/vc_column][vc_column width=&#8221;2\/3&#8243;][vc_column_text css=&#8221;.vc_custom_1738872002669{margin-top: 20px !important;}&#8221;]<\/p>\n<h2>2-4 b\u00e4ddsrum med gemensam dusch &amp; toalett<\/h2>\n<p>2 personer &#8211; 900 kr\/natt<\/p>\n<p>3 personer &#8211; 900 kr\/natt<\/p>\n<p>4 personer &#8211; 1200 kr\/natt[\/vc_column_text][\/vc_column][\/vc_row][vc_row equal_height=&#8221;yes&#8221; css_animation=&#8221;fadeIn&#8221;][vc_column width=&#8221;1\/3&#8243;][vc_single_image image=&#8221;3922&#8243; img_size=&#8221;medium&#8221; style=&#8221;vc_box_rounded&#8221; css=&#8221;.vc_custom_1738872021166{margin-top: 20px !important;}&#8221;][\/vc_column][vc_column width=&#8221;2\/3&#8243;][vc_column_text css=&#8221;&#8221;]<\/p>\n<h2>2-6 b\u00e4ddsrum med gemensam dusch &amp; toalett<\/h2>\n<p>2 personer &#8211; 1000 kr\/natt<\/p>\n<p>3 personer &#8211; 1200 kr\/natt<\/p>\n<p>4 personer &#8211; 1200 kr\/natt<\/p>\n<p>5 personer &#8211; 1800 kr\/natt<\/p>\n<p>6 personer &#8211; 1800 kr\/natt[\/vc_column_text][\/vc_column][\/vc_row][vc_row equal_height=&#8221;yes&#8221; css_animation=&#8221;fadeIn&#8221;][vc_column width=&#8221;1\/3&#8243;][vc_single_image image=&#8221;3933&#8243; img_size=&#8221;medium&#8221; style=&#8221;vc_box_rounded&#8221; css=&#8221;.vc_custom_1769446826772{margin-top: 20px !important;}&#8221;][\/vc_column][vc_column width=&#8221;2\/3&#8243;][vc_column_text css=&#8221;&#8221;]<\/p>\n<h2>HELA VANDRARHEMMET<\/h2>\n<p>Tillg\u00e5ng till hela vandrarhemmet sj\u00e4lva.<\/p>\n<p>Alla 21 b\u00e4ddar + matsal, k\u00f6k, toalett + dusch och s\u00e4llskapsrum<\/p>\n<p>5000 kr \/ natt[\/vc_column_text][\/vc_column][\/vc_row][vc_row][vc_column][vc_images_carousel images=&#8221;4065,4064,4063,4062&#8243; img_size=&#8221;full&#8221; autoplay=&#8221;yes&#8221; wrap=&#8221;yes&#8221; css=&#8221;&#8221;][\/vc_column][\/vc_row]<\/p>\n<\/div>","protected":false},"excerpt":{"rendered":"<p>[vc_row full_width=&#8221;stretch_row&#8221; css_animation=&#8221;fadeInDown&#8221; css=&#8221;.vc_custom_1769522541746{margin-top: -110px !important;}&#8221;][vc_column][vc_single_image image=&#8221;3928&#8243; img_size=&#8221;full&#8221; alignment=&#8221;right&#8221; css_animation=&#8221;none&#8221; css=&#8221;&#8221;][\/vc_column][\/vc_row][vc_row][vc_column][\/vc_column][\/vc_row][vc_row full_width=&#8221;stretch_row&#8221; gap=&#8221;10&#8243; css_animation=&#8221;fadeInDown&#8221; css=&#8221;.vc_custom_1738873682004{background-position: center !important;background-repeat: no-repeat !important;background-size: cover !important;}&#8221;][vc_column width=&#8221;2\/3&#8243; css=&#8221;.vc_custom_1605020958900{margin-top: 20px !important;margin-bottom: 20px !important;background-color: #ffffff !important;border-radius: 10px !important;}&#8221;][vc_column_text css=&#8221;.vc_custom_1746382586450{margin-top: -60px !important;}&#8221;] Vandrarhem I mang\u00e5rdsbyggnaden hittar du ett charmigt och hemtrevligt vandrarhem, perfekt f\u00f6r alla \u2013 fr\u00e5n barnfamiljer och vandrare till st\u00f6rre s\u00e4llskap&nbsp; <a href=\"https:\/\/www.4h.se\/stattared\/vandrarhem\/\">&hellip; Read more <i class=\"glyphicon glyphicon-arrow-right\"><\/i><\/a><\/p>\n","protected":false},"author":64,"featured_media":0,"parent":0,"menu_order":134,"comment_status":"closed","ping_status":"closed","template":"","meta":{"_acf_changed":false,"footnotes":""},"class_list":["post-3921","page","type-page","status-publish","hentry"],"acf":[],"yoast_head":"<!-- This site is optimized with the Yoast SEO plugin v27.5 - https:\/\/yoast.com\/product\/yoast-seo-wordpress\/ -->\n<title>Vandrarhem - St\u00e4ttareds 4H-g\u00e5rd<\/title>\n<meta name=\"robots\" content=\"index, follow, max-snippet:-1, max-image-preview:large, max-video-preview:-1\" \/>\n<link rel=\"canonical\" href=\"https:\/\/www.4h.se\/stattared\/vandrarhem\/\" \/>\n<meta property=\"og:locale\" content=\"sv_SE\" \/>\n<meta property=\"og:type\" content=\"article\" \/>\n<meta property=\"og:title\" content=\"Vandrarhem - St\u00e4ttareds 4H-g\u00e5rd\" \/>\n<meta property=\"og:description\" content=\"[vc_row full_width=&#8221;stretch_row&#8221; css_animation=&#8221;fadeInDown&#8221; css=&#8221;.vc_custom_1769522541746{margin-top: -110px !important;}&#8221;][vc_column][vc_single_image image=&#8221;3928&#8243; img_size=&#8221;full&#8221; alignment=&#8221;right&#8221; css_animation=&#8221;none&#8221; css=&#8221;&#8221;][\/vc_column][\/vc_row][vc_row][vc_column][\/vc_column][\/vc_row][vc_row full_width=&#8221;stretch_row&#8221; gap=&#8221;10&#8243; css_animation=&#8221;fadeInDown&#8221; css=&#8221;.vc_custom_1738873682004{background-position: center !important;background-repeat: no-repeat !important;background-size: cover !important;}&#8221;][vc_column width=&#8221;2\/3&#8243; css=&#8221;.vc_custom_1605020958900{margin-top: 20px !important;margin-bottom: 20px !important;background-color: #ffffff !important;border-radius: 10px !important;}&#8221;][vc_column_text css=&#8221;.vc_custom_1746382586450{margin-top: -60px !important;}&#8221;] Vandrarhem I mang\u00e5rdsbyggnaden hittar du ett charmigt och hemtrevligt vandrarhem, perfekt f\u00f6r alla \u2013 fr\u00e5n barnfamiljer och vandrare till st\u00f6rre s\u00e4llskap&nbsp; &hellip; Read more\" \/>\n<meta property=\"og:url\" content=\"https:\/\/www.4h.se\/stattared\/vandrarhem\/\" \/>\n<meta property=\"og:site_name\" content=\"St\u00e4ttareds 4H-g\u00e5rd\" \/>\n<meta property=\"article:modified_time\" content=\"2026-01-27T14:02:26+00:00\" \/>\n<meta name=\"twitter:card\" content=\"summary_large_image\" \/>\n<script type=\"application\/ld+json\" class=\"yoast-schema-graph\">{\"@context\":\"https:\\\/\\\/schema.org\",\"@graph\":[{\"@type\":\"WebPage\",\"@id\":\"https:\\\/\\\/www.4h.se\\\/stattared\\\/vandrarhem\\\/\",\"url\":\"https:\\\/\\\/www.4h.se\\\/stattared\\\/vandrarhem\\\/\",\"name\":\"Vandrarhem - St\u00e4ttareds 4H-g\u00e5rd\",\"isPartOf\":{\"@id\":\"https:\\\/\\\/www.4h.se\\\/stattared\\\/#website\"},\"datePublished\":\"2025-02-06T19:42:54+00:00\",\"dateModified\":\"2026-01-27T14:02:26+00:00\",\"breadcrumb\":{\"@id\":\"https:\\\/\\\/www.4h.se\\\/stattared\\\/vandrarhem\\\/#breadcrumb\"},\"inLanguage\":\"sv-SE\",\"potentialAction\":[{\"@type\":\"ReadAction\",\"target\":[\"https:\\\/\\\/www.4h.se\\\/stattared\\\/vandrarhem\\\/\"]}]},{\"@type\":\"BreadcrumbList\",\"@id\":\"https:\\\/\\\/www.4h.se\\\/stattared\\\/vandrarhem\\\/#breadcrumb\",\"itemListElement\":[{\"@type\":\"ListItem\",\"position\":1,\"name\":\"Hem\",\"item\":\"https:\\\/\\\/www.4h.se\\\/stattared\\\/\"},{\"@type\":\"ListItem\",\"position\":2,\"name\":\"Vandrarhem\"}]},{\"@type\":\"WebSite\",\"@id\":\"https:\\\/\\\/www.4h.se\\\/stattared\\\/#website\",\"url\":\"https:\\\/\\\/www.4h.se\\\/stattared\\\/\",\"name\":\"St\u00e4ttareds 4H-g\u00e5rd\",\"description\":\"mer \u00e4n bara en g\u00e5rd\",\"potentialAction\":[{\"@type\":\"SearchAction\",\"target\":{\"@type\":\"EntryPoint\",\"urlTemplate\":\"https:\\\/\\\/www.4h.se\\\/stattared\\\/?s={search_term_string}\"},\"query-input\":{\"@type\":\"PropertyValueSpecification\",\"valueRequired\":true,\"valueName\":\"search_term_string\"}}],\"inLanguage\":\"sv-SE\"}]}<\/script>\n<!-- \/ Yoast SEO plugin. -->","yoast_head_json":{"title":"Vandrarhem - St\u00e4ttareds 4H-g\u00e5rd","robots":{"index":"index","follow":"follow","max-snippet":"max-snippet:-1","max-image-preview":"max-image-preview:large","max-video-preview":"max-video-preview:-1"},"canonical":"https:\/\/www.4h.se\/stattared\/vandrarhem\/","og_locale":"sv_SE","og_type":"article","og_title":"Vandrarhem - St\u00e4ttareds 4H-g\u00e5rd","og_description":"[vc_row full_width=&#8221;stretch_row&#8221; css_animation=&#8221;fadeInDown&#8221; css=&#8221;.vc_custom_1769522541746{margin-top: -110px !important;}&#8221;][vc_column][vc_single_image image=&#8221;3928&#8243; img_size=&#8221;full&#8221; alignment=&#8221;right&#8221; css_animation=&#8221;none&#8221; css=&#8221;&#8221;][\/vc_column][\/vc_row][vc_row][vc_column][\/vc_column][\/vc_row][vc_row full_width=&#8221;stretch_row&#8221; gap=&#8221;10&#8243; css_animation=&#8221;fadeInDown&#8221; css=&#8221;.vc_custom_1738873682004{background-position: center !important;background-repeat: no-repeat !important;background-size: cover !important;}&#8221;][vc_column width=&#8221;2\/3&#8243; css=&#8221;.vc_custom_1605020958900{margin-top: 20px !important;margin-bottom: 20px !important;background-color: #ffffff !important;border-radius: 10px !important;}&#8221;][vc_column_text css=&#8221;.vc_custom_1746382586450{margin-top: -60px !important;}&#8221;] Vandrarhem I mang\u00e5rdsbyggnaden hittar du ett charmigt och hemtrevligt vandrarhem, perfekt f\u00f6r alla \u2013 fr\u00e5n barnfamiljer och vandrare till st\u00f6rre s\u00e4llskap&nbsp; &hellip; Read more","og_url":"https:\/\/www.4h.se\/stattared\/vandrarhem\/","og_site_name":"St\u00e4ttareds 4H-g\u00e5rd","article_modified_time":"2026-01-27T14:02:26+00:00","twitter_card":"summary_large_image","schema":{"@context":"https:\/\/schema.org","@graph":[{"@type":"WebPage","@id":"https:\/\/www.4h.se\/stattared\/vandrarhem\/","url":"https:\/\/www.4h.se\/stattared\/vandrarhem\/","name":"Vandrarhem - St\u00e4ttareds 4H-g\u00e5rd","isPartOf":{"@id":"https:\/\/www.4h.se\/stattared\/#website"},"datePublished":"2025-02-06T19:42:54+00:00","dateModified":"2026-01-27T14:02:26+00:00","breadcrumb":{"@id":"https:\/\/www.4h.se\/stattared\/vandrarhem\/#breadcrumb"},"inLanguage":"sv-SE","potentialAction":[{"@type":"ReadAction","target":["https:\/\/www.4h.se\/stattared\/vandrarhem\/"]}]},{"@type":"BreadcrumbList","@id":"https:\/\/www.4h.se\/stattared\/vandrarhem\/#breadcrumb","itemListElement":[{"@type":"ListItem","position":1,"name":"Hem","item":"https:\/\/www.4h.se\/stattared\/"},{"@type":"ListItem","position":2,"name":"Vandrarhem"}]},{"@type":"WebSite","@id":"https:\/\/www.4h.se\/stattared\/#website","url":"https:\/\/www.4h.se\/stattared\/","name":"St\u00e4ttareds 4H-g\u00e5rd","description":"mer \u00e4n bara en g\u00e5rd","potentialAction":[{"@type":"SearchAction","target":{"@type":"EntryPoint","urlTemplate":"https:\/\/www.4h.se\/stattared\/?s={search_term_string}"},"query-input":{"@type":"PropertyValueSpecification","valueRequired":true,"valueName":"search_term_string"}}],"inLanguage":"sv-SE"}]}},"_links":{"self":[{"href":"https:\/\/www.4h.se\/stattared\/wp-json\/wp\/v2\/pages\/3921","targetHints":{"allow":["GET"]}}],"collection":[{"href":"https:\/\/www.4h.se\/stattared\/wp-json\/wp\/v2\/pages"}],"about":[{"href":"https:\/\/www.4h.se\/stattared\/wp-json\/wp\/v2\/types\/page"}],"author":[{"embeddable":true,"href":"https:\/\/www.4h.se\/stattared\/wp-json\/wp\/v2\/users\/64"}],"replies":[{"embeddable":true,"href":"https:\/\/www.4h.se\/stattared\/wp-json\/wp\/v2\/comments?post=3921"}],"version-history":[{"count":0,"href":"https:\/\/www.4h.se\/stattared\/wp-json\/wp\/v2\/pages\/3921\/revisions"}],"wp:attachment":[{"href":"https:\/\/www.4h.se\/stattared\/wp-json\/wp\/v2\/media?parent=3921"}],"curies":[{"name":"wp","href":"https:\/\/api.w.org\/{rel}","templated":true}]}}