



{"id":429,"date":"2023-12-08T11:11:25","date_gmt":"2023-12-08T10:11:25","guid":{"rendered":"https:\/\/www.4h.se\/savja\/?page_id=429"},"modified":"2025-03-05T11:15:53","modified_gmt":"2025-03-05T10:15:53","slug":"far","status":"publish","type":"page","link":"https:\/\/www.4h.se\/savja\/far\/","title":{"rendered":"F\u00e5r"},"content":{"rendered":"<div class=\"wpb-content-wrapper\"><p>[vc_row][vc_column width=&#8221;1\/2&#8243;][vc_column_text css=&#8221;&#8221;]<\/p>\n<h1>F\u00e5r<\/h1>\n<p>V\u00e5ra f\u00e5r \u00e4r av rasen V\u00e4rmlandsf\u00e5r, en svensk lantras som h\u00e4rstammar fr\u00e5n V\u00e4rmland. V\u00e4rmlandsf\u00e5r tillh\u00f6r gruppen Svenska Allmogef\u00e5r och var den f\u00f6rsta Allmogef\u00e5rrasen som \u00e5teruppt\u00e4cktes.<\/p>\n<p>&nbsp;<\/p>\n<p>F\u00f6r tillf\u00e4llet har vi 4st f\u00e5r p\u00e5 g\u00e5rden, nedan kan ni l\u00e4ra er mer om f\u00e5r och om v\u00e5ra f\u00e5r.[\/vc_column_text][vc_row_inner][vc_column_inner width=&#8221;1\/2&#8243;][vc_column_text css=&#8221;&#8221;]<\/p>\n<h3>Fakta om f\u00e5r<\/h3>\n<p>[\/vc_column_text][\/vc_column_inner][vc_column_inner width=&#8221;1\/2&#8243;][vc_column_text css=&#8221;&#8221;]<\/p>\n<h3>F\u00e5r p\u00e5 g\u00e5rden<\/h3>\n<p>[\/vc_column_text][\/vc_column_inner][\/vc_row_inner][vc_row_inner][vc_column_inner width=&#8221;1\/2&#8243;][vc_toggle title=&#8221;Svensk lantras&#8221; style=&#8221;rounded&#8221; color=&#8221;peacoc&#8221; css=&#8221;&#8221;]En Svensk lantras \u00e4r husdjursraser av ko, get, f\u00e5r, h\u00e4st, gris och fj\u00e4derf\u00e4n. Det som \u00e4r speciellt f\u00f6r svenska lantraser \u00e4r att de har befunnit sig inom ett visst omr\u00e5de s\u00e5 l\u00e4nge att\u00a0 de, genom att ha blivit utsatta f\u00f6r sm\u00e5 f\u00f6r\u00e4ndringar, sakta anpassat sig till den milj\u00f6n. Det inneb\u00e4r att man inte har avlat fram deras egenskaper att klara sig p\u00e5 den mat milj\u00f6n erbjuder och best\u00e4ndigheten mot lokala parasiter och sjukdomar. Det \u00e4r ocks\u00e5 d\u00e4rf\u00f6r m\u00e5nga av lantraserna har ett ortsnamn i artnamnet.<br \/>\nDe svenska lantraserna kan man f\u00e5 b\u00e5de k\u00f6tt, mj\u00f6lk och p\u00e4ls\/ull ifr\u00e5n men inte lika mycket som de raser vi har avlat fram f\u00f6r att anv\u00e4nda i den kommersiella matproduktionen. Det \u00e4r delvis d\u00e4rf\u00f6r m\u00e5nga av de svenska lantraserna f\u00f6rsvunnit och de som finns kvar idag har behov av bevarande.<br \/>\nVi bevarar svenska lantraser f\u00f6r att de b\u00e4r p\u00e5 kulturhistoria och kan komma till anv\u00e4ndning i framtiden om man \u00e5terg\u00e5r till ett mer traditionellt jordbruk. Vi g\u00f6r det genom att f\u00f6ra genbanksregister \u00f6ver de individer som \u00e4r av svensk lantras och endast avla med dem som \u00e4r inskrivna d\u00e4r.<\/p>\n<p>&nbsp;[\/vc_toggle][vc_toggle title=&#8221;V\u00e4rlmandsf\u00e5r&#8221; style=&#8221;rounded&#8221; color=&#8221;peacoc&#8221; css=&#8221;&#8221;]<\/p>\n<h4>V\u00e4rmlandsf\u00e5r<\/h4>\n<p>Tackorna har inga horn medans baggarna kan vara b\u00e5de med och utan horn.<\/p>\n<p>F\u00e5ren klipps tv\u00e5 g\u00e5nger per \u00e5r eftersom att ullen inte slutar v\u00e4xa och annars tovar sig. Dessutom har V\u00e4rmlandsf\u00e5ren en fin ull som l\u00e4mpar sig v\u00e4l till hantverk och mycket l\u00e4tt att spinna och tova.<\/p>\n<p>F\u00e5rens ull \u00e4r som ett inbyggd UV-skydd, den skyddar mot bl\u00e5st och kyla men st\u00e4nger \u00e4ven av en del av den alldeles f\u00f6r varma sommarv\u00e4rmen ute.<\/p>\n<p>&nbsp;[\/vc_toggle][vc_toggle title=&#8221;Fakta om f\u00e5r&#8221; style=&#8221;rounded&#8221; color=&#8221;peacoc&#8221; css=&#8221;&#8221;]<\/p>\n<ul>\n<li><strong>Hona:<\/strong>\u00a0Tacka<\/li>\n<\/ul>\n<p>&nbsp;<\/p>\n<ul>\n<li><strong>Hane:<\/strong>\u00a0Bagge<\/li>\n<\/ul>\n<p>&nbsp;<\/p>\n<ul>\n<li><strong>Unge:<\/strong>\u00a0Lamm<\/li>\n<\/ul>\n<p>&nbsp;<\/p>\n<ul>\n<li><strong>P\u00e4ls: <\/strong>Ull<\/li>\n<\/ul>\n<p>[\/vc_toggle][vc_toggle title=&#8221;L\u00e4te&#8221; style=&#8221;rounded&#8221; color=&#8221;peacoc&#8221; css=&#8221;&#8221;]Vi s\u00e4ger att f\u00e5ren\u00a0<strong>br\u00e4ker<\/strong>.[\/vc_toggle][\/vc_column_inner][vc_column_inner width=&#8221;1\/2&#8243;][vc_toggle title=&#8221;F\u00e5rest&#8221; style=&#8221;rounded&#8221; color=&#8221;orange&#8221; css=&#8221;&#8221;]<strong>Tacka f\u00f6dd 2023<\/strong><\/p>\n<p><strong><img loading=\"lazy\" decoding=\"async\" class=\"alignnone size-medium wp-image-628\" src=\"https:\/\/www.4h.se\/savja\/wp-content\/uploads\/sites\/137\/2025\/01\/Farrest-225x300.jpg\" alt=\"\" width=\"225\" height=\"300\" srcset=\"https:\/\/www.4h.se\/savja\/wp-content\/uploads\/sites\/137\/2025\/01\/Farrest-225x300.jpg 225w, https:\/\/www.4h.se\/savja\/wp-content\/uploads\/sites\/137\/2025\/01\/Farrest-768x1024.jpg 768w, https:\/\/www.4h.se\/savja\/wp-content\/uploads\/sites\/137\/2025\/01\/Farrest-113x150.jpg 113w, https:\/\/www.4h.se\/savja\/wp-content\/uploads\/sites\/137\/2025\/01\/Farrest-1152x1536.jpg 1152w, https:\/\/www.4h.se\/savja\/wp-content\/uploads\/sites\/137\/2025\/01\/Farrest-1536x2048.jpg 1536w, https:\/\/www.4h.se\/savja\/wp-content\/uploads\/sites\/137\/2025\/01\/Farrest-scaled.jpg 1920w\" sizes=\"auto, (max-width: 225px) 100vw, 225px\" \/><\/strong><\/p>\n<p>F\u00e5rest \u00e4r nyfiken och kommer g\u00e4rna fram och nosar men \u00e4r \u00e5t det f\u00f6rsiktigare h\u00e5llet med m\u00e4nniskor hon inte k\u00e4nner om man f\u00f6rs\u00f6ker klappa henne p\u00e5 kroppen.[\/vc_toggle][vc_toggle title=&#8221;Svarten&#8221; style=&#8221;rounded&#8221; color=&#8221;orange&#8221; css=&#8221;&#8221;]<strong>Tacka f\u00f6dd 2023<\/strong><\/p>\n<p><strong><img loading=\"lazy\" decoding=\"async\" class=\"alignnone size-medium wp-image-629\" src=\"https:\/\/www.4h.se\/savja\/wp-content\/uploads\/sites\/137\/2025\/01\/Svarten-161x300.jpg\" alt=\"\" width=\"161\" height=\"300\" srcset=\"https:\/\/www.4h.se\/savja\/wp-content\/uploads\/sites\/137\/2025\/01\/Svarten-161x300.jpg 161w, https:\/\/www.4h.se\/savja\/wp-content\/uploads\/sites\/137\/2025\/01\/Svarten-549x1024.jpg 549w, https:\/\/www.4h.se\/savja\/wp-content\/uploads\/sites\/137\/2025\/01\/Svarten-80x150.jpg 80w, https:\/\/www.4h.se\/savja\/wp-content\/uploads\/sites\/137\/2025\/01\/Svarten-768x1433.jpg 768w, https:\/\/www.4h.se\/savja\/wp-content\/uploads\/sites\/137\/2025\/01\/Svarten-823x1536.jpg 823w, https:\/\/www.4h.se\/savja\/wp-content\/uploads\/sites\/137\/2025\/01\/Svarten-1098x2048.jpg 1098w, https:\/\/www.4h.se\/savja\/wp-content\/uploads\/sites\/137\/2025\/01\/Svarten-scaled.jpg 1372w\" sizes=\"auto, (max-width: 161px) 100vw, 161px\" \/><\/strong><\/p>\n<p>Svarten \u00e4r ett matglatt f\u00e5r som oftast kommer fram f\u00f6rst n\u00e4r det finns mat, hon \u00e4r social och uppskattar att man klappar henne om man \u00e4r lugn.[\/vc_toggle][vc_toggle title=&#8221;Margareta&#8221; style=&#8221;rounded&#8221; color=&#8221;orange&#8221; css=&#8221;&#8221;]<strong>Tacka f\u00f6dd 202<\/strong><strong>2<\/strong><\/p>\n<p><strong><img loading=\"lazy\" decoding=\"async\" class=\"alignnone size-medium wp-image-630\" src=\"https:\/\/www.4h.se\/savja\/wp-content\/uploads\/sites\/137\/2025\/01\/Margareta-156x300.jpg\" alt=\"\" width=\"156\" height=\"300\" srcset=\"https:\/\/www.4h.se\/savja\/wp-content\/uploads\/sites\/137\/2025\/01\/Margareta-156x300.jpg 156w, https:\/\/www.4h.se\/savja\/wp-content\/uploads\/sites\/137\/2025\/01\/Margareta-532x1024.jpg 532w, https:\/\/www.4h.se\/savja\/wp-content\/uploads\/sites\/137\/2025\/01\/Margareta-78x150.jpg 78w, https:\/\/www.4h.se\/savja\/wp-content\/uploads\/sites\/137\/2025\/01\/Margareta.jpg 746w\" sizes=\"auto, (max-width: 156px) 100vw, 156px\" \/><\/strong><\/p>\n<p>Margareta \u00e4r v\u00e5rat blygaste f\u00e5r, hon h\u00e5ller sig ofta i bakgrunden men \u00e4ter g\u00e4rna mat ur handen om det finns.[\/vc_toggle][vc_toggle title=&#8221;Plupp&#8221; style=&#8221;rounded&#8221; color=&#8221;orange&#8221; css=&#8221;&#8221;]<strong>Tacka f\u00f6dd 2024<\/strong><\/p>\n<p><strong><img loading=\"lazy\" decoding=\"async\" class=\"alignnone size-medium wp-image-631\" src=\"https:\/\/www.4h.se\/savja\/wp-content\/uploads\/sites\/137\/2025\/01\/Plupp-225x300.jpg\" alt=\"\" width=\"225\" height=\"300\" srcset=\"https:\/\/www.4h.se\/savja\/wp-content\/uploads\/sites\/137\/2025\/01\/Plupp-225x300.jpg 225w, https:\/\/www.4h.se\/savja\/wp-content\/uploads\/sites\/137\/2025\/01\/Plupp-768x1024.jpg 768w, https:\/\/www.4h.se\/savja\/wp-content\/uploads\/sites\/137\/2025\/01\/Plupp-113x150.jpg 113w, https:\/\/www.4h.se\/savja\/wp-content\/uploads\/sites\/137\/2025\/01\/Plupp-1152x1536.jpg 1152w, https:\/\/www.4h.se\/savja\/wp-content\/uploads\/sites\/137\/2025\/01\/Plupp-1536x2048.jpg 1536w, https:\/\/www.4h.se\/savja\/wp-content\/uploads\/sites\/137\/2025\/01\/Plupp-scaled.jpg 1920w\" sizes=\"auto, (max-width: 225px) 100vw, 225px\" \/><\/strong><\/p>\n<p>Plupp \u00e4r ett socialt f\u00e5r som gillar uppm\u00e4rksamhet, hon kommer g\u00e4rna fram f\u00f6r att h\u00e4lsa och bli kliad.[\/vc_toggle][\/vc_column_inner][\/vc_row_inner][\/vc_column][vc_column width=&#8221;1\/2&#8243;][vc_single_image image=&#8221;591&#8243; img_size=&#8221;400&#215;500&#8243; style=&#8221;vc_box_rounded&#8221; css=&#8221;&#8221;][\/vc_column][\/vc_row]<\/p>\n<\/div>","protected":false},"excerpt":{"rendered":"<p>[vc_row][vc_column width=&#8221;1\/2&#8243;][vc_column_text css=&#8221;&#8221;] F\u00e5r V\u00e5ra f\u00e5r \u00e4r av rasen V\u00e4rmlandsf\u00e5r, en svensk lantras som h\u00e4rstammar fr\u00e5n V\u00e4rmland. V\u00e4rmlandsf\u00e5r tillh\u00f6r gruppen Svenska Allmogef\u00e5r och var den f\u00f6rsta Allmogef\u00e5rrasen som \u00e5teruppt\u00e4cktes. &nbsp; F\u00f6r tillf\u00e4llet har vi 4st f\u00e5r p\u00e5 g\u00e5rden, nedan kan ni l\u00e4ra er mer om f\u00e5r och om v\u00e5ra f\u00e5r.[\/vc_column_text][vc_row_inner][vc_column_inner width=&#8221;1\/2&#8243;][vc_column_text css=&#8221;&#8221;] Fakta om f\u00e5r&nbsp; <a href=\"https:\/\/www.4h.se\/savja\/far\/\">&hellip; Read more <i class=\"glyphicon glyphicon-arrow-right\"><\/i><\/a><\/p>\n","protected":false},"author":243,"featured_media":0,"parent":0,"menu_order":0,"comment_status":"closed","ping_status":"closed","template":"","meta":{"_acf_changed":false,"footnotes":""},"class_list":["post-429","page","type-page","status-publish","hentry"],"acf":[],"yoast_head":"<!-- This site is optimized with the Yoast SEO plugin v27.4 - https:\/\/yoast.com\/product\/yoast-seo-wordpress\/ -->\n<title>F\u00e5r - S\u00e4vja 4H-g\u00e5rd<\/title>\n<meta name=\"robots\" content=\"index, follow, max-snippet:-1, max-image-preview:large, max-video-preview:-1\" \/>\n<link rel=\"canonical\" href=\"https:\/\/www.4h.se\/savja\/far\/\" \/>\n<meta property=\"og:locale\" content=\"sv_SE\" \/>\n<meta property=\"og:type\" content=\"article\" \/>\n<meta property=\"og:title\" content=\"F\u00e5r - S\u00e4vja 4H-g\u00e5rd\" \/>\n<meta property=\"og:description\" content=\"[vc_row][vc_column width=&#8221;1\/2&#8243;][vc_column_text css=&#8221;&#8221;] F\u00e5r V\u00e5ra f\u00e5r \u00e4r av rasen V\u00e4rmlandsf\u00e5r, en svensk lantras som h\u00e4rstammar fr\u00e5n V\u00e4rmland. V\u00e4rmlandsf\u00e5r tillh\u00f6r gruppen Svenska Allmogef\u00e5r och var den f\u00f6rsta Allmogef\u00e5rrasen som \u00e5teruppt\u00e4cktes. &nbsp; F\u00f6r tillf\u00e4llet har vi 4st f\u00e5r p\u00e5 g\u00e5rden, nedan kan ni l\u00e4ra er mer om f\u00e5r och om v\u00e5ra f\u00e5r.[\/vc_column_text][vc_row_inner][vc_column_inner width=&#8221;1\/2&#8243;][vc_column_text css=&#8221;&#8221;] Fakta om f\u00e5r&nbsp; &hellip; Read more\" \/>\n<meta property=\"og:url\" content=\"https:\/\/www.4h.se\/savja\/far\/\" \/>\n<meta property=\"og:site_name\" content=\"S\u00e4vja 4H-g\u00e5rd\" \/>\n<meta property=\"article:modified_time\" content=\"2025-03-05T10:15:53+00:00\" \/>\n<meta property=\"og:image\" content=\"https:\/\/www.4h.se\/savja\/wp-content\/uploads\/sites\/137\/2025\/01\/Farrest-225x300.jpg\" \/>\n<meta name=\"twitter:card\" content=\"summary_large_image\" \/>\n<script type=\"application\/ld+json\" class=\"yoast-schema-graph\">{\"@context\":\"https:\\\/\\\/schema.org\",\"@graph\":[{\"@type\":\"WebPage\",\"@id\":\"https:\\\/\\\/www.4h.se\\\/savja\\\/far\\\/\",\"url\":\"https:\\\/\\\/www.4h.se\\\/savja\\\/far\\\/\",\"name\":\"F\u00e5r - S\u00e4vja 4H-g\u00e5rd\",\"isPartOf\":{\"@id\":\"https:\\\/\\\/www.4h.se\\\/savja\\\/#website\"},\"primaryImageOfPage\":{\"@id\":\"https:\\\/\\\/www.4h.se\\\/savja\\\/far\\\/#primaryimage\"},\"image\":{\"@id\":\"https:\\\/\\\/www.4h.se\\\/savja\\\/far\\\/#primaryimage\"},\"thumbnailUrl\":\"https:\\\/\\\/www.4h.se\\\/savja\\\/wp-content\\\/uploads\\\/sites\\\/137\\\/2025\\\/01\\\/Farrest-225x300.jpg\",\"datePublished\":\"2023-12-08T10:11:25+00:00\",\"dateModified\":\"2025-03-05T10:15:53+00:00\",\"breadcrumb\":{\"@id\":\"https:\\\/\\\/www.4h.se\\\/savja\\\/far\\\/#breadcrumb\"},\"inLanguage\":\"sv-SE\",\"potentialAction\":[{\"@type\":\"ReadAction\",\"target\":[\"https:\\\/\\\/www.4h.se\\\/savja\\\/far\\\/\"]}]},{\"@type\":\"ImageObject\",\"inLanguage\":\"sv-SE\",\"@id\":\"https:\\\/\\\/www.4h.se\\\/savja\\\/far\\\/#primaryimage\",\"url\":\"https:\\\/\\\/www.4h.se\\\/savja\\\/wp-content\\\/uploads\\\/sites\\\/137\\\/2025\\\/01\\\/Farrest-scaled.jpg\",\"contentUrl\":\"https:\\\/\\\/www.4h.se\\\/savja\\\/wp-content\\\/uploads\\\/sites\\\/137\\\/2025\\\/01\\\/Farrest-scaled.jpg\",\"width\":1920,\"height\":2560},{\"@type\":\"BreadcrumbList\",\"@id\":\"https:\\\/\\\/www.4h.se\\\/savja\\\/far\\\/#breadcrumb\",\"itemListElement\":[{\"@type\":\"ListItem\",\"position\":1,\"name\":\"Hem\",\"item\":\"https:\\\/\\\/www.4h.se\\\/savja\\\/\"},{\"@type\":\"ListItem\",\"position\":2,\"name\":\"F\u00e5r\"}]},{\"@type\":\"WebSite\",\"@id\":\"https:\\\/\\\/www.4h.se\\\/savja\\\/#website\",\"url\":\"https:\\\/\\\/www.4h.se\\\/savja\\\/\",\"name\":\"S\u00e4vja 4H-g\u00e5rd\",\"description\":\"\",\"potentialAction\":[{\"@type\":\"SearchAction\",\"target\":{\"@type\":\"EntryPoint\",\"urlTemplate\":\"https:\\\/\\\/www.4h.se\\\/savja\\\/?s={search_term_string}\"},\"query-input\":{\"@type\":\"PropertyValueSpecification\",\"valueRequired\":true,\"valueName\":\"search_term_string\"}}],\"inLanguage\":\"sv-SE\"}]}<\/script>\n<!-- \/ Yoast SEO plugin. -->","yoast_head_json":{"title":"F\u00e5r - S\u00e4vja 4H-g\u00e5rd","robots":{"index":"index","follow":"follow","max-snippet":"max-snippet:-1","max-image-preview":"max-image-preview:large","max-video-preview":"max-video-preview:-1"},"canonical":"https:\/\/www.4h.se\/savja\/far\/","og_locale":"sv_SE","og_type":"article","og_title":"F\u00e5r - S\u00e4vja 4H-g\u00e5rd","og_description":"[vc_row][vc_column width=&#8221;1\/2&#8243;][vc_column_text css=&#8221;&#8221;] F\u00e5r V\u00e5ra f\u00e5r \u00e4r av rasen V\u00e4rmlandsf\u00e5r, en svensk lantras som h\u00e4rstammar fr\u00e5n V\u00e4rmland. V\u00e4rmlandsf\u00e5r tillh\u00f6r gruppen Svenska Allmogef\u00e5r och var den f\u00f6rsta Allmogef\u00e5rrasen som \u00e5teruppt\u00e4cktes. &nbsp; F\u00f6r tillf\u00e4llet har vi 4st f\u00e5r p\u00e5 g\u00e5rden, nedan kan ni l\u00e4ra er mer om f\u00e5r och om v\u00e5ra f\u00e5r.[\/vc_column_text][vc_row_inner][vc_column_inner width=&#8221;1\/2&#8243;][vc_column_text css=&#8221;&#8221;] Fakta om f\u00e5r&nbsp; &hellip; Read more","og_url":"https:\/\/www.4h.se\/savja\/far\/","og_site_name":"S\u00e4vja 4H-g\u00e5rd","article_modified_time":"2025-03-05T10:15:53+00:00","og_image":[{"url":"https:\/\/www.4h.se\/savja\/wp-content\/uploads\/sites\/137\/2025\/01\/Farrest-225x300.jpg","type":"","width":"","height":""}],"twitter_card":"summary_large_image","schema":{"@context":"https:\/\/schema.org","@graph":[{"@type":"WebPage","@id":"https:\/\/www.4h.se\/savja\/far\/","url":"https:\/\/www.4h.se\/savja\/far\/","name":"F\u00e5r - S\u00e4vja 4H-g\u00e5rd","isPartOf":{"@id":"https:\/\/www.4h.se\/savja\/#website"},"primaryImageOfPage":{"@id":"https:\/\/www.4h.se\/savja\/far\/#primaryimage"},"image":{"@id":"https:\/\/www.4h.se\/savja\/far\/#primaryimage"},"thumbnailUrl":"https:\/\/www.4h.se\/savja\/wp-content\/uploads\/sites\/137\/2025\/01\/Farrest-225x300.jpg","datePublished":"2023-12-08T10:11:25+00:00","dateModified":"2025-03-05T10:15:53+00:00","breadcrumb":{"@id":"https:\/\/www.4h.se\/savja\/far\/#breadcrumb"},"inLanguage":"sv-SE","potentialAction":[{"@type":"ReadAction","target":["https:\/\/www.4h.se\/savja\/far\/"]}]},{"@type":"ImageObject","inLanguage":"sv-SE","@id":"https:\/\/www.4h.se\/savja\/far\/#primaryimage","url":"https:\/\/www.4h.se\/savja\/wp-content\/uploads\/sites\/137\/2025\/01\/Farrest-scaled.jpg","contentUrl":"https:\/\/www.4h.se\/savja\/wp-content\/uploads\/sites\/137\/2025\/01\/Farrest-scaled.jpg","width":1920,"height":2560},{"@type":"BreadcrumbList","@id":"https:\/\/www.4h.se\/savja\/far\/#breadcrumb","itemListElement":[{"@type":"ListItem","position":1,"name":"Hem","item":"https:\/\/www.4h.se\/savja\/"},{"@type":"ListItem","position":2,"name":"F\u00e5r"}]},{"@type":"WebSite","@id":"https:\/\/www.4h.se\/savja\/#website","url":"https:\/\/www.4h.se\/savja\/","name":"S\u00e4vja 4H-g\u00e5rd","description":"","potentialAction":[{"@type":"SearchAction","target":{"@type":"EntryPoint","urlTemplate":"https:\/\/www.4h.se\/savja\/?s={search_term_string}"},"query-input":{"@type":"PropertyValueSpecification","valueRequired":true,"valueName":"search_term_string"}}],"inLanguage":"sv-SE"}]}},"_links":{"self":[{"href":"https:\/\/www.4h.se\/savja\/wp-json\/wp\/v2\/pages\/429","targetHints":{"allow":["GET"]}}],"collection":[{"href":"https:\/\/www.4h.se\/savja\/wp-json\/wp\/v2\/pages"}],"about":[{"href":"https:\/\/www.4h.se\/savja\/wp-json\/wp\/v2\/types\/page"}],"author":[{"embeddable":true,"href":"https:\/\/www.4h.se\/savja\/wp-json\/wp\/v2\/users\/243"}],"replies":[{"embeddable":true,"href":"https:\/\/www.4h.se\/savja\/wp-json\/wp\/v2\/comments?post=429"}],"version-history":[{"count":0,"href":"https:\/\/www.4h.se\/savja\/wp-json\/wp\/v2\/pages\/429\/revisions"}],"wp:attachment":[{"href":"https:\/\/www.4h.se\/savja\/wp-json\/wp\/v2\/media?parent=429"}],"curies":[{"name":"wp","href":"https:\/\/api.w.org\/{rel}","templated":true}]}}