



{"id":450,"date":"2022-02-16T16:58:39","date_gmt":"2022-02-16T15:58:39","guid":{"rendered":"https:\/\/www.4h.se\/karlstad\/?page_id=450"},"modified":"2026-03-26T19:48:46","modified_gmt":"2026-03-26T18:48:46","slug":"styrelsen-for-karlstad-4h","status":"publish","type":"page","link":"https:\/\/www.4h.se\/karlstad\/4h-verksamheten\/styrelsen-for-karlstad-4h\/","title":{"rendered":"Styrelsen f\u00f6r Karlstad 4H"},"content":{"rendered":"<div class=\"wpb-content-wrapper\"><p>[vc_row][vc_column][vc_column_text css=&#8221;&#8221;]<\/p>\n<h3><span style=\"font-style: inherit; font-weight: inherit;\">Styrelsen f\u00f6r Karlstad 4H 2025<\/span><\/h3>\n<p>&nbsp;<\/p>\n<p><strong><span style=\"font-style: inherit;\">Vill du komma i kontakt med styrelsen? Anv\u00e4nd d\u00e5 f\u00f6ljande mejladress:<\/span><\/strong><\/p>\n<p><strong><span style=\"font-style: inherit;\"><em>ordforande.karlstad@4h.se<\/em><\/span><\/strong><\/p>\n<p>&nbsp;[\/vc_column_text][\/vc_column][\/vc_row][vc_row][vc_column][vc_separator][\/vc_column][\/vc_row][vc_row][vc_column width=&#8221;5\/6&#8243;][vc_column_text css=&#8221;&#8221;]<\/p>\n<h4><strong>Ordf\u00f6rande: Ellen Lindner<\/strong><\/h4>\n<p>&nbsp;[\/vc_column_text][\/vc_column][vc_column width=&#8221;1\/6&#8243;][vc_single_image image=&#8221;1796&#8243; img_size=&#8221;270&#215;400&#8243; css=&#8221;&#8221;][\/vc_column][\/vc_row][vc_row][vc_column][vc_separator][\/vc_column][\/vc_row][vc_row][vc_column width=&#8221;5\/6&#8243;][vc_column_text css=&#8221;&#8221;]<\/p>\n<h4><strong>Ledam\u00f6ter:<\/strong><\/h4>\n<h4><strong>Vice ordf\u00f6rande: Moa Krave<\/strong><\/h4>\n<p><em>&#8221;Mitt namn \u00e4r Moa Krave och detta blir mitt f\u00f6rsta \u00e5r i styrelsen, vilket k\u00e4nns v\u00e4ldigt roligt. Vi hittade till g\u00e5rden n\u00e4r v\u00e5r dotters h\u00e4stintresse blev stort och hon ville b\u00f6rja p\u00e5 ridskola, sedan dess har vi varit fast. Det vi uppskattar och tycker g\u00f6r 4h g\u00e5rden unik \u00e4r deras stora brinnande intresse f\u00f6r barn och ungdomar. H\u00e4r finns plats f\u00f6r alla och g\u00e5rden \u00e4r ett st\u00e4lle d\u00e4r man vill stanna. <\/em><br \/>\n<em>Hoppas vi ses i stallet.&#8221;<\/em>[\/vc_column_text][\/vc_column][vc_column width=&#8221;1\/6&#8243;][vc_single_image img_size=&#8221;270&#215;400&#8243;][\/vc_column][\/vc_row][vc_row][vc_column][vc_separator][\/vc_column][\/vc_row][vc_row][vc_column width=&#8221;5\/6&#8243;][vc_column_text css=&#8221;&#8221;]<\/p>\n<h4><strong>Sekreterare:Ida Beckman<\/strong><\/h4>\n<p>&nbsp;[\/vc_column_text][\/vc_column][vc_column width=&#8221;1\/6&#8243;][vc_single_image img_size=&#8221;270&#215;400&#8243;][\/vc_column][\/vc_row][vc_row][vc_column][vc_separator][\/vc_column][\/vc_row][vc_row][vc_column width=&#8221;5\/6&#8243;][vc_column_text css=&#8221;&#8221;]<\/p>\n<h4><strong>kass\u00f6r: STINA kangasvieri<\/strong><\/h4>\n<p><em>&#8221;Hej! Mitt namn \u00e4r Stina Kangasvieri. I \u00e5r sitter jag med som ledamot i styrelsen, vilket \u00e4r j\u00e4ttekul! Jag har ridit p\u00e5 ridskolan i ca 10 \u00e5r, och just nu rider jag p\u00e5 torsdagar. Jag sitter \u00e4ven med som ordf\u00f6rande i ungdomssektion, jobbar som knatteledare och nyckelansvarig. N\u00e4r jag inte \u00e4r p\u00e5 g\u00e5rden \u00e4r jag hemma hos min egna h\u00e4st Cadden, pluggar eller h\u00e4nger med kompisar. Hoppas vi ses i stallet!<\/em><em>&#8221;<\/em><\/p>\n<p><em>\u00a0<\/em>[\/vc_column_text][\/vc_column][vc_column width=&#8221;1\/6&#8243;][vc_single_image image=&#8221;1795&#8243; img_size=&#8221;270&#215;400&#8243; css=&#8221;&#8221;][\/vc_column][\/vc_row][vc_row][vc_column][vc_separator][\/vc_column][\/vc_row][vc_row][vc_column width=&#8221;5\/6&#8243;][vc_column_text css=&#8221;&#8221;]<\/p>\n<h4><strong>Marie Moberg<\/strong><\/h4>\n<p>&nbsp;<\/p>\n<p>&nbsp;[\/vc_column_text][\/vc_column][vc_column width=&#8221;1\/6&#8243;][vc_single_image img_size=&#8221;270&#215;400&#8243; css=&#8221;&#8221;][\/vc_column][\/vc_row][vc_row][vc_column][vc_separator][\/vc_column][\/vc_row][vc_row][vc_column width=&#8221;5\/6&#8243;][vc_column_text css=&#8221;&#8221;]<\/p>\n<h4><strong>malin jensen<\/strong><\/h4>\n<p><em>\u201dMalin Jensen, g\u00f6r mitt fj\u00e4rde \u00e5r i styrelsen f\u00f6r 4H Karlstad vilket ska bli v\u00e4ldigt sp\u00e4nnande och roligt uppdrag d\u00e5 jag tycker att det \u00e4r ett bra st\u00e4lle f\u00f6r v\u00e5ra ungdomar att vara p\u00e5. Mitt intresse f\u00f6r g\u00e5rden och det arbete de g\u00f6r \u00e4r relativt nytt f\u00f6r mig. Har innan min dotter b\u00f6rjade rida inte haft n\u00e5got eget intresse f\u00f6r ridning eller h\u00e4star men fastande fort f\u00f6r att vara med p\u00e5 hennes lektioner och \u00e4ven de stalldagar vi f\u00e5tt chansen att f\u00e5 vara med p\u00e5. Tycker att det \u00e4r en h\u00e4rlig milj\u00f6 att g\u00e5 vistas i d\u00e5 det skiljer sig fr\u00e5n mitt arbete d\u00e4r jag sitter framf\u00f6r en dator. Jag hoppas nu kunna vara med att bidra i det arbete som ligger bakom dessa tv\u00e5 f\u00f6reningar.\u201d<\/em><\/p>\n<p><em>\u00a0<\/em>[\/vc_column_text][\/vc_column][vc_column width=&#8221;1\/6&#8243;][vc_single_image image=&#8221;515&#8243; img_size=&#8221;270&#215;400&#8243;][\/vc_column][\/vc_row][vc_row][vc_column][vc_separator][\/vc_column][\/vc_row][vc_row][vc_column width=&#8221;5\/6&#8243;][vc_column_text css=&#8221;&#8221;]<\/p>\n<h4><strong>Erika Henriksson<em style=\"font-family: Arial; font-size: 14px;\">&nbsp;<\/em><\/strong><\/h4>\n<p><em>&#8221;Hej. Jag heter Erika och sitter mitt andra \u00e5r i styrelsen och nu som ledamot och vice sekreterare. Jag kom till 4H i januari 2022 n\u00e4r min dotter b\u00f6rjade rida. Jag har ridit mycket sj\u00e4lv som barn och i min ungdom b\u00e5de p\u00e5 ridskola och med egen h\u00e4st. B\u00e5de jag och min dotter trivs v\u00e4ldigt bra h\u00e4r p\u00e5 4H och tycker det \u00e4r en h\u00e4rlig plats f\u00f6r b\u00e5de barnen och oss vuxna.&#8221;<\/em>[\/vc_column_text][\/vc_column][vc_column width=&#8221;1\/6&#8243;][vc_single_image image=&#8221;1793&#8243; img_size=&#8221;270&#215;400&#8243; css=&#8221;&#8221;][\/vc_column][\/vc_row][vc_row][vc_column][vc_separator][\/vc_column][\/vc_row][vc_row][vc_column width=&#8221;5\/6&#8243;][vc_column_text css=&#8221;&#8221;]<\/p>\n<h4>Suppleant:<\/h4>\n<h4><strong>Daniel Malvtj\u00e4rn<\/strong><\/h4>\n<p>&nbsp;<\/p>\n<p><em>&nbsp;<\/em>[\/vc_column_text][\/vc_column][vc_column width=&#8221;1\/6&#8243;][vc_single_image image=&#8221;1797&#8243; img_size=&#8221;270&#215;400&#8243; css=&#8221;&#8221;][\/vc_column][\/vc_row][vc_row][vc_column][vc_separator][\/vc_column][\/vc_row][vc_row][vc_column width=&#8221;5\/6&#8243;][vc_column_text css=&#8221;&#8221;]<\/p>\n<h4><strong>Adjungerad:&nbsp;<\/strong>Maud Jakobsen<\/h4>\n<div>\n<div class=\"elementToProof\"><i>\u201dG\u00e5rdsf\u00f6rest\u00e5ndare sedan 2002 och ridinstrukt\u00f6r sedan 1997. Jag \u00e4r en s\u00e5 kallad egenprodukt (eller inventarie?) i f\u00f6reningen,&nbsp;&nbsp;jag har varit med \u00e4nda sedan 1987! Jag har g\u00e5tt samma v\u00e4g som flera av er g\u00f6r nu \u2013ridit lektion, blivit ungdomsledare, stallsk\u00f6tare p\u00e5 helger och lov, ungdomssektionsstyrelsen osv till d\u00e4r vi \u00e4r idag.&nbsp;<\/i><\/div>\n<div class=\"elementToProof\"><i>Jag&nbsp;har&nbsp;haft&nbsp;tv\u00e5&nbsp;egna&nbsp;h\u00e4star&nbsp;genom&nbsp;\u00e5ren; Fjordingen&nbsp;Hampus&nbsp;och&nbsp;halvblodet&nbsp;Rocky&nbsp;som&nbsp;b\u00e5da&nbsp; tidigare&nbsp;jobbade&nbsp;som&nbsp;lektionsh\u00e4star&nbsp;h\u00e4r&nbsp;p\u00e5&nbsp;4H.&nbsp;<\/i><\/div>\n<div class=\"elementToProof\"><i>Jag \u00e4r aktiv i svenska brukshundklubben, utbildad allm\u00e4nlydnads instrukt\u00f6r, &nbsp;rallylydnadsinstrukt\u00f6r och mentalfigurant inom Svenska brukshundklubben och har tr\u00e4nat egna hundar och h\u00e5llit hund\u00e4garutbildningar p\u00e5 Hammar\u00f6 Brukshundklubb i m\u00e5nga \u00e5r.<\/i><\/div>\n<div class=\"elementToProof\"><i>Jag har just nu en sch\u00e4fertik som heter Karerra och en Phalenetik som heter Chilla som \u00e4r med mig p\u00e5 g\u00e5rden varje dag.<\/i><\/div>\n<div class=\"elementToProof\"><i>F\u00f6rutom Karerra och Chilla har jag \u00e4ven tv\u00e5 katter hemma som heter Zelma och Sally.\u201d<\/i><\/div>\n<\/div>\n<p>[\/vc_column_text][\/vc_column][vc_column width=&#8221;1\/6&#8243;][vc_single_image image=&#8221;1790&#8243; img_size=&#8221;270&#215;400&#8243; css=&#8221;&#8221;][\/vc_column][\/vc_row][vc_row][vc_column][vc_separator][\/vc_column][\/vc_row][vc_row][vc_column][vc_column_text css=&#8221;&#8221;]<\/p>\n<h4><strong>Valberedning:<\/strong><\/h4>\n<h4><\/h4>\n<p>&nbsp;<\/p>\n<h4><strong>Revisorer:<\/strong><\/h4>\n<h4>Jerry lidberg<\/h4>\n<h4>carl-johan Andersson<\/h4>\n<p>&nbsp;<\/p>\n<h4><strong>Revisorssuppleanter:<\/strong><\/h4>\n<h4>torben ericson<\/h4>\n<h4>Yvonne H\u00f6\u00f6k<\/h4>\n<p>[\/vc_column_text][\/vc_column][\/vc_row]<\/p>\n<\/div>","protected":false},"excerpt":{"rendered":"<p>[vc_row][vc_column][vc_column_text css=&#8221;&#8221;] Styrelsen f\u00f6r Karlstad 4H 2025 &nbsp; Vill du komma i kontakt med styrelsen? Anv\u00e4nd d\u00e5 f\u00f6ljande mejladress: ordforande.karlstad@4h.se &nbsp;[\/vc_column_text][\/vc_column][\/vc_row][vc_row][vc_column][vc_separator][\/vc_column][\/vc_row][vc_row][vc_column width=&#8221;5\/6&#8243;][vc_column_text css=&#8221;&#8221;] Ordf\u00f6rande: Ellen Lindner &nbsp;[\/vc_column_text][\/vc_column][vc_column width=&#8221;1\/6&#8243;][vc_single_image image=&#8221;1796&#8243; img_size=&#8221;270&#215;400&#8243; css=&#8221;&#8221;][\/vc_column][\/vc_row][vc_row][vc_column][vc_separator][\/vc_column][\/vc_row][vc_row][vc_column width=&#8221;5\/6&#8243;][vc_column_text css=&#8221;&#8221;] Ledam\u00f6ter: Vice ordf\u00f6rande: Moa Krave &#8221;Mitt namn \u00e4r Moa Krave och detta blir mitt f\u00f6rsta \u00e5r i styrelsen, vilket k\u00e4nns v\u00e4ldigt roligt.&nbsp; <a href=\"https:\/\/www.4h.se\/karlstad\/4h-verksamheten\/styrelsen-for-karlstad-4h\/\">&hellip; Read more <i class=\"glyphicon glyphicon-arrow-right\"><\/i><\/a><\/p>\n","protected":false},"author":217,"featured_media":0,"parent":401,"menu_order":0,"comment_status":"closed","ping_status":"closed","template":"","meta":{"_acf_changed":false,"footnotes":""},"class_list":["post-450","page","type-page","status-publish","hentry"],"acf":[],"yoast_head":"<!-- This site is optimized with the Yoast SEO plugin v27.5 - https:\/\/yoast.com\/product\/yoast-seo-wordpress\/ -->\n<title>Styrelsen f\u00f6r Karlstad 4H - Karlstads 4H-g\u00e5rd<\/title>\n<meta name=\"robots\" content=\"index, follow, max-snippet:-1, max-image-preview:large, max-video-preview:-1\" \/>\n<link rel=\"canonical\" href=\"https:\/\/www.4h.se\/karlstad\/4h-verksamheten\/styrelsen-for-karlstad-4h\/\" \/>\n<meta property=\"og:locale\" content=\"sv_SE\" \/>\n<meta property=\"og:type\" content=\"article\" \/>\n<meta property=\"og:title\" content=\"Styrelsen f\u00f6r Karlstad 4H - Karlstads 4H-g\u00e5rd\" \/>\n<meta property=\"og:description\" content=\"[vc_row][vc_column][vc_column_text css=&#8221;&#8221;] Styrelsen f\u00f6r Karlstad 4H 2025 &nbsp; Vill du komma i kontakt med styrelsen? Anv\u00e4nd d\u00e5 f\u00f6ljande mejladress: ordforande.karlstad@4h.se &nbsp;[\/vc_column_text][\/vc_column][\/vc_row][vc_row][vc_column][vc_separator][\/vc_column][\/vc_row][vc_row][vc_column width=&#8221;5\/6&#8243;][vc_column_text css=&#8221;&#8221;] Ordf\u00f6rande: Ellen Lindner &nbsp;[\/vc_column_text][\/vc_column][vc_column width=&#8221;1\/6&#8243;][vc_single_image image=&#8221;1796&#8243; img_size=&#8221;270&#215;400&#8243; css=&#8221;&#8221;][\/vc_column][\/vc_row][vc_row][vc_column][vc_separator][\/vc_column][\/vc_row][vc_row][vc_column width=&#8221;5\/6&#8243;][vc_column_text css=&#8221;&#8221;] Ledam\u00f6ter: Vice ordf\u00f6rande: Moa Krave &#8221;Mitt namn \u00e4r Moa Krave och detta blir mitt f\u00f6rsta \u00e5r i styrelsen, vilket k\u00e4nns v\u00e4ldigt roligt.&nbsp; &hellip; Read more\" \/>\n<meta property=\"og:url\" content=\"https:\/\/www.4h.se\/karlstad\/4h-verksamheten\/styrelsen-for-karlstad-4h\/\" \/>\n<meta property=\"og:site_name\" content=\"Karlstads 4H-g\u00e5rd\" \/>\n<meta property=\"article:modified_time\" content=\"2026-03-26T18:48:46+00:00\" \/>\n<meta name=\"twitter:card\" content=\"summary_large_image\" \/>\n<meta name=\"twitter:label1\" content=\"Ber\u00e4knad l\u00e4stid\" \/>\n\t<meta name=\"twitter:data1\" content=\"5 minuter\" \/>\n<script type=\"application\/ld+json\" class=\"yoast-schema-graph\">{\"@context\":\"https:\\\/\\\/schema.org\",\"@graph\":[{\"@type\":\"WebPage\",\"@id\":\"https:\\\/\\\/www.4h.se\\\/karlstad\\\/4h-verksamheten\\\/styrelsen-for-karlstad-4h\\\/\",\"url\":\"https:\\\/\\\/www.4h.se\\\/karlstad\\\/4h-verksamheten\\\/styrelsen-for-karlstad-4h\\\/\",\"name\":\"Styrelsen f\u00f6r Karlstad 4H - Karlstads 4H-g\u00e5rd\",\"isPartOf\":{\"@id\":\"https:\\\/\\\/www.4h.se\\\/karlstad\\\/#website\"},\"datePublished\":\"2022-02-16T15:58:39+00:00\",\"dateModified\":\"2026-03-26T18:48:46+00:00\",\"breadcrumb\":{\"@id\":\"https:\\\/\\\/www.4h.se\\\/karlstad\\\/4h-verksamheten\\\/styrelsen-for-karlstad-4h\\\/#breadcrumb\"},\"inLanguage\":\"sv-SE\",\"potentialAction\":[{\"@type\":\"ReadAction\",\"target\":[\"https:\\\/\\\/www.4h.se\\\/karlstad\\\/4h-verksamheten\\\/styrelsen-for-karlstad-4h\\\/\"]}]},{\"@type\":\"BreadcrumbList\",\"@id\":\"https:\\\/\\\/www.4h.se\\\/karlstad\\\/4h-verksamheten\\\/styrelsen-for-karlstad-4h\\\/#breadcrumb\",\"itemListElement\":[{\"@type\":\"ListItem\",\"position\":1,\"name\":\"Hem\",\"item\":\"https:\\\/\\\/www.4h.se\\\/karlstad\\\/\"},{\"@type\":\"ListItem\",\"position\":2,\"name\":\"4H verksamheten\",\"item\":\"https:\\\/\\\/www.4h.se\\\/karlstad\\\/4h-verksamheten\\\/\"},{\"@type\":\"ListItem\",\"position\":3,\"name\":\"Styrelsen f\u00f6r Karlstad 4H\"}]},{\"@type\":\"WebSite\",\"@id\":\"https:\\\/\\\/www.4h.se\\\/karlstad\\\/#website\",\"url\":\"https:\\\/\\\/www.4h.se\\\/karlstad\\\/\",\"name\":\"Karlstads 4H-g\u00e5rd\",\"description\":\"\",\"potentialAction\":[{\"@type\":\"SearchAction\",\"target\":{\"@type\":\"EntryPoint\",\"urlTemplate\":\"https:\\\/\\\/www.4h.se\\\/karlstad\\\/?s={search_term_string}\"},\"query-input\":{\"@type\":\"PropertyValueSpecification\",\"valueRequired\":true,\"valueName\":\"search_term_string\"}}],\"inLanguage\":\"sv-SE\"}]}<\/script>\n<!-- \/ Yoast SEO plugin. -->","yoast_head_json":{"title":"Styrelsen f\u00f6r Karlstad 4H - Karlstads 4H-g\u00e5rd","robots":{"index":"index","follow":"follow","max-snippet":"max-snippet:-1","max-image-preview":"max-image-preview:large","max-video-preview":"max-video-preview:-1"},"canonical":"https:\/\/www.4h.se\/karlstad\/4h-verksamheten\/styrelsen-for-karlstad-4h\/","og_locale":"sv_SE","og_type":"article","og_title":"Styrelsen f\u00f6r Karlstad 4H - Karlstads 4H-g\u00e5rd","og_description":"[vc_row][vc_column][vc_column_text css=&#8221;&#8221;] Styrelsen f\u00f6r Karlstad 4H 2025 &nbsp; Vill du komma i kontakt med styrelsen? Anv\u00e4nd d\u00e5 f\u00f6ljande mejladress: ordforande.karlstad@4h.se &nbsp;[\/vc_column_text][\/vc_column][\/vc_row][vc_row][vc_column][vc_separator][\/vc_column][\/vc_row][vc_row][vc_column width=&#8221;5\/6&#8243;][vc_column_text css=&#8221;&#8221;] Ordf\u00f6rande: Ellen Lindner &nbsp;[\/vc_column_text][\/vc_column][vc_column width=&#8221;1\/6&#8243;][vc_single_image image=&#8221;1796&#8243; img_size=&#8221;270&#215;400&#8243; css=&#8221;&#8221;][\/vc_column][\/vc_row][vc_row][vc_column][vc_separator][\/vc_column][\/vc_row][vc_row][vc_column width=&#8221;5\/6&#8243;][vc_column_text css=&#8221;&#8221;] Ledam\u00f6ter: Vice ordf\u00f6rande: Moa Krave &#8221;Mitt namn \u00e4r Moa Krave och detta blir mitt f\u00f6rsta \u00e5r i styrelsen, vilket k\u00e4nns v\u00e4ldigt roligt.&nbsp; &hellip; Read more","og_url":"https:\/\/www.4h.se\/karlstad\/4h-verksamheten\/styrelsen-for-karlstad-4h\/","og_site_name":"Karlstads 4H-g\u00e5rd","article_modified_time":"2026-03-26T18:48:46+00:00","twitter_card":"summary_large_image","twitter_misc":{"Ber\u00e4knad l\u00e4stid":"5 minuter"},"schema":{"@context":"https:\/\/schema.org","@graph":[{"@type":"WebPage","@id":"https:\/\/www.4h.se\/karlstad\/4h-verksamheten\/styrelsen-for-karlstad-4h\/","url":"https:\/\/www.4h.se\/karlstad\/4h-verksamheten\/styrelsen-for-karlstad-4h\/","name":"Styrelsen f\u00f6r Karlstad 4H - Karlstads 4H-g\u00e5rd","isPartOf":{"@id":"https:\/\/www.4h.se\/karlstad\/#website"},"datePublished":"2022-02-16T15:58:39+00:00","dateModified":"2026-03-26T18:48:46+00:00","breadcrumb":{"@id":"https:\/\/www.4h.se\/karlstad\/4h-verksamheten\/styrelsen-for-karlstad-4h\/#breadcrumb"},"inLanguage":"sv-SE","potentialAction":[{"@type":"ReadAction","target":["https:\/\/www.4h.se\/karlstad\/4h-verksamheten\/styrelsen-for-karlstad-4h\/"]}]},{"@type":"BreadcrumbList","@id":"https:\/\/www.4h.se\/karlstad\/4h-verksamheten\/styrelsen-for-karlstad-4h\/#breadcrumb","itemListElement":[{"@type":"ListItem","position":1,"name":"Hem","item":"https:\/\/www.4h.se\/karlstad\/"},{"@type":"ListItem","position":2,"name":"4H verksamheten","item":"https:\/\/www.4h.se\/karlstad\/4h-verksamheten\/"},{"@type":"ListItem","position":3,"name":"Styrelsen f\u00f6r Karlstad 4H"}]},{"@type":"WebSite","@id":"https:\/\/www.4h.se\/karlstad\/#website","url":"https:\/\/www.4h.se\/karlstad\/","name":"Karlstads 4H-g\u00e5rd","description":"","potentialAction":[{"@type":"SearchAction","target":{"@type":"EntryPoint","urlTemplate":"https:\/\/www.4h.se\/karlstad\/?s={search_term_string}"},"query-input":{"@type":"PropertyValueSpecification","valueRequired":true,"valueName":"search_term_string"}}],"inLanguage":"sv-SE"}]}},"_links":{"self":[{"href":"https:\/\/www.4h.se\/karlstad\/wp-json\/wp\/v2\/pages\/450","targetHints":{"allow":["GET"]}}],"collection":[{"href":"https:\/\/www.4h.se\/karlstad\/wp-json\/wp\/v2\/pages"}],"about":[{"href":"https:\/\/www.4h.se\/karlstad\/wp-json\/wp\/v2\/types\/page"}],"author":[{"embeddable":true,"href":"https:\/\/www.4h.se\/karlstad\/wp-json\/wp\/v2\/users\/217"}],"replies":[{"embeddable":true,"href":"https:\/\/www.4h.se\/karlstad\/wp-json\/wp\/v2\/comments?post=450"}],"version-history":[{"count":0,"href":"https:\/\/www.4h.se\/karlstad\/wp-json\/wp\/v2\/pages\/450\/revisions"}],"up":[{"embeddable":true,"href":"https:\/\/www.4h.se\/karlstad\/wp-json\/wp\/v2\/pages\/401"}],"wp:attachment":[{"href":"https:\/\/www.4h.se\/karlstad\/wp-json\/wp\/v2\/media?parent=450"}],"curies":[{"name":"wp","href":"https:\/\/api.w.org\/{rel}","templated":true}]}}