



{"id":449,"date":"2019-11-26T17:36:05","date_gmt":"2019-11-26T16:36:05","guid":{"rendered":"https:\/\/www.4h.se\/ifyeklubben\/?page_id=449"},"modified":"2024-09-05T21:54:33","modified_gmt":"2024-09-05T19:54:33","slug":"vem-kan-soka-ifye","status":"publish","type":"page","link":"https:\/\/www.4h.se\/ifyeklubben\/att-aka-som-ifye\/vem-kan-soka-ifye\/","title":{"rendered":"Vem kan s\u00f6ka IFYE?"},"content":{"rendered":"<div class=\"wpb-content-wrapper\"><p>[vc_row][vc_column][vc_column_text css=&#8221;&#8221;]<\/p>\n<h4><strong>Vem kan \u00e5ka som IFYE?<\/strong><\/h4>\n<p>Varje \u00e5r kan Svenska IFYE-klubben skicka minst tre utresande IFYEs fr\u00e5n Sverige, ut i v\u00e4rlden. Hur m\u00e5nga som kan \u00e5ka varje \u00e5r beror p\u00e5 de utresandes \u00f6nskade resm\u00e5l och vilka l\u00e4nder som vill ha utbyte och skickar IFYEs till Sverige just detta \u00e5r.<\/p>\n<p style=\"text-align: left;\">F\u00f6r att f\u00e5 \u00e5ka som IFYE finns det vissa krav som man ska uppfylla. Man m\u00e5ste vara mellan 18 och 30 \u00e5r gammal, samt ha ett p\u00e5g\u00e5ende eller tidigare engagemang inom Sveriges 4H. Du kan vara 17 \u00e5r n\u00e4r du ans\u00f6ker och att du hinner fylla 18 \u00e5r n\u00e4r det \u00e4r dags att \u00e5ka p\u00e5 utbytet, som oftast sker i mitten av juni m\u00e5nad.\u00a0Det \u00e4r s\u00e4rskilt premierande att ha suttit i styrelser p\u00e5 klubb-, l\u00e4ns- eller riksniv\u00e5 och varit med och planerat och genomf\u00f6rt aktiviteter som exempelvis riksl\u00e4ger, men alla typer av engagemang r\u00e4knas s\u00e5klart in i ans\u00f6kan. Det \u00e4r ocks\u00e5 meriterande om din familj har varit v\u00e4rdfamilj f\u00f6r en inresande IFYE fr\u00e5n ett annat land.<\/p>\n<p>Svenska IFYE-klubben st\u00e4ller f\u00f6ljande krav p\u00e5 dig n\u00e4r du kommit hem fr\u00e5n utbytet:<\/p>\n<p>Du skall skriva en kort rapport till 4H-s och IFYE-klubbens hemsida och bifoga fem bilder. Vi vill ocks\u00e5 att du g\u00f6r en presentationsvideo om utbytet, p\u00e5 45 sekunder som kan l\u00e4ggas p\u00e5 hemsidan och sociala medier.<\/p>\n<p>Du skall ber\u00e4tta om utbytet p\u00e5 IFYE \u00e5rsm\u00f6tet, p\u00e5 Nationella konferensen samt p\u00e5 regionst\u00e4mman i din egen region. Slutligen skall du rekrytera en v\u00e4rdfamilj f\u00f6r en period p\u00e5 tv\u00e5 veckor, kommande \u00e5r.<\/p>\n<p>Svenska IFYE-klubben h\u00e4lsar dig v\u00e4lkommen hem, och f\u00f6rsta \u00e5ret f\u00e5r du gratis medlemskap. Du f\u00e5r ocks\u00e5 en inbjudan till \u00e5rsm\u00f6tet.<\/p>\n<p>Aktiva ungdomar som \u00e4r medlemmar i FSU och JUF kan ocks\u00e5 s\u00f6ka till IFYE-utbytet.<\/p>\n<h4><strong>Vad kostar det att \u00e5ka?<\/strong><\/h4>\n<p>N\u00e4r du \u00e5ker som IFYE s\u00e5 beh\u00f6ver du ha med dig egna fickpengar och du st\u00e5 f\u00f6r delar av resan till och fr\u00e5n v\u00e4rdlandet. I v\u00e4rdlandet bor du hos v\u00e4rdfamiljer och f\u00e5r alla omkostnader f\u00f6r mat, boende och resor i v\u00e4rdlandet betalda av v\u00e4rdlandet.<\/p>\n<p>N\u00e4r vi f\u00e5tt in din ans\u00f6kan f\u00f6rs\u00f6ker vi hj\u00e4lpa till att s\u00f6ka fondmedel f\u00f6r att t\u00e4cka dina resekostnader till och fr\u00e5n v\u00e4rdlandet. I vissa fall kan du fr\u00e5ga din klubb eller l\u00e4n\/distrikt om bidrag till resan.<br \/>\nIFYE klubben ger ett bidrag till utresande IFYE p\u00e5 1500 kr.<\/p>\n<h4><strong>N\u00e4r \u00e5ker man och vart?<\/strong><\/h4>\n<p>De flesta utbyten b\u00f6rjar i mitten av juni och juli, s\u00e5 att du \u00e5ker iv\u00e4g under sommarlovet. Just nu har vi samarbete med Estland, \u00d6sterrike och Schweiz\u00a0 men vi hoppas att f\u00e5 kontakt med fler l\u00e4nder, s\u00e5 att vi kan ut\u00f6ka utbytet.<\/p>\n<h4><strong>Vill du veta mer?<\/strong><\/h4>\n<p>Kika d\u00e5 under fliken\u00a0<a href=\"https:\/\/www.4h.se\/ifyeklubben\/att-aka-som-ifye\/ifye-reseberattelser\/\">Reseber\u00e4ttelser<\/a>\u00a0eller\u00a0<a href=\"https:\/\/www.4h.se\/ifyeklubben\/kontakta-oss-2\/\">Kontakta oss<\/a>, d\u00e4r hittar du mer information och kan kontakta IFYE-klubbens styrelse, f\u00f6r att f\u00e5 svar om allt du vill veta.<\/p>\n<blockquote>\n<p>&nbsp;<\/p>\n<\/blockquote>\n<p>[\/vc_column_text][\/vc_column][\/vc_row]<\/p>\n<\/div>","protected":false},"excerpt":{"rendered":"<p>[vc_row][vc_column][vc_column_text css=&#8221;&#8221;] Vem kan \u00e5ka som IFYE? Varje \u00e5r kan Svenska IFYE-klubben skicka minst tre utresande IFYEs fr\u00e5n Sverige, ut i v\u00e4rlden. Hur m\u00e5nga som kan \u00e5ka varje \u00e5r beror p\u00e5 de utresandes \u00f6nskade resm\u00e5l och vilka l\u00e4nder som vill ha utbyte och skickar IFYEs till Sverige just detta \u00e5r. F\u00f6r att f\u00e5 \u00e5ka som&nbsp; <a href=\"https:\/\/www.4h.se\/ifyeklubben\/att-aka-som-ifye\/vem-kan-soka-ifye\/\">&hellip; Read more <i class=\"glyphicon glyphicon-arrow-right\"><\/i><\/a><\/p>\n","protected":false},"author":16,"featured_media":0,"parent":405,"menu_order":0,"comment_status":"closed","ping_status":"closed","template":"","meta":{"_acf_changed":false,"footnotes":""},"class_list":["post-449","page","type-page","status-publish","hentry"],"acf":[],"yoast_head":"<!-- This site is optimized with the Yoast SEO plugin v27.5 - https:\/\/yoast.com\/product\/yoast-seo-wordpress\/ -->\n<title>Vem kan s\u00f6ka IFYE? - IFYE Sweden<\/title>\n<meta name=\"robots\" content=\"index, follow, max-snippet:-1, max-image-preview:large, max-video-preview:-1\" \/>\n<link rel=\"canonical\" href=\"https:\/\/www.4h.se\/ifyeklubben\/att-aka-som-ifye\/vem-kan-soka-ifye\/\" \/>\n<meta property=\"og:locale\" content=\"sv_SE\" \/>\n<meta property=\"og:type\" content=\"article\" \/>\n<meta property=\"og:title\" content=\"Vem kan s\u00f6ka IFYE? - IFYE Sweden\" \/>\n<meta property=\"og:description\" content=\"[vc_row][vc_column][vc_column_text css=&#8221;&#8221;] Vem kan \u00e5ka som IFYE? Varje \u00e5r kan Svenska IFYE-klubben skicka minst tre utresande IFYEs fr\u00e5n Sverige, ut i v\u00e4rlden. Hur m\u00e5nga som kan \u00e5ka varje \u00e5r beror p\u00e5 de utresandes \u00f6nskade resm\u00e5l och vilka l\u00e4nder som vill ha utbyte och skickar IFYEs till Sverige just detta \u00e5r. F\u00f6r att f\u00e5 \u00e5ka som&nbsp; &hellip; Read more\" \/>\n<meta property=\"og:url\" content=\"https:\/\/www.4h.se\/ifyeklubben\/att-aka-som-ifye\/vem-kan-soka-ifye\/\" \/>\n<meta property=\"og:site_name\" content=\"IFYE Sweden\" \/>\n<meta property=\"article:modified_time\" content=\"2024-09-05T19:54:33+00:00\" \/>\n<meta name=\"twitter:card\" content=\"summary_large_image\" \/>\n<meta name=\"twitter:label1\" content=\"Ber\u00e4knad l\u00e4stid\" \/>\n\t<meta name=\"twitter:data1\" content=\"3 minuter\" \/>\n<script type=\"application\/ld+json\" class=\"yoast-schema-graph\">{\"@context\":\"https:\\\/\\\/schema.org\",\"@graph\":[{\"@type\":\"WebPage\",\"@id\":\"https:\\\/\\\/www.4h.se\\\/ifyeklubben\\\/att-aka-som-ifye\\\/vem-kan-soka-ifye\\\/\",\"url\":\"https:\\\/\\\/www.4h.se\\\/ifyeklubben\\\/att-aka-som-ifye\\\/vem-kan-soka-ifye\\\/\",\"name\":\"Vem kan s\u00f6ka IFYE? - IFYE Sweden\",\"isPartOf\":{\"@id\":\"https:\\\/\\\/www.4h.se\\\/ifyeklubben\\\/#website\"},\"datePublished\":\"2019-11-26T16:36:05+00:00\",\"dateModified\":\"2024-09-05T19:54:33+00:00\",\"breadcrumb\":{\"@id\":\"https:\\\/\\\/www.4h.se\\\/ifyeklubben\\\/att-aka-som-ifye\\\/vem-kan-soka-ifye\\\/#breadcrumb\"},\"inLanguage\":\"sv-SE\",\"potentialAction\":[{\"@type\":\"ReadAction\",\"target\":[\"https:\\\/\\\/www.4h.se\\\/ifyeklubben\\\/att-aka-som-ifye\\\/vem-kan-soka-ifye\\\/\"]}]},{\"@type\":\"BreadcrumbList\",\"@id\":\"https:\\\/\\\/www.4h.se\\\/ifyeklubben\\\/att-aka-som-ifye\\\/vem-kan-soka-ifye\\\/#breadcrumb\",\"itemListElement\":[{\"@type\":\"ListItem\",\"position\":1,\"name\":\"Hem\",\"item\":\"https:\\\/\\\/www.4h.se\\\/ifyeklubben\\\/\"},{\"@type\":\"ListItem\",\"position\":2,\"name\":\"Att \u00e5ka som IFYE\",\"item\":\"https:\\\/\\\/www.4h.se\\\/ifyeklubben\\\/att-aka-som-ifye\\\/\"},{\"@type\":\"ListItem\",\"position\":3,\"name\":\"Vem kan s\u00f6ka IFYE?\"}]},{\"@type\":\"WebSite\",\"@id\":\"https:\\\/\\\/www.4h.se\\\/ifyeklubben\\\/#website\",\"url\":\"https:\\\/\\\/www.4h.se\\\/ifyeklubben\\\/\",\"name\":\"IFYE Sweden\",\"description\":\"&quot;For a better world understanding.&quot;\",\"potentialAction\":[{\"@type\":\"SearchAction\",\"target\":{\"@type\":\"EntryPoint\",\"urlTemplate\":\"https:\\\/\\\/www.4h.se\\\/ifyeklubben\\\/?s={search_term_string}\"},\"query-input\":{\"@type\":\"PropertyValueSpecification\",\"valueRequired\":true,\"valueName\":\"search_term_string\"}}],\"inLanguage\":\"sv-SE\"}]}<\/script>\n<!-- \/ Yoast SEO plugin. -->","yoast_head_json":{"title":"Vem kan s\u00f6ka IFYE? - IFYE Sweden","robots":{"index":"index","follow":"follow","max-snippet":"max-snippet:-1","max-image-preview":"max-image-preview:large","max-video-preview":"max-video-preview:-1"},"canonical":"https:\/\/www.4h.se\/ifyeklubben\/att-aka-som-ifye\/vem-kan-soka-ifye\/","og_locale":"sv_SE","og_type":"article","og_title":"Vem kan s\u00f6ka IFYE? - IFYE Sweden","og_description":"[vc_row][vc_column][vc_column_text css=&#8221;&#8221;] Vem kan \u00e5ka som IFYE? Varje \u00e5r kan Svenska IFYE-klubben skicka minst tre utresande IFYEs fr\u00e5n Sverige, ut i v\u00e4rlden. Hur m\u00e5nga som kan \u00e5ka varje \u00e5r beror p\u00e5 de utresandes \u00f6nskade resm\u00e5l och vilka l\u00e4nder som vill ha utbyte och skickar IFYEs till Sverige just detta \u00e5r. F\u00f6r att f\u00e5 \u00e5ka som&nbsp; &hellip; Read more","og_url":"https:\/\/www.4h.se\/ifyeklubben\/att-aka-som-ifye\/vem-kan-soka-ifye\/","og_site_name":"IFYE Sweden","article_modified_time":"2024-09-05T19:54:33+00:00","twitter_card":"summary_large_image","twitter_misc":{"Ber\u00e4knad l\u00e4stid":"3 minuter"},"schema":{"@context":"https:\/\/schema.org","@graph":[{"@type":"WebPage","@id":"https:\/\/www.4h.se\/ifyeklubben\/att-aka-som-ifye\/vem-kan-soka-ifye\/","url":"https:\/\/www.4h.se\/ifyeklubben\/att-aka-som-ifye\/vem-kan-soka-ifye\/","name":"Vem kan s\u00f6ka IFYE? - IFYE Sweden","isPartOf":{"@id":"https:\/\/www.4h.se\/ifyeklubben\/#website"},"datePublished":"2019-11-26T16:36:05+00:00","dateModified":"2024-09-05T19:54:33+00:00","breadcrumb":{"@id":"https:\/\/www.4h.se\/ifyeklubben\/att-aka-som-ifye\/vem-kan-soka-ifye\/#breadcrumb"},"inLanguage":"sv-SE","potentialAction":[{"@type":"ReadAction","target":["https:\/\/www.4h.se\/ifyeklubben\/att-aka-som-ifye\/vem-kan-soka-ifye\/"]}]},{"@type":"BreadcrumbList","@id":"https:\/\/www.4h.se\/ifyeklubben\/att-aka-som-ifye\/vem-kan-soka-ifye\/#breadcrumb","itemListElement":[{"@type":"ListItem","position":1,"name":"Hem","item":"https:\/\/www.4h.se\/ifyeklubben\/"},{"@type":"ListItem","position":2,"name":"Att \u00e5ka som IFYE","item":"https:\/\/www.4h.se\/ifyeklubben\/att-aka-som-ifye\/"},{"@type":"ListItem","position":3,"name":"Vem kan s\u00f6ka IFYE?"}]},{"@type":"WebSite","@id":"https:\/\/www.4h.se\/ifyeklubben\/#website","url":"https:\/\/www.4h.se\/ifyeklubben\/","name":"IFYE Sweden","description":"&quot;For a better world understanding.&quot;","potentialAction":[{"@type":"SearchAction","target":{"@type":"EntryPoint","urlTemplate":"https:\/\/www.4h.se\/ifyeklubben\/?s={search_term_string}"},"query-input":{"@type":"PropertyValueSpecification","valueRequired":true,"valueName":"search_term_string"}}],"inLanguage":"sv-SE"}]}},"_links":{"self":[{"href":"https:\/\/www.4h.se\/ifyeklubben\/wp-json\/wp\/v2\/pages\/449","targetHints":{"allow":["GET"]}}],"collection":[{"href":"https:\/\/www.4h.se\/ifyeklubben\/wp-json\/wp\/v2\/pages"}],"about":[{"href":"https:\/\/www.4h.se\/ifyeklubben\/wp-json\/wp\/v2\/types\/page"}],"author":[{"embeddable":true,"href":"https:\/\/www.4h.se\/ifyeklubben\/wp-json\/wp\/v2\/users\/16"}],"replies":[{"embeddable":true,"href":"https:\/\/www.4h.se\/ifyeklubben\/wp-json\/wp\/v2\/comments?post=449"}],"version-history":[{"count":0,"href":"https:\/\/www.4h.se\/ifyeklubben\/wp-json\/wp\/v2\/pages\/449\/revisions"}],"up":[{"embeddable":true,"href":"https:\/\/www.4h.se\/ifyeklubben\/wp-json\/wp\/v2\/pages\/405"}],"wp:attachment":[{"href":"https:\/\/www.4h.se\/ifyeklubben\/wp-json\/wp\/v2\/media?parent=449"}],"curies":[{"name":"wp","href":"https:\/\/api.w.org\/{rel}","templated":true}]}}