



{"id":400,"date":"2016-10-18T11:21:05","date_gmt":"2016-10-18T09:21:05","guid":{"rendered":"http:\/\/www.4h.se\/halland\/?page_id=400"},"modified":"2025-10-23T13:35:34","modified_gmt":"2025-10-23T11:35:34","slug":"historia","status":"publish","type":"page","link":"https:\/\/www.4h.se\/halland\/historia\/","title":{"rendered":"Historia"},"content":{"rendered":"<div class=\"wpb-content-wrapper\"><p>[vc_row][vc_column][vc_single_image image=&#8221;2217&#8243; img_size=&#8221;2000&#215;500&#8243; alignment=&#8221;center&#8221; style=&#8221;vc_box_rounded&#8221;][\/vc_column][\/vc_row][vc_row][vc_column width=&#8221;1\/3&#8243;][vc_tta_pageable no_fill_content_area=&#8221;1&#8243; active_section=&#8221;1&#8243; pagination_color=&#8221;green&#8221;][vc_tta_section title=&#8221;Sektion. 1&#8243; tab_id=&#8221;1674303636105-879e0f05-bb58&#8243;][vc_single_image image=&#8221;721&#8243; img_size=&#8221;600&#215;600&#8243; alignment=&#8221;center&#8221; style=&#8221;vc_box_rounded&#8221;][\/vc_tta_section][\/vc_tta_pageable][vc_column_text]<\/p>\n<h1>100 \u00e5r av historia<\/h1>\n<p>Vi \u00e4r en v\u00e4ldigt gammal, men modern organisation med r\u00f6tter fr\u00e5n USA. Sedan b\u00f6rjan p\u00e5 1900-talet har vi inom 4H bedrivit verksamhet f\u00f6r medlemmar runt om i v\u00e4rlden. Vi \u00e4r en medlemsstyrd organisation d\u00e4r medlemmarna \u00e4r i fokus. Verksamheten bedrivs till st\u00f6rsta del av barn och unga, f\u00f6r andra barn och unga.<\/p>\n<p>P\u00e5 den h\u00e4r sidan har vi samlat viktiga och intressanta h\u00e4ndelser som har format oss till dem vi \u00e4r idag. Ifall du har minnen eller bilder att dela med dig av \u00e4r vi intresserade av att se och h\u00f6ra om dem. Kontakta oss g\u00e4rna. V\u00e5ra uppgifter finner du h\u00e4r p\u00e5 hemsidan.[\/vc_column_text][\/vc_column][vc_column width=&#8221;1\/3&#8243;][vc_tta_pageable no_fill_content_area=&#8221;1&#8243; active_section=&#8221;1&#8243; pagination_color=&#8221;green&#8221;][vc_tta_section title=&#8221;Sektion. 1&#8243; tab_id=&#8221;1674303722791-9b3aa58d-bcd7&#8243;][vc_single_image image=&#8221;2129&#8243; img_size=&#8221;600&#215;600&#8243; alignment=&#8221;center&#8221; style=&#8221;vc_box_rounded&#8221;][\/vc_tta_section][\/vc_tta_pageable][vc_column_text]<\/p>\n<h2 style=\"text-align: center\">1890-talet<\/h2>\n<p>I slutet p\u00e5 1800-talet var det ganska ovanligt med barn och ungdomsorganisationer. Faktum \u00e4r att organisationer \u00f6verlag var ganska ovanligt. I Sverige hade ett f\u00e5 tal olika fackf\u00f6reningar och religi\u00f6sa organisationer b\u00f6rjat gro under 1800-talet, men annars var organisationer ovanligt. Scouterna som brukar ses som en f\u00f6reg\u00e5ngare grundades inte f\u00f6rens 1907 i England och vi grundades 1902.<\/p>\n<p>Men i USA b\u00f6rjade id\u00e9n om att skapa 4H gro i slutet p\u00e5 1800-talet. I USA ans\u00e5g man att skolorna l\u00e4rde ut mycket kunskap, men inte vad som beh\u00f6vdes f\u00f6r ett framg\u00e5ngsrikt liv ute p\u00e5 landsbygden. Det beh\u00f6vdes en f\u00f6r\u00e4ndring.[\/vc_column_text][\/vc_column][vc_column width=&#8221;1\/3&#8243;][vc_tta_pageable no_fill_content_area=&#8221;1&#8243; active_section=&#8221;1&#8243; pagination_color=&#8221;green&#8221;][vc_tta_section title=&#8221;Sektion. 1&#8243; tab_id=&#8221;1674303697183-4017e1dd-d82e&#8221;][vc_single_image image=&#8221;2021&#8243; img_size=&#8221;600&#215;600&#8243; alignment=&#8221;center&#8221; style=&#8221;vc_box_rounded&#8221;][\/vc_tta_section][\/vc_tta_pageable][vc_column_text]<\/p>\n<h2 style=\"text-align: center\">1900-talet<\/h2>\n<p>Runt sekelskiftet hade ett flertal grupper med unga personer hade skapats i Springfield, USA d\u00e4r man l\u00e4rde ut kunskaper om jordbruk och praktiskt arbete. Fr\u00f6et som skulle komma att bli 4H hade b\u00f6rjat gro. \u00c5r 1902 vet man att den f\u00f6rsta klubben med demokratiskt styre grundades.<\/p>\n<hr \/>\n<p>Verksamheten spreds fort i USA d\u00e5 skolorna var med och st\u00f6ttade. Ledarna var oftast l\u00e4rarna p\u00e5 skolan.<\/p>\n<p>Verksamheten bedrevs i klubbform och 1909 fick\u00a0verksamheten\u00a0namnet 4H.<\/p>\n<p>Dock var enbart symbolen en trekl\u00f6ver d\u00e4r H:na stod f\u00f6r Huvud, Hj\u00e4rta och Hand.[\/vc_column_text][\/vc_column][\/vc_row][vc_row][vc_column width=&#8221;1\/3&#8243;][vc_tta_pageable no_fill_content_area=&#8221;1&#8243; active_section=&#8221;1&#8243; pagination_color=&#8221;green&#8221;][vc_tta_section title=&#8221;Sektion. 1&#8243; tab_id=&#8221;1674303574801-a814351b-bb16&#8243;][vc_single_image image=&#8221;2022&#8243; img_size=&#8221;600&#215;600&#8243; alignment=&#8221;center&#8221; style=&#8221;vc_box_rounded&#8221;][\/vc_tta_section][\/vc_tta_pageable][vc_column_text]<\/p>\n<h2 style=\"text-align: center\">1910-talet<\/h2>\n<p>\u00c5r 1911 utvecklades 4Hs symbol till en fyrkl\u00f6ver f\u00f6r att efterlikna en lyckokl\u00f6ver. Det fj\u00e4rde H representerade H\u00e4lsa.<\/p>\n<p>Verksamheten fortsatte att spridas runt om i USA och \u00e4ven internationellt.<\/p>\n<hr \/>\n<p>De Skandinaviska l\u00e4nderna blev nu intresserade av liknande verksamhet och 1918 bildades organisationen JUF, Jordbrukare-Ungdomens f\u00f6rbund i Sverige. Samtidigt startas liknande verksamhet i Danmark.<\/p>\n<hr \/>\n<p>1919, ett \u00e5r senare<span class=\"NormalTextRun SCXW214360594 BCX0\">\u00a0startar den f\u00f6rsta Hall\u00e4ndska JUF-<\/span><span class=\"NormalTextRun SCXW214360594 BCX0\">avdelningen\u00a0<\/span><span class=\"NormalTextRun SCXW214360594 BCX0\">i Mellby, H\u00f6k. Efter uppstarten i Mellby startas det snabbt fler\u00a0<\/span>JUF-avdelningar runt om i Halland.<\/p>\n<p>&nbsp;[\/vc_column_text][\/vc_column][vc_column width=&#8221;1\/3&#8243;][vc_tta_pageable no_fill_content_area=&#8221;1&#8243; active_section=&#8221;1&#8243; pagination_color=&#8221;green&#8221;][vc_tta_section title=&#8221;Sektion. 1&#8243; tab_id=&#8221;1674303654507-ca242e78-0c86&#8243;][vc_single_image image=&#8221;2186&#8243; img_size=&#8221;600&#215;600&#8243; alignment=&#8221;center&#8221; style=&#8221;vc_box_rounded&#8221;][\/vc_tta_section][\/vc_tta_pageable][vc_column_text]<\/p>\n<h2 style=\"text-align: center\">1920-talet<\/h2>\n<p>M\u00e5nga JUF-avdelningar hade p\u00e5 kort tid skapats och f\u00f6r att samordna dessa bildades <span class=\"TextRun SCXW214360594 BCX0\" lang=\"SV-SE\" xml:lang=\"SV-SE\"><span class=\"NormalTextRun SCXW214360594 BCX0\">Hallands JUF-distrikt 1921.\u00a0<\/span><\/span><\/p>\n<p>JUFs verksamhet var fr\u00e4mst f\u00f6r \u00e4ldre medlemmar, men intresset bland barn och unga i 11-12 \u00e5rs\u00e5ldern var starkt.<\/p>\n<p>1924 tar man beslutet att starta upp 4H-verksamheten, inspirerat av 4H-verksamheten som bedrevs i USA. Denna verksamheten hade en yngre m\u00e5lgruppen och fick namnet Unga Odlare.<\/p>\n<p>1925 hade konceptet med Unga odlare startat ordentligt i Skaraborgs l\u00e4n och snart fanns verksamheten \u00f6ver hela Sverige.<\/p>\n<p>1926 startar den f\u00f6rsta Hall\u00e4ndska klubben i Tv\u00e5\u00e5ker av Lars och Karin Andersson.[\/vc_column_text][\/vc_column][vc_column width=&#8221;1\/3&#8243;][vc_tta_pageable no_fill_content_area=&#8221;1&#8243; active_section=&#8221;1&#8243; pagination_color=&#8221;green&#8221;][vc_tta_section title=&#8221;Sektion. 1&#8243; tab_id=&#8221;1674303679279-b93d07d1-abbc&#8221;][vc_single_image image=&#8221;2515&#8243; img_size=&#8221;600&#215;600&#8243; alignment=&#8221;center&#8221; style=&#8221;vc_box_rounded&#8221;][\/vc_tta_section][\/vc_tta_pageable][vc_column_text]<\/p>\n<h2 style=\"text-align: center\">1930-talet<\/h2>\n<p>\u00c5r 1930 fick JUF f\u00f6rsta g\u00e5ngen stats-bidrag f\u00f6r \u201dUnga odlare\u201d-verksamheten. D\u00e5 verksamheten var bra och finansiering fanns b\u00f6rjade det anst\u00e4llas personer i alla l\u00e4n f\u00f6r att jobba med \u201dUnga odlare\u201d-klubbar. Verksamheten spreds nu snabbare \u00e4n n\u00e5gonsin.[\/vc_column_text][\/vc_column][\/vc_row][vc_row][vc_column width=&#8221;1\/3&#8243;][vc_tta_pageable no_fill_content_area=&#8221;1&#8243; active_section=&#8221;1&#8243; pagination_color=&#8221;green&#8221;][vc_tta_section title=&#8221;Sektion. 1&#8243; tab_id=&#8221;1674303513430-a4049dc9-ed3a&#8221;][vc_single_image image=&#8221;2184&#8243; img_size=&#8221;600&#215;600&#8243; alignment=&#8221;center&#8221; style=&#8221;vc_box_rounded&#8221;][\/vc_tta_section][\/vc_tta_pageable][vc_column_text]<\/p>\n<h2 style=\"text-align: center\">1940-talet<\/h2>\n<p>P\u00e5 JUF:s riksst\u00e4mma beslutades det \u00e5r 1947 att \u201dUnga odlare\u201d-klubbar fick starta utan att vara en avdelning under JUF.<\/p>\n<p>I efterhand antog man \u00e4ven att Unga odlare skulle byta namn till 4H. Detta medf\u00f6rde att ett intresse f\u00f6r att delta p\u00e5 internationella utbyten med andra l\u00e4nder d\u00e4r 4H fanns, framf\u00f6rallt utbyten mellan USA v\u00e4xte sig starkt.<\/p>\n<p>IFYE (International Farm Youth Exchange) blev allt mer vanligt inom 4H.<\/p>\n<hr \/>\n<p>Sporten volleyboll b\u00f6rjar spelas runt om i v\u00e4rlden och 4H tillsammans med andra organisationer tar sporten till Sverige. \u00c4n idag \u00e4r volleyboll en given sport f\u00f6r oss inom 4H.[\/vc_column_text][\/vc_column][vc_column width=&#8221;1\/3&#8243;][vc_tta_pageable no_fill_content_area=&#8221;1&#8243; active_section=&#8221;1&#8243; pagination_color=&#8221;green&#8221;][vc_tta_section title=&#8221;Sektion. 1&#8243; tab_id=&#8221;1674303596999-8d46d023-bc57&#8243;][vc_single_image image=&#8221;2127&#8243; img_size=&#8221;600&#215;600&#8243; alignment=&#8221;center&#8221; style=&#8221;vc_box_rounded&#8221;][\/vc_tta_section][\/vc_tta_pageable][vc_column_text]<\/p>\n<h2 style=\"text-align: center\">1950-talet<\/h2>\n<p>I slutet p\u00e5 50-talet hade 4H-klubbarna vuxit sig st\u00f6rre \u00e4n JUF. De fyra H:na hade fram tills nu varit p\u00e5 engelska. Man beslutade d\u00e5 att \u00e4ndra namn f\u00f6r att de skulle bli p\u00e5 Svenska. Head, hart, hand, health blev till Huvud, hj\u00e4rta, hand och h\u00e4lsa.<\/p>\n<p>Sveriges 4H blev ett namn f\u00f6r den svenska 4H-verksamheten.<\/p>\n<hr \/>\n<p>\u00c5r 1952 arrangeras det f\u00f6rsta Hall\u00e4ndska l\u00e4nsl\u00e4gret f\u00f6r f\u00f6rsta g\u00e5ngen. L\u00e4gret arrangerades i Klev, Dags\u00e5s.<\/p>\n<hr \/>\n<p>1958 arrangeras det f\u00f6rsta rikst\u00e4ckande riksl\u00e4gret i Sk\u00e5ne och sen dess har l\u00e4nsf\u00f6rbunden turats om att arrangera l\u00e4gret varje \u00e5r runt om i Sverige.<\/p>\n<hr \/>\n<p>Volleybollen\u00a0kommer till Sverige och etableras till stor del tack vare 4H som hade l\u00e4rt sig sporten under internationella l\u00e4ger\/utbyten samt sedan b\u00f6rjat arrangera olika typer av turneringar.[\/vc_column_text][\/vc_column][vc_column width=&#8221;1\/3&#8243;][vc_tta_pageable no_fill_content_area=&#8221;1&#8243; active_section=&#8221;1&#8243; pagination_color=&#8221;green&#8221;][vc_tta_section title=&#8221;Sektion. 1&#8243; tab_id=&#8221;1674303615887-aa11a97b-44a3&#8243;][vc_single_image image=&#8221;721&#8243; img_size=&#8221;600&#215;600&#8243; alignment=&#8221;center&#8221; style=&#8221;vc_box_rounded&#8221;][\/vc_tta_section][\/vc_tta_pageable][vc_column_text]<\/p>\n<h2 style=\"text-align: center\">1960-talet<\/h2>\n<p>Organisationen JUF hade blivit v\u00e4ldigt stor och verksamheten bred.<\/p>\n<p>Mellan 1960 och 1961 beslutade man att g\u00f6ra en omorganisation med flera specialf\u00f6rbund. 4H formades till en renodlad ungdomsorganisation med bred verksamhet.<\/p>\n<p>JUF specialiserade sig p\u00e5 jordbruksverksamhet.<\/p>\n<p>\u00c4ven tv\u00e5 nya f\u00f6rbund skapades. F\u00f6rbundet Skog och Ungdom samt F\u00f6rbundet Hem och Ungdom.<\/p>\n<hr \/>\n<p>1963 arrangeras riksl\u00e4gret f\u00f6r sj\u00e4tte g\u00e5ngen, denna g\u00e5ngen f\u00f6r f\u00f6rsta g\u00e5ngen i Halland.<\/p>\n<p>&nbsp;[\/vc_column_text][\/vc_column][\/vc_row][vc_row][vc_column width=&#8221;1\/3&#8243;][vc_tta_pageable no_fill_content_area=&#8221;1&#8243; active_section=&#8221;1&#8243; pagination_color=&#8221;green&#8221;][vc_tta_section title=&#8221;Sektion. 1&#8243; tab_id=&#8221;1674303377268-b3772b77-9927&#8243;][vc_single_image image=&#8221;2185&#8243; img_size=&#8221;600&#215;600&#8243; alignment=&#8221;center&#8221; style=&#8221;vc_box_rounded&#8221;][\/vc_tta_section][\/vc_tta_pageable][vc_column_text]<\/p>\n<h2 style=\"text-align: center\">1970-talet<\/h2>\n<p>Omorganisationen med de olika specialf\u00f6rbunden debatterades flitigt och m\u00e5nga menade p\u00e5 att indelningen med olika f\u00f6rbund inte fungerade.<\/p>\n<p>Diskussionerna var heta och i slutet p\u00e5 70-talet beslutade man d\u00e4rf\u00f6r att upph\u00f6ra med de olika specialf\u00f6rbunden som tidigare hade skapats.<\/p>\n<p>F\u00f6rbunden formades ist\u00e4llet till sj\u00e4lvst\u00e4ndiga organisationer.[\/vc_column_text][\/vc_column][vc_column width=&#8221;1\/3&#8243;][vc_tta_pageable no_fill_content_area=&#8221;1&#8243; active_section=&#8221;1&#8243; pagination_color=&#8221;green&#8221;][vc_tta_section title=&#8221;Sektion. 1&#8243; tab_id=&#8221;1674303533513-7a207b85-73e6&#8243;][vc_single_image image=&#8221;2672&#8243; img_size=&#8221;600&#215;600&#8243; alignment=&#8221;center&#8221; style=&#8221;vc_box_rounded&#8221;][\/vc_tta_section][vc_tta_section title=&#8221;Sektion. 1&#8243; tab_id=&#8221;1677589164156-5f2977fa-5d0f&#8221;][vc_single_image image=&#8221;2703&#8243; img_size=&#8221;600&#215;600&#8243; alignment=&#8221;center&#8221; style=&#8221;vc_box_rounded&#8221;][\/vc_tta_section][vc_tta_section title=&#8221;Sektion. 1&#8243; tab_id=&#8221;1677589257865-25830d89-3e98&#8243;][vc_single_image image=&#8221;2704&#8243; img_size=&#8221;600&#215;600&#8243; alignment=&#8221;center&#8221; style=&#8221;vc_box_rounded&#8221;][\/vc_tta_section][vc_tta_section title=&#8221;Sektion. 1&#8243; tab_id=&#8221;1674303851017-0b3a1e63-3067&#8243;][vc_single_image image=&#8221;2123&#8243; img_size=&#8221;600&#215;600&#8243; alignment=&#8221;center&#8221; style=&#8221;vc_box_rounded&#8221;][\/vc_tta_section][\/vc_tta_pageable][vc_column_text]<\/p>\n<h2 style=\"text-align: center\">1980-talet<\/h2>\n<p>Nya stadgar f\u00f6r Riksf\u00f6rbundet Sveriges 4H antogs \u00e5r 1980.<\/p>\n<hr \/>\n<p>I Halland b\u00f6rjar vi arrangera lantlivsl\u00e4ger, d\u00e4r barn och unga tr\u00e4ffas en vecka f\u00f6r att ha kul. Temat p\u00e5 dessa l\u00e4ger \u00e4r som namnet lyder, lantliv. Dessa l\u00e4ger \u00e4r \u00e4n idag oerh\u00f6rt popul\u00e4ra.<\/p>\n<hr \/>\n<p>1981 arrangeras Sveriges 4Hs riksl\u00e4ger f\u00f6r andra g\u00e5ngen i Halland. D\u00e4refter arrangeras det var tionde \u00e5r i Halland.[\/vc_column_text][\/vc_column][vc_column width=&#8221;1\/3&#8243;][vc_tta_pageable no_fill_content_area=&#8221;1&#8243; active_section=&#8221;1&#8243; pagination_color=&#8221;green&#8221;][vc_tta_section title=&#8221;Sektion. 1&#8243; tab_id=&#8221;1674303559665-b96efa03-d143&#8243;][vc_single_image image=&#8221;2701&#8243; img_size=&#8221;600&#215;600&#8243; alignment=&#8221;center&#8221; style=&#8221;vc_box_rounded&#8221;][\/vc_tta_section][vc_tta_section title=&#8221;Sektion. 1&#8243; tab_id=&#8221;1677589338837-0b0ef56b-8800&#8243;][vc_single_image image=&#8221;2705&#8243; img_size=&#8221;600&#215;600&#8243; alignment=&#8221;center&#8221; style=&#8221;vc_box_rounded&#8221;][\/vc_tta_section][vc_tta_section title=&#8221;Sektion. 1&#8243; tab_id=&#8221;1674304069854-732991f4-f44c&#8221;][vc_single_image image=&#8221;2674&#8243; img_size=&#8221;600&#215;600&#8243; alignment=&#8221;center&#8221; style=&#8221;vc_box_rounded&#8221;][\/vc_tta_section][vc_tta_section title=&#8221;Sektion. 1&#8243; tab_id=&#8221;1677589100151-edb15869-db15&#8243;][vc_single_image image=&#8221;2675&#8243; img_size=&#8221;600&#215;600&#8243; alignment=&#8221;center&#8221; style=&#8221;vc_box_rounded&#8221;][\/vc_tta_section][vc_tta_section title=&#8221;Sektion. 1&#8243; tab_id=&#8221;1677589149200-755f485f-21a4&#8243;][vc_single_image image=&#8221;2702&#8243; img_size=&#8221;600&#215;600&#8243; alignment=&#8221;center&#8221; style=&#8221;vc_box_rounded&#8221;][\/vc_tta_section][\/vc_tta_pageable][vc_column_text]<\/p>\n<h2 style=\"text-align: center\">1990-talet<\/h2>\n<p>1991 arrangeras Sveriges 4Hs riksl\u00e4ger i S\u00e4rdal, Halland.[\/vc_column_text][\/vc_column][\/vc_row][vc_row][vc_column width=&#8221;1\/3&#8243;][vc_tta_pageable no_fill_content_area=&#8221;1&#8243; active_section=&#8221;1&#8243; pagination_color=&#8221;green&#8221;][vc_tta_section title=&#8221;Sektion. 1&#8243; tab_id=&#8221;1674303144289-3ba91846-526f&#8221;][vc_single_image image=&#8221;2497&#8243; img_size=&#8221;600&#215;600&#8243; alignment=&#8221;center&#8221; style=&#8221;vc_box_rounded&#8221;][\/vc_tta_section][vc_tta_section title=&#8221;Sektion. 1&#8243; tab_id=&#8221;1674303892680-47b1d2a6-0238&#8243;][vc_single_image image=&#8221;2673&#8243; img_size=&#8221;600&#215;600&#8243; alignment=&#8221;center&#8221; style=&#8221;vc_box_rounded&#8221;][\/vc_tta_section][\/vc_tta_pageable][vc_column_text]<\/p>\n<h2 style=\"text-align: center\">2000-talet<\/h2>\n<p>Hallands 4H sedan 80-talet bedrivit l\u00e4gerverksamhet i Varbergs kommuns barnkoloni, idag kallad \u00c4stad 4H-g\u00e5rd. Innan dess hade kommunen sj\u00e4lva bedrivit kolloverksamhet, framf\u00f6rallt f\u00f6r barn med s\u00e4mre ekonomi.<\/p>\n<p>Mellan \u00e5r 2000-2005 renoveras g\u00e5rden och \u00e5r 2006 beslutar vi oss f\u00f6r att k\u00f6pa marken samt fastigheten.<\/p>\n<p>Sedan 1930-talet har s\u00e4kert tiotusentals barn och unga bes\u00f6kt g\u00e5rden f\u00f6r att delta p\u00e5 olika typer av l\u00e4ger samt kollon.<\/p>\n<hr \/>\n<p>Riksl\u00e4gret arrangeras 2001 i \u00d6str\u00f6\u00f6, Halland.<\/p>\n<hr \/>\n<p>2005 blir St\u00e4ttareds 4H-g\u00e5rd en del av Hallands 4Hs verksamhet.[\/vc_column_text][\/vc_column][vc_column width=&#8221;1\/3&#8243;][vc_tta_pageable no_fill_content_area=&#8221;1&#8243; active_section=&#8221;1&#8243; pagination_color=&#8221;green&#8221;][vc_tta_section title=&#8221;Sektion. 1&#8243; tab_id=&#8221;1674303435545-354a30a9-e2f3&#8243;][vc_single_image image=&#8221;2128&#8243; img_size=&#8221;600&#215;600&#8243; alignment=&#8221;center&#8221; style=&#8221;vc_box_rounded&#8221;][\/vc_tta_section][vc_tta_section title=&#8221;Sektion. 1&#8243; tab_id=&#8221;1674304213205-37df4502-baeb&#8221;][vc_single_image image=&#8221;1914&#8243; img_size=&#8221;600&#215;600&#8243; alignment=&#8221;center&#8221; style=&#8221;vc_box_rounded&#8221;][\/vc_tta_section][\/vc_tta_pageable][vc_column_text]<\/p>\n<h2 style=\"text-align: center\">2010-talet<\/h2>\n<p>\u00c5r 2018 firade vi hundra \u00e5r. Hundra \u00e5r av demokrati, ledarskap, internationella utbyten, l\u00e4ger och projekt som har utvecklat tiotusentals barn och unga. Vi har en l\u00e5ng historia bakom oss.<\/p>\n<hr \/>\n<p>2011 arrangeras riksl\u00e4gret i Valinge, Halland.<\/p>\n<p>&nbsp;[\/vc_column_text][\/vc_column][vc_column width=&#8221;1\/3&#8243;][vc_tta_pageable no_fill_content_area=&#8221;1&#8243; active_section=&#8221;1&#8243; pagination_color=&#8221;green&#8221;][vc_tta_section title=&#8221;Sektion. 1&#8243; tab_id=&#8221;1674303467226-8de74c53-bd53&#8243;][vc_single_image image=&#8221;1800&#8243; img_size=&#8221;600&#215;600&#8243; alignment=&#8221;center&#8221; style=&#8221;vc_box_rounded&#8221;][\/vc_tta_section][vc_tta_section title=&#8221;Sektion. 1&#8243; tab_id=&#8221;1674304283961-5e2f3993-012d&#8221;][vc_single_image image=&#8221;1861&#8243; img_size=&#8221;600&#215;600&#8243; alignment=&#8221;center&#8221; style=&#8221;vc_box_rounded&#8221;][\/vc_tta_section][\/vc_tta_pageable][vc_column_text]<\/p>\n<h2 style=\"text-align: center\">2020-talet<\/h2>\n<p>Arbetet inom dagens 4H bygger p\u00e5 id\u00e9erna \u201dAtt g\u00f6ra det b\u00e4sta b\u00e4ttre\u201d och \u201dF\u00f6r ungdomen \u2013 genom ungdomen\u201d. Genom att medlemmarna sj\u00e4lva f\u00e5r ta ansvar f\u00f6r sin klubb och verksamheten i denna kan de utvecklas till goda samh\u00e4llsmedborgare med ett demokratiskt ansvar.<\/p>\n<p>En 4H-klubb blir ett samh\u00e4lle i miniatyr, med vald styrelse, men d\u00e4r klubbm\u00f6tena ger alla lika m\u00f6jlighet att vara med om att best\u00e4mma. 4H skall \u2013 samtidigt som en god milj\u00f6 skapas \u2013 ge ungdomar aktivitetsm\u00f6jligheter, sp\u00e4nning och locka till \u00e4ventyr.<\/p>\n<p>Att redan nu f\u00f6rutsp\u00e5 vad som kommer att bli historia fr\u00e5n det h\u00e4r \u00e5rtiondet \u00e4r sv\u00e5rt. Kanske \u00e4r det du som genom ditt engagemang skapar historia h\u00e4r och nu?[\/vc_column_text][\/vc_column][\/vc_row][vc_row][vc_column][vc_separator][\/vc_column][\/vc_row][vc_row][vc_column][vc_column_text]<\/p>\n<h1 style=\"text-align: center\">Minnen och bilder fr\u00e5n f\u00f6rr<\/h1>\n<p>&nbsp;[\/vc_column_text][\/vc_column][\/vc_row][vc_row][vc_column width=&#8221;1\/2&#8243;][vc_single_image image=&#8221;721&#8243; img_size=&#8221;600&#215;400&#8243; alignment=&#8221;center&#8221; style=&#8221;vc_box_rounded&#8221;][\/vc_column][vc_column width=&#8221;1\/2&#8243;][vc_column_text]<\/p>\n<h4><strong>Riksl\u00e4ger i \u00d6sthammar 1967<\/strong><\/h4>\n<p>Bilden togs 1967 i \u00d6sthammar p\u00e5 Sveriges 4H\/Klubbodlarnas riksl\u00e4ger! P\u00e5 bilden ser vi tv\u00e5 fanb\u00e4rare fr\u00e5n Halland under invigningen. P\u00e5 hela l\u00e4gret deltog ca 800 deltagare fr\u00e5n hela Sverige!<\/p>\n<p>&#8221;1967 var jag med p\u00e5 riksl\u00e4gret i \u00d6sthammar. Fr\u00e5n Halland var det flest deltagare (150 stycken) och vi hade en fantastisk sammanh\u00e5llning och enormt roligt p\u00e5 detta l\u00e4ger.&#8221;\u00a0&#8211; Eivor Johansson[\/vc_column_text][\/vc_column][\/vc_row][vc_row][vc_column][vc_separator][\/vc_column][\/vc_row][vc_row][vc_column width=&#8221;1\/2&#8243;][vc_column_text]<\/p>\n<h4><strong>L\u00e4nsl\u00e4ger i b\u00f6rjan p\u00e5 2000-talet<\/strong><\/h4>\n<p>Bilden \u00e4r f\u00f6rmedlingen tagen under ett l\u00e4nsl\u00e4ger som har arrangerats i Hallands. Med st\u00f6rsta sannolikhet \u00e4r det Karl Gustavs 4H-klubbs l\u00e4geromr\u00e5de vi ser.[\/vc_column_text][vc_single_image image=&#8221;2504&#8243; img_size=&#8221;600&#215;400&#8243; alignment=&#8221;center&#8221; style=&#8221;vc_box_rounded&#8221;][\/vc_column][vc_column width=&#8221;1\/2&#8243;][vc_column_text]<\/p>\n<h4><strong>Pumpakarvning p\u00e5 \u00c4stad 4H-g\u00e5rd\u00a02003<\/strong><\/h4>\n<p>Den h\u00e4r bilden togs i b\u00f6rjan p\u00e5 2000-talet n\u00e4r Karl Gustavs 4H-klubb karvade pumpor p\u00e5 \u00c4stad 4H-g\u00e5rd, f\u00f6rmodligen under ett klubbl\u00e4ger.[\/vc_column_text][vc_single_image image=&#8221;2505&#8243; img_size=&#8221;600&#215;400&#8243; alignment=&#8221;center&#8221; style=&#8221;vc_box_rounded&#8221;][\/vc_column][\/vc_row][vc_row][vc_column][vc_separator][\/vc_column][\/vc_row][vc_row][vc_column width=&#8221;1\/4&#8243;][vc_column_text]<\/p>\n<h4><strong>Riksl\u00e4ger i Kalmar 1996<\/strong><\/h4>\n<p>De h\u00e4r bilderna kommer fr\u00e5n Sveriges 4Hs riksl\u00e4ger 1996 som arrangerades i Kalmar l\u00e4n. F\u00f6rmodligen \u00e4r det n\u00e5gon form av morgongymnastik som utf\u00f6rs d\u00e4r de som st\u00e5r p\u00e5 scenen visar hur resterande medlemmar ska g\u00f6ra f\u00f6r att starta dagen p\u00e5 b\u00e4sta m\u00f6jliga s\u00e4tt![\/vc_column_text][\/vc_column][vc_column width=&#8221;1\/2&#8243;][vc_single_image image=&#8221;2124&#8243; img_size=&#8221;800&#215;1200&#8243; alignment=&#8221;center&#8221; style=&#8221;vc_box_rounded&#8221;][\/vc_column][vc_column width=&#8221;1\/4&#8243;][vc_single_image image=&#8221;2125&#8243; img_size=&#8221;600&#215;400&#8243; alignment=&#8221;center&#8221; style=&#8221;vc_box_rounded&#8221;][\/vc_column][\/vc_row][vc_row][vc_column][vc_separator][\/vc_column][\/vc_row][vc_row][vc_column width=&#8221;1\/2&#8243;][vc_column_text]<\/p>\n<h4><strong>Sandslottst\u00e4vling p\u00e5 Riksl\u00e4gret 1991<\/strong><\/h4>\n<p>Under riksl\u00e4gret i S\u00e4rdal, Halland 1991 var en av t\u00e4vlingarna en sandslottst\u00e4vling.<\/p>\n<p><strong>Vinnare blev:<br \/>\n<\/strong>1a Stockholm<br \/>\n2a Kronoberg<br \/>\n3a IFYE[\/vc_column_text][vc_gallery type=&#8221;image_grid&#8221; images=&#8221;2136,2135,2134,2133&#8243; img_size=&#8221;250&#8243;][\/vc_column][vc_column width=&#8221;1\/2&#8243;][vc_column_text]<\/p>\n<h4><strong>Lantlivsl\u00e4ger p\u00e5 \u00c4stad 1994<\/strong><\/h4>\n<p>L\u00e4ger \u00e4r en stor del inom Hallands 4H och h\u00e4r ser vi en bild p\u00e5 n\u00e5gra deltagare som under en natt har sovit under bar himmel.[\/vc_column_text][vc_single_image image=&#8221;2126&#8243; img_size=&#8221;600&#215;400&#8243; alignment=&#8221;center&#8221; style=&#8221;vc_box_rounded&#8221;][\/vc_column][\/vc_row][vc_row][vc_column][vc_single_image image=&#8221;2174&#8243; img_size=&#8221;2000&#215;250&#8243; alignment=&#8221;center&#8221; style=&#8221;vc_box_rounded&#8221;][\/vc_column][\/vc_row][vc_row][vc_column width=&#8221;1\/4&#8243;][\/vc_column][vc_column width=&#8221;1\/2&#8243;][vc_column_text]<div class=\"frm_forms  with_frm_style frm_style_formidable-style\" id=\"frm_form_78_container\" >\n<form enctype=\"multipart\/form-data\" method=\"post\" class=\"frm-show-form \" id=\"form_lbhrl\" >\n<div class=\"frm_form_fields \">\n<fieldset>\n<legend class=\"frm_hidden\">Utveckla v\u00e5r hemsida! <\/legend>\r\n<h3 class=\"frm_form_title\">Utveckla v\u00e5r hemsida! <\/h3>\r\n<div class=\"frm_fields_container\">\n<input type=\"hidden\" name=\"frm_action\" value=\"create\" \/>\n<input type=\"hidden\" name=\"form_id\" value=\"78\" \/>\n<input type=\"hidden\" name=\"frm_hide_fields_78\" id=\"frm_hide_fields_78\" value=\"\" \/>\n<input type=\"hidden\" name=\"form_key\" value=\"lbhrl\" \/>\n<input type=\"hidden\" name=\"item_meta[0]\" value=\"\" \/>\n<input type=\"hidden\" id=\"frm_submit_entry_78\" name=\"frm_submit_entry_78\" value=\"87a5a9d122\" \/><input type=\"hidden\" name=\"_wp_http_referer\" value=\"\/halland\/wp-json\/wp\/v2\/pages\/400\" \/><div id=\"frm_field_709_container\" class=\"frm_form_field form-field  frm_top_container vertical_radio\">\r\n    <label class=\"frm_primary_label\">Vad tycker du om denna sidan?\r\n        <span class=\"frm_required\"><\/span>\r\n    <\/label>\r\n    <div class=\"frm_opt_container\">\t\t<div class=\"frm_radio\" id=\"frm_radio_709-0\">\t\t\t<label  for=\"field_vltn6-0\">\n\t\t\t\t\t<input type=\"radio\" name=\"item_meta[709]\" id=\"field_vltn6-0\" value=\"Superbra!\"\n\t\t data-invmsg=\"Vad tycker du om denna sidan? \u00e4r ogiltigt\"   \/> Superbra!<\/label><\/div>\n\t\t<div class=\"frm_radio\" id=\"frm_radio_709-1\">\t\t\t<label  for=\"field_vltn6-1\">\n\t\t\t\t\t<input type=\"radio\" name=\"item_meta[709]\" id=\"field_vltn6-1\" value=\"Bra!\"\n\t\t data-invmsg=\"Vad tycker du om denna sidan? \u00e4r ogiltigt\"   \/> Bra!<\/label><\/div>\n\t\t<div class=\"frm_radio\" id=\"frm_radio_709-2\">\t\t\t<label  for=\"field_vltn6-2\">\n\t\t\t\t\t<input type=\"radio\" name=\"item_meta[709]\" id=\"field_vltn6-2\" value=\"Varken bra eller d\u00e5lig.\"\n\t\t data-invmsg=\"Vad tycker du om denna sidan? \u00e4r ogiltigt\"   \/> Varken bra eller d\u00e5lig.<\/label><\/div>\n\t\t<div class=\"frm_radio\" id=\"frm_radio_709-3\">\t\t\t<label  for=\"field_vltn6-3\">\n\t\t\t\t\t<input type=\"radio\" name=\"item_meta[709]\" id=\"field_vltn6-3\" value=\"D\u00e5lig!\"\n\t\t data-invmsg=\"Vad tycker du om denna sidan? \u00e4r ogiltigt\"   \/> D\u00e5lig!<\/label><\/div>\n\t\t<div class=\"frm_radio\" id=\"frm_radio_709-4\">\t\t\t<label  for=\"field_vltn6-4\">\n\t\t\t\t\t<input type=\"radio\" name=\"item_meta[709]\" id=\"field_vltn6-4\" value=\"Superd\u00e5lig!\"\n\t\t data-invmsg=\"Vad tycker du om denna sidan? \u00e4r ogiltigt\"   \/> Superd\u00e5lig!<\/label><\/div>\n<\/div>\r\n    \r\n    \r\n<\/div>\n<div id=\"frm_field_711_container\" class=\"frm_form_field form-field  frm_top_container\">\r\n    <label for=\"field_8xc4b\" class=\"frm_primary_label\">Vad kan bli b\u00e4ttre p\u00e5 denna sidan?\r\n        <span class=\"frm_required\"><\/span>\r\n    <\/label>\r\n    <textarea name=\"item_meta[711]\" id=\"field_8xc4b\" rows=\"5\"  data-invmsg=\"Vad kan bli b\u00e4ttre p\u00e5 denna sidan? \u00e4r ogiltigt\" aria-invalid=\"false\"  ><\/textarea>\r\n    \r\n    \r\n<\/div>\n<div id=\"frm_field_743_container\" class=\"frm_form_field form-field  frm_top_container\">\r\n    <label for=\"field_7ty40\" class=\"frm_primary_label\">Vilken information letar du efter just nu p\u00e5 hemsidan?\r\n        <span class=\"frm_required\"><\/span>\r\n    <\/label>\r\n    <input type=\"text\" id=\"field_7ty40\" name=\"item_meta[743]\" value=\"\"  data-invmsg=\"Vilken information letar du efter just nu p\u00e5 hemsidan? \u00e4r ogiltigt\" aria-invalid=\"false\"  \/>\r\n    \r\n    \r\n<\/div>\n<div id=\"frm_field_712_container\" class=\"frm_form_field form-field  frm_required_field frm_top_container vertical_radio\">\r\n    <label class=\"frm_primary_label\">Jag \u00e4r inte en robot\r\n        <span class=\"frm_required\">*<\/span>\r\n    <\/label>\r\n    <div class=\"frm_opt_container\">\t\t<div class=\"frm_checkbox\" id=\"frm_checkbox_712-0\">\t\t\t<label  for=\"field_unh5q-0\">\n\t\t\t<input type=\"checkbox\" name=\"item_meta[712][]\" id=\"field_unh5q-0\" value=\"Jag \u00e4r en livslevande person\"  data-reqmsg=\"Detta f\u00e4lt kan inte vara tomt.\" data-invmsg=\"Jag \u00e4r inte en robot \u00e4r ogiltigt\"   aria-required=\"true\"  \/> Jag \u00e4r en livslevande person<\/label><\/div>\n<\/div>\r\n    \r\n    \r\n<\/div>\n<div id=\"frm_field_827_container\" class=\"frm_form_field form-field  frm_none_container\">\r\n\t\r\n\t\r\n<\/div>\n<div id=\"frm_field_826_container\" class=\"frm_form_field form-field \">\r\n\t<div class=\"frm_submit\">\r\n\r\n<button class=\"frm_button_submit\" type=\"submit\" >Skicka<\/button>\r\n\r\n<\/div>\r\n<\/div>\n\t<input type=\"hidden\" name=\"item_key\" value=\"\" \/>\n\t\t\t<div id=\"frm_field_946_container\">\n\t\t\t<label for=\"field_1sl05\" >\n\t\t\t\tOm du \u00e4r m\u00e4nsklig, l\u00e4mna det h\u00e4r f\u00e4ltet tomt.\t\t\t<\/label>\n\t\t\t<input  id=\"field_1sl05\" type=\"text\" class=\"frm_form_field form-field frm_verify\" name=\"item_meta[946]\" value=\"\"  \/>\n\t\t<\/div>\n\t\t<input name=\"frm_state\" type=\"hidden\" value=\"1p9\/G6d4WQueJYjPsLVvrXfeaF5TVtVZlse42p\/fz4s=\" \/><\/div>\n<\/fieldset>\n<\/div>\n\n<\/form>\n<\/div>\n<p>&nbsp;<\/p>\n<p><a href=\"https:\/\/www.4h.se\/halland\/wp-content\/uploads\/sites\/69\/2015\/01\/L\u00e4ra-genom-att-g\u00f6ra.png\"><img loading=\"lazy\" decoding=\"async\" class=\"aligncenter size-full wp-image-2017\" src=\"https:\/\/www.4h.se\/halland\/wp-content\/uploads\/sites\/69\/2015\/01\/L\u00e4ra-genom-att-g\u00f6ra.png\" alt=\"L\u00e4ra genom att g\u00f6ra\" width=\"1213\" height=\"165\" srcset=\"https:\/\/www.4h.se\/halland\/wp-content\/uploads\/sites\/69\/2015\/01\/L\u00e4ra-genom-att-g\u00f6ra.png 1213w, https:\/\/www.4h.se\/halland\/wp-content\/uploads\/sites\/69\/2015\/01\/L\u00e4ra-genom-att-g\u00f6ra-170x23.png 170w, https:\/\/www.4h.se\/halland\/wp-content\/uploads\/sites\/69\/2015\/01\/L\u00e4ra-genom-att-g\u00f6ra-470x64.png 470w, https:\/\/www.4h.se\/halland\/wp-content\/uploads\/sites\/69\/2015\/01\/L\u00e4ra-genom-att-g\u00f6ra-970x132.png 970w\" sizes=\"auto, (max-width: 1213px) 100vw, 1213px\" \/><\/a>[\/vc_column_text][\/vc_column][vc_column width=&#8221;1\/4&#8243;][\/vc_column][\/vc_row]<\/p>\n<\/div>","protected":false},"excerpt":{"rendered":"<p>[vc_row][vc_column][vc_single_image image=&#8221;2217&#8243; img_size=&#8221;2000&#215;500&#8243; alignment=&#8221;center&#8221; style=&#8221;vc_box_rounded&#8221;][\/vc_column][\/vc_row][vc_row][vc_column width=&#8221;1\/3&#8243;][vc_tta_pageable no_fill_content_area=&#8221;1&#8243; active_section=&#8221;1&#8243; pagination_color=&#8221;green&#8221;][vc_tta_section title=&#8221;Sektion. 1&#8243; tab_id=&#8221;1674303636105-879e0f05-bb58&#8243;][vc_single_image image=&#8221;721&#8243; img_size=&#8221;600&#215;600&#8243; alignment=&#8221;center&#8221; style=&#8221;vc_box_rounded&#8221;][\/vc_tta_section][\/vc_tta_pageable][vc_column_text] 100 \u00e5r av historia Vi \u00e4r en v\u00e4ldigt gammal, men modern organisation med r\u00f6tter fr\u00e5n USA. Sedan b\u00f6rjan p\u00e5 1900-talet har vi inom 4H bedrivit verksamhet f\u00f6r medlemmar runt om i v\u00e4rlden. Vi \u00e4r en medlemsstyrd organisation d\u00e4r medlemmarna&nbsp; <a href=\"https:\/\/www.4h.se\/halland\/historia\/\">&hellip; Read more <i class=\"glyphicon glyphicon-arrow-right\"><\/i><\/a><\/p>\n","protected":false},"author":67,"featured_media":0,"parent":0,"menu_order":113,"comment_status":"closed","ping_status":"closed","template":"","meta":{"_acf_changed":false,"footnotes":""},"class_list":["post-400","page","type-page","status-publish","hentry"],"acf":[],"yoast_head":"<!-- This site is optimized with the Yoast SEO plugin v28.4 - https:\/\/yoast.com\/product\/yoast-seo-wordpress\/ -->\n<title>Historia - 4H i Halland<\/title>\n<meta name=\"robots\" content=\"index, follow, max-snippet:-1, max-image-preview:large, max-video-preview:-1\" \/>\n<link rel=\"canonical\" href=\"https:\/\/www.4h.se\/halland\/historia\/\" \/>\n<meta property=\"og:locale\" content=\"sv_SE\" \/>\n<meta property=\"og:type\" content=\"article\" \/>\n<meta property=\"og:title\" content=\"Historia - 4H i Halland\" \/>\n<meta property=\"og:description\" content=\"[vc_row][vc_column][vc_single_image image=&#8221;2217&#8243; img_size=&#8221;2000&#215;500&#8243; alignment=&#8221;center&#8221; style=&#8221;vc_box_rounded&#8221;][\/vc_column][\/vc_row][vc_row][vc_column width=&#8221;1\/3&#8243;][vc_tta_pageable no_fill_content_area=&#8221;1&#8243; active_section=&#8221;1&#8243; pagination_color=&#8221;green&#8221;][vc_tta_section title=&#8221;Sektion. 1&#8243; tab_id=&#8221;1674303636105-879e0f05-bb58&#8243;][vc_single_image image=&#8221;721&#8243; img_size=&#8221;600&#215;600&#8243; alignment=&#8221;center&#8221; style=&#8221;vc_box_rounded&#8221;][\/vc_tta_section][\/vc_tta_pageable][vc_column_text] 100 \u00e5r av historia Vi \u00e4r en v\u00e4ldigt gammal, men modern organisation med r\u00f6tter fr\u00e5n USA. Sedan b\u00f6rjan p\u00e5 1900-talet har vi inom 4H bedrivit verksamhet f\u00f6r medlemmar runt om i v\u00e4rlden. Vi \u00e4r en medlemsstyrd organisation d\u00e4r medlemmarna&nbsp; &hellip; Read more\" \/>\n<meta property=\"og:url\" content=\"https:\/\/www.4h.se\/halland\/historia\/\" \/>\n<meta property=\"og:site_name\" content=\"4H i Halland\" \/>\n<meta property=\"article:publisher\" content=\"https:\/\/www.facebook.com\/hallands4h\/\" \/>\n<meta property=\"article:modified_time\" content=\"2025-10-23T11:35:34+00:00\" \/>\n<meta name=\"twitter:card\" content=\"summary_large_image\" \/>\n<meta name=\"twitter:site\" content=\"@Hallands4H\" \/>\n<meta name=\"twitter:label1\" content=\"Ber\u00e4knad l\u00e4stid\" \/>\n\t<meta name=\"twitter:data1\" content=\"15 minuter\" \/>\n<script type=\"application\/ld+json\" class=\"yoast-schema-graph\">{\"@context\":\"https:\\\/\\\/schema.org\",\"@graph\":[{\"@type\":\"WebPage\",\"@id\":\"https:\\\/\\\/www.4h.se\\\/halland\\\/historia\\\/\",\"url\":\"https:\\\/\\\/www.4h.se\\\/halland\\\/historia\\\/\",\"name\":\"Historia - 4H i Halland\",\"isPartOf\":{\"@id\":\"https:\\\/\\\/www.4h.se\\\/halland\\\/#website\"},\"datePublished\":\"2016-10-18T09:21:05+00:00\",\"dateModified\":\"2025-10-23T11:35:34+00:00\",\"breadcrumb\":{\"@id\":\"https:\\\/\\\/www.4h.se\\\/halland\\\/historia\\\/#breadcrumb\"},\"inLanguage\":\"sv-SE\",\"potentialAction\":[{\"@type\":\"ReadAction\",\"target\":[\"https:\\\/\\\/www.4h.se\\\/halland\\\/historia\\\/\"]}]},{\"@type\":\"BreadcrumbList\",\"@id\":\"https:\\\/\\\/www.4h.se\\\/halland\\\/historia\\\/#breadcrumb\",\"itemListElement\":[{\"@type\":\"ListItem\",\"position\":1,\"name\":\"Hem\",\"item\":\"https:\\\/\\\/www.4h.se\\\/halland\\\/\"},{\"@type\":\"ListItem\",\"position\":2,\"name\":\"Historia\"}]},{\"@type\":\"WebSite\",\"@id\":\"https:\\\/\\\/www.4h.se\\\/halland\\\/#website\",\"url\":\"https:\\\/\\\/www.4h.se\\\/halland\\\/\",\"name\":\"4H i Halland\",\"description\":\"Av unga f\u00f6r unga\",\"potentialAction\":[{\"@type\":\"SearchAction\",\"target\":{\"@type\":\"EntryPoint\",\"urlTemplate\":\"https:\\\/\\\/www.4h.se\\\/halland\\\/?s={search_term_string}\"},\"query-input\":{\"@type\":\"PropertyValueSpecification\",\"valueRequired\":true,\"valueName\":\"search_term_string\"}}],\"inLanguage\":\"sv-SE\"}]}<\/script>\n<!-- \/ Yoast SEO plugin. -->","yoast_head_json":{"title":"Historia - 4H i Halland","robots":{"index":"index","follow":"follow","max-snippet":"max-snippet:-1","max-image-preview":"max-image-preview:large","max-video-preview":"max-video-preview:-1"},"canonical":"https:\/\/www.4h.se\/halland\/historia\/","og_locale":"sv_SE","og_type":"article","og_title":"Historia - 4H i Halland","og_description":"[vc_row][vc_column][vc_single_image image=&#8221;2217&#8243; img_size=&#8221;2000&#215;500&#8243; alignment=&#8221;center&#8221; style=&#8221;vc_box_rounded&#8221;][\/vc_column][\/vc_row][vc_row][vc_column width=&#8221;1\/3&#8243;][vc_tta_pageable no_fill_content_area=&#8221;1&#8243; active_section=&#8221;1&#8243; pagination_color=&#8221;green&#8221;][vc_tta_section title=&#8221;Sektion. 1&#8243; tab_id=&#8221;1674303636105-879e0f05-bb58&#8243;][vc_single_image image=&#8221;721&#8243; img_size=&#8221;600&#215;600&#8243; alignment=&#8221;center&#8221; style=&#8221;vc_box_rounded&#8221;][\/vc_tta_section][\/vc_tta_pageable][vc_column_text] 100 \u00e5r av historia Vi \u00e4r en v\u00e4ldigt gammal, men modern organisation med r\u00f6tter fr\u00e5n USA. Sedan b\u00f6rjan p\u00e5 1900-talet har vi inom 4H bedrivit verksamhet f\u00f6r medlemmar runt om i v\u00e4rlden. Vi \u00e4r en medlemsstyrd organisation d\u00e4r medlemmarna&nbsp; &hellip; Read more","og_url":"https:\/\/www.4h.se\/halland\/historia\/","og_site_name":"4H i Halland","article_publisher":"https:\/\/www.facebook.com\/hallands4h\/","article_modified_time":"2025-10-23T11:35:34+00:00","twitter_card":"summary_large_image","twitter_site":"@Hallands4H","twitter_misc":{"Ber\u00e4knad l\u00e4stid":"15 minuter"},"schema":{"@context":"https:\/\/schema.org","@graph":[{"@type":"WebPage","@id":"https:\/\/www.4h.se\/halland\/historia\/","url":"https:\/\/www.4h.se\/halland\/historia\/","name":"Historia - 4H i Halland","isPartOf":{"@id":"https:\/\/www.4h.se\/halland\/#website"},"datePublished":"2016-10-18T09:21:05+00:00","dateModified":"2025-10-23T11:35:34+00:00","breadcrumb":{"@id":"https:\/\/www.4h.se\/halland\/historia\/#breadcrumb"},"inLanguage":"sv-SE","potentialAction":[{"@type":"ReadAction","target":["https:\/\/www.4h.se\/halland\/historia\/"]}]},{"@type":"BreadcrumbList","@id":"https:\/\/www.4h.se\/halland\/historia\/#breadcrumb","itemListElement":[{"@type":"ListItem","position":1,"name":"Hem","item":"https:\/\/www.4h.se\/halland\/"},{"@type":"ListItem","position":2,"name":"Historia"}]},{"@type":"WebSite","@id":"https:\/\/www.4h.se\/halland\/#website","url":"https:\/\/www.4h.se\/halland\/","name":"4H i Halland","description":"Av unga f\u00f6r unga","potentialAction":[{"@type":"SearchAction","target":{"@type":"EntryPoint","urlTemplate":"https:\/\/www.4h.se\/halland\/?s={search_term_string}"},"query-input":{"@type":"PropertyValueSpecification","valueRequired":true,"valueName":"search_term_string"}}],"inLanguage":"sv-SE"}]}},"_links":{"self":[{"href":"https:\/\/www.4h.se\/halland\/wp-json\/wp\/v2\/pages\/400","targetHints":{"allow":["GET"]}}],"collection":[{"href":"https:\/\/www.4h.se\/halland\/wp-json\/wp\/v2\/pages"}],"about":[{"href":"https:\/\/www.4h.se\/halland\/wp-json\/wp\/v2\/types\/page"}],"author":[{"embeddable":true,"href":"https:\/\/www.4h.se\/halland\/wp-json\/wp\/v2\/users\/67"}],"replies":[{"embeddable":true,"href":"https:\/\/www.4h.se\/halland\/wp-json\/wp\/v2\/comments?post=400"}],"version-history":[{"count":0,"href":"https:\/\/www.4h.se\/halland\/wp-json\/wp\/v2\/pages\/400\/revisions"}],"wp:attachment":[{"href":"https:\/\/www.4h.se\/halland\/wp-json\/wp\/v2\/media?parent=400"}],"curies":[{"name":"wp","href":"https:\/\/api.w.org\/{rel}","templated":true}]}}