



{"id":2463,"date":"2022-01-29T15:34:41","date_gmt":"2022-01-29T14:34:41","guid":{"rendered":"https:\/\/www.4h.se\/halland\/?page_id=2463"},"modified":"2025-10-23T13:35:35","modified_gmt":"2025-10-23T11:35:35","slug":"faq","status":"publish","type":"page","link":"https:\/\/www.4h.se\/halland\/faq\/","title":{"rendered":"Vanliga fr\u00e5gor"},"content":{"rendered":"<div class=\"wpb-content-wrapper\"><p>[vc_row][vc_column][vc_single_image image=&#8221;2241&#8243; img_size=&#8221;2000&#215;500&#8243; alignment=&#8221;center&#8221; style=&#8221;vc_box_rounded&#8221;][\/vc_column][\/vc_row][vc_row][vc_column width=&#8221;1\/2&#8243;][vc_column_text]<\/p>\n<h1>Vanliga fr\u00e5gor<\/h1>\n<p>P\u00e5 den h\u00e4r sidan har vi samlat n\u00e5gra av de vanligaste fr\u00e5gorna vi brukar f\u00e5. Det \u00e4r m\u00e5nga som h\u00f6r av sig till oss med fr\u00e5gor, s\u00e5 kika g\u00e4rna h\u00e4r p\u00e5 v\u00e5r sida innan du kontaktar oss. Hittar du inte svaret d\u00e4r \u00e4r du varmt v\u00e4lkommen att h\u00f6ra av dig till oss s\u00e5 svarar vi inom kort![\/vc_column_text][vc_message message_box_color=&#8221;violet&#8221; icon_type=&#8221;linecons&#8221; icon_linecons=&#8221;vc_li vc_li-heart&#8221;]Vi \u00e4r glada att du vill kontakta oss! Innan du kontaktar oss f\u00e5r du g\u00e4rna kika igenom svaren p\u00e5 v\u00e5ra vanligaste fr\u00e5gor. Hittar du inte svaret p\u00e5 din fr\u00e5gor \u00e4r du varmt v\u00e4lkommen att kontakta oss![\/vc_message][vc_btn title=&#8221;Kontakta oss!&#8221; style=&#8221;3d&#8221; color=&#8221;success&#8221; size=&#8221;lg&#8221; align=&#8221;center&#8221; button_block=&#8221;true&#8221; link=&#8221;url:https%3A%2F%2Fwww.4h.se%2Fhalland%2Fkontakta-oss%2F|title:Kontakta%20oss|&#8221;][\/vc_column][vc_column width=&#8221;1\/2&#8243;][vc_single_image image=&#8221;1994&#8243; img_size=&#8221;600&#215;400&#8243; alignment=&#8221;center&#8221; style=&#8221;vc_box_rounded&#8221;][\/vc_column][\/vc_row][vc_row][vc_column][vc_separator][\/vc_column][\/vc_row][vc_row][vc_column width=&#8221;1\/2&#8243;][vc_single_image image=&#8221;1804&#8243; img_size=&#8221;600&#215;200&#8243; alignment=&#8221;center&#8221; style=&#8221;vc_box_rounded&#8221;][vc_column_text]<\/p>\n<h2>Fr\u00e5gor om v\u00e5ra l\u00e4ger<\/h2>\n<p>[\/vc_column_text][vc_column_text]<\/p>\n<h4><strong>G\u00e4llande anm\u00e4lan<\/strong><\/h4>\n<p>[\/vc_column_text][vc_toggle title=&#8221;Har strulat till bokningen, kan du se om mina barn \u00e4r anm\u00e4lda?&#8221; style=&#8221;rounded&#8221; color=&#8221;green&#8221; size=&#8221;lg&#8221; el_id=&#8221;1671464425502-3c59eed2-5f6e&#8221;]Ifall ni har f\u00e5tt en faktura p\u00e5 er mail s\u00e5 \u00e4r deltagaren anm\u00e4ld. Har ni inte f\u00e5tt n\u00e5gon faktura och fundersamma hj\u00e4lper vi er sj\u00e4lvklart att kolla! Skicka g\u00e4rna ett mail till oss via Halland@4H.se s\u00e5 kikar vi.[\/vc_toggle][vc_toggle title=&#8221;Har f\u00e5tt tv\u00e5 fakturor f\u00f6r l\u00e4gret, st\u00e4mmer detta?&#8221; style=&#8221;rounded&#8221; color=&#8221;green&#8221; size=&#8221;lg&#8221; el_id=&#8221;1671465609817-73bc0056-e2ba&#8221;]Ja, det st\u00e4mmer! F\u00f6r att delta p\u00e5 v\u00e5ra l\u00e4ger beh\u00f6ver man vara medlem i 4H vilket deltagaren har blivit i samband med anm\u00e4lan. Den ena fakturan g\u00e4ller l\u00e4gret och den andra fakturan g\u00e4ller medlemsavgiften. Notera att det kan var tv\u00e5 olika bankgironummer p\u00e5 dem.[\/vc_toggle][vc_toggle title=&#8221;Mitt barn st\u00e5r i k\u00f6 till ett annat l\u00e4ger som hon hellre vill g\u00e5 p\u00e5, kan man avanm\u00e4la sig om man ska g\u00f6ra n\u00e5got annat?&#8221; style=&#8221;rounded&#8221; color=&#8221;green&#8221; size=&#8221;lg&#8221; el_id=&#8221;1671464159930-0cbaccd6-24eb&#8221;][\/vc_toggle][vc_toggle title=&#8221;Jag f\u00f6rs\u00f6kte anm\u00e4la mitt barn men nu gick det inte.&#8221; style=&#8221;rounded&#8221; color=&#8221;green&#8221; size=&#8221;lg&#8221; el_id=&#8221;1671464222973-c147d983-98f7&#8243;]M\u00e4rkligt! F\u00f6rs\u00f6k g\u00e4rna om en liten stund igen. Kr\u00e5nglar det igen f\u00e5r du g\u00e4rna h\u00f6ra av dig till oss s\u00e5 ser vi vad det \u00e4r som kr\u00e5nglar.[\/vc_toggle][vc_toggle title=&#8221;Vill byta l\u00e4gervecka, hur g\u00f6r jag?&#8221; style=&#8221;rounded&#8221; color=&#8221;green&#8221; size=&#8221;lg&#8221; el_id=&#8221;1643467099491-2b2cc5a4-b8f1&#8243;]Om du vill byta l\u00e4gervecka \u00e4r det\u00a0l\u00e4ttast att f\u00f6rsta anm\u00e4la deltagaren\u00a0till den l\u00e4gerveckan ni \u00f6nskar att\u00a0byta till. N\u00e4r det \u00e4r gjort\u00a0kontaktar skickar ni ett mail till oss p\u00e5 Halland@4H.se s\u00e5 avanm\u00e4ler vi er fr\u00e5n den tidigare l\u00e4gerveckan.<\/p>\n<p>Notera att platserna f\u00f6r vissa l\u00e4gerveckor snabbt fylls, s\u00e5 vi kan inte garantera att det g\u00e5r att byta fr\u00e5n en l\u00e4gervecka till en annan ifall den ni vill byta till redan \u00e4r full.[\/vc_toggle][vc_toggle title=&#8221;Vilka avbokningsregler g\u00e4ller, jag har letat p\u00e5 hemsidan men hittar inte?&#8221; style=&#8221;rounded&#8221; color=&#8221;green&#8221; size=&#8221;lg&#8221; el_id=&#8221;1671464223983-77a74d5d-84fa&#8221;]Vi har samlat v\u00e5ra avbokningsregler f\u00f6r v\u00e5ra l\u00e4ger ganska l\u00e5ngt ned p\u00e5 f\u00f6ljande sida, strax under delen om Majblomman.<\/p>\n<p><a href=\"https:\/\/www.4h.se\/halland\/lager\/\">https:\/\/www.4h.se\/halland\/lager\/<\/a>[\/vc_toggle][vc_toggle title=&#8221;Vi har gjort flera f\u00f6rs\u00f6k att anm\u00e4la v\u00e5rt ena barn till ett l\u00e4ger. Hans tvillingsyster lyckades vi anm\u00e4la men sen h\u00e4ngde sig systemet. Kan ni hj\u00e4lpa oss med detta?&#8221; style=&#8221;rounded&#8221; color=&#8221;green&#8221; size=&#8221;lg&#8221; el_id=&#8221;1671464291673-3f57e07f-7136&#8243;]Absolut! H\u00f6r g\u00e4rna av dig till oss via mail p\u00e5 Halland@4H.se s\u00e5 hj\u00e4lper vi dig![\/vc_toggle][vc_column_text]<\/p>\n<h4><strong>G\u00e4llande praktiska delar p\u00e5 l\u00e4gret<\/strong><\/h4>\n<p>[\/vc_column_text][vc_toggle title=&#8221;Hur t\u00e4nker ni kring heml\u00e4ngtan?&#8221; style=&#8221;rounded&#8221; color=&#8221;green&#8221; size=&#8221;lg&#8221; el_id=&#8221;1643467098418-8e792b05-f14b&#8221;]Heml\u00e4ngtan \u00e4r inget ovanligt. Under varje l\u00e4gervecka \u00e4r det alltid n\u00e5gon som l\u00e4ngtar hem n\u00e4r natten v\u00e4l kommer. V\u00e5ra ledare har flera knep att ta till f\u00f6r att f\u00e5 deltagarna att v\u00e5ga stanna kvar \u00f6ver natten, vilka n\u00e4stan alltid funkar!<\/p>\n<p>\u00c4r det s\u00e5 att knepen inte r\u00e4cker till kan f\u00f6r\u00e4ldrarna beh\u00f6va kontaktas, vilket ibland kan f\u00e5 motsatt effekt d\u00e5 heml\u00e4ngtan kan bli \u00e4nnu st\u00f6rre. Om vi beh\u00f6ver kontakta er \u00e4r det viktigt att ni som f\u00f6r\u00e4ldrar i st\u00f6rsta m\u00f6jliga m\u00e5n f\u00f6rs\u00f6ker peppa deltagaren att stanna kvar och utmana sin heml\u00e4ngtan.<\/p>\n<p>De deltagare som har haft heml\u00e4ngtan men p\u00e5 morgonen vaknar upp p\u00e5 l\u00e4gerplatsen, brukar vara de deltagare som v\u00e4xer mest som personer samt blir mest stolta. En deltagare som n\u00e5gon g\u00e5ng har haft heml\u00e4ngtan men \u00f6vervunnit sin r\u00e4dsla, brukar d\u00e4refter s\u00e4llan ha problem med heml\u00e4ngtan.[\/vc_toggle][vc_toggle title=&#8221;Hur t\u00e4nker ni kring allergier och matpreferenser?&#8221; style=&#8221;rounded&#8221; color=&#8221;green&#8221; size=&#8221;lg&#8221;]Vi bryr oss om allergier och matpreferenser hos v\u00e5ra deltagare och str\u00e4var efter att vara inkluderande f\u00f6r alla. De allra vanligaste allergierna\/preferenserna s\u00e5 som laktos, gluten, vegetarian och vegan \u00e4r s\u00e5dant vi \u00e4r vana vid.<\/p>\n<p>V\u00e5ra l\u00e4gerledare blir utbildade kring mat och allergier samt kommer alltid att g\u00f6ra sitt yttersta f\u00f6r att ingen ska f\u00e5 i sig n\u00e5got de inte b\u00f6r.<\/p>\n<p>Samtidigt \u00e4r matlagning en del av l\u00e4gerupplevelsen, vilket betyder att deltagare och ledare arbetar tillsammans med matlagningen, under ledning av v\u00e5ra erfarna ledare. Detta medf\u00f6r s\u00e5klart en en viss risk f\u00f6r allergener. Vi vill vara tydliga med detta.<\/p>\n<p>Vi f\u00f6rs\u00f6ker g\u00e4rna hitta speciall\u00f6sningar f\u00f6r personer med allergier och matpreferenser, s\u00e5 l\u00e4nge vi kan s\u00e4kerst\u00e4lla en rimlig niv\u00e5 av trygghet f\u00f6r alla inblandade. Vi vill vara flexibla och m\u00f6ta deltagarnas behov, men vi kan inte garantera att vi kan tillgodose alla \u00f6nskem\u00e5l.<\/p>\n<p>Ber\u00e4tta g\u00e4rna om dina allergier och matpreferenser i f\u00f6rv\u00e4g s\u00e5 att vi kan planera och g\u00f6ra v\u00e5rt b\u00e4sta f\u00f6r att ta hand om dig. Tillsammans str\u00e4var vi efter att skapa en positiv och minnesv\u00e4rd upplevelse f\u00f6r alla i v\u00e5ra l\u00e4ger.[\/vc_toggle][vc_toggle title=&#8221;Jag vill sova i samma rum som min kompis, g\u00e5r det?&#8221; style=&#8221;rounded&#8221; color=&#8221;green&#8221; size=&#8221;lg&#8221; el_id=&#8221;1643469803395-5a13b72b-446b&#8221;]Det g\u00e5r absolut att ordna! Notera det g\u00e4rna i samband med anm\u00e4lan. Om ni gl\u00f6mmer det g\u00e5r det \u00e4ven bra att ber\u00e4tta det f\u00f6r ledarna n\u00e4r ni kommer till l\u00e4gret.<\/p>\n<p>\u00c4ven om det till en b\u00f6rjan kan k\u00e4nnas l\u00e4skigt att b\u00e5de sova hemifr\u00e5n och utan sin kompis s\u00e5 brukar det inte vara s\u00e5 farligt n\u00e4r v\u00e4l natten kommer.\u00a0Deltagarna hittar snabbt flera nya v\u00e4nner som de k\u00e4nner sig trygga att sova med.<\/p>\n<p>Av v\u00e5ra erfarenheter \u00e4r det m\u00e5nga deltagare som k\u00e4nner sig stolta n\u00e4r de p\u00e5 morgonen inser att de har klarat att sova en hel natt hemifr\u00e5n och utan n\u00e5gon de k\u00e4nner. Men som n\u00e4mnt, finns behovet g\u00e5r det att fixa![\/vc_toggle][vc_column_text]<\/p>\n<h4><strong>Jobba med l\u00e4ger<\/strong><\/h4>\n<p>[\/vc_column_text][vc_toggle title=&#8221;Jag har en tidigare deltagare som i \u00e5r vill jobba som hj\u00e4lpledare. Hur g\u00e5r vi tillv\u00e4ga?&#8221; style=&#8221;rounded&#8221; color=&#8221;green&#8221; size=&#8221;lg&#8221; el_id=&#8221;1671464321520-82c9ab48-1332&#8243;]Vad roligt att hen vill jobba som hj\u00e4lpledare. Skicka in anm\u00e4lan via f\u00f6ljande hemsida.<\/p>\n<p>https:\/\/www.4h.se\/halland\/lediga-jobb\/[\/vc_toggle][\/vc_column][vc_column width=&#8221;1\/2&#8243;][vc_single_image image=&#8221;2425&#8243; img_size=&#8221;600&#215;200&#8243; alignment=&#8221;center&#8221; style=&#8221;vc_box_rounded&#8221;][vc_column_text]<\/p>\n<h2>Fr\u00e5gor om medlemskap &amp; fakturor<\/h2>\n<p>[\/vc_column_text][vc_toggle title=&#8221;Kan jag engagera mig i 4H efter l\u00e4gret?&#8221; style=&#8221;rounded&#8221; color=&#8221;green&#8221; size=&#8221;lg&#8221; el_id=&#8221;1643467112917-abc49945-fbfa&#8221;]<strong>Sj\u00e4lvklart!\u00a0<\/strong>Vi bedriver verksamhet \u00e5ret om, framf\u00f6rallt via v\u00e5ra 4H-klubbar. 4H-klubbarna arrangerar aktiviteter 2-4 g\u00e5nger per m\u00e5nad och medlemmarna best\u00e4mmer sj\u00e4lva vad de vill hitta p\u00e5.<\/p>\n<p>Ut\u00f6ver det har vi ett flertal olika ideella grupper, styrelser och projektgrupper som arrangerar roliga aktiviteter \u00e5ret om.<\/p>\n<p>Att delta p\u00e5 en l\u00e4gervecka \u00e4r bara b\u00f6rjan![\/vc_toggle][vc_toggle title=&#8221;Har f\u00e5tt tv\u00e5 fakturor f\u00f6r l\u00e4gret, st\u00e4mmer detta?&#8221; style=&#8221;rounded&#8221; color=&#8221;green&#8221; size=&#8221;lg&#8221; el_id=&#8221;1671464329939-a2f3e1ad-49ea&#8221;]Ja, det st\u00e4mmer! F\u00f6r att delta p\u00e5 v\u00e5ra l\u00e4ger beh\u00f6ver man vara medlem i 4H vilket deltagaren har blivit i samband med anm\u00e4lan. Den ena fakturan g\u00e4ller l\u00e4gret och den andra fakturan g\u00e4ller medlemsavgiften. Notera att det kan var tv\u00e5 olika bankgironummer p\u00e5 dem.[\/vc_toggle][vc_toggle title=&#8221;Min faktura st\u00e5r fort som obetalt, varf\u00f6r?&#8221; style=&#8221;rounded&#8221; color=&#8221;green&#8221; size=&#8221;lg&#8221; el_id=&#8221;1671464546044-122ffc90-cfa3&#8243;]<\/p>\n<div id=\"m_excelWebRenderer_ewaCtl_headerDiv\"><\/div>\n<p>Vi hanterar alla v\u00e5ra fakturor manuellt, d\u00e4rf\u00f6r kan det st\u00e5 att den inte \u00e4r betald d\u00e5 vi inte har hunnit g\u00e5 igenom den.[\/vc_toggle][vc_toggle title=&#8221;Det har nog blivit n\u00e5got konstigt med en faktura, hur g\u00f6r jag?&#8221; style=&#8221;rounded&#8221; color=&#8221;green&#8221; size=&#8221;lg&#8221; el_id=&#8221;1671464212888-c80defa6-adb8&#8243;]Kika igenom svaren p\u00e5 de andra fr\u00e5gorna p\u00e5 den h\u00e4r sidan. Finns inte ditt svar f\u00e5r du g\u00e4rna h\u00f6ra av dig till oss via mail p\u00e5 Halland@4H.se.[\/vc_toggle][vc_toggle title=&#8221;Mitt barn vill g\u00e4rna byta klubb. Hur g\u00e5r vi tillv\u00e4ga?&#8221; style=&#8221;rounded&#8221; color=&#8221;green&#8221; size=&#8221;lg&#8221; el_id=&#8221;1671464235086-66e9047a-0d21&#8243;]Kontakta Sveriges 4H via mail p\u00e5 info@4h.se s\u00e5 f\u00e5r du hj\u00e4lp.[\/vc_toggle][vc_toggle title=&#8221;M\u00e5ste man ha ett medlemskap per barn?&#8221; style=&#8221;rounded&#8221; color=&#8221;green&#8221; size=&#8221;lg&#8221; el_id=&#8221;1671464299396-6612d0bb-4605&#8243;]Ja, medlemskapet \u00e4r personligt och d\u00e4rf\u00f6r beh\u00f6ver alla ha varsitt medlemskap.[\/vc_toggle][vc_toggle title=&#8221;G\u00e4ller medlemskapet i ett \u00e5r?&#8221; style=&#8221;rounded&#8221; color=&#8221;green&#8221; size=&#8221;lg&#8221; el_id=&#8221;1671464305762-6a1bb152-3a7b&#8221;]Medlemskapet g\u00e4ller \u00e5ret ut, d\u00e4rf\u00f6r beh\u00f6ver du f\u00f6rnya ditt medlemskap i b\u00f6rjan p\u00e5 n\u00e4sta \u00e5r.[\/vc_toggle][vc_toggle title=&#8221;Vad f\u00e5r man f\u00f6r medlemskapet?&#8221; style=&#8221;rounded&#8221; color=&#8221;green&#8221; size=&#8221;lg&#8221; el_id=&#8221;1671464312861-4ffe51c2-083d&#8221;]Som medlem f\u00e5r du delta p\u00e5 alla v\u00e5ra aktiviteter, utvecklas som ledare och engagera dig genom olika typer av grupper, styrelser och projekt. Vi har verksamhet som passar alla \u00e5ldrar. Genom oss f\u00e5r du l\u00e4ra dig otroligt mycket och utvecklas som person.<\/p>\n<p>Du f\u00e5r \u00e4ven m\u00f6jlighet att p\u00e5verka hela v\u00e5r verksamhet. T.ex. vara med och planera samt genomf\u00f6ra hela v\u00e5r l\u00e4gersommar.[\/vc_toggle][\/vc_column][\/vc_row][vc_row][vc_column width=&#8221;1\/2&#8243;][vc_single_image image=&#8221;1935&#8243; img_size=&#8221;600&#215;200&#8243; alignment=&#8221;center&#8221; style=&#8221;vc_box_rounded&#8221;][vc_column_text]<\/p>\n<h2>Fr\u00e5gor om bokning av \u00c4stad<\/h2>\n<p>[\/vc_column_text][vc_toggle title=&#8221;Kan man bo fler \u00e4n 46?&#8221; style=&#8221;rounded&#8221; color=&#8221;green&#8221; size=&#8221;lg&#8221; el_id=&#8221;1671464338998-4b463739-cb1b&#8221;]Nej, vi har enbart s\u00e5 m\u00e5nga s\u00e4ngar och av s\u00e4kerhetssk\u00e4l f\u00e5r det inte sova fler personer i huset \u00e4n vad det finns s\u00e4ngar.[\/vc_toggle][vc_toggle title=&#8221;Finns den h\u00e4r tiden ledig?&#8221; style=&#8221;rounded&#8221; color=&#8221;green&#8221; size=&#8221;lg&#8221; el_id=&#8221;1671464349366-e7dc815a-42a6&#8243;]V\u00e4nligen prova att g\u00f6ra en bokning via v\u00e5rt formul\u00e4r som vi har p\u00e5 f\u00f6ljande sida. Men notera att du inte b\u00f6r fullg\u00f6ra bokningen om du enbart vill komma till kalendern f\u00f6r att se\u00a0 tillg\u00e4ngligheten.<\/p>\n<p>https:\/\/www.4h.se\/halland\/astad\/[\/vc_toggle][vc_toggle title=&#8221;Finns d\u00e4r ytor att leka p\u00e5?&#8221; style=&#8221;rounded&#8221; color=&#8221;green&#8221; size=&#8221;lg&#8221; el_id=&#8221;1671464355845-30cf8b8d-0dde&#8221;]Det finns en himla massa ytor att leka p\u00e5 beroende p\u00e5 vad f\u00f6r typ av lekar ni vill g\u00f6ra. I k\u00e4llaren har vi en v\u00e4ldigt stor yta f\u00f6r inomhuslekar, runt v\u00e5ra soffor p\u00e5 b\u00e5de mellan- och \u00f6verv\u00e5ningen kan man leka samt vid matborden p\u00e5 mellanv\u00e5ningen. F\u00f6r att inte gl\u00f6mma hela tr\u00e4dg\u00e5rden![\/vc_toggle][vc_toggle title=&#8221;Kan man grilla?&#8221; style=&#8221;rounded&#8221; color=&#8221;green&#8221; size=&#8221;lg&#8221; el_id=&#8221;1671464362382-583f47a0-d141&#8243;]Ja, vi har en utm\u00e4rkt grillplats i tr\u00e4dg\u00e5rden som ni g\u00e4rna f\u00e5r anv\u00e4nda. Ved finns p\u00e5 plats.[\/vc_toggle][vc_toggle title=&#8221;Kan man bada?&#8221; style=&#8221;rounded&#8221; color=&#8221;green&#8221; size=&#8221;lg&#8221; el_id=&#8221;1671464368471-0d38a4e5-c082&#8243;]Sj\u00e4lvklart! Byasj\u00f6n ligger bara ett stenkast fr\u00e5n g\u00e5rden.[\/vc_toggle][vc_toggle title=&#8221;Var ligger g\u00e5rden?&#8221; style=&#8221;rounded&#8221; color=&#8221;green&#8221; size=&#8221;lg&#8221; el_id=&#8221;1671464433174-20ae9010-3f4d&#8221;]G\u00e5rden ligger p\u00e5 f\u00f6ljande adress<br \/>\n\u00c4stad 5, 432 77 Tv\u00e5\u00e5ker[\/vc_toggle][vc_toggle title=&#8221;Har bokat g\u00e5rden, kan man hyra kanoter ocks\u00e5?&#8221; style=&#8221;rounded&#8221; color=&#8221;green&#8221; size=&#8221;lg&#8221; el_id=&#8221;1671464446456-3351b314-7e01&#8243;]Absolut, det g\u00e5r bra! Anm\u00e4l g\u00e4rna detta via bokningsformul\u00e4ret n\u00e4r ni bokar g\u00e5rden. Har du missat detta g\u00e5r det superbra att maila oss p\u00e5 Halland@4H.se.[\/vc_toggle][vc_toggle title=&#8221;Ing\u00e5r jag ett kontrakt n\u00e4r jag skickar bokningsf\u00f6rfr\u00e5gan?&#8221; style=&#8221;rounded&#8221; color=&#8221;green&#8221; size=&#8221;lg&#8221; el_id=&#8221;1671464475584-431faee1-e728&#8243;]Ja, den bokningen du g\u00f6r via bokningsformul\u00e4ret \u00e4r bindande.[\/vc_toggle][vc_toggle title=&#8221;Kan vi komma och bes\u00f6ka g\u00e5rden f\u00f6r att se hur det ser ut innan \u00f6vernattningen?&#8221; style=&#8221;rounded&#8221; color=&#8221;green&#8221; size=&#8221;lg&#8221; el_id=&#8221;1671464490619-43867131-47d3&#8243;]I m\u00e5n av tid g\u00e5r det bra. H\u00f6r av dig till oss s\u00e5 pratar vi mer.[\/vc_toggle][vc_toggle title=&#8221;Har sett i bokningskalendern att det \u00e4r fullt, inneb\u00e4r det att man inte kan boka d\u00e5?&#8221; style=&#8221;rounded&#8221; color=&#8221;green&#8221; size=&#8221;lg&#8221; el_id=&#8221;1671464497572-105a2c5e-d001&#8243;]Ja, det st\u00e4mmer dessv\u00e4rre. Bokningskalendern uppdateras automatiskt n\u00e4r bokningar kommer in och st\u00e5r det att det \u00e4r fullt \u00e4r det s\u00e5.[\/vc_toggle][vc_toggle title=&#8221;Kan man parkera vid ving\u00e5rden om man vill ta sig ett dopp innan man checkar in?&#8221; style=&#8221;rounded&#8221; color=&#8221;green&#8221; size=&#8221;lg&#8221; el_id=&#8221;1671464559949-807c6a3c-27ca&#8221;]Vi har ingen koppling till ving\u00e5rden. Men det ska s\u00e4kert inte vara n\u00e5gra problem s\u00e5 vida du vill inte parkera p\u00e5 v\u00e5r egna parkering.[\/vc_toggle][\/vc_column][vc_column width=&#8221;1\/2&#8243;][vc_single_image image=&#8221;1913&#8243; img_size=&#8221;600&#215;200&#8243; alignment=&#8221;center&#8221; style=&#8221;vc_box_rounded&#8221;][vc_column_text]<\/p>\n<h2>\u00d6vrigt<\/h2>\n<p>[\/vc_column_text][vc_toggle title=&#8221;Ungef\u00e4r n\u00e4r tror ni att ni har satt vilka som f\u00e5r platserna som hj\u00e4lpledare?&#8221; style=&#8221;rounded&#8221; color=&#8221;green&#8221; size=&#8221;lg&#8221; el_id=&#8221;1671464259802-92f7bb4b-1e8a&#8221;][\/vc_toggle][vc_toggle title=&#8221;Jag missade att anm\u00e4la mig till ett evenemang som \u00e4r snart.  Finns det en chans att jag kan f\u00e5 vara med \u00e4nd\u00e5?&#8221; style=&#8221;rounded&#8221; color=&#8221;green&#8221; size=&#8221;lg&#8221; el_id=&#8221;1671464413244-f2c3552a-3fb8&#8243;]Kul att du vill delta, det ska s\u00e4kert inte vara n\u00e5gra problem s\u00e5vida platserna inte redan \u00e4r fyllda! Men notera att eventuella matbest\u00e4llningar redan kan vara gjorda s\u00e5 om du har allergier eller andra matpreferenser f\u00e5r arrang\u00f6rerna avg\u00f6ra fr\u00e5gan. Men oftast \u00e4r det inga problem, h\u00f6r av dig till oss s\u00e5 kollar vi![\/vc_toggle][vc_toggle title=&#8221;Finns det plats kvar p\u00e5 p\u00e5sklovsl\u00e4ger?&#8221; style=&#8221;rounded&#8221; color=&#8221;green&#8221; size=&#8221;lg&#8221; el_id=&#8221;1671464461596-a83231c2-57d2&#8243;]V\u00e4nligen klicka dig vidare till evenemanget p\u00e5 v\u00e5r medlemsportal. St\u00e5r det\u00a0inget om att evenemanget \u00e4r fullt s\u00e5 finns det fortfarande platser kvar. F\u00f6ljande l\u00e4nk leder dig till medlemsportalen och v\u00e5ra evenemang.<\/p>\n<p>https:\/\/www.antribe.com\/org\/4h\/4h-i-halland\/event[\/vc_toggle][vc_toggle title=&#8221;Finns det n\u00e5gon packlista?&#8221; style=&#8221;rounded&#8221; color=&#8221;green&#8221; size=&#8221;lg&#8221;]\u00c4r det en aktivitet d\u00e4r vi ser att deltagarna packar med sig vissa grejer brukar vi skicka ut en packlista n\u00e5gra dagar\/veckor innan aktivitetens start. \u00c4r det s\u00e5 att man inte har f\u00e5tt n\u00e5gon packlista eller av andra anledningar undrar vad man b\u00f6r packa med sig inf\u00f6r exempelvis ett l\u00e4ger s\u00e5 har vi skapat f\u00f6ljande sida, en packlista-sida med bra tips kring vad som kan vara bra att packa med sig.<\/p>\n<p>https:\/\/www.4h.se\/halland\/packlista\/[\/vc_toggle][\/vc_column][\/vc_row][vc_row][vc_column][vc_single_image image=&#8221;2174&#8243; img_size=&#8221;2000&#215;250&#8243; alignment=&#8221;center&#8221; style=&#8221;vc_box_rounded&#8221;][\/vc_column][\/vc_row][vc_row][vc_column width=&#8221;1\/4&#8243;][\/vc_column][vc_column width=&#8221;1\/2&#8243;][vc_column_text]<div class=\"frm_forms  with_frm_style frm_style_formidable-style\" id=\"frm_form_78_container\" >\n<form enctype=\"multipart\/form-data\" method=\"post\" class=\"frm-show-form \" id=\"form_lbhrl\" >\n<div class=\"frm_form_fields \">\n<fieldset>\n<legend class=\"frm_hidden\">Utveckla v\u00e5r hemsida! <\/legend>\r\n<h3 class=\"frm_form_title\">Utveckla v\u00e5r hemsida! <\/h3>\r\n<div class=\"frm_fields_container\">\n<input type=\"hidden\" name=\"frm_action\" value=\"create\" \/>\n<input type=\"hidden\" name=\"form_id\" value=\"78\" \/>\n<input type=\"hidden\" name=\"frm_hide_fields_78\" id=\"frm_hide_fields_78\" value=\"\" \/>\n<input type=\"hidden\" name=\"form_key\" value=\"lbhrl\" \/>\n<input type=\"hidden\" name=\"item_meta[0]\" value=\"\" \/>\n<input type=\"hidden\" id=\"frm_submit_entry_78\" name=\"frm_submit_entry_78\" value=\"42e8ca5604\" \/><input type=\"hidden\" name=\"_wp_http_referer\" value=\"\/halland\/wp-json\/wp\/v2\/pages\/2463\" \/><div id=\"frm_field_709_container\" class=\"frm_form_field form-field  frm_top_container vertical_radio\">\r\n    <label class=\"frm_primary_label\">Vad tycker du om denna sidan?\r\n        <span class=\"frm_required\"><\/span>\r\n    <\/label>\r\n    <div class=\"frm_opt_container\">\t\t<div class=\"frm_radio\" id=\"frm_radio_709-0\">\t\t\t<label  for=\"field_vltn6-0\">\n\t\t\t\t\t<input type=\"radio\" name=\"item_meta[709]\" id=\"field_vltn6-0\" value=\"Superbra!\"\n\t\t data-invmsg=\"Vad tycker du om denna sidan? \u00e4r ogiltigt\"   \/> Superbra!<\/label><\/div>\n\t\t<div class=\"frm_radio\" id=\"frm_radio_709-1\">\t\t\t<label  for=\"field_vltn6-1\">\n\t\t\t\t\t<input type=\"radio\" name=\"item_meta[709]\" id=\"field_vltn6-1\" value=\"Bra!\"\n\t\t data-invmsg=\"Vad tycker du om denna sidan? \u00e4r ogiltigt\"   \/> Bra!<\/label><\/div>\n\t\t<div class=\"frm_radio\" id=\"frm_radio_709-2\">\t\t\t<label  for=\"field_vltn6-2\">\n\t\t\t\t\t<input type=\"radio\" name=\"item_meta[709]\" id=\"field_vltn6-2\" value=\"Varken bra eller d\u00e5lig.\"\n\t\t data-invmsg=\"Vad tycker du om denna sidan? \u00e4r ogiltigt\"   \/> Varken bra eller d\u00e5lig.<\/label><\/div>\n\t\t<div class=\"frm_radio\" id=\"frm_radio_709-3\">\t\t\t<label  for=\"field_vltn6-3\">\n\t\t\t\t\t<input type=\"radio\" name=\"item_meta[709]\" id=\"field_vltn6-3\" value=\"D\u00e5lig!\"\n\t\t data-invmsg=\"Vad tycker du om denna sidan? \u00e4r ogiltigt\"   \/> D\u00e5lig!<\/label><\/div>\n\t\t<div class=\"frm_radio\" id=\"frm_radio_709-4\">\t\t\t<label  for=\"field_vltn6-4\">\n\t\t\t\t\t<input type=\"radio\" name=\"item_meta[709]\" id=\"field_vltn6-4\" value=\"Superd\u00e5lig!\"\n\t\t data-invmsg=\"Vad tycker du om denna sidan? \u00e4r ogiltigt\"   \/> Superd\u00e5lig!<\/label><\/div>\n<\/div>\r\n    \r\n    \r\n<\/div>\n<div id=\"frm_field_711_container\" class=\"frm_form_field form-field  frm_top_container\">\r\n    <label for=\"field_8xc4b\" class=\"frm_primary_label\">Vad kan bli b\u00e4ttre p\u00e5 denna sidan?\r\n        <span class=\"frm_required\"><\/span>\r\n    <\/label>\r\n    <textarea name=\"item_meta[711]\" id=\"field_8xc4b\" rows=\"5\"  data-invmsg=\"Vad kan bli b\u00e4ttre p\u00e5 denna sidan? \u00e4r ogiltigt\" aria-invalid=\"false\"  ><\/textarea>\r\n    \r\n    \r\n<\/div>\n<div id=\"frm_field_743_container\" class=\"frm_form_field form-field  frm_top_container\">\r\n    <label for=\"field_7ty40\" class=\"frm_primary_label\">Vilken information letar du efter just nu p\u00e5 hemsidan?\r\n        <span class=\"frm_required\"><\/span>\r\n    <\/label>\r\n    <input type=\"text\" id=\"field_7ty40\" name=\"item_meta[743]\" value=\"\"  data-invmsg=\"Vilken information letar du efter just nu p\u00e5 hemsidan? \u00e4r ogiltigt\" aria-invalid=\"false\"  \/>\r\n    \r\n    \r\n<\/div>\n<div id=\"frm_field_712_container\" class=\"frm_form_field form-field  frm_required_field frm_top_container vertical_radio\">\r\n    <label class=\"frm_primary_label\">Jag \u00e4r inte en robot\r\n        <span class=\"frm_required\">*<\/span>\r\n    <\/label>\r\n    <div class=\"frm_opt_container\">\t\t<div class=\"frm_checkbox\" id=\"frm_checkbox_712-0\">\t\t\t<label  for=\"field_unh5q-0\">\n\t\t\t<input type=\"checkbox\" name=\"item_meta[712][]\" id=\"field_unh5q-0\" value=\"Jag \u00e4r en livslevande person\"  data-reqmsg=\"Detta f\u00e4lt kan inte vara tomt.\" data-invmsg=\"Jag \u00e4r inte en robot \u00e4r ogiltigt\"   aria-required=\"true\"  \/> Jag \u00e4r en livslevande person<\/label><\/div>\n<\/div>\r\n    \r\n    \r\n<\/div>\n<div id=\"frm_field_827_container\" class=\"frm_form_field form-field  frm_none_container\">\r\n\t\r\n\t\r\n<\/div>\n<div id=\"frm_field_826_container\" class=\"frm_form_field form-field \">\r\n\t<div class=\"frm_submit\">\r\n\r\n<button class=\"frm_button_submit\" type=\"submit\" >Skicka<\/button>\r\n\r\n<\/div>\r\n<\/div>\n\t<input type=\"hidden\" name=\"item_key\" value=\"\" \/>\n\t\t\t<div id=\"frm_field_946_container\">\n\t\t\t<label for=\"field_phuuk\" >\n\t\t\t\tOm du \u00e4r m\u00e4nsklig, l\u00e4mna det h\u00e4r f\u00e4ltet tomt.\t\t\t<\/label>\n\t\t\t<input  id=\"field_phuuk\" type=\"text\" class=\"frm_form_field form-field frm_verify\" name=\"item_meta[946]\" value=\"\"  \/>\n\t\t<\/div>\n\t\t<input name=\"frm_state\" type=\"hidden\" value=\"1p9\/G6d4WQueJYjPsLVvrXfeaF5TVtVZlse42p\/fz4s=\" \/><\/div>\n<\/fieldset>\n<\/div>\n\n<\/form>\n<\/div>\n[\/vc_column_text][vc_single_image image=&#8221;2017&#8243; img_size=&#8221;full&#8221; alignment=&#8221;center&#8221;][\/vc_column][vc_column width=&#8221;1\/4&#8243;][\/vc_column][\/vc_row]<\/p>\n<\/div>","protected":false},"excerpt":{"rendered":"<p>[vc_row][vc_column][vc_single_image image=&#8221;2241&#8243; img_size=&#8221;2000&#215;500&#8243; alignment=&#8221;center&#8221; style=&#8221;vc_box_rounded&#8221;][\/vc_column][\/vc_row][vc_row][vc_column width=&#8221;1\/2&#8243;][vc_column_text] Vanliga fr\u00e5gor P\u00e5 den h\u00e4r sidan har vi samlat n\u00e5gra av de vanligaste fr\u00e5gorna vi brukar f\u00e5. Det \u00e4r m\u00e5nga som h\u00f6r av sig till oss med fr\u00e5gor, s\u00e5 kika g\u00e4rna h\u00e4r p\u00e5 v\u00e5r sida innan du kontaktar oss. Hittar du inte svaret d\u00e4r \u00e4r du varmt v\u00e4lkommen att&nbsp; <a href=\"https:\/\/www.4h.se\/halland\/faq\/\">&hellip; Read more <i class=\"glyphicon glyphicon-arrow-right\"><\/i><\/a><\/p>\n","protected":false},"author":126,"featured_media":0,"parent":0,"menu_order":119,"comment_status":"closed","ping_status":"closed","template":"","meta":{"_acf_changed":false,"footnotes":""},"class_list":["post-2463","page","type-page","status-publish","hentry"],"acf":[],"yoast_head":"<!-- This site is optimized with the Yoast SEO plugin v28.4 - https:\/\/yoast.com\/product\/yoast-seo-wordpress\/ -->\n<title>Vanliga fr\u00e5gor - 4H i Halland<\/title>\n<meta name=\"robots\" content=\"index, follow, max-snippet:-1, max-image-preview:large, max-video-preview:-1\" \/>\n<link rel=\"canonical\" href=\"https:\/\/www.4h.se\/halland\/faq\/\" \/>\n<meta property=\"og:locale\" content=\"sv_SE\" \/>\n<meta property=\"og:type\" content=\"article\" \/>\n<meta property=\"og:title\" content=\"Vanliga fr\u00e5gor - 4H i Halland\" \/>\n<meta property=\"og:description\" content=\"[vc_row][vc_column][vc_single_image image=&#8221;2241&#8243; img_size=&#8221;2000&#215;500&#8243; alignment=&#8221;center&#8221; style=&#8221;vc_box_rounded&#8221;][\/vc_column][\/vc_row][vc_row][vc_column width=&#8221;1\/2&#8243;][vc_column_text] Vanliga fr\u00e5gor P\u00e5 den h\u00e4r sidan har vi samlat n\u00e5gra av de vanligaste fr\u00e5gorna vi brukar f\u00e5. Det \u00e4r m\u00e5nga som h\u00f6r av sig till oss med fr\u00e5gor, s\u00e5 kika g\u00e4rna h\u00e4r p\u00e5 v\u00e5r sida innan du kontaktar oss. Hittar du inte svaret d\u00e4r \u00e4r du varmt v\u00e4lkommen att&nbsp; &hellip; Read more\" \/>\n<meta property=\"og:url\" content=\"https:\/\/www.4h.se\/halland\/faq\/\" \/>\n<meta property=\"og:site_name\" content=\"4H i Halland\" \/>\n<meta property=\"article:publisher\" content=\"https:\/\/www.facebook.com\/hallands4h\/\" \/>\n<meta property=\"article:modified_time\" content=\"2025-10-23T11:35:35+00:00\" \/>\n<meta name=\"twitter:card\" content=\"summary_large_image\" \/>\n<meta name=\"twitter:site\" content=\"@Hallands4H\" \/>\n<meta name=\"twitter:label1\" content=\"Ber\u00e4knad l\u00e4stid\" \/>\n\t<meta name=\"twitter:data1\" content=\"15 minuter\" \/>\n<script type=\"application\/ld+json\" class=\"yoast-schema-graph\">{\"@context\":\"https:\\\/\\\/schema.org\",\"@graph\":[{\"@type\":\"WebPage\",\"@id\":\"https:\\\/\\\/www.4h.se\\\/halland\\\/faq\\\/\",\"url\":\"https:\\\/\\\/www.4h.se\\\/halland\\\/faq\\\/\",\"name\":\"Vanliga fr\u00e5gor - 4H i Halland\",\"isPartOf\":{\"@id\":\"https:\\\/\\\/www.4h.se\\\/halland\\\/#website\"},\"datePublished\":\"2022-01-29T14:34:41+00:00\",\"dateModified\":\"2025-10-23T11:35:35+00:00\",\"breadcrumb\":{\"@id\":\"https:\\\/\\\/www.4h.se\\\/halland\\\/faq\\\/#breadcrumb\"},\"inLanguage\":\"sv-SE\",\"potentialAction\":[{\"@type\":\"ReadAction\",\"target\":[\"https:\\\/\\\/www.4h.se\\\/halland\\\/faq\\\/\"]}]},{\"@type\":\"BreadcrumbList\",\"@id\":\"https:\\\/\\\/www.4h.se\\\/halland\\\/faq\\\/#breadcrumb\",\"itemListElement\":[{\"@type\":\"ListItem\",\"position\":1,\"name\":\"Hem\",\"item\":\"https:\\\/\\\/www.4h.se\\\/halland\\\/\"},{\"@type\":\"ListItem\",\"position\":2,\"name\":\"Vanliga fr\u00e5gor\"}]},{\"@type\":\"WebSite\",\"@id\":\"https:\\\/\\\/www.4h.se\\\/halland\\\/#website\",\"url\":\"https:\\\/\\\/www.4h.se\\\/halland\\\/\",\"name\":\"4H i Halland\",\"description\":\"Av unga f\u00f6r unga\",\"potentialAction\":[{\"@type\":\"SearchAction\",\"target\":{\"@type\":\"EntryPoint\",\"urlTemplate\":\"https:\\\/\\\/www.4h.se\\\/halland\\\/?s={search_term_string}\"},\"query-input\":{\"@type\":\"PropertyValueSpecification\",\"valueRequired\":true,\"valueName\":\"search_term_string\"}}],\"inLanguage\":\"sv-SE\"}]}<\/script>\n<!-- \/ Yoast SEO plugin. -->","yoast_head_json":{"title":"Vanliga fr\u00e5gor - 4H i Halland","robots":{"index":"index","follow":"follow","max-snippet":"max-snippet:-1","max-image-preview":"max-image-preview:large","max-video-preview":"max-video-preview:-1"},"canonical":"https:\/\/www.4h.se\/halland\/faq\/","og_locale":"sv_SE","og_type":"article","og_title":"Vanliga fr\u00e5gor - 4H i Halland","og_description":"[vc_row][vc_column][vc_single_image image=&#8221;2241&#8243; img_size=&#8221;2000&#215;500&#8243; alignment=&#8221;center&#8221; style=&#8221;vc_box_rounded&#8221;][\/vc_column][\/vc_row][vc_row][vc_column width=&#8221;1\/2&#8243;][vc_column_text] Vanliga fr\u00e5gor P\u00e5 den h\u00e4r sidan har vi samlat n\u00e5gra av de vanligaste fr\u00e5gorna vi brukar f\u00e5. Det \u00e4r m\u00e5nga som h\u00f6r av sig till oss med fr\u00e5gor, s\u00e5 kika g\u00e4rna h\u00e4r p\u00e5 v\u00e5r sida innan du kontaktar oss. Hittar du inte svaret d\u00e4r \u00e4r du varmt v\u00e4lkommen att&nbsp; &hellip; Read more","og_url":"https:\/\/www.4h.se\/halland\/faq\/","og_site_name":"4H i Halland","article_publisher":"https:\/\/www.facebook.com\/hallands4h\/","article_modified_time":"2025-10-23T11:35:35+00:00","twitter_card":"summary_large_image","twitter_site":"@Hallands4H","twitter_misc":{"Ber\u00e4knad l\u00e4stid":"15 minuter"},"schema":{"@context":"https:\/\/schema.org","@graph":[{"@type":"WebPage","@id":"https:\/\/www.4h.se\/halland\/faq\/","url":"https:\/\/www.4h.se\/halland\/faq\/","name":"Vanliga fr\u00e5gor - 4H i Halland","isPartOf":{"@id":"https:\/\/www.4h.se\/halland\/#website"},"datePublished":"2022-01-29T14:34:41+00:00","dateModified":"2025-10-23T11:35:35+00:00","breadcrumb":{"@id":"https:\/\/www.4h.se\/halland\/faq\/#breadcrumb"},"inLanguage":"sv-SE","potentialAction":[{"@type":"ReadAction","target":["https:\/\/www.4h.se\/halland\/faq\/"]}]},{"@type":"BreadcrumbList","@id":"https:\/\/www.4h.se\/halland\/faq\/#breadcrumb","itemListElement":[{"@type":"ListItem","position":1,"name":"Hem","item":"https:\/\/www.4h.se\/halland\/"},{"@type":"ListItem","position":2,"name":"Vanliga fr\u00e5gor"}]},{"@type":"WebSite","@id":"https:\/\/www.4h.se\/halland\/#website","url":"https:\/\/www.4h.se\/halland\/","name":"4H i Halland","description":"Av unga f\u00f6r unga","potentialAction":[{"@type":"SearchAction","target":{"@type":"EntryPoint","urlTemplate":"https:\/\/www.4h.se\/halland\/?s={search_term_string}"},"query-input":{"@type":"PropertyValueSpecification","valueRequired":true,"valueName":"search_term_string"}}],"inLanguage":"sv-SE"}]}},"_links":{"self":[{"href":"https:\/\/www.4h.se\/halland\/wp-json\/wp\/v2\/pages\/2463","targetHints":{"allow":["GET"]}}],"collection":[{"href":"https:\/\/www.4h.se\/halland\/wp-json\/wp\/v2\/pages"}],"about":[{"href":"https:\/\/www.4h.se\/halland\/wp-json\/wp\/v2\/types\/page"}],"author":[{"embeddable":true,"href":"https:\/\/www.4h.se\/halland\/wp-json\/wp\/v2\/users\/126"}],"replies":[{"embeddable":true,"href":"https:\/\/www.4h.se\/halland\/wp-json\/wp\/v2\/comments?post=2463"}],"version-history":[{"count":0,"href":"https:\/\/www.4h.se\/halland\/wp-json\/wp\/v2\/pages\/2463\/revisions"}],"wp:attachment":[{"href":"https:\/\/www.4h.se\/halland\/wp-json\/wp\/v2\/media?parent=2463"}],"curies":[{"name":"wp","href":"https:\/\/api.w.org\/{rel}","templated":true}]}}