



{"id":2409,"date":"2022-01-05T13:59:56","date_gmt":"2022-01-05T12:59:56","guid":{"rendered":"https:\/\/www.4h.se\/halland\/?page_id=2409"},"modified":"2025-10-23T13:35:32","modified_gmt":"2025-10-23T11:35:32","slug":"alla-grupper","status":"publish","type":"page","link":"https:\/\/www.4h.se\/halland\/alla-grupper\/","title":{"rendered":"Alla grupper"},"content":{"rendered":"<div class=\"wpb-content-wrapper\"><p>[vc_row][vc_column][vc_single_image image=&#8221;2241&#8243; img_size=&#8221;2000&#215;500&#8243; alignment=&#8221;center&#8221; style=&#8221;vc_box_rounded&#8221;][\/vc_column][\/vc_row][vc_row][vc_column width=&#8221;1\/2&#8243;][vc_column_text]<\/p>\n<h1>Alla v\u00e5ra\u00a0grupper<\/h1>\n<p>Att v\u00e5ra klubbar, g\u00e5rdar och l\u00e4ger \u00e4r viktiga \u00e4r vi \u00f6vertygade om. B\u00e5de f\u00f6r de som deltar i verksamheten, \u00e4r ledare f\u00f6r den och f\u00f6r de som arrangerar den. De tre delarna utg\u00f6r tre femtedelar av v\u00e5r k\u00e4rnverksamhet.<\/p>\n<p>Men f\u00f6r att v\u00e5r klubb-, g\u00e5rd- och l\u00e4gerverksamhet ska fungera p\u00e5 b\u00e4sta m\u00f6jliga s\u00e4tt beh\u00f6vs det ocks\u00e5 ideella medlemmar som aktivt jobbar med att utbilda, strukturera, administrera, kommunicera, se \u00f6ver ekonomin och s\u00e4kerst\u00e4lla att alla m\u00e5r bra, mm.<\/p>\n<p>V\u00e5rt fj\u00e4rde k\u00e4rnverksamhetsomr\u00e5de kallar vi f\u00f6r grupper, av den enkla anledningen att den h\u00e4r typen av verksamhet sker i just gruppform. Vi har ett flertal grupper som jobbar med att uppr\u00e4tth\u00e5lla allt runt omkring f\u00f6r att f\u00e5 en bra samt levande verksamhet.<\/p>\n<p>De personerna som engagerar sig i v\u00e5ra grupper utg\u00f6r en ofantligt viktig del i maskineriet. De l\u00e4gger upp strategier, planerar, genomf\u00f6r, utv\u00e4rderar och mycket mer f\u00f6r att vi ska n\u00e5 v\u00e5r vision.[\/vc_column_text][\/vc_column][vc_column width=&#8221;1\/2&#8243;][vc_single_image image=&#8221;2276&#8243; img_size=&#8221;600&#215;400&#8243; alignment=&#8221;center&#8221; style=&#8221;vc_box_rounded&#8221;][\/vc_column][\/vc_row][vc_row][vc_column][vc_separator][\/vc_column][\/vc_row][vc_row][vc_column][vc_row_inner][vc_column_inner width=&#8221;1\/3&#8243;][vc_single_image image=&#8221;1804&#8243; img_size=&#8221;600&#215;200&#8243; alignment=&#8221;center&#8221; style=&#8221;vc_box_rounded&#8221;][\/vc_column_inner][vc_column_inner width=&#8221;2\/3&#8243;][vc_column_text]<\/p>\n<h3>L\u00e4ger- &amp; Matskolegruppen<\/h3>\n<p>Det \u00e4r v\u00e5ra tv\u00e5 ideella grupper, l\u00e4gergruppen och matskolegruppen, best\u00e5ende av unga medlemmar som arrangerar hela v\u00e5r l\u00e4gersommar. Helt ideellt, helt fantastiskt![\/vc_column_text][\/vc_column_inner][\/vc_row_inner][vc_row_inner][vc_column_inner width=&#8221;1\/3&#8243;][vc_single_image image=&#8221;2128&#8243; img_size=&#8221;600&#215;200&#8243; alignment=&#8221;center&#8221; style=&#8221;vc_box_rounded&#8221;][\/vc_column_inner][vc_column_inner width=&#8221;2\/3&#8243;][vc_column_text]<\/p>\n<h3>K\u00c4F &#8211; Kultur \u00c4ldre Fritid<\/h3>\n<p>Dessa arrangerar aktiviteter f\u00f6r v\u00e5ra medlemmar som \u00e4r \u00f6ver 16 \u00e5r. Vanligtvis brukar de vartannat \u00e5r arrangera en internationell utbildningsresa till ett europeiskt land.[\/vc_column_text][\/vc_column_inner][\/vc_row_inner][vc_row_inner][vc_column_inner width=&#8221;1\/3&#8243;][vc_single_image image=&#8221;2172&#8243; img_size=&#8221;600&#215;200&#8243; alignment=&#8221;center&#8221; style=&#8221;vc_box_rounded&#8221;][\/vc_column_inner][vc_column_inner width=&#8221;2\/3&#8243;][vc_column_text]<\/p>\n<h3>Marknadsf\u00f6ringsgruppen<\/h3>\n<p>Denna gruppen \u00e4r ansvariga f\u00f6r att marknadsf\u00f6ra Hallands 4H mot v\u00e5ra nuvarande medlemmar, potentiella medlemmar och samarbetspartners.[\/vc_column_text][\/vc_column_inner][\/vc_row_inner][vc_row_inner][vc_column_inner width=&#8221;1\/3&#8243;][vc_single_image image=&#8221;1999&#8243; img_size=&#8221;600&#215;200&#8243; alignment=&#8221;center&#8221; style=&#8221;vc_box_rounded&#8221;][\/vc_column_inner][vc_column_inner width=&#8221;2\/3&#8243;][vc_column_text]<\/p>\n<h3>Utbildningsgruppen<\/h3>\n<p>De som \u00e4r engagerade i utbildningsgruppen\u00a0\u00e4r ansvariga f\u00f6r utbildningarna inom Hallands 4H, framf\u00f6rallt v\u00e5ra ledarutbildningar som vi arrangerar f\u00f6r v\u00e5ra medlemmar.[\/vc_column_text][\/vc_column_inner][\/vc_row_inner][vc_row_inner][vc_column_inner width=&#8221;1\/3&#8243;][vc_single_image image=&#8221;2243&#8243; img_size=&#8221;600&#215;200&#8243; alignment=&#8221;center&#8221; style=&#8221;vc_box_rounded&#8221;][\/vc_column_inner][vc_column_inner width=&#8221;2\/3&#8243;][vc_column_text]<\/p>\n<h3>Internationellagruppen<\/h3>\n<p>V\u00e5r internationellagrupp \u00e4r en grupp som tills\u00e4tts n\u00e4r vi vill arrangera ett internationelltutbyte. Om vi vill arrangera flera utbyten samtidigt s\u00e5 tills\u00e4tter vi flera internationellagrupper.[\/vc_column_text][\/vc_column_inner][\/vc_row_inner][vc_row_inner][vc_column_inner width=&#8221;1\/3&#8243;][vc_single_image image=&#8221;1834&#8243; img_size=&#8221;600&#215;200&#8243; alignment=&#8221;center&#8221; style=&#8221;vc_box_rounded&#8221;][\/vc_column_inner][vc_column_inner width=&#8221;2\/3&#8243;][vc_column_text]<\/p>\n<h3>Ekonomigruppen<\/h3>\n<p>I ekonomigruppen sitter det ideella 4Hare som har stenkoll p\u00e5 v\u00e5r ekonomi. Vi oms\u00e4tter en hel del pengar och det \u00e4r viktigt att allt g\u00e5r r\u00e4tt till, vilket den h\u00e4r gruppen ser till.[\/vc_column_text][\/vc_column_inner][\/vc_row_inner][vc_row_inner][vc_column_inner width=&#8221;1\/3&#8243;][vc_single_image image=&#8221;1836&#8243; img_size=&#8221;600&#215;200&#8243; alignment=&#8221;center&#8221; style=&#8221;vc_box_rounded&#8221;][\/vc_column_inner][vc_column_inner width=&#8221;2\/3&#8243;][vc_column_text]<\/p>\n<h3>Valberedningen<\/h3>\n<p>Dessa personerna\u00a0f\u00f6rbereder inf\u00f6r st\u00e4mman och planeringskonferensen alla handlingar som kommer till tills\u00e4ttning av\u00a0v\u00e5ra grupper, styrelser och kommitt\u00e9er.[\/vc_column_text][\/vc_column_inner][\/vc_row_inner][vc_row_inner][vc_column_inner width=&#8221;1\/3&#8243;][vc_single_image image=&#8221;2396&#8243; img_size=&#8221;600&#215;200&#8243; alignment=&#8221;center&#8221; style=&#8221;vc_box_rounded&#8221;][\/vc_column_inner][vc_column_inner width=&#8221;2\/3&#8243;][vc_column_text]<\/p>\n<h3>Varbergs Lucia<\/h3>\n<p>Sedan 80-talet har Hallands 4H arrangerat evenemanget Varbergs Lucia, vilket \u00e4r en av Varbergs starkaste jultraditioner.[\/vc_column_text][\/vc_column_inner][\/vc_row_inner][\/vc_column][\/vc_row][vc_row][vc_column][vc_single_image image=&#8221;2174&#8243; img_size=&#8221;2000&#215;250&#8243; alignment=&#8221;center&#8221; style=&#8221;vc_box_rounded&#8221;][\/vc_column][\/vc_row][vc_row][vc_column width=&#8221;1\/4&#8243;][\/vc_column][vc_column width=&#8221;1\/2&#8243;][vc_column_text]<div class=\"frm_forms  with_frm_style frm_style_formidable-style\" id=\"frm_form_78_container\" >\n<form enctype=\"multipart\/form-data\" method=\"post\" class=\"frm-show-form \" id=\"form_lbhrl\" >\n<div class=\"frm_form_fields \">\n<fieldset>\n<legend class=\"frm_hidden\">Utveckla v\u00e5r hemsida! <\/legend>\r\n<h3 class=\"frm_form_title\">Utveckla v\u00e5r hemsida! <\/h3>\r\n<div class=\"frm_fields_container\">\n<input type=\"hidden\" name=\"frm_action\" value=\"create\" \/>\n<input type=\"hidden\" name=\"form_id\" value=\"78\" \/>\n<input type=\"hidden\" name=\"frm_hide_fields_78\" id=\"frm_hide_fields_78\" value=\"\" \/>\n<input type=\"hidden\" name=\"form_key\" value=\"lbhrl\" \/>\n<input type=\"hidden\" name=\"item_meta[0]\" value=\"\" \/>\n<input type=\"hidden\" id=\"frm_submit_entry_78\" name=\"frm_submit_entry_78\" value=\"fdbf7bf16a\" \/><input type=\"hidden\" name=\"_wp_http_referer\" value=\"\/halland\/wp-json\/wp\/v2\/pages\/2409\" \/><div id=\"frm_field_709_container\" class=\"frm_form_field form-field  frm_top_container vertical_radio\">\r\n    <label class=\"frm_primary_label\">Vad tycker du om denna sidan?\r\n        <span class=\"frm_required\"><\/span>\r\n    <\/label>\r\n    <div class=\"frm_opt_container\">\t\t<div class=\"frm_radio\" id=\"frm_radio_709-0\">\t\t\t<label  for=\"field_vltn6-0\">\n\t\t\t\t\t<input type=\"radio\" name=\"item_meta[709]\" id=\"field_vltn6-0\" value=\"Superbra!\"\n\t\t data-invmsg=\"Vad tycker du om denna sidan? \u00e4r ogiltigt\"   \/> Superbra!<\/label><\/div>\n\t\t<div class=\"frm_radio\" id=\"frm_radio_709-1\">\t\t\t<label  for=\"field_vltn6-1\">\n\t\t\t\t\t<input type=\"radio\" name=\"item_meta[709]\" id=\"field_vltn6-1\" value=\"Bra!\"\n\t\t data-invmsg=\"Vad tycker du om denna sidan? \u00e4r ogiltigt\"   \/> Bra!<\/label><\/div>\n\t\t<div class=\"frm_radio\" id=\"frm_radio_709-2\">\t\t\t<label  for=\"field_vltn6-2\">\n\t\t\t\t\t<input type=\"radio\" name=\"item_meta[709]\" id=\"field_vltn6-2\" value=\"Varken bra eller d\u00e5lig.\"\n\t\t data-invmsg=\"Vad tycker du om denna sidan? \u00e4r ogiltigt\"   \/> Varken bra eller d\u00e5lig.<\/label><\/div>\n\t\t<div class=\"frm_radio\" id=\"frm_radio_709-3\">\t\t\t<label  for=\"field_vltn6-3\">\n\t\t\t\t\t<input type=\"radio\" name=\"item_meta[709]\" id=\"field_vltn6-3\" value=\"D\u00e5lig!\"\n\t\t data-invmsg=\"Vad tycker du om denna sidan? \u00e4r ogiltigt\"   \/> D\u00e5lig!<\/label><\/div>\n\t\t<div class=\"frm_radio\" id=\"frm_radio_709-4\">\t\t\t<label  for=\"field_vltn6-4\">\n\t\t\t\t\t<input type=\"radio\" name=\"item_meta[709]\" id=\"field_vltn6-4\" value=\"Superd\u00e5lig!\"\n\t\t data-invmsg=\"Vad tycker du om denna sidan? \u00e4r ogiltigt\"   \/> Superd\u00e5lig!<\/label><\/div>\n<\/div>\r\n    \r\n    \r\n<\/div>\n<div id=\"frm_field_711_container\" class=\"frm_form_field form-field  frm_top_container\">\r\n    <label for=\"field_8xc4b\" class=\"frm_primary_label\">Vad kan bli b\u00e4ttre p\u00e5 denna sidan?\r\n        <span class=\"frm_required\"><\/span>\r\n    <\/label>\r\n    <textarea name=\"item_meta[711]\" id=\"field_8xc4b\" rows=\"5\"  data-invmsg=\"Vad kan bli b\u00e4ttre p\u00e5 denna sidan? \u00e4r ogiltigt\" aria-invalid=\"false\"  ><\/textarea>\r\n    \r\n    \r\n<\/div>\n<div id=\"frm_field_743_container\" class=\"frm_form_field form-field  frm_top_container\">\r\n    <label for=\"field_7ty40\" class=\"frm_primary_label\">Vilken information letar du efter just nu p\u00e5 hemsidan?\r\n        <span class=\"frm_required\"><\/span>\r\n    <\/label>\r\n    <input type=\"text\" id=\"field_7ty40\" name=\"item_meta[743]\" value=\"\"  data-invmsg=\"Vilken information letar du efter just nu p\u00e5 hemsidan? \u00e4r ogiltigt\" aria-invalid=\"false\"  \/>\r\n    \r\n    \r\n<\/div>\n<div id=\"frm_field_712_container\" class=\"frm_form_field form-field  frm_required_field frm_top_container vertical_radio\">\r\n    <label class=\"frm_primary_label\">Jag \u00e4r inte en robot\r\n        <span class=\"frm_required\">*<\/span>\r\n    <\/label>\r\n    <div class=\"frm_opt_container\">\t\t<div class=\"frm_checkbox\" id=\"frm_checkbox_712-0\">\t\t\t<label  for=\"field_unh5q-0\">\n\t\t\t<input type=\"checkbox\" name=\"item_meta[712][]\" id=\"field_unh5q-0\" value=\"Jag \u00e4r en livslevande person\"  data-reqmsg=\"Detta f\u00e4lt kan inte vara tomt.\" data-invmsg=\"Jag \u00e4r inte en robot \u00e4r ogiltigt\"   aria-required=\"true\"  \/> Jag \u00e4r en livslevande person<\/label><\/div>\n<\/div>\r\n    \r\n    \r\n<\/div>\n<div id=\"frm_field_827_container\" class=\"frm_form_field form-field  frm_none_container\">\r\n\t<label for=\"g-recaptcha-response\" id=\"field_bdf4x_label\" class=\"frm_primary_label\">Captcha\r\n\t\t<span class=\"frm_required\" aria-hidden=\"true\"><\/span>\r\n\t<\/label>\r\n\t\r\n\t\r\n\t\r\n<\/div>\n<div id=\"frm_field_826_container\" class=\"frm_form_field form-field \">\r\n\t<div class=\"frm_submit\">\r\n\r\n<button class=\"frm_button_submit\" type=\"submit\" >Skicka<\/button>\r\n\r\n<\/div>\r\n<\/div>\n\t<input type=\"hidden\" name=\"item_key\" value=\"\" \/>\n\t\t\t<div id=\"frm_field_917_container\">\n\t\t\t<label for=\"field_pe6pp\" >\n\t\t\t\tOm du \u00e4r m\u00e4nsklig, l\u00e4mna det h\u00e4r f\u00e4ltet tomt.\t\t\t<\/label>\n\t\t\t<input  id=\"field_pe6pp\" type=\"text\" class=\"frm_form_field form-field frm_verify\" name=\"item_meta[917]\" value=\"\"  \/>\n\t\t<\/div>\n\t\t<input name=\"frm_state\" type=\"hidden\" value=\"1p9\/G6d4WQueJYjPsLVvrZ5tuff3ljQsf2IEphLNcD8=\" \/><\/div>\n<\/fieldset>\n<\/div>\n\n<\/form>\n<\/div>\n<p>&nbsp;<\/p>\n<p><a href=\"https:\/\/www.4h.se\/halland\/wp-content\/uploads\/sites\/69\/2015\/01\/L\u00e4ra-genom-att-g\u00f6ra.png\"><img loading=\"lazy\" decoding=\"async\" class=\"aligncenter size-full wp-image-2017\" src=\"https:\/\/www.4h.se\/halland\/wp-content\/uploads\/sites\/69\/2015\/01\/L\u00e4ra-genom-att-g\u00f6ra.png\" alt=\"L\u00e4ra genom att g\u00f6ra\" width=\"1213\" height=\"165\" srcset=\"https:\/\/www.4h.se\/halland\/wp-content\/uploads\/sites\/69\/2015\/01\/L\u00e4ra-genom-att-g\u00f6ra.png 1213w, https:\/\/www.4h.se\/halland\/wp-content\/uploads\/sites\/69\/2015\/01\/L\u00e4ra-genom-att-g\u00f6ra-170x23.png 170w, https:\/\/www.4h.se\/halland\/wp-content\/uploads\/sites\/69\/2015\/01\/L\u00e4ra-genom-att-g\u00f6ra-470x64.png 470w, https:\/\/www.4h.se\/halland\/wp-content\/uploads\/sites\/69\/2015\/01\/L\u00e4ra-genom-att-g\u00f6ra-970x132.png 970w\" sizes=\"auto, (max-width: 1213px) 100vw, 1213px\" \/><\/a>[\/vc_column_text][\/vc_column][vc_column width=&#8221;1\/4&#8243;][\/vc_column][\/vc_row]<\/p>\n<\/div>","protected":false},"excerpt":{"rendered":"<p>[vc_row][vc_column][vc_single_image image=&#8221;2241&#8243; img_size=&#8221;2000&#215;500&#8243; alignment=&#8221;center&#8221; style=&#8221;vc_box_rounded&#8221;][\/vc_column][\/vc_row][vc_row][vc_column width=&#8221;1\/2&#8243;][vc_column_text] Alla v\u00e5ra\u00a0grupper Att v\u00e5ra klubbar, g\u00e5rdar och l\u00e4ger \u00e4r viktiga \u00e4r vi \u00f6vertygade om. B\u00e5de f\u00f6r de som deltar i verksamheten, \u00e4r ledare f\u00f6r den och f\u00f6r de som arrangerar den. De tre delarna utg\u00f6r tre femtedelar av v\u00e5r k\u00e4rnverksamhet. Men f\u00f6r att v\u00e5r klubb-, g\u00e5rd- och l\u00e4gerverksamhet ska&nbsp; <a href=\"https:\/\/www.4h.se\/halland\/alla-grupper\/\">&hellip; Read more <i class=\"glyphicon glyphicon-arrow-right\"><\/i><\/a><\/p>\n","protected":false},"author":126,"featured_media":0,"parent":0,"menu_order":65,"comment_status":"closed","ping_status":"closed","template":"","meta":{"_acf_changed":false,"footnotes":""},"class_list":["post-2409","page","type-page","status-publish","hentry"],"acf":[],"yoast_head":"<!-- This site is optimized with the Yoast SEO plugin v27.5 - https:\/\/yoast.com\/product\/yoast-seo-wordpress\/ -->\n<title>Alla grupper - 4H i Halland<\/title>\n<meta name=\"robots\" content=\"index, follow, max-snippet:-1, max-image-preview:large, max-video-preview:-1\" \/>\n<link rel=\"canonical\" href=\"https:\/\/www.4h.se\/halland\/alla-grupper\/\" \/>\n<meta property=\"og:locale\" content=\"sv_SE\" \/>\n<meta property=\"og:type\" content=\"article\" \/>\n<meta property=\"og:title\" content=\"Alla grupper - 4H i Halland\" \/>\n<meta property=\"og:description\" content=\"[vc_row][vc_column][vc_single_image image=&#8221;2241&#8243; img_size=&#8221;2000&#215;500&#8243; alignment=&#8221;center&#8221; style=&#8221;vc_box_rounded&#8221;][\/vc_column][\/vc_row][vc_row][vc_column width=&#8221;1\/2&#8243;][vc_column_text] Alla v\u00e5ra\u00a0grupper Att v\u00e5ra klubbar, g\u00e5rdar och l\u00e4ger \u00e4r viktiga \u00e4r vi \u00f6vertygade om. B\u00e5de f\u00f6r de som deltar i verksamheten, \u00e4r ledare f\u00f6r den och f\u00f6r de som arrangerar den. De tre delarna utg\u00f6r tre femtedelar av v\u00e5r k\u00e4rnverksamhet. Men f\u00f6r att v\u00e5r klubb-, g\u00e5rd- och l\u00e4gerverksamhet ska&nbsp; &hellip; Read more\" \/>\n<meta property=\"og:url\" content=\"https:\/\/www.4h.se\/halland\/alla-grupper\/\" \/>\n<meta property=\"og:site_name\" content=\"4H i Halland\" \/>\n<meta property=\"article:publisher\" content=\"https:\/\/www.facebook.com\/hallands4h\/\" \/>\n<meta property=\"article:modified_time\" content=\"2025-10-23T11:35:32+00:00\" \/>\n<meta name=\"twitter:card\" content=\"summary_large_image\" \/>\n<meta name=\"twitter:site\" content=\"@Hallands4H\" \/>\n<meta name=\"twitter:label1\" content=\"Ber\u00e4knad l\u00e4stid\" \/>\n\t<meta name=\"twitter:data1\" content=\"4 minuter\" \/>\n<script type=\"application\/ld+json\" class=\"yoast-schema-graph\">{\"@context\":\"https:\\\/\\\/schema.org\",\"@graph\":[{\"@type\":\"WebPage\",\"@id\":\"https:\\\/\\\/www.4h.se\\\/halland\\\/alla-grupper\\\/\",\"url\":\"https:\\\/\\\/www.4h.se\\\/halland\\\/alla-grupper\\\/\",\"name\":\"Alla grupper - 4H i Halland\",\"isPartOf\":{\"@id\":\"https:\\\/\\\/www.4h.se\\\/halland\\\/#website\"},\"datePublished\":\"2022-01-05T12:59:56+00:00\",\"dateModified\":\"2025-10-23T11:35:32+00:00\",\"breadcrumb\":{\"@id\":\"https:\\\/\\\/www.4h.se\\\/halland\\\/alla-grupper\\\/#breadcrumb\"},\"inLanguage\":\"sv-SE\",\"potentialAction\":[{\"@type\":\"ReadAction\",\"target\":[\"https:\\\/\\\/www.4h.se\\\/halland\\\/alla-grupper\\\/\"]}]},{\"@type\":\"BreadcrumbList\",\"@id\":\"https:\\\/\\\/www.4h.se\\\/halland\\\/alla-grupper\\\/#breadcrumb\",\"itemListElement\":[{\"@type\":\"ListItem\",\"position\":1,\"name\":\"Hem\",\"item\":\"https:\\\/\\\/www.4h.se\\\/halland\\\/\"},{\"@type\":\"ListItem\",\"position\":2,\"name\":\"Alla grupper\"}]},{\"@type\":\"WebSite\",\"@id\":\"https:\\\/\\\/www.4h.se\\\/halland\\\/#website\",\"url\":\"https:\\\/\\\/www.4h.se\\\/halland\\\/\",\"name\":\"4H i Halland\",\"description\":\"Av unga f\u00f6r unga\",\"potentialAction\":[{\"@type\":\"SearchAction\",\"target\":{\"@type\":\"EntryPoint\",\"urlTemplate\":\"https:\\\/\\\/www.4h.se\\\/halland\\\/?s={search_term_string}\"},\"query-input\":{\"@type\":\"PropertyValueSpecification\",\"valueRequired\":true,\"valueName\":\"search_term_string\"}}],\"inLanguage\":\"sv-SE\"}]}<\/script>\n<!-- \/ Yoast SEO plugin. -->","yoast_head_json":{"title":"Alla grupper - 4H i Halland","robots":{"index":"index","follow":"follow","max-snippet":"max-snippet:-1","max-image-preview":"max-image-preview:large","max-video-preview":"max-video-preview:-1"},"canonical":"https:\/\/www.4h.se\/halland\/alla-grupper\/","og_locale":"sv_SE","og_type":"article","og_title":"Alla grupper - 4H i Halland","og_description":"[vc_row][vc_column][vc_single_image image=&#8221;2241&#8243; img_size=&#8221;2000&#215;500&#8243; alignment=&#8221;center&#8221; style=&#8221;vc_box_rounded&#8221;][\/vc_column][\/vc_row][vc_row][vc_column width=&#8221;1\/2&#8243;][vc_column_text] Alla v\u00e5ra\u00a0grupper Att v\u00e5ra klubbar, g\u00e5rdar och l\u00e4ger \u00e4r viktiga \u00e4r vi \u00f6vertygade om. B\u00e5de f\u00f6r de som deltar i verksamheten, \u00e4r ledare f\u00f6r den och f\u00f6r de som arrangerar den. De tre delarna utg\u00f6r tre femtedelar av v\u00e5r k\u00e4rnverksamhet. Men f\u00f6r att v\u00e5r klubb-, g\u00e5rd- och l\u00e4gerverksamhet ska&nbsp; &hellip; Read more","og_url":"https:\/\/www.4h.se\/halland\/alla-grupper\/","og_site_name":"4H i Halland","article_publisher":"https:\/\/www.facebook.com\/hallands4h\/","article_modified_time":"2025-10-23T11:35:32+00:00","twitter_card":"summary_large_image","twitter_site":"@Hallands4H","twitter_misc":{"Ber\u00e4knad l\u00e4stid":"4 minuter"},"schema":{"@context":"https:\/\/schema.org","@graph":[{"@type":"WebPage","@id":"https:\/\/www.4h.se\/halland\/alla-grupper\/","url":"https:\/\/www.4h.se\/halland\/alla-grupper\/","name":"Alla grupper - 4H i Halland","isPartOf":{"@id":"https:\/\/www.4h.se\/halland\/#website"},"datePublished":"2022-01-05T12:59:56+00:00","dateModified":"2025-10-23T11:35:32+00:00","breadcrumb":{"@id":"https:\/\/www.4h.se\/halland\/alla-grupper\/#breadcrumb"},"inLanguage":"sv-SE","potentialAction":[{"@type":"ReadAction","target":["https:\/\/www.4h.se\/halland\/alla-grupper\/"]}]},{"@type":"BreadcrumbList","@id":"https:\/\/www.4h.se\/halland\/alla-grupper\/#breadcrumb","itemListElement":[{"@type":"ListItem","position":1,"name":"Hem","item":"https:\/\/www.4h.se\/halland\/"},{"@type":"ListItem","position":2,"name":"Alla grupper"}]},{"@type":"WebSite","@id":"https:\/\/www.4h.se\/halland\/#website","url":"https:\/\/www.4h.se\/halland\/","name":"4H i Halland","description":"Av unga f\u00f6r unga","potentialAction":[{"@type":"SearchAction","target":{"@type":"EntryPoint","urlTemplate":"https:\/\/www.4h.se\/halland\/?s={search_term_string}"},"query-input":{"@type":"PropertyValueSpecification","valueRequired":true,"valueName":"search_term_string"}}],"inLanguage":"sv-SE"}]}},"_links":{"self":[{"href":"https:\/\/www.4h.se\/halland\/wp-json\/wp\/v2\/pages\/2409","targetHints":{"allow":["GET"]}}],"collection":[{"href":"https:\/\/www.4h.se\/halland\/wp-json\/wp\/v2\/pages"}],"about":[{"href":"https:\/\/www.4h.se\/halland\/wp-json\/wp\/v2\/types\/page"}],"author":[{"embeddable":true,"href":"https:\/\/www.4h.se\/halland\/wp-json\/wp\/v2\/users\/126"}],"replies":[{"embeddable":true,"href":"https:\/\/www.4h.se\/halland\/wp-json\/wp\/v2\/comments?post=2409"}],"version-history":[{"count":0,"href":"https:\/\/www.4h.se\/halland\/wp-json\/wp\/v2\/pages\/2409\/revisions"}],"wp:attachment":[{"href":"https:\/\/www.4h.se\/halland\/wp-json\/wp\/v2\/media?parent=2409"}],"curies":[{"name":"wp","href":"https:\/\/api.w.org\/{rel}","templated":true}]}}