



{"id":1316,"date":"2019-04-14T15:57:25","date_gmt":"2019-04-14T13:57:25","guid":{"rendered":"https:\/\/www.4h.se\/halland\/?page_id=1316"},"modified":"2025-10-23T13:35:34","modified_gmt":"2025-10-23T11:35:34","slug":"nordiskt-2021","status":"publish","type":"page","link":"https:\/\/www.4h.se\/halland\/nordiskt-2021\/","title":{"rendered":"Nordiskt 2021"},"content":{"rendered":"<div class=\"wpb-content-wrapper\"><p>[vc_row][vc_column width=&#8221;1\/4&#8243;][\/vc_column][vc_column width=&#8221;1\/2&#8243;][vc_column_text css=&#8221;.vc_custom_1610707871074{padding-top: 10px !important;padding-right: 20px !important;padding-bottom: 40px !important;padding-left: 20px !important;background-color: #dd4f4f !important;border-radius: 35px !important;}&#8221;]<\/p>\n<h1 style=\"text-align: center\">INST\u00c4LLT PGA. COVID-19<\/h1>\n<p>Vi beh\u00f6ver dessv\u00e4rre meddela att Hallands 4Hs l\u00e4nsf\u00f6rbundsstyrelse tillsammans med ledningsgruppen och andra involverade personer i projektet har tagit det tr\u00e5kiga beslutet att st\u00e4lla in Nordiskt 2021. Med tanke p\u00e5 situationen kring Corona, restriktioner och Folkh\u00e4lsomyndigheten rekommendationer ser vi det dessv\u00e4rre inte m\u00f6jligt att arrangera Nordiskt-l\u00e4ger till sommaren.<\/p>\n<p>Vi ser \u00f6ver m\u00f6jligheterna till att arrangera n\u00e5got annat form av arrangemang under sommaren alt. under sommaren 2022.[\/vc_column_text][vc_separator][vc_column_text]<\/p>\n<h1 style=\"text-align: center\">NORDISKT 2021<\/h1>\n<h4 style=\"text-align: center\"><strong>Sida f\u00f6r de som vill bli eller\u00a0<\/strong><strong>redan \u00e4r delaktiga i\u00a0projektet\u00a0<\/strong><\/h4>\n<p>[\/vc_column_text][\/vc_column][vc_column width=&#8221;1\/4&#8243;][\/vc_column][\/vc_row][vc_row][vc_column width=&#8221;1\/6&#8243;][\/vc_column][vc_column width=&#8221;2\/3&#8243;][vc_video link=&#8221;https:\/\/youtu.be\/YVV2uys9ik4&#8243;][\/vc_column][vc_column width=&#8221;1\/6&#8243;][\/vc_column][\/vc_row][vc_row][vc_column][vc_separator][\/vc_column][\/vc_row][vc_row][vc_column width=&#8221;1\/3&#8243;][vc_column_text]<\/p>\n<h2 style=\"text-align: center\"><strong>Om Nordiskt 2021<\/strong><\/h2>\n<p><strong><br \/>\n2018 blev det klart att Hallands 4H ska arrangera Nordiskt l\u00e4ger \u00e5r 2021, vilket vi tycker \u00e4r fantastiskt kul! <\/strong>Vi tror och hoppas p\u00e5 att tiden fr\u00e5n och med nu samt\u00a0de kommande \u00e5ren kommer bli ofantligt sp\u00e4nnande och framf\u00f6rallt roliga. Till projektet letar vi efter personer\u00a0som kan t\u00e4nka sig att vara med i de olika grupperna som finns samt kommer att tills\u00e4ttas de kommande \u00e5ren.<\/p>\n<p><strong>Vad \u00e4r Nordiskt l\u00e4ger 2021?\u00a0<\/strong>Det \u00e4r ett 4H-l\u00e4ger d\u00e4r de nordiska l\u00e4nderna deltar: Norge, Sverige: Danmark och Finland. Det brukar komma upp mot 1 500 personer och arrangeras vartannat \u00e5r. \u00c5ldersgr\u00e4nsen brukar vara 14 \u00e5r och upp\u00e5t. Vad som h\u00e4nder under veckan \u00e4r upp till oss! Men du kan f\u00f6rv\u00e4nta dig maximal l\u00e4germys, m\u00e4ngder av aktiviteter och massvis av 4H:are! Engagera dig![\/vc_column_text][\/vc_column][vc_column width=&#8221;1\/3&#8243;][vc_single_image image=&#8221;1384&#8243; img_size=&#8221;300&#215;500&#8243; alignment=&#8221;center&#8221;][\/vc_column][vc_column width=&#8221;1\/3&#8243;][vc_tta_pageable no_fill_content_area=&#8221;1&#8243; active_section=&#8221;1&#8243; pagination_style=&#8221;flat-rounded&#8221; pagination_color=&#8221;green&#8221; tab_position=&#8221;top&#8221;][vc_tta_section title=&#8221;Sektion. 1&#8243; tab_id=&#8221;1569186451038-18fdd30a-45b6&#8243;][vc_column_text]<\/p>\n<h4 style=\"text-align: center\">Senaste nytt<\/h4>\n<p><strong>2020-01-10<\/strong><\/p>\n<p>Ans\u00f6k om att f\u00e5 vara med i en grupp! Nu s\u00f6ker vi med ljus och lykta efter personer som vill engagera sig som sammankallande, mentorer och gruppmedlemmar i v\u00e5r olika grupper!<\/p>\n<hr \/>\n<p><strong>2020-01-01<\/strong><\/p>\n<p>Kick-off f\u00f6r alla intresserade p\u00e5 \u00c4stad 4H-g\u00e5rd den 15e februari! L\u00e4s mer om det l\u00e4ngre ner p\u00e5 sidan!<\/p>\n<hr \/>\n<p><strong>2019-12-19<\/strong><\/p>\n<p>Ledningsgruppen jobbar i fullfart med att hitta en l\u00e4mplig plats till l\u00e4gret! Vill du engagera dig s\u00e5 finns det m\u00f6jlighet att g\u00f6ra en intresseanm\u00e4lan l\u00e4ngre ner![\/vc_column_text][\/vc_tta_section][vc_tta_section title=&#8221;Sektion. 2&#8243; tab_id=&#8221;1569186451038-35df8135-cf33&#8243;][vc_column_text]<\/p>\n<h4 style=\"text-align: center\">Senaste nytt<\/h4>\n<p>&nbsp;<\/p>\n<p><strong>2019-09-08<\/strong><\/p>\n<p>Vi v\u00e4lkomnar\u00a0Carl Holm\u00e9n\u00a0fr\u00e5n Halland till ledningsgruppen!\u00a0Nu letar vi fr\u00e4mst efter personer som vill vara med i f\u00f6ljande grupper:<\/p>\n<p>&#8211; Ekonomi<\/p>\n<p>&#8211; Plats<\/p>\n<p>&#8211; Program<\/p>\n<p>&#8211; Mat och Caf\u00e9<\/p>\n<hr \/>\n<p><strong>2019-07-08<\/strong><\/p>\n<p>Vi v\u00e4lkomnar Ronja Palmblad fr\u00e5n Halland och\u00a0Emmy Sj\u00f6str\u00f6m fr\u00e5n \u00c4lvsborg till ledningsgruppen! Finns fortfarande en vakant plats f\u00f6r den som vill vara med!<\/p>\n<hr \/>\n<p><strong>2019-06-25<\/strong><\/p>\n<p>Ledningsgruppen har tillsammans med Hallands l\u00e4nsf\u00f6rbundsstyrelse haft sitt f\u00f6rsta m\u00f6te.<\/p>\n<p>Vi letar fortfarande efter fler personer till ledningsgruppen.[\/vc_column_text][\/vc_tta_section][vc_tta_section title=&#8221;Sektion. 2&#8243; tab_id=&#8221;1579359454581-4d1cb3fc-f1be&#8221;][vc_column_text]<\/p>\n<h4 style=\"text-align: center\">Senaste nytt<\/h4>\n<p>&nbsp;<\/p>\n<p><strong>2019-06-11<\/strong><\/p>\n<p>Vi letar efter fler personer till ledningsgruppen. H\u00f6r av dig till styrelsen alt. ledningsgruppen s\u00e5 snart du kan ifall du \u00e4r intresserad.<\/p>\n<hr \/>\n<p>&nbsp;[\/vc_column_text][\/vc_tta_section][\/vc_tta_pageable][\/vc_column][\/vc_row][vc_row][vc_column][vc_separator][\/vc_column][\/vc_row][vc_row][vc_column width=&#8221;1\/4&#8243;][\/vc_column][vc_column width=&#8221;1\/2&#8243;][vc_column_text]<\/p>\n<h3 style=\"text-align: center\">Hur engagera\u00a0du dig?<\/h3>\n<p style=\"text-align: left\">Vi s\u00f6ker just nu ca 3-5 personer till alla nedanst\u00e5ende grupper. Om du \u00e4r intresserad s\u00e5 g\u00f6r du en intresseanm\u00e4lan i v\u00e5rt formul\u00e4r s\u00e5 kontaktar n\u00e5gon i ledningsgruppen dig! L\u00e4gret \u00e4r\u00a0<span class=\"TextRun  BCX7 SCXW34230484\" lang=\"SV-SE\" xml:lang=\"SV-SE\"><span class=\"NormalTextRun  BCX7 SCXW34230484\">17 \u2013 24 juli 2021<\/span><\/span><span class=\"TextRun  BCX7 SCXW34230484\" lang=\"SV-SE\" xml:lang=\"SV-SE\"><span class=\"NormalTextRun  BCX7 SCXW34230484\">\u00a0<\/span><\/span><span class=\"TextRun  BCX7 SCXW34230484\" lang=\"SV-SE\" xml:lang=\"SV-SE\"><span class=\"NormalTextRun  BCX7 SCXW34230484\">i Halland.<\/span><\/span><\/p>\n<p style=\"text-align: left\"><strong>L\u00e5ter det intressant? G\u00f6r en intresseanm\u00e4lan!<\/strong><\/p>\n<p><strong>Man beh\u00f6ver vara 18 \u00e5r fyllda vid l\u00e4gerstart.<\/strong>[\/vc_column_text][\/vc_column][vc_column width=&#8221;1\/4&#8243;][\/vc_column][\/vc_row][vc_row][vc_column width=&#8221;1\/4&#8243;][vc_single_image image=&#8221;1399&#8243; img_size=&#8221;400&#215;500&#8243; alignment=&#8221;center&#8221;][vc_column_text]<\/p>\n<h4 style=\"text-align: left\"><strong>Ekonomigruppen<\/strong><\/h4>\n<p>H\u00e4r sitter du om du vill hj\u00e4lpa till med:<\/p>\n<ul>\n<li>S\u00f6ka fonder<\/li>\n<li>Hitta sponsorer<\/li>\n<li>Hitta andra samarbetspartners<\/li>\n<\/ul>\n<p>[\/vc_column_text][\/vc_column][vc_column width=&#8221;1\/4&#8243;][vc_single_image image=&#8221;1363&#8243; img_size=&#8221;400&#215;500&#8243; alignment=&#8221;center&#8221;][vc_column_text]<\/p>\n<h4 style=\"text-align: left\"><strong>Mat- och caf\u00e9gruppen<\/strong><\/h4>\n<p>H\u00e4r sitter du om du vill:<\/p>\n<ul>\n<li>Planera utbudet i caf\u00e9et<\/li>\n<li>Planera vad som ska \u00e4tas under l\u00e4gret<\/li>\n<li>Planera hur caf\u00e9t\u00e4ltet ska inredas<\/li>\n<\/ul>\n<p>[\/vc_column_text][\/vc_column][vc_column width=&#8221;1\/4&#8243;][vc_single_image image=&#8221;1398&#8243; img_size=&#8221;400&#215;500&#8243; alignment=&#8221;center&#8221;][vc_column_text]<\/p>\n<h4 style=\"text-align: left\"><strong>Omr\u00e5desgruppen<\/strong><\/h4>\n<p>H\u00e4r sitter du om du vill:<\/p>\n<ul>\n<li>Planera hur omr\u00e5det ska se ut och k\u00e4nnas<\/li>\n<li>Planera hur t\u00e4lten ska st\u00e5<\/li>\n<li>Planera s\u00e4rskilda omr\u00e5den t.ex. h\u00e4ngmatteskog eller myszon<\/li>\n<\/ul>\n<p>[\/vc_column_text][\/vc_column][vc_column width=&#8221;1\/4&#8243;][vc_single_image image=&#8221;1401&#8243; img_size=&#8221;400&#215;500&#8243; alignment=&#8221;center&#8221;][vc_column_text]<\/p>\n<h4 style=\"text-align: left\"><strong>Programgruppen<\/strong><\/h4>\n<p>H\u00e4r sitter du om du vill:<\/p>\n<ul>\n<li>Planera schemat<\/li>\n<li>Planera aktiviteter<\/li>\n<li>Planera t\u00e4vlingar<\/li>\n<\/ul>\n<p>[\/vc_column_text][\/vc_column][\/vc_row][vc_row][vc_column width=&#8221;1\/4&#8243;][\/vc_column][vc_column width=&#8221;1\/2&#8243;][vc_column_text]<\/p>\n<h3>G\u00f6r din intresseanm\u00e4lan h\u00e4r!<\/h3>\n<div class=\"frm_forms  with_frm_style frm_style_formidable-style\" id=\"frm_form_68_container\" >\n<form enctype=\"multipart\/form-data\" method=\"post\" class=\"frm-show-form \" id=\"form_c2ikg\" >\n<div class=\"frm_form_fields \">\n<fieldset>\n<legend class=\"frm_hidden\">Intresseanm\u00e4lan f\u00f6r Nordiskt2021<\/legend>\r\n\r\n<div class=\"frm_fields_container\">\n<input type=\"hidden\" name=\"frm_action\" value=\"create\" \/>\n<input type=\"hidden\" name=\"form_id\" value=\"68\" \/>\n<input type=\"hidden\" name=\"frm_hide_fields_68\" id=\"frm_hide_fields_68\" value=\"\" \/>\n<input type=\"hidden\" name=\"form_key\" value=\"c2ikg\" \/>\n<input type=\"hidden\" name=\"item_meta[0]\" value=\"\" \/>\n<input type=\"hidden\" id=\"frm_submit_entry_68\" name=\"frm_submit_entry_68\" value=\"3ec7b39e33\" \/><input type=\"hidden\" name=\"_wp_http_referer\" value=\"\/halland\/wp-json\/wp\/v2\/pages\/1316\" \/><div id=\"frm_field_616_container\" class=\"frm_form_field form-field  frm_required_field frm_top_container\">\r\n    <label for=\"field_cb8ld\" class=\"frm_primary_label\">Ditt namn\r\n        <span class=\"frm_required\">*<\/span>\r\n    <\/label>\r\n    <input type=\"text\" id=\"field_cb8ld\" name=\"item_meta[616]\" value=\"\"  data-reqmsg=\"Detta f\u00e4lt kan inte vara tomt.\" aria-required=\"true\" data-invmsg=\"Ditt namn \u00e4r ogiltigt\" aria-invalid=\"false\"  \/>\r\n    \r\n    \r\n<\/div>\n<div id=\"frm_field_617_container\" class=\"frm_form_field form-field  frm_required_field frm_top_container\">\r\n    <label for=\"field_k49dy\" class=\"frm_primary_label\">Mejladress till dig\r\n        <span class=\"frm_required\">*<\/span>\r\n    <\/label>\r\n    <input type=\"text\" id=\"field_k49dy\" name=\"item_meta[617]\" value=\"\"  data-reqmsg=\"Detta f\u00e4lt kan inte vara tomt.\" aria-required=\"true\" data-invmsg=\"Mejladress till dig \u00e4r ogiltigt\" aria-invalid=\"false\"  \/>\r\n    \r\n    \r\n<\/div>\n<div id=\"frm_field_618_container\" class=\"frm_form_field form-field  frm_required_field frm_top_container\">\r\n    <label for=\"field_9s6tq\" class=\"frm_primary_label\">Telefonnummer till dig\r\n        <span class=\"frm_required\">*<\/span>\r\n    <\/label>\r\n    <input type=\"text\" id=\"field_9s6tq\" name=\"item_meta[618]\" value=\"\"  data-reqmsg=\"Detta f\u00e4lt kan inte vara tomt.\" aria-required=\"true\" data-invmsg=\"Telefonnummer till dig \u00e4r ogiltigt\" aria-invalid=\"false\"  \/>\r\n    \r\n    \r\n<\/div>\n<div id=\"frm_field_619_container\" class=\"frm_form_field form-field  frm_required_field frm_top_container\">\r\n    <label for=\"field_9vz9c\" class=\"frm_primary_label\">Vad \u00e4r du intresserad av att hj\u00e4lpa till med?\r\n        <span class=\"frm_required\">*<\/span>\r\n    <\/label>\r\n    <input type=\"text\" id=\"field_9vz9c\" name=\"item_meta[619]\" value=\"\"  data-reqmsg=\"Detta f\u00e4lt kan inte vara tomt.\" aria-required=\"true\" data-invmsg=\"Vad \u00e4r du intresserad av att hj\u00e4lpa till med? \u00e4r ogiltigt\" aria-invalid=\"false\"  \/>\r\n    \r\n    \r\n<\/div>\n<div id=\"frm_field_621_container\" class=\"frm_form_field form-field  frm_top_container\">\n    <label for=\"field_dn2k2\" class=\"frm_primary_label\">F\u00f6delsedatum\n        <span class=\"frm_required\"><\/span>\n    <\/label>\n    <input type=\"text\" id=\"field_dn2k2\" name=\"item_meta[621]\" value=\"\"  data-invmsg=\"F\u00f6delsedatum \u00e4r ogiltigt\" aria-invalid=\"false\"  \/>\n    \n    \n<\/div>\n<div id=\"frm_field_620_container\" class=\"frm_form_field form-field  frm_top_container\">\r\n    <label for=\"field_fw4c0\" class=\"frm_primary_label\">\u00d6vrigt\r\n        <span class=\"frm_required\"><\/span>\r\n    <\/label>\r\n    <input type=\"text\" id=\"field_fw4c0\" name=\"item_meta[620]\" value=\"\"  data-invmsg=\"\u00d6vrigt \u00e4r ogiltigt\" aria-invalid=\"false\"  \/>\r\n    \r\n    \r\n<\/div>\n\t<input type=\"hidden\" name=\"item_key\" value=\"\" \/>\n\t\t\t<div id=\"frm_field_917_container\">\n\t\t\t<label for=\"field_chz4m\" >\n\t\t\t\tOm du \u00e4r m\u00e4nsklig, l\u00e4mna det h\u00e4r f\u00e4ltet tomt.\t\t\t<\/label>\n\t\t\t<input  id=\"field_chz4m\" type=\"text\" class=\"frm_form_field form-field frm_verify\" name=\"item_meta[917]\" value=\"\"  \/>\n\t\t<\/div>\n\t\t<input name=\"frm_state\" type=\"hidden\" value=\"b5BmKxDX7\/2RJVuLpXAQuGXJd3WBIIbVz\/DINceKxK8=\" \/><div class=\"frm_submit\">\r\n\r\n<button class=\"frm_button_submit\" type=\"submit\"  >Skicka<\/button>\r\n\r\n<\/div><\/div>\n<\/fieldset>\n<\/div>\n\n<\/form>\n<\/div>\n\n<p>&nbsp;[\/vc_column_text][\/vc_column][vc_column width=&#8221;1\/4&#8243;][\/vc_column][\/vc_row][vc_row][vc_column][vc_separator][\/vc_column][\/vc_row][vc_row][vc_column width=&#8221;1\/3&#8243;][vc_single_image image=&#8221;1381&#8243; img_size=&#8221;300&#215;500&#8243; alignment=&#8221;center&#8221;][\/vc_column][vc_column width=&#8221;1\/3&#8243;][vc_single_image image=&#8221;1364&#8243; img_size=&#8221;300&#215;500&#8243; alignment=&#8221;center&#8221;][\/vc_column][vc_column width=&#8221;1\/3&#8243;][vc_single_image image=&#8221;1244&#8243; img_size=&#8221;300&#215;500&#8243; alignment=&#8221;center&#8221;][\/vc_column][vc_column][\/vc_column][\/vc_row][vc_row][vc_column width=&#8221;1\/4&#8243;][\/vc_column][vc_column width=&#8221;1\/2&#8243;][vc_column_text]<div class=\"frm_forms  with_frm_style frm_style_formidable-style\" id=\"frm_form_42_container\" >\n<form enctype=\"multipart\/form-data\" method=\"post\" class=\"frm-show-form \" id=\"form_bn0a9\" >\n<div class=\"frm_form_fields \">\n<fieldset>\n<legend class=\"frm_hidden\">Tipsa oss! <\/legend>\r\n<h3 class=\"frm_form_title\">Tipsa oss! <\/h3>\r\n<div class=\"frm_fields_container\">\n<input type=\"hidden\" name=\"frm_action\" value=\"create\" \/>\n<input type=\"hidden\" name=\"form_id\" value=\"42\" \/>\n<input type=\"hidden\" name=\"frm_hide_fields_42\" id=\"frm_hide_fields_42\" value=\"\" \/>\n<input type=\"hidden\" name=\"form_key\" value=\"bn0a9\" \/>\n<input type=\"hidden\" name=\"item_meta[0]\" value=\"\" \/>\n<input type=\"hidden\" id=\"frm_submit_entry_42\" name=\"frm_submit_entry_42\" value=\"3ec7b39e33\" \/><input type=\"hidden\" name=\"_wp_http_referer\" value=\"\/halland\/wp-json\/wp\/v2\/pages\/1316\" \/><div id=\"frm_field_370_container\" class=\"frm_form_field form-field  frm_top_container\">\r\n    <label for=\"field_tdjid\" class=\"frm_primary_label\">Vad har du f\u00f6r id\u00e9\/tips?\r\n        <span class=\"frm_required\"><\/span>\r\n    <\/label>\r\n    <textarea name=\"item_meta[370]\" id=\"field_tdjid\" rows=\"5\"  data-invmsg=\"Vad har du f\u00f6r id\u00e9\/tips? \u00e4r ogiltigt\" aria-invalid=\"false\"  ><\/textarea>\r\n    \r\n    \r\n<\/div>\n<div id=\"frm_field_369_container\" class=\"frm_form_field form-field  frm_top_container\">\r\n    <label for=\"field_7ut0c\" class=\"frm_primary_label\">Vad heter du?\r\n        <span class=\"frm_required\"><\/span>\r\n    <\/label>\r\n    <input type=\"text\" id=\"field_7ut0c\" name=\"item_meta[369]\" value=\"G\u00e5r bra att vara anonym\"  data-frmval=\"G\u00e5r bra att vara anonym\" data-invmsg=\"Vad heter du? \u00e4r ogiltigt\" aria-invalid=\"false\"  \/>\r\n    \r\n    \r\n<\/div>\n<div id=\"frm_field_372_container\" class=\"frm_form_field form-field  frm_top_container\">\r\n    <label for=\"field_gpilb\" class=\"frm_primary_label\">E-postadress \/ Mobilnummer\r\n        <span class=\"frm_required\"><\/span>\r\n    <\/label>\r\n    <input type=\"text\" id=\"field_gpilb\" name=\"item_meta[372]\" value=\"\"  data-invmsg=\"E-postadress \/ Mobilnummer \u00e4r ogiltigt\" aria-invalid=\"false\"  \/>\r\n    \r\n    \r\n<\/div>\n\t<input type=\"hidden\" name=\"item_key\" value=\"\" \/>\n\t\t\t<div id=\"frm_field_918_container\">\n\t\t\t<label for=\"field_urxis\" >\n\t\t\t\tOm du \u00e4r m\u00e4nsklig, l\u00e4mna det h\u00e4r f\u00e4ltet tomt.\t\t\t<\/label>\n\t\t\t<input  id=\"field_urxis\" type=\"text\" class=\"frm_form_field form-field frm_verify\" name=\"item_meta[918]\" value=\"\"  \/>\n\t\t<\/div>\n\t\t<input name=\"frm_state\" type=\"hidden\" value=\"1p9\/G6d4WQueJYjPsLVvrZ7zVss4u8Xp0ijNxJ5EfLA=\" \/><div class=\"frm_submit\">\r\n\r\n<button class=\"frm_button_submit\" type=\"submit\" >Skicka<\/button>\r\n\r\n<\/div><\/div>\n<\/fieldset>\n<\/div>\n\n<\/form>\n<\/div>\n[\/vc_column_text][\/vc_column][vc_column width=&#8221;1\/4&#8243;][\/vc_column][\/vc_row][vc_row][vc_column][vc_separator][vc_column_text]<\/p>\n<h2 style=\"text-align: center\">Kontakta oss<\/h2>\n<p>[\/vc_column_text][\/vc_column][\/vc_row][vc_row][vc_column width=&#8221;1\/3&#8243;][vc_column_text]<\/p>\n<h3 style=\"text-align: center\">Hallands 4Hs l\u00e4nsf\u00f6rbundsstyrelse<\/h3>\n<p>[\/vc_column_text][vc_column_text]<strong>Ordf\u00f6rande<\/strong><\/p>\n<p>Filip Carlsson<\/p>\n<p>Filip.Carlsson@4H.se<\/p>\n<p>&nbsp;<\/p>\n<p><strong>Vice Ordf\u00f6rande, kontaktperson f\u00f6r Nordiskt 2021<\/strong><\/p>\n<p>Hampus Brink<\/p>\n<p>Hampus.Brink@4H.se[\/vc_column_text][vc_separator][vc_column_text]<\/p>\n<h3 style=\"text-align: center\">Hallands 4Hs expedition<\/h3>\n<p>[\/vc_column_text][vc_column_text]<strong>Kontoret<\/strong><\/p>\n<p>Telefon<br \/>\n0725 &#8211; 12 15 02<\/p>\n<p>E-post<br \/>\nhalland@4H.se[\/vc_column_text][\/vc_column][vc_column width=&#8221;1\/3&#8243;][vc_column_text]<\/p>\n<h3 style=\"text-align: center\">Ledningsgruppen<\/h3>\n<p>[\/vc_column_text][vc_column_text]<strong>Emma Hansson<\/strong><\/p>\n<p>Emma.Hansson@4H.se<\/p>\n<p>&nbsp;<\/p>\n<p><strong>Louise Ansebor<\/strong><\/p>\n<p>Louise.Ansebor@4H.se<\/p>\n<p>&nbsp;<\/p>\n<p><strong>Ronja Palmblad<\/strong><\/p>\n<p>Ronja.Palmblad@4H.se<br \/>\nTele. 073-829 69 50<\/p>\n<p>&nbsp;<\/p>\n<p><strong>Emmy Sj\u00f6str\u00f6m<\/strong><\/p>\n<p>Emmy.Sjostrom@4H.se<\/p>\n<p>&nbsp;<\/p>\n<p><strong>Carl Holm\u00e9n<\/strong><\/p>\n<p>Carl.Holmen@4H.se[\/vc_column_text][\/vc_column][vc_column width=&#8221;1\/3&#8243;][vc_column_text]<\/p>\n<h3 style=\"text-align: center\">PR-gruppen<\/h3>\n<p>[\/vc_column_text][vc_column_text]<strong>Hampus Brink<\/strong><\/p>\n<p>Hampus.Brink@4H.se[\/vc_column_text][\/vc_column][\/vc_row][vc_row][vc_column][vc_column_text]<a href=\"https:\/\/www.4h.se\/halland\/wp-content\/uploads\/sites\/69\/2019\/04\/Rix18_Tran\u00e5s_2018_Erik_\u00d6gnelooh_021.jpg\"><br \/>\n<\/a><a href=\"https:\/\/www.4h.se\/halland\/wp-content\/uploads\/sites\/69\/2019\/04\/Rix18_Tran\u00e5s_2018_Alma_Bengtsson_117.jpg\"><br \/>\n<\/a><a href=\"https:\/\/www.4h.se\/halland\/wp-content\/uploads\/sites\/69\/2019\/04\/Rix18_Tran\u00e5s_2018_Alma_Bengtsson_027.jpg\"><img loading=\"lazy\" decoding=\"async\" class=\"aligncenter size-full wp-image-1400\" src=\"https:\/\/www.4h.se\/halland\/wp-content\/uploads\/sites\/69\/2019\/04\/Rix18_Tran\u00e5s_2018_Alma_Bengtsson_027.jpg\" alt=\"Rix18_Tran\u00e5s_2018_Alma_Bengtsson_027\" width=\"2000\" height=\"1333\" srcset=\"https:\/\/www.4h.se\/halland\/wp-content\/uploads\/sites\/69\/2019\/04\/Rix18_Tran\u00e5s_2018_Alma_Bengtsson_027.jpg 2000w, https:\/\/www.4h.se\/halland\/wp-content\/uploads\/sites\/69\/2019\/04\/Rix18_Tran\u00e5s_2018_Alma_Bengtsson_027-170x113.jpg 170w, https:\/\/www.4h.se\/halland\/wp-content\/uploads\/sites\/69\/2019\/04\/Rix18_Tran\u00e5s_2018_Alma_Bengtsson_027-450x300.jpg 450w, https:\/\/www.4h.se\/halland\/wp-content\/uploads\/sites\/69\/2019\/04\/Rix18_Tran\u00e5s_2018_Alma_Bengtsson_027-970x647.jpg 970w\" sizes=\"auto, (max-width: 2000px) 100vw, 2000px\" \/><\/a><a href=\"https:\/\/www.4h.se\/halland\/wp-content\/uploads\/sites\/69\/2019\/04\/Rix18_Tran\u00e5s_2018_Alma_Bengtsson_028.jpg\"><br \/>\n<\/a>[\/vc_column_text][\/vc_column][\/vc_row][vc_row][vc_column width=&#8221;1\/4&#8243;][\/vc_column][vc_column width=&#8221;1\/2&#8243;][vc_single_image image=&#8221;1595&#8243; img_size=&#8221;250&#8243; alignment=&#8221;center&#8221;][\/vc_column][vc_column width=&#8221;1\/4&#8243;][\/vc_column][\/vc_row]<\/p>\n<\/div>","protected":false},"excerpt":{"rendered":"<p>[vc_row][vc_column width=&#8221;1\/4&#8243;][\/vc_column][vc_column width=&#8221;1\/2&#8243;][vc_column_text css=&#8221;.vc_custom_1610707871074{padding-top: 10px !important;padding-right: 20px !important;padding-bottom: 40px !important;padding-left: 20px !important;background-color: #dd4f4f !important;border-radius: 35px !important;}&#8221;] INST\u00c4LLT PGA. COVID-19 Vi beh\u00f6ver dessv\u00e4rre meddela att Hallands 4Hs l\u00e4nsf\u00f6rbundsstyrelse tillsammans med ledningsgruppen och andra involverade personer i projektet har tagit det tr\u00e5kiga beslutet att st\u00e4lla in Nordiskt 2021. Med tanke p\u00e5 situationen kring Corona, restriktioner och Folkh\u00e4lsomyndigheten&nbsp; <a href=\"https:\/\/www.4h.se\/halland\/nordiskt-2021\/\">&hellip; Read more <i class=\"glyphicon glyphicon-arrow-right\"><\/i><\/a><\/p>\n","protected":false},"author":126,"featured_media":0,"parent":0,"menu_order":102,"comment_status":"closed","ping_status":"closed","template":"","meta":{"_acf_changed":false,"footnotes":""},"class_list":["post-1316","page","type-page","status-publish","hentry"],"acf":[],"yoast_head":"<!-- This site is optimized with the Yoast SEO plugin v27.4 - https:\/\/yoast.com\/product\/yoast-seo-wordpress\/ -->\n<title>Nordiskt 2021 - 4H i Halland<\/title>\n<meta name=\"robots\" content=\"index, follow, max-snippet:-1, max-image-preview:large, max-video-preview:-1\" \/>\n<link rel=\"canonical\" href=\"https:\/\/www.4h.se\/halland\/nordiskt-2021\/\" \/>\n<meta property=\"og:locale\" content=\"sv_SE\" \/>\n<meta property=\"og:type\" content=\"article\" \/>\n<meta property=\"og:title\" content=\"Nordiskt 2021 - 4H i Halland\" \/>\n<meta property=\"og:description\" content=\"[vc_row][vc_column width=&#8221;1\/4&#8243;][\/vc_column][vc_column width=&#8221;1\/2&#8243;][vc_column_text css=&#8221;.vc_custom_1610707871074{padding-top: 10px !important;padding-right: 20px !important;padding-bottom: 40px !important;padding-left: 20px !important;background-color: #dd4f4f !important;border-radius: 35px !important;}&#8221;] INST\u00c4LLT PGA. COVID-19 Vi beh\u00f6ver dessv\u00e4rre meddela att Hallands 4Hs l\u00e4nsf\u00f6rbundsstyrelse tillsammans med ledningsgruppen och andra involverade personer i projektet har tagit det tr\u00e5kiga beslutet att st\u00e4lla in Nordiskt 2021. Med tanke p\u00e5 situationen kring Corona, restriktioner och Folkh\u00e4lsomyndigheten&nbsp; &hellip; Read more\" \/>\n<meta property=\"og:url\" content=\"https:\/\/www.4h.se\/halland\/nordiskt-2021\/\" \/>\n<meta property=\"og:site_name\" content=\"4H i Halland\" \/>\n<meta property=\"article:publisher\" content=\"https:\/\/www.facebook.com\/hallands4h\/\" \/>\n<meta property=\"article:modified_time\" content=\"2025-10-23T11:35:34+00:00\" \/>\n<meta name=\"twitter:card\" content=\"summary_large_image\" \/>\n<meta name=\"twitter:site\" content=\"@Hallands4H\" \/>\n<meta name=\"twitter:label1\" content=\"Ber\u00e4knad l\u00e4stid\" \/>\n\t<meta name=\"twitter:data1\" content=\"6 minuter\" \/>\n<script type=\"application\/ld+json\" class=\"yoast-schema-graph\">{\"@context\":\"https:\\\/\\\/schema.org\",\"@graph\":[{\"@type\":\"WebPage\",\"@id\":\"https:\\\/\\\/www.4h.se\\\/halland\\\/nordiskt-2021\\\/\",\"url\":\"https:\\\/\\\/www.4h.se\\\/halland\\\/nordiskt-2021\\\/\",\"name\":\"Nordiskt 2021 - 4H i Halland\",\"isPartOf\":{\"@id\":\"https:\\\/\\\/www.4h.se\\\/halland\\\/#website\"},\"datePublished\":\"2019-04-14T13:57:25+00:00\",\"dateModified\":\"2025-10-23T11:35:34+00:00\",\"breadcrumb\":{\"@id\":\"https:\\\/\\\/www.4h.se\\\/halland\\\/nordiskt-2021\\\/#breadcrumb\"},\"inLanguage\":\"sv-SE\",\"potentialAction\":[{\"@type\":\"ReadAction\",\"target\":[\"https:\\\/\\\/www.4h.se\\\/halland\\\/nordiskt-2021\\\/\"]}]},{\"@type\":\"BreadcrumbList\",\"@id\":\"https:\\\/\\\/www.4h.se\\\/halland\\\/nordiskt-2021\\\/#breadcrumb\",\"itemListElement\":[{\"@type\":\"ListItem\",\"position\":1,\"name\":\"Hem\",\"item\":\"https:\\\/\\\/www.4h.se\\\/halland\\\/\"},{\"@type\":\"ListItem\",\"position\":2,\"name\":\"Nordiskt 2021\"}]},{\"@type\":\"WebSite\",\"@id\":\"https:\\\/\\\/www.4h.se\\\/halland\\\/#website\",\"url\":\"https:\\\/\\\/www.4h.se\\\/halland\\\/\",\"name\":\"4H i Halland\",\"description\":\"Av unga f\u00f6r unga\",\"potentialAction\":[{\"@type\":\"SearchAction\",\"target\":{\"@type\":\"EntryPoint\",\"urlTemplate\":\"https:\\\/\\\/www.4h.se\\\/halland\\\/?s={search_term_string}\"},\"query-input\":{\"@type\":\"PropertyValueSpecification\",\"valueRequired\":true,\"valueName\":\"search_term_string\"}}],\"inLanguage\":\"sv-SE\"}]}<\/script>\n<!-- \/ Yoast SEO plugin. -->","yoast_head_json":{"title":"Nordiskt 2021 - 4H i Halland","robots":{"index":"index","follow":"follow","max-snippet":"max-snippet:-1","max-image-preview":"max-image-preview:large","max-video-preview":"max-video-preview:-1"},"canonical":"https:\/\/www.4h.se\/halland\/nordiskt-2021\/","og_locale":"sv_SE","og_type":"article","og_title":"Nordiskt 2021 - 4H i Halland","og_description":"[vc_row][vc_column width=&#8221;1\/4&#8243;][\/vc_column][vc_column width=&#8221;1\/2&#8243;][vc_column_text css=&#8221;.vc_custom_1610707871074{padding-top: 10px !important;padding-right: 20px !important;padding-bottom: 40px !important;padding-left: 20px !important;background-color: #dd4f4f !important;border-radius: 35px !important;}&#8221;] INST\u00c4LLT PGA. COVID-19 Vi beh\u00f6ver dessv\u00e4rre meddela att Hallands 4Hs l\u00e4nsf\u00f6rbundsstyrelse tillsammans med ledningsgruppen och andra involverade personer i projektet har tagit det tr\u00e5kiga beslutet att st\u00e4lla in Nordiskt 2021. Med tanke p\u00e5 situationen kring Corona, restriktioner och Folkh\u00e4lsomyndigheten&nbsp; &hellip; Read more","og_url":"https:\/\/www.4h.se\/halland\/nordiskt-2021\/","og_site_name":"4H i Halland","article_publisher":"https:\/\/www.facebook.com\/hallands4h\/","article_modified_time":"2025-10-23T11:35:34+00:00","twitter_card":"summary_large_image","twitter_site":"@Hallands4H","twitter_misc":{"Ber\u00e4knad l\u00e4stid":"6 minuter"},"schema":{"@context":"https:\/\/schema.org","@graph":[{"@type":"WebPage","@id":"https:\/\/www.4h.se\/halland\/nordiskt-2021\/","url":"https:\/\/www.4h.se\/halland\/nordiskt-2021\/","name":"Nordiskt 2021 - 4H i Halland","isPartOf":{"@id":"https:\/\/www.4h.se\/halland\/#website"},"datePublished":"2019-04-14T13:57:25+00:00","dateModified":"2025-10-23T11:35:34+00:00","breadcrumb":{"@id":"https:\/\/www.4h.se\/halland\/nordiskt-2021\/#breadcrumb"},"inLanguage":"sv-SE","potentialAction":[{"@type":"ReadAction","target":["https:\/\/www.4h.se\/halland\/nordiskt-2021\/"]}]},{"@type":"BreadcrumbList","@id":"https:\/\/www.4h.se\/halland\/nordiskt-2021\/#breadcrumb","itemListElement":[{"@type":"ListItem","position":1,"name":"Hem","item":"https:\/\/www.4h.se\/halland\/"},{"@type":"ListItem","position":2,"name":"Nordiskt 2021"}]},{"@type":"WebSite","@id":"https:\/\/www.4h.se\/halland\/#website","url":"https:\/\/www.4h.se\/halland\/","name":"4H i Halland","description":"Av unga f\u00f6r unga","potentialAction":[{"@type":"SearchAction","target":{"@type":"EntryPoint","urlTemplate":"https:\/\/www.4h.se\/halland\/?s={search_term_string}"},"query-input":{"@type":"PropertyValueSpecification","valueRequired":true,"valueName":"search_term_string"}}],"inLanguage":"sv-SE"}]}},"_links":{"self":[{"href":"https:\/\/www.4h.se\/halland\/wp-json\/wp\/v2\/pages\/1316","targetHints":{"allow":["GET"]}}],"collection":[{"href":"https:\/\/www.4h.se\/halland\/wp-json\/wp\/v2\/pages"}],"about":[{"href":"https:\/\/www.4h.se\/halland\/wp-json\/wp\/v2\/types\/page"}],"author":[{"embeddable":true,"href":"https:\/\/www.4h.se\/halland\/wp-json\/wp\/v2\/users\/126"}],"replies":[{"embeddable":true,"href":"https:\/\/www.4h.se\/halland\/wp-json\/wp\/v2\/comments?post=1316"}],"version-history":[{"count":0,"href":"https:\/\/www.4h.se\/halland\/wp-json\/wp\/v2\/pages\/1316\/revisions"}],"wp:attachment":[{"href":"https:\/\/www.4h.se\/halland\/wp-json\/wp\/v2\/media?parent=1316"}],"curies":[{"name":"wp","href":"https:\/\/api.w.org\/{rel}","templated":true}]}}