



{"id":566,"date":"2018-04-16T10:40:48","date_gmt":"2018-04-16T08:40:48","guid":{"rendered":"http:\/\/www.4h.se\/farsna\/?page_id=566"},"modified":"2024-06-18T16:22:51","modified_gmt":"2024-06-18T14:22:51","slug":"after-school","status":"publish","type":"page","link":"https:\/\/www.4h.se\/farsna\/after-school\/","title":{"rendered":"G\u00c5RDS H\u00c4NG"},"content":{"rendered":"<div class=\"wpb-content-wrapper\"><p>[vc_row][vc_column][vc_column_text]<\/p>\n<h1 style=\"text-align: center;\"><a href=\"https:\/\/www.4h.se\/farsna\/wp-content\/uploads\/sites\/93\/2018\/04\/IMG_0833.jpg\"><img loading=\"lazy\" decoding=\"async\" class=\"alignnone size-medium wp-image-803\" src=\"https:\/\/www.4h.se\/farsna\/wp-content\/uploads\/sites\/93\/2018\/04\/IMG_0833-470x228.jpg\" alt=\"IMG_0833\" width=\"470\" height=\"228\" srcset=\"https:\/\/www.4h.se\/farsna\/wp-content\/uploads\/sites\/93\/2018\/04\/IMG_0833-470x228.jpg 470w, https:\/\/www.4h.se\/farsna\/wp-content\/uploads\/sites\/93\/2018\/04\/IMG_0833-170x83.jpg 170w, https:\/\/www.4h.se\/farsna\/wp-content\/uploads\/sites\/93\/2018\/04\/IMG_0833-970x472.jpg 970w, https:\/\/www.4h.se\/farsna\/wp-content\/uploads\/sites\/93\/2018\/04\/IMG_0833.jpg 2016w\" sizes=\"auto, (max-width: 470px) 100vw, 470px\" \/><\/a><\/h1>\n<h1 style=\"text-align: center;\"><span style=\"color: #008000;\">&#8221; G\u00e5rds H\u00e4ng &#8221;<\/span><\/h1>\n<h3 style=\"text-align: center;\">Ny termin startar v 34 torsdag\u00a0 22\/8 2024<\/h3>\n<h2 style=\"text-align: center;\"><span style=\"color: #008000;\">\u00a0Eftermiddags aktiviteten G\u00c5RDS H\u00c4NG krymper lite under h\u00f6sten 2024&#8230;. Vi hoppas dock att kunna vara ig\u00e5ng igen med fem dagar i veckan from vt 2025.<\/span><\/h2>\n<h2 style=\"text-align: center;\"><span style=\"color: #800000;\">under ht 2024 k\u00f6r vi Torsdagar kl 14-17 \ud83d\ude42\u00a0<\/span><\/h2>\n<h3 style=\"text-align: center;\">\u00a0( G\u00e5rdsh\u00e4nget \u00e4r st\u00e4ngt n\u00e4r skolan har lov, s\u00e5 som h\u00f6stlov och jullov) Sista torsdagen f\u00f6r terminen \u00e4r 19\/12<\/h3>\n<h3 style=\"text-align: center;\">Aktiviteten \u00e4r riktad till barn from det \u00e5r de fyller 10 \u00e5r och upp\u00e5t.<\/h3>\n<h3 style=\"text-align: center;\">S\u00e5h\u00e4r har vi t\u00e4nkt:<\/h3>\n<h3 style=\"text-align: center;\">Barnen kommer de torsdagar de vill och kan och skriver in sig vid ankomst till g\u00e5rden, och checkar ut sig vid hemg\u00e5ng. De kan komma och g\u00e5 hem sj\u00e4lva om vi kommit \u00f6verens om detta i f\u00f6rv\u00e4g.<\/h3>\n<h3 style=\"text-align: center;\">Kl 14.00-17.00 \u00e4r det sedan \u00f6ppet f\u00f6r vad man vill g\u00f6ra, hj\u00e4lpa till med g\u00e5rds och djur sysslor, pyssla, ibland bakar vi, bara h\u00e4nga och ta det lugnt i klubbhuset, bygga, m\u00e5la, snickra mm mm bara fantasin s\u00e4tter gr\u00e4nser. Det kommer alltid att finnas en vuxen samt ungdomsledare som tar ansvar f\u00f6r barnen och inspirerar till aktiviteter dock \u00e4r tanken att det skall vara fritt att g\u00f6ra det man sj\u00e4lv \u00f6nskar \ud83d\ude42 Vill man sitta inne hos f\u00e5ren och l\u00e4sa en bok eller bygga en koja med n\u00e5gra kompisar i skogen s\u00e5 skall det vara \u00f6ppet f\u00f6r det. Det \u00e4r ingen fritidshem utan en fritidsaktivitet, med stor frihet under ansvar.<\/h3>\n<h3 style=\"text-align: center;\"><\/h3>\n<h3 style=\"text-align: center;\"><strong>Kontakta oss alltid vid anm\u00e4lan s\u00e5 bokar vi en f\u00f6rsta torsdag, d\u00e5 ses vi p\u00e5 g\u00e5rden och g\u00e5r igenom hur allt fungerar och l\u00e4gger upp en plan f\u00f6r hur vi anordnar inskolningen. Deltagaren kommer d\u00e5 tillsammans med en vuxenperson som \u00e4r aktivt deltagande i barnets vardag.<\/strong><\/h3>\n<h3 style=\"text-align: center;\"><span style=\"color: #800000;\">Under h\u00f6sten 2024 \u00e4r v\u00e5rt g\u00e5rdsh\u00e4ng tyv\u00e4rr fullbelagt om ingen v\u00e4ljer att sluta.<\/span><\/h3>\n<h3 style=\"text-align: center;\">Kostnad:<\/h3>\n<h3 style=\"text-align: center;\">300:- i medlemsavgift till riks 4H, detta \u00e4r f\u00f6r att barnen skall vara f\u00f6rs\u00e4krade under sin vistelse hos, se mer info under\u00a0 MEDLEM<\/h3>\n<h3 style=\"text-align: center;\"><span style=\"color: #800080;\">G\u00e5rdsH\u00e4ng har en eng\u00e5ngsavgift p\u00e5 300 kr\/termin\/barn, detta betalas till F\u00e4rsna 4H via swish eller bankgiro<\/span><\/h3>\n<h1 style=\"text-align: center;\"><strong>F\u00e4rsna 4H-klubb 123-571 51 72<\/strong><\/h1>\n<h2 style=\"text-align: center;\">eller bankgiro\u00a0490-7770<\/h2>\n<h3 style=\"text-align: center;\">Barnet \u00e4r d\u00e5 v\u00e4lkommet s\u00e5 m\u00e5nga torsdagar det vill och kan, ingen obligatorisk n\u00e4rvaro.<\/h3>\n<h3 style=\"text-align: center;\">Om du har fr\u00e5gor om\u00a0v\u00e5rt G\u00e5rds H\u00e4ng \u00e4r du v\u00e4lkommen att maila farsna@4h.se<\/h3>\n<p style=\"text-align: center;\"><a href=\"https:\/\/www.4h.se\/farsna\/wp-content\/uploads\/sites\/93\/2018\/04\/Kaniner.jpg\"><img loading=\"lazy\" decoding=\"async\" class=\"alignnone size-large wp-image-506\" src=\"https:\/\/www.4h.se\/farsna\/wp-content\/uploads\/sites\/93\/2018\/04\/Kaniner-970x546.jpg\" alt=\"Kaniner\" width=\"600\" height=\"338\" srcset=\"https:\/\/www.4h.se\/farsna\/wp-content\/uploads\/sites\/93\/2018\/04\/Kaniner-970x546.jpg 970w, https:\/\/www.4h.se\/farsna\/wp-content\/uploads\/sites\/93\/2018\/04\/Kaniner-170x96.jpg 170w, https:\/\/www.4h.se\/farsna\/wp-content\/uploads\/sites\/93\/2018\/04\/Kaniner-470x264.jpg 470w, https:\/\/www.4h.se\/farsna\/wp-content\/uploads\/sites\/93\/2018\/04\/Kaniner.jpg 2048w\" sizes=\"auto, (max-width: 600px) 100vw, 600px\" \/><\/a><\/p>\n<h3 style=\"text-align: center;\">V\u00e4lkommen med din anm\u00e4lan nedan:<\/h3>\n<p>[\/vc_column_text][\/vc_column][\/vc_row][vc_row][vc_column][vc_column_text]<div class=\"frm_forms  with_frm_style frm_style_formidable-style\" id=\"frm_form_35_container\" >\n<form enctype=\"multipart\/form-data\" method=\"post\" class=\"frm-show-form \" id=\"form_h9vly\" >\n<div class=\"frm_form_fields \">\n<fieldset>\n<legend class=\"frm_hidden\">G\u00c5RDS H\u00c4NG<\/legend>\r\n\r\n<div class=\"frm_fields_container\">\n<input type=\"hidden\" name=\"frm_action\" value=\"create\" \/>\n<input type=\"hidden\" name=\"form_id\" value=\"35\" \/>\n<input type=\"hidden\" name=\"frm_hide_fields_35\" id=\"frm_hide_fields_35\" value=\"\" \/>\n<input type=\"hidden\" name=\"form_key\" value=\"h9vly\" \/>\n<input type=\"hidden\" name=\"item_meta[0]\" value=\"\" \/>\n<input type=\"hidden\" id=\"frm_submit_entry_35\" name=\"frm_submit_entry_35\" value=\"fdbf7bf16a\" \/><input type=\"hidden\" name=\"_wp_http_referer\" value=\"\/farsna\/wp-json\/wp\/v2\/pages\/566\" \/><div id=\"frm_field_237_container\" class=\"frm_form_field form-field  frm_required_field frm_top_container\">\r\n    <label for=\"field_vagl3\" class=\"frm_primary_label\">Deltagarens namn\r\n        <span class=\"frm_required\">*<\/span>\r\n    <\/label>\r\n    <input type=\"text\" id=\"field_vagl3\" name=\"item_meta[237]\" value=\"\"  data-reqmsg=\"Detta f\u00e4lt kan inte vara tomt.\" aria-required=\"true\" data-invmsg=\"Deltagarens namn \u00e4r ogiltigt\" aria-invalid=\"false\"  \/>\r\n    \r\n    \r\n<\/div>\n<div id=\"frm_field_238_container\" class=\"frm_form_field form-field  frm_required_field frm_top_container\">\r\n    <label for=\"field_8za0b\" class=\"frm_primary_label\">Deltagarens personnummer\r\n        <span class=\"frm_required\">*<\/span>\r\n    <\/label>\r\n    <input type=\"text\" id=\"field_8za0b\" name=\"item_meta[238]\" value=\"\"  data-reqmsg=\"Detta f\u00e4lt kan inte vara tomt.\" aria-required=\"true\" data-invmsg=\"Deltagarens personnummer \u00e4r ogiltigt\" aria-invalid=\"false\"  \/>\r\n    \r\n    \r\n<\/div>\n<div id=\"frm_field_240_container\" class=\"frm_form_field form-field  frm_required_field frm_top_container\">\n    <label for=\"field_2cwxc\" class=\"frm_primary_label\">Deltagarens adress (samt postnummer och ort)\n        <span class=\"frm_required\">*<\/span>\n    <\/label>\n    <textarea name=\"item_meta[240]\" id=\"field_2cwxc\" rows=\"5\"  data-reqmsg=\"Detta f\u00e4lt kan inte vara tomt.\" aria-required=\"true\" data-invmsg=\"Deltagarens adress (samt postnummer och ort) \u00e4r ogiltigt\" aria-invalid=\"false\"  ><\/textarea>\n    \n    \n<\/div>\n<div id=\"frm_field_241_container\" class=\"frm_form_field form-field  frm_required_field frm_top_container vertical_radio\">\n    <label class=\"frm_primary_label\">\u00c4r deltagaren medlem p\u00e5 4H, 2024?\n        <span class=\"frm_required\">*<\/span>\n    <\/label>\n    <div class=\"frm_opt_container\">\t\t<div class=\"frm_checkbox\" id=\"frm_checkbox_241-0\">\t\t\t<label  for=\"field_739fu-0\">\n\t\t\t<input type=\"checkbox\" name=\"item_meta[241][]\" id=\"field_739fu-0\" value=\"Ja\"  data-reqmsg=\"Detta f\u00e4lt kan inte vara tomt.\" data-invmsg=\"\u00c4r deltagaren medlem p\u00e5 4H, 2024? \u00e4r ogiltigt\"   aria-required=\"true\"  \/> Ja<\/label><\/div>\n\t\t<div class=\"frm_checkbox\" id=\"frm_checkbox_241-1\">\t\t\t<label  for=\"field_739fu-1\">\n\t\t\t<input type=\"checkbox\" name=\"item_meta[241][]\" id=\"field_739fu-1\" value=\"Nej\"  data-reqmsg=\"Detta f\u00e4lt kan inte vara tomt.\" data-invmsg=\"\u00c4r deltagaren medlem p\u00e5 4H, 2024? \u00e4r ogiltigt\"   \/> Nej<\/label><\/div>\n<\/div>\n    \n    \n<\/div>\n<div id=\"frm_field_242_container\" class=\"frm_form_field form-field  frm_required_field frm_top_container\">\n    <label for=\"field_tbyhj\" class=\"frm_primary_label\">Namn p\u00e5 f\u00f6r\u00e4lder eller kontaktperson\n        <span class=\"frm_required\">*<\/span>\n    <\/label>\n    <input type=\"text\" id=\"field_tbyhj\" name=\"item_meta[242]\" value=\"\"  data-reqmsg=\"Detta f\u00e4lt kan inte vara tomt.\" aria-required=\"true\" data-invmsg=\"Namn p\u00e5 f\u00f6r\u00e4lder eller kontaktperson \u00e4r ogiltigt\" aria-invalid=\"false\"  \/>\n    \n    \n<\/div>\n<div id=\"frm_field_243_container\" class=\"frm_form_field form-field  frm_required_field frm_top_container\">\n    <label for=\"field_ly3hv\" class=\"frm_primary_label\">Telefonnummer till f\u00f6r\u00e4lder eller kontaktperson\n        <span class=\"frm_required\">*<\/span>\n    <\/label>\n    <input type=\"text\" id=\"field_ly3hv\" name=\"item_meta[243]\" value=\"\"  data-reqmsg=\"Detta f\u00e4lt kan inte vara tomt.\" aria-required=\"true\" data-invmsg=\"Telefonnummer till f\u00f6r\u00e4lder eller kontaktperson \u00e4r ogiltigt\" aria-invalid=\"false\"  \/>\n    \n    \n<\/div>\n<div id=\"frm_field_244_container\" class=\"frm_form_field form-field  frm_required_field frm_top_container\">\n    <label for=\"field_20l5b\" class=\"frm_primary_label\">E-postadress till f\u00f6r\u00e4lder eller kontaktperson\n        <span class=\"frm_required\">*<\/span>\n    <\/label>\n    <input type=\"text\" id=\"field_20l5b\" name=\"item_meta[244]\" value=\"\"  data-reqmsg=\"Detta f\u00e4lt kan inte vara tomt.\" aria-required=\"true\" data-invmsg=\"E-postadress till f\u00f6r\u00e4lder eller kontaktperson \u00e4r ogiltigt\" aria-invalid=\"false\"  \/>\n    \n    \n<\/div>\n<div id=\"frm_field_245_container\" class=\"frm_form_field form-field  frm_top_container\">\n    <label for=\"field_pnowu\" class=\"frm_primary_label\">Annat som kan vara bra att vi vet om i m\u00f6tet med ert barn? Tex vilket pronomen som hen vill att vi anv\u00e4nder vid tilltal, allergier samt kostbehov   \ud83d\ude42 \n        <span class=\"frm_required\"><\/span>\n    <\/label>\n    <input type=\"text\" id=\"field_pnowu\" name=\"item_meta[245]\" value=\"\"  data-invmsg=\"Annat som kan vara bra att vi vet om i m\u00f6tet med ert barn? \u00e4r ogiltigt\" aria-invalid=\"false\"  \/>\n    \n    \n<\/div>\n<div id=\"frm_field_666_container\" class=\"frm_form_field form-field  frm_top_container vertical_radio\">\n    <label class=\"frm_primary_label\">F\u00e5r barnet g\u00e5 hem sj\u00e4lv fr\u00e5n g\u00e5rdsh\u00e4nget?\n        <span class=\"frm_required\"><\/span>\n    <\/label>\n    <div class=\"frm_opt_container\">\t\t<div class=\"frm_checkbox\" id=\"frm_checkbox_666-0\">\t\t\t<label  for=\"field_oq14-0\">\n\t\t\t<input type=\"checkbox\" name=\"item_meta[666][]\" id=\"field_oq14-0\" value=\"Ja\"  data-invmsg=\"F\u00e5r barnet g\u00e5 hem sj\u00e4lv fr\u00e5n g\u00e5rdsh\u00e4nget? \u00e4r ogiltigt\"   \/> Ja<\/label><\/div>\n\t\t<div class=\"frm_checkbox\" id=\"frm_checkbox_666-1\">\t\t\t<label  for=\"field_oq14-1\">\n\t\t\t<input type=\"checkbox\" name=\"item_meta[666][]\" id=\"field_oq14-1\" value=\"Nej\"  data-invmsg=\"F\u00e5r barnet g\u00e5 hem sj\u00e4lv fr\u00e5n g\u00e5rdsh\u00e4nget? \u00e4r ogiltigt\"   \/> Nej<\/label><\/div>\n\t\t<div class=\"frm_checkbox\" id=\"frm_checkbox_666-2\">\t\t\t<label  for=\"field_oq14-2\">\n\t\t\t<input type=\"checkbox\" name=\"item_meta[666][]\" id=\"field_oq14-2\" value=\"Ja, efter kontakt med ansvarig vuxen\"  data-invmsg=\"F\u00e5r barnet g\u00e5 hem sj\u00e4lv fr\u00e5n g\u00e5rdsh\u00e4nget? \u00e4r ogiltigt\"   \/> Ja, efter kontakt med ansvarig vuxen<\/label><\/div>\n<\/div>\n    \n    \n<\/div>\n<div id=\"frm_field_246_container\" class=\"frm_form_field form-field  frm_required_field frm_top_container vertical_radio\">\n    <label class=\"frm_primary_label\">H\u00e4rmed ger jag till\u00e5telse f\u00f6r foton och TV-bilder av mitt barn att anv\u00e4ndas i sammanhang som \u00e4r relevanta f\u00f6r F\u00e4rsna 4H-g\u00e5rd.\n        <span class=\"frm_required\">*<\/span>\n    <\/label>\n    <div class=\"frm_opt_container\">\t\t<div class=\"frm_checkbox\" id=\"frm_checkbox_246-0\">\t\t\t<label  for=\"field_iir8g-0\">\n\t\t\t<input type=\"checkbox\" name=\"item_meta[246][]\" id=\"field_iir8g-0\" value=\"Ja\"  data-reqmsg=\"Detta f\u00e4lt kan inte vara tomt.\" data-invmsg=\"H\u00e4rmed ger jag till\u00e5telse f\u00f6r foton och TV-bilder av mitt barn att anv\u00e4ndas i sammanhang som \u00e4r relevanta f\u00f6r F\u00e4rsna 4H-g\u00e5rd. \u00e4r ogiltigt\"   aria-required=\"true\"  \/> Ja<\/label><\/div>\n\t\t<div class=\"frm_checkbox\" id=\"frm_checkbox_246-1\">\t\t\t<label  for=\"field_iir8g-1\">\n\t\t\t<input type=\"checkbox\" name=\"item_meta[246][]\" id=\"field_iir8g-1\" value=\"Nej\"  data-reqmsg=\"Detta f\u00e4lt kan inte vara tomt.\" data-invmsg=\"H\u00e4rmed ger jag till\u00e5telse f\u00f6r foton och TV-bilder av mitt barn att anv\u00e4ndas i sammanhang som \u00e4r relevanta f\u00f6r F\u00e4rsna 4H-g\u00e5rd. \u00e4r ogiltigt\"   \/> Nej<\/label><\/div>\n<\/div>\n    \n    \n<\/div>\n<div id=\"frm_field_248_container\" class=\"frm_form_field form-field  frm_required_field frm_top_container vertical_radio\">\n    <label class=\"frm_primary_label\">Medgivande - lagring av personuppgifter\n        <span class=\"frm_required\">*<\/span>\n    <\/label>\n    <div class=\"frm_opt_container\">\t\t<div class=\"frm_checkbox\" id=\"frm_checkbox_248-0\">\t\t\t<label  for=\"field_m5iw6-0\">\n\t\t\t<input type=\"checkbox\" name=\"item_meta[248][]\" id=\"field_m5iw6-0\" value=\" Genom att anm\u00e4la oss i detta formul\u00e4r s\u00e5 ger jag mitt medgivande till att mitt\/mina barns personuppgifter lagras i f\u00f6reningens medlemsregister och kan komma att anv\u00e4ndas f\u00f6r att f\u00f6reningen ska kunna s\u00f6ka aktivitetsbidrag mm. Registret delas med riksf\u00f6rbundet Sveriges 4h.\"  data-reqmsg=\"Detta f\u00e4lt kan inte vara tomt.\" data-invmsg=\"Medgivande - lagring av personuppgifter \u00e4r ogiltigt\"   aria-required=\"true\"  \/>  Genom att anm\u00e4la oss i detta formul\u00e4r s\u00e5 ger jag mitt medgivande till att mitt\/mina barns personuppgifter lagras i f\u00f6reningens medlemsregister och kan komma att anv\u00e4ndas f\u00f6r att f\u00f6reningen ska kunna s\u00f6ka aktivitetsbidrag mm. Registret delas med riksf\u00f6rbundet Sveriges 4h.<\/label><\/div>\n<\/div>\n    \n    \n<\/div>\n<div id=\"frm_field_699_container\" class=\"frm_form_field form-field \">\n\t<div class=\"frm_submit\">\r\n\r\n<button class=\"frm_button_submit\" type=\"submit\"  >Skicka<\/button>\r\n\r\n<\/div>\n<\/div>\n\t<input type=\"hidden\" name=\"item_key\" value=\"\" \/>\n\t\t\t<div id=\"frm_field_733_container\">\n\t\t\t<label for=\"field_jtw1v\" >\n\t\t\t\tOm du \u00e4r m\u00e4nsklig, l\u00e4mna det h\u00e4r f\u00e4ltet tomt.\t\t\t<\/label>\n\t\t\t<input  id=\"field_jtw1v\" type=\"text\" class=\"frm_form_field form-field frm_verify\" name=\"item_meta[733]\" value=\"\"  \/>\n\t\t<\/div>\n\t\t<input name=\"frm_state\" type=\"hidden\" value=\"tsKrPwCQ38sviWa9Kd5WCmK\/55sVyhFS03tNtfMaI8Q=\" \/><\/div>\n<\/fieldset>\n<\/div>\n\n<\/form>\n<\/div>\n[\/vc_column_text][\/vc_column][\/vc_row]<\/p>\n<\/div>","protected":false},"excerpt":{"rendered":"<p>[vc_row][vc_column][vc_column_text] &#8221; G\u00e5rds H\u00e4ng &#8221; Ny termin startar v 34 torsdag\u00a0 22\/8 2024 \u00a0Eftermiddags aktiviteten G\u00c5RDS H\u00c4NG krymper lite under h\u00f6sten 2024&#8230;. Vi hoppas dock att kunna vara ig\u00e5ng igen med fem dagar i veckan from vt 2025. under ht 2024 k\u00f6r vi Torsdagar kl 14-17 \ud83d\ude42\u00a0 \u00a0( G\u00e5rdsh\u00e4nget \u00e4r st\u00e4ngt n\u00e4r skolan har lov,&nbsp; <a href=\"https:\/\/www.4h.se\/farsna\/after-school\/\">&hellip; Read more <i class=\"glyphicon glyphicon-arrow-right\"><\/i><\/a><\/p>\n","protected":false},"author":166,"featured_media":0,"parent":0,"menu_order":0,"comment_status":"closed","ping_status":"closed","template":"","meta":{"_acf_changed":false,"footnotes":""},"class_list":["post-566","page","type-page","status-publish","hentry"],"acf":[],"yoast_head":"<!-- This site is optimized with the Yoast SEO plugin v27.5 - https:\/\/yoast.com\/product\/yoast-seo-wordpress\/ -->\n<title>G\u00c5RDS H\u00c4NG - F\u00e4rsna 4H-g\u00e5rd<\/title>\n<meta name=\"robots\" content=\"index, follow, max-snippet:-1, max-image-preview:large, max-video-preview:-1\" \/>\n<link rel=\"canonical\" href=\"https:\/\/www.4h.se\/farsna\/after-school\/\" \/>\n<meta property=\"og:locale\" content=\"sv_SE\" \/>\n<meta property=\"og:type\" content=\"article\" \/>\n<meta property=\"og:title\" content=\"G\u00c5RDS H\u00c4NG - F\u00e4rsna 4H-g\u00e5rd\" \/>\n<meta property=\"og:description\" content=\"[vc_row][vc_column][vc_column_text] &#8221; G\u00e5rds H\u00e4ng &#8221; Ny termin startar v 34 torsdag\u00a0 22\/8 2024 \u00a0Eftermiddags aktiviteten G\u00c5RDS H\u00c4NG krymper lite under h\u00f6sten 2024&#8230;. Vi hoppas dock att kunna vara ig\u00e5ng igen med fem dagar i veckan from vt 2025. under ht 2024 k\u00f6r vi Torsdagar kl 14-17 \ud83d\ude42\u00a0 \u00a0( G\u00e5rdsh\u00e4nget \u00e4r st\u00e4ngt n\u00e4r skolan har lov,&nbsp; &hellip; Read more\" \/>\n<meta property=\"og:url\" content=\"https:\/\/www.4h.se\/farsna\/after-school\/\" \/>\n<meta property=\"og:site_name\" content=\"F\u00e4rsna 4H-g\u00e5rd\" \/>\n<meta property=\"article:modified_time\" content=\"2024-06-18T14:22:51+00:00\" \/>\n<meta property=\"og:image\" content=\"https:\/\/www.4h.se\/farsna\/wp-content\/uploads\/sites\/93\/2018\/04\/IMG_0833-470x228.jpg\" \/>\n<meta name=\"twitter:card\" content=\"summary_large_image\" \/>\n<meta name=\"twitter:label1\" content=\"Ber\u00e4knad l\u00e4stid\" \/>\n\t<meta name=\"twitter:data1\" content=\"2 minuter\" \/>\n<script type=\"application\/ld+json\" class=\"yoast-schema-graph\">{\"@context\":\"https:\\\/\\\/schema.org\",\"@graph\":[{\"@type\":\"WebPage\",\"@id\":\"https:\\\/\\\/www.4h.se\\\/farsna\\\/after-school\\\/\",\"url\":\"https:\\\/\\\/www.4h.se\\\/farsna\\\/after-school\\\/\",\"name\":\"G\u00c5RDS H\u00c4NG - F\u00e4rsna 4H-g\u00e5rd\",\"isPartOf\":{\"@id\":\"https:\\\/\\\/www.4h.se\\\/farsna\\\/#website\"},\"primaryImageOfPage\":{\"@id\":\"https:\\\/\\\/www.4h.se\\\/farsna\\\/after-school\\\/#primaryimage\"},\"image\":{\"@id\":\"https:\\\/\\\/www.4h.se\\\/farsna\\\/after-school\\\/#primaryimage\"},\"thumbnailUrl\":\"https:\\\/\\\/www.4h.se\\\/farsna\\\/wp-content\\\/uploads\\\/sites\\\/93\\\/2018\\\/04\\\/IMG_0833-470x228.jpg\",\"datePublished\":\"2018-04-16T08:40:48+00:00\",\"dateModified\":\"2024-06-18T14:22:51+00:00\",\"breadcrumb\":{\"@id\":\"https:\\\/\\\/www.4h.se\\\/farsna\\\/after-school\\\/#breadcrumb\"},\"inLanguage\":\"sv-SE\",\"potentialAction\":[{\"@type\":\"ReadAction\",\"target\":[\"https:\\\/\\\/www.4h.se\\\/farsna\\\/after-school\\\/\"]}]},{\"@type\":\"ImageObject\",\"inLanguage\":\"sv-SE\",\"@id\":\"https:\\\/\\\/www.4h.se\\\/farsna\\\/after-school\\\/#primaryimage\",\"url\":\"https:\\\/\\\/www.4h.se\\\/farsna\\\/wp-content\\\/uploads\\\/sites\\\/93\\\/2018\\\/04\\\/IMG_0833.jpg\",\"contentUrl\":\"https:\\\/\\\/www.4h.se\\\/farsna\\\/wp-content\\\/uploads\\\/sites\\\/93\\\/2018\\\/04\\\/IMG_0833.jpg\",\"width\":2016,\"height\":980},{\"@type\":\"BreadcrumbList\",\"@id\":\"https:\\\/\\\/www.4h.se\\\/farsna\\\/after-school\\\/#breadcrumb\",\"itemListElement\":[{\"@type\":\"ListItem\",\"position\":1,\"name\":\"Hem\",\"item\":\"https:\\\/\\\/www.4h.se\\\/farsna\\\/\"},{\"@type\":\"ListItem\",\"position\":2,\"name\":\"G\u00c5RDS H\u00c4NG\"}]},{\"@type\":\"WebSite\",\"@id\":\"https:\\\/\\\/www.4h.se\\\/farsna\\\/#website\",\"url\":\"https:\\\/\\\/www.4h.se\\\/farsna\\\/\",\"name\":\"F\u00e4rsna 4H-g\u00e5rd\",\"description\":\"Huvud, Hj\u00e4rta, H\u00e4lsa, Hand\",\"potentialAction\":[{\"@type\":\"SearchAction\",\"target\":{\"@type\":\"EntryPoint\",\"urlTemplate\":\"https:\\\/\\\/www.4h.se\\\/farsna\\\/?s={search_term_string}\"},\"query-input\":{\"@type\":\"PropertyValueSpecification\",\"valueRequired\":true,\"valueName\":\"search_term_string\"}}],\"inLanguage\":\"sv-SE\"}]}<\/script>\n<!-- \/ Yoast SEO plugin. -->","yoast_head_json":{"title":"G\u00c5RDS H\u00c4NG - F\u00e4rsna 4H-g\u00e5rd","robots":{"index":"index","follow":"follow","max-snippet":"max-snippet:-1","max-image-preview":"max-image-preview:large","max-video-preview":"max-video-preview:-1"},"canonical":"https:\/\/www.4h.se\/farsna\/after-school\/","og_locale":"sv_SE","og_type":"article","og_title":"G\u00c5RDS H\u00c4NG - F\u00e4rsna 4H-g\u00e5rd","og_description":"[vc_row][vc_column][vc_column_text] &#8221; G\u00e5rds H\u00e4ng &#8221; Ny termin startar v 34 torsdag\u00a0 22\/8 2024 \u00a0Eftermiddags aktiviteten G\u00c5RDS H\u00c4NG krymper lite under h\u00f6sten 2024&#8230;. Vi hoppas dock att kunna vara ig\u00e5ng igen med fem dagar i veckan from vt 2025. under ht 2024 k\u00f6r vi Torsdagar kl 14-17 \ud83d\ude42\u00a0 \u00a0( G\u00e5rdsh\u00e4nget \u00e4r st\u00e4ngt n\u00e4r skolan har lov,&nbsp; &hellip; Read more","og_url":"https:\/\/www.4h.se\/farsna\/after-school\/","og_site_name":"F\u00e4rsna 4H-g\u00e5rd","article_modified_time":"2024-06-18T14:22:51+00:00","og_image":[{"url":"https:\/\/www.4h.se\/farsna\/wp-content\/uploads\/sites\/93\/2018\/04\/IMG_0833-470x228.jpg","type":"","width":"","height":""}],"twitter_card":"summary_large_image","twitter_misc":{"Ber\u00e4knad l\u00e4stid":"2 minuter"},"schema":{"@context":"https:\/\/schema.org","@graph":[{"@type":"WebPage","@id":"https:\/\/www.4h.se\/farsna\/after-school\/","url":"https:\/\/www.4h.se\/farsna\/after-school\/","name":"G\u00c5RDS H\u00c4NG - F\u00e4rsna 4H-g\u00e5rd","isPartOf":{"@id":"https:\/\/www.4h.se\/farsna\/#website"},"primaryImageOfPage":{"@id":"https:\/\/www.4h.se\/farsna\/after-school\/#primaryimage"},"image":{"@id":"https:\/\/www.4h.se\/farsna\/after-school\/#primaryimage"},"thumbnailUrl":"https:\/\/www.4h.se\/farsna\/wp-content\/uploads\/sites\/93\/2018\/04\/IMG_0833-470x228.jpg","datePublished":"2018-04-16T08:40:48+00:00","dateModified":"2024-06-18T14:22:51+00:00","breadcrumb":{"@id":"https:\/\/www.4h.se\/farsna\/after-school\/#breadcrumb"},"inLanguage":"sv-SE","potentialAction":[{"@type":"ReadAction","target":["https:\/\/www.4h.se\/farsna\/after-school\/"]}]},{"@type":"ImageObject","inLanguage":"sv-SE","@id":"https:\/\/www.4h.se\/farsna\/after-school\/#primaryimage","url":"https:\/\/www.4h.se\/farsna\/wp-content\/uploads\/sites\/93\/2018\/04\/IMG_0833.jpg","contentUrl":"https:\/\/www.4h.se\/farsna\/wp-content\/uploads\/sites\/93\/2018\/04\/IMG_0833.jpg","width":2016,"height":980},{"@type":"BreadcrumbList","@id":"https:\/\/www.4h.se\/farsna\/after-school\/#breadcrumb","itemListElement":[{"@type":"ListItem","position":1,"name":"Hem","item":"https:\/\/www.4h.se\/farsna\/"},{"@type":"ListItem","position":2,"name":"G\u00c5RDS H\u00c4NG"}]},{"@type":"WebSite","@id":"https:\/\/www.4h.se\/farsna\/#website","url":"https:\/\/www.4h.se\/farsna\/","name":"F\u00e4rsna 4H-g\u00e5rd","description":"Huvud, Hj\u00e4rta, H\u00e4lsa, Hand","potentialAction":[{"@type":"SearchAction","target":{"@type":"EntryPoint","urlTemplate":"https:\/\/www.4h.se\/farsna\/?s={search_term_string}"},"query-input":{"@type":"PropertyValueSpecification","valueRequired":true,"valueName":"search_term_string"}}],"inLanguage":"sv-SE"}]}},"_links":{"self":[{"href":"https:\/\/www.4h.se\/farsna\/wp-json\/wp\/v2\/pages\/566","targetHints":{"allow":["GET"]}}],"collection":[{"href":"https:\/\/www.4h.se\/farsna\/wp-json\/wp\/v2\/pages"}],"about":[{"href":"https:\/\/www.4h.se\/farsna\/wp-json\/wp\/v2\/types\/page"}],"author":[{"embeddable":true,"href":"https:\/\/www.4h.se\/farsna\/wp-json\/wp\/v2\/users\/166"}],"replies":[{"embeddable":true,"href":"https:\/\/www.4h.se\/farsna\/wp-json\/wp\/v2\/comments?post=566"}],"version-history":[{"count":0,"href":"https:\/\/www.4h.se\/farsna\/wp-json\/wp\/v2\/pages\/566\/revisions"}],"wp:attachment":[{"href":"https:\/\/www.4h.se\/farsna\/wp-json\/wp\/v2\/media?parent=566"}],"curies":[{"name":"wp","href":"https:\/\/api.w.org\/{rel}","templated":true}]}}