



{"id":491,"date":"2018-06-02T13:18:59","date_gmt":"2018-06-02T11:18:59","guid":{"rendered":"http:\/\/www.4h.se\/bjorklundshage\/?page_id=491"},"modified":"2026-02-05T15:22:49","modified_gmt":"2026-02-05T14:22:49","slug":"lager","status":"publish","type":"page","link":"https:\/\/www.4h.se\/bjorklundshage\/lager\/","title":{"rendered":"L\u00e4ger"},"content":{"rendered":"<div class=\"wpb-content-wrapper\"><p>[vc_row][vc_column width=&#8221;1\/6&#8243;][vc_single_image image=&#8221;813&#8243; img_size=&#8221;full&#8221; add_caption=&#8221;yes&#8221; alignment=&#8221;center&#8221; style=&#8221;vc_box_circle_2&#8243;][vc_single_image image=&#8221;811&#8243; img_size=&#8221;full&#8221; add_caption=&#8221;yes&#8221; alignment=&#8221;center&#8221; style=&#8221;vc_box_circle_2&#8243;][vc_row_inner][vc_column_inner width=&#8221;1\/2&#8243;][\/vc_column_inner][vc_column_inner width=&#8221;1\/2&#8243;][\/vc_column_inner][\/vc_row_inner][\/vc_column][vc_column width=&#8221;2\/3&#8243;][vc_column_text]<\/p>\n<hr \/>\n<h1 style=\"text-align: center\"><span style=\"color: #006340\">Lov = l\u00e4ger p\u00e5 4H!<\/span><\/h1>\n<p>[\/vc_column_text][vc_column_text css=&#8221;&#8221;]<\/p>\n<h4 style=\"text-align: center;\"><span style=\"color: #006340;\">L\u00e4ger \u00f6ppna f\u00f6r anm\u00e4lan:<br \/>\nP\u00e5sklovsl\u00e4ger<br \/>\nSommarl\u00e4ger<\/span><\/h4>\n<h4 style=\"text-align: center;\"><\/h4>\n<p>[\/vc_column_text][vc_column_text][\/vc_column_text][vc_row_inner][vc_column_inner width=&#8221;1\/2&#8243;][vc_message message_box_style=&#8221;3d&#8221; style=&#8221;round&#8221; message_box_color=&#8221;green&#8221; icon_type=&#8221;openiconic&#8221; icon_openiconic=&#8221;vc-oi vc-oi-comment&#8221;]<\/p>\n<div>\u00c4r du redan medlem och vill anm\u00e4la dig till ett l\u00e4ger?<\/div>\n<div>G\u00f6r s\u00e5 h\u00e4r:<\/div>\n<div>1. Logga in<\/div>\n<div>2. V\u00e4lj uppt\u00e4ck organisationer<\/div>\n<div>3. V\u00e4lj 4H i Sverige<\/div>\n<div>4. V\u00e4lj klubbar<\/div>\n<div>5. V\u00e4lj 4H i Stockholm<\/div>\n<div>6. V\u00e4lj Bj\u00f6rklunds Hage 4H<\/div>\n<div>7. V\u00e4lj evenemang<\/div>\n<div>8. Skrolla ner till r\u00e4tt l\u00e4ger.<\/div>\n<p>&nbsp;[\/vc_message][vc_column_text css=&#8221;&#8221;]L\u00e4s mer om respektive l\u00e4ger genom att klicka p\u00e5 l\u00e4gerrubriken.<br \/>\nHar du fr\u00e5gor?<br \/>\nBes\u00f6k g\u00e4rna v\u00e5r sida med <a href=\"https:\/\/www.4h.se\/bjorklundshage\/vanliga-fragor\/\">vanliga fr\u00e5gor<\/a>[\/vc_column_text][\/vc_column_inner][vc_column_inner width=&#8221;1\/2&#8243;][vc_message message_box_style=&#8221;3d&#8221; style=&#8221;round&#8221; message_box_color=&#8221;green&#8221; icon_type=&#8221;openiconic&#8221; icon_openiconic=&#8221;vc-oi vc-oi-quote-right&#8221; css=&#8221;&#8221;]<strong>Viktigt att t\u00e4nka p\u00e5 vid anm\u00e4lan:<\/strong><\/p>\n<p>\ud83d\udccb Skriv deltagarens (barnets) namn och personnummer.<br \/>\n\ud83d\udcde Ange b\u00e5de namn och telefonnummer till v\u00e5rdnadshavare.<\/p>\n<p>S\u00e5 enkelt \u00e4r det att s\u00e4kra platsen \u2013 vi ser fram emot att f\u00e5 tr\u00e4ffa er! \ud83c\udf1f[\/vc_message][vc_toggle title=&#8221;Avboknings- och betalningsregler f\u00f6r l\u00e4ger&#8221; css=&#8221;.vc_custom_1769597042190{border-top-width: 6px !important;border-right-width: 6px !important;border-bottom-width: 6px !important;border-left-width: 6px !important;padding-top: 5px !important;padding-right: 15px !important;padding-bottom: 15px !important;padding-left: 15px !important;border-left-style: ridge !important;border-right-style: ridge !important;border-top-style: ridge !important;border-bottom-style: ridge !important;border-color: #00693F !important;}&#8221;]<\/p>\n<div><b data-olk-copy-source=\"MessageBody\">Anm\u00e4lan och betalning<\/b><\/div>\n<ul data-start=\"273\" data-end=\"583\">\n<li>\n<div role=\"presentation\">Anm\u00e4lan till l\u00e4ger \u00e4r&nbsp;<b>bindande<\/b>.<\/div>\n<\/li>\n<li>\n<div role=\"presentation\">L\u00e4geravgiften ska betalas enligt&nbsp;<b>fakturans instruktioner och f\u00f6rfallodatum<\/b>.<\/div>\n<\/li>\n<li>\n<div role=\"presentation\">Vi prickar av betalningar manuellt, s\u00e5 det \u00e4r viktigt att betalningsuppgifterna f\u00f6ljs korrekt.<\/div>\n<\/li>\n<li>\n<div role=\"presentation\">Fakturan skickas via Antribe och kan ibland hamna i skr\u00e4pposten \u2013 kontrollera den noggrant.<\/div>\n<\/li>\n<\/ul>\n<div><b>Avbokning<\/b><\/div>\n<ul data-start=\"599\" data-end=\"1245\">\n<li>\n<div role=\"presentation\"><b>Avbokning tidigare \u00e4n 30 dagar f\u00f6re l\u00e4gerstart:<\/b><br \/>\nFull \u00e5terbetalning av l\u00e4geravgiften, exklusive administrationsavgift p\u00e5 30 kr.<br \/>\n<i>L\u00e4karintyg kr\u00e4vs inte.<\/i><\/div>\n<\/li>\n<li>\n<div role=\"presentation\"><b>Avbokning 30\u201314 dagar f\u00f6re l\u00e4gerstart:<\/b><br \/>\n50 % av l\u00e4geravgiften \u00e5terbetalas. Administrationsavgiften p\u00e5 30 kr \u00e5terbetalas ej.<\/div>\n<\/li>\n<li>\n<div role=\"presentation\"><b>Avbokning senare \u00e4n 14 dagar f\u00f6re l\u00e4gerstart:<\/b><br \/>\nHela l\u00e4geravgiften debiteras och ingen \u00e5terbetalning sker.<\/div>\n<\/li>\n<li>\n<div role=\"presentation\"><b>Sjukdom eller skada:<\/b><br \/>\nVid avbokning&nbsp;<b>senare \u00e4n 30 dagar f\u00f6re l\u00e4gerstart<\/b>&nbsp;kan full \u00e5terbetalning av l\u00e4geravgiften ske&nbsp;<b>endast mot uppvisande av giltigt l\u00e4karintyg<\/b>.<br \/>\nAdministrationsavgiften p\u00e5 30 kr \u00e5terbetalas ej.<\/div>\n<\/li>\n<\/ul>\n<div><b>Medlemskap<\/b><\/div>\n<ul data-start=\"1262\" data-end=\"1624\">\n<li>\n<div role=\"presentation\"><b>Medlemskap \u00e4r obligatoriskt<\/b>&nbsp;f\u00f6r att delta i l\u00e4ger.<\/div>\n<\/li>\n<li>\n<div role=\"presentation\">Om deltagaren inte redan \u00e4r medlem skapas automatiskt en&nbsp;<b>separat medlemsfaktura<\/b>&nbsp;i samband med l\u00e4geranm\u00e4lan.<\/div>\n<\/li>\n<li>\n<div role=\"presentation\">Medlemsavgiften hanteras av riksorganisationen och&nbsp;<b>kan inte \u00e5terbetalas av oss<\/b>, oavsett avbokningsorsak.<\/div>\n<\/li>\n<li>\n<div role=\"presentation\">Fr\u00e5gor om medlemskap eller medlemsavgift h\u00e4nvisas till&nbsp;<b>riksorganisationen<\/b>.<\/div>\n<\/li>\n<\/ul>\n<div><b>Viktigt att notera<\/b><\/div>\n<ul data-start=\"1649\" data-end=\"1763\">\n<li>\n<div role=\"presentation\"><b>B\u00e5de l\u00e4gerfaktura och medlemsfaktura ska betalas enligt respektive fakturas instruktioner och f\u00f6rfallodatum.<\/b><\/div>\n<\/li>\n<\/ul>\n<p>[\/vc_toggle][\/vc_column_inner][\/vc_row_inner][\/vc_column][vc_column width=&#8221;1\/6&#8243;][vc_single_image image=&#8221;814&#8243; img_size=&#8221;full&#8221; add_caption=&#8221;yes&#8221; alignment=&#8221;center&#8221; style=&#8221;vc_box_circle_2&#8243;][vc_single_image image=&#8221;779&#8243; img_size=&#8221;full&#8221; add_caption=&#8221;yes&#8221; style=&#8221;vc_box_circle_2&#8243;][vc_row_inner][vc_column_inner][\/vc_column_inner][\/vc_row_inner][\/vc_column][\/vc_row][vc_row][vc_column width=&#8221;1\/5&#8243;][vc_toggle title=&#8221;\u00c4ventyrsl\u00e4ger&#8221; css=&#8221;.vc_custom_1769597936000{border-top-width: 6px !important;border-right-width: 6px !important;border-bottom-width: 6px !important;border-left-width: 6px !important;padding-top: 5px !important;padding-right: 5px !important;padding-bottom: 5px !important;padding-left: 5px !important;border-left-style: ridge !important;border-right-style: ridge !important;border-top-style: ridge !important;border-bottom-style: ridge !important;border-color: #00693F !important;}&#8221;]<strong>\ud83c\udf1f Sommarl\u00e4ger med \u00e4ventyr f\u00f6r alla unga hj\u00e4ltar! \ud83c\udf1f<\/strong><\/p>\n<p>\ud83c\udf89 <strong>F\u00f6r barn 7-10 \u00e5r \u2013 det h\u00e4r blir en sommar att minnas!<\/strong><\/p>\n<p>I sommar har vi inte bara vanliga l\u00e4ger \u2013 vi har <em>\u00c4VENTYR<\/em>! P\u00e5 v\u00e5ra sommarl\u00e4ger f\u00e5r barnen:<br \/>\n\ud83d\udc11 Ta hand om djuren och l\u00e4ra sig om g\u00e5rdens b\u00e4sta v\u00e4nner<br \/>\n\ud83c\udfa8 Pyssla, baka och skapa roliga saker<br \/>\n\ud83e\uddb8\u200d\u2640\ufe0f Vara riktiga hj\u00e4ltar \u2013 vi ska g\u00f6ra en massa roligt!<\/p>\n<p>I \u00e5r blir det <em>extra sp\u00e4nnande<\/em>! Alla deltagare fr\u00e5n 7 \u00e5r kommer att vara med om ett \u00e4ventyr d\u00e4r vi anv\u00e4nder \u00e4ventyrspedagogik och upplevelsebaserat l\u00e4rande. Vi lovar n\u00e5got som \u00e4r b\u00e5de lite l\u00e4skigt och massor av kul!<\/p>\n<p>Under veckan f\u00e5r barnen:<br \/>\n\ud83d\ude80 Utmana sig sj\u00e4lva och vara modiga<br \/>\n\ud83e\udd1d Samarbeta, kommunicera och vara en bra kompis<br \/>\n\ud83c\udfad Anv\u00e4nda sin fantasi f\u00f6r att l\u00f6sa utmaningar<br \/>\n\ud83d\ude0e Och framf\u00f6r allt ha superkul!<\/p>\n<p>S\u00e5 vad v\u00e4ntar du p\u00e5? Kom och var en del av v\u00e5rt st\u00f6rsta \u00e4ventyr n\u00e5gonsin \u2013 det kommer bli episkt! \u2728[\/vc_toggle][\/vc_column][vc_column width=&#8221;1\/5&#8243;][vc_toggle title=&#8221;Anpassat l\u00e4ger&#8221; css=&#8221;.vc_custom_1769597615279{border-top-width: 6px !important;border-right-width: 6px !important;border-bottom-width: 6px !important;border-left-width: 6px !important;padding-top: 5px !important;padding-right: 15px !important;padding-bottom: 15px !important;padding-left: 15px !important;border-left-style: ridge !important;border-right-style: ridge !important;border-top-style: ridge !important;border-bottom-style: ridge !important;border-radius: 4px !important;border-color: #00693F !important;}&#8221;]<strong>\ud83c\udf1f Anpassat l\u00e4ger \u2013 Skr\u00e4ddarsytt f\u00f6r ditt barns behov! \ud83c\udf1f<\/strong><\/p>\n<p>Det h\u00e4r l\u00e4gret \u00e4r f\u00f6r barn som beh\u00f6ver lite extra anpassning f\u00f6r att kunna vara med och ha kul! P\u00e5 detta l\u00e4ger \u00e4r vi en mindre grupp, och vi justerar aktiviteterna s\u00e5 att alla kan delta p\u00e5 sina egna villkor.<\/p>\n<p>\ud83c\udf08 <strong>Flexibilitet p\u00e5 topp!<\/strong><br \/>\nNi v\u00e4ljer sj\u00e4lva vilka dagar ni vill delta \u2013 vi anpassar hela veckan f\u00f6r att passa just ditt barns behov och \u00f6nskem\u00e5l!<\/p>\n<p>\ud83c\udfa8 <strong>Aktiviteter som f\u00e5r kreativiteten att fl\u00f6da!<\/strong><br \/>\nVi kommer att ha en massa roliga och l\u00e4rorika aktiviteter, som:<br \/>\n\ud83d\udc3e Djursk\u00f6tsel<br \/>\n\ud83c\udfa8 M\u00e5la t-shirts och krukor<br \/>\n\ud83c\udf31 Plantera sm\u00e5 v\u00e4xter<br \/>\n\ud83c\udf6a Baka n\u00e5got gott<br \/>\n\ud83c\udfc3\u200d\u2642\ufe0f Lekar och mycket mer!<\/p>\n<p>Alla aktiviteter anpassas efter deltagarnas intressen och vad de tycker \u00e4r kul \u2013 vi ser till att alla f\u00e5r vara med p\u00e5 sitt s\u00e4tt!<\/p>\n<p>\ud83d\udc68\u200d\ud83d\udc69\u200d\ud83d\udc67\u200d\ud83d\udc66 <strong>Beh\u00f6ver ditt barn st\u00f6d?<\/strong><br \/>\nF\u00f6r\u00e4lder eller assistent \u00e4r sj\u00e4lvklart varmt v\u00e4lkomna att vara med och delta om barnet har behov av det! Vi vill att alla ska k\u00e4nna sig trygga och ha roligt.<\/p>\n<p>Kom och skapa fantastiska minnen tillsammans med oss p\u00e5 ett l\u00e4ger d\u00e4r alla \u00e4r v\u00e4lkomna och f\u00e5r vara med p\u00e5 sina egna villkor! \ud83c\udf1f[\/vc_toggle][\/vc_column][vc_column width=&#8221;1\/5&#8243;][vc_toggle title=&#8221;4H-G\u00e5rds l\u00e4ger&#8221; css=&#8221;.vc_custom_1769597507709{border-top-width: 6px !important;border-right-width: 6px !important;border-bottom-width: 6px !important;border-left-width: 6px !important;padding-top: 5px !important;padding-right: 15px !important;padding-bottom: 15px !important;padding-left: 15px !important;border-left-style: ridge !important;border-right-style: ridge !important;border-top-style: ridge !important;border-bottom-style: ridge !important;border-color: #00693F !important;}&#8221;]<\/p>\n<p data-start=\"123\" data-end=\"190\">\ud83c\udf3f <strong data-start=\"126\" data-end=\"187\">Sommarl\u00e4ger fullt av djur, gemenskap och uppt\u00e4ckargl\u00e4dje!<\/strong> \ud83c\udf3f<\/p>\n<p data-start=\"192\" data-end=\"240\">\ud83c\udf89 <strong data-start=\"195\" data-end=\"238\">Tv\u00e5 l\u00e4ger \u2013 anpassade f\u00f6r olika \u00e5ldrar:<\/strong><\/p>\n<ul data-start=\"241\" data-end=\"285\">\n<li data-start=\"241\" data-end=\"263\">\n<p data-start=\"243\" data-end=\"263\"><strong data-start=\"243\" data-end=\"261\">7\u201311 \u00e5r \u2013 V.31<\/strong><\/p>\n<\/li>\n<li data-start=\"264\" data-end=\"285\">\n<p data-start=\"266\" data-end=\"285\"><strong data-start=\"266\" data-end=\"285\">10\u201312 \u00e5r \u2013 V.32<\/strong><\/p>\n<\/li>\n<\/ul>\n<p data-start=\"287\" data-end=\"425\">I sommar bjuder vi in till h\u00e4rliga dagar p\u00e5 g\u00e5rden d\u00e4r barnen f\u00e5r uppleva det b\u00e4sta av <strong data-start=\"374\" data-end=\"386\">4H-livet<\/strong>! P\u00e5 v\u00e5rt 4H-g\u00e5rdsl\u00e4ger f\u00e5r deltagarna:<\/p>\n<p data-start=\"427\" data-end=\"623\">\ud83d\udc11 Ta hand om g\u00e5rdens djur och l\u00e4ra k\u00e4nna dem p\u00e5 riktigt<br data-start=\"483\" data-end=\"486\">\ud83c\udf3e Vara med i det dagliga livet p\u00e5 g\u00e5rden<br data-start=\"527\" data-end=\"530\">\ud83c\udfa8 Skapa, leka och prova nya saker tillsammans<br data-start=\"576\" data-end=\"579\">\ud83c\udf1e Ha roligt utomhus och njuta av sommaren<\/p>\n<p data-start=\"625\" data-end=\"748\">Varje eftermiddag har vi ett <strong data-start=\"654\" data-end=\"672\">sp\u00e4nnande tema<\/strong> som kopplas till ett av <strong data-start=\"697\" data-end=\"747\"><span class=\"hover:entity-accent entity-underline inline cursor-pointer align-baseline\"><span class=\"whitespace-normal\">4H<\/span><\/span>:s fyra H<\/strong>:<\/p>\n<p data-start=\"750\" data-end=\"891\">\ud83e\udde0 <strong data-start=\"753\" data-end=\"762\">Huvud<\/strong> \u2013 f\u00f6r kunskap<br data-start=\"776\" data-end=\"779\">\u2764\ufe0f <strong data-start=\"782\" data-end=\"792\">Hj\u00e4rta<\/strong> \u2013 f\u00f6r medk\u00e4nsla<br data-start=\"808\" data-end=\"811\">\u270b <strong data-start=\"813\" data-end=\"821\">Hand<\/strong> \u2013 f\u00f6r praktiskt utf\u00f6rande<br data-start=\"847\" data-end=\"850\">\ud83d\udc9a <strong data-start=\"853\" data-end=\"862\">H\u00e4lsa<\/strong> \u2013 f\u00f6r ett sunt levnadss\u00e4tt<\/p>\n<p data-start=\"893\" data-end=\"1056\">Under veckan f\u00e5r barnen:<br \/>\n\ud83e\udd1d Tr\u00e4na p\u00e5 samarbete och vara en bra kompis<br data-start=\"962\" data-end=\"965\">\ud83c\udf31 Utvecklas, ta ansvar och k\u00e4nna stolthet<br data-start=\"1007\" data-end=\"1010\">\ud83d\ude04 Skratta massor och skapa minnen f\u00f6r livet<\/p>\n<p data-start=\"1058\" data-end=\"1115\">\u2728 <strong data-start=\"1060\" data-end=\"1113\">V\u00e4lkommen till sommarens mysigaste 4H-g\u00e5rdsl\u00e4ger!<\/strong> \u2728<\/p>\n<p>[\/vc_toggle][\/vc_column][vc_column width=&#8221;1\/5&#8243;][vc_toggle title=&#8221;Minil\u00e4ger&#8221; css=&#8221;.vc_custom_1769597639242{border-top-width: 6px !important;border-right-width: 6px !important;border-bottom-width: 6px !important;border-left-width: 6px !important;padding-top: 5px !important;padding-right: 15px !important;padding-bottom: 15px !important;padding-left: 15px !important;border-left-style: ridge !important;border-right-style: ridge !important;border-top-style: ridge !important;border-bottom-style: ridge !important;border-color: #00693F !important;}&#8221;]<strong>\ud83c\udf1e Sommarens roliga l\u00e4ger f\u00f6r de allra yngsta \u2013 f\u00f6r barn fr\u00e5n 5 \u00e5r! \ud83c\udf1e<\/strong><\/p>\n<p>I sommar erbjuder vi kortare l\u00e4ger f\u00f6r v\u00e5ra minsta stj\u00e4rnor, 5-6 \u00e5r (fyllda 5 \u00e5r). Under dessa dagar f\u00e5r barnen uppleva g\u00e5rden p\u00e5 sitt eget s\u00e4tt \u2013 tr\u00e4ffa djuren, baka, leka massor av roliga lekar och hitta nya kompisar!<\/p>\n<p><strong>Vad h\u00e4nder p\u00e5 l\u00e4gret?<\/strong><br \/>\n\ud83d\udc10 Tr\u00e4ffa och sk\u00f6ta om g\u00e5rdens djur \u2013 sm\u00e5 och stora!<br \/>\n\ud83c\udf6a Baka n\u00e5got gott tillsammans.<br \/>\n\ud83c\udf89 Leka lekar och ha kul i grupp.<br \/>\n\ud83d\udc6f\u200d\u2640\ufe0f Skapa nya v\u00e4nskapsband och uppt\u00e4ck v\u00e4rlden p\u00e5 g\u00e5rden.<\/p>\n<p>L\u00e4gren \u00e4r anpassade f\u00f6r lite yngre barn, och alla aktiviteter \u00e4r p\u00e5 en lagom niv\u00e5 \u2013 ledarna finns d\u00e4r f\u00f6r att uppt\u00e4cka och ha kul tillsammans med barnen.<\/p>\n<p>Kom och var med i sommarens b\u00e4sta \u00e4ventyr \u2013 vi lovar massor av skratt och nya minnen! \ud83c\udf08<\/p>\n<p>&nbsp;[\/vc_toggle][\/vc_column][vc_column width=&#8221;1\/5&#8243;][vc_toggle title=&#8221;Mellan l\u00e4ger&#8221; css=&#8221;.vc_custom_1769597877604{border-top-width: 6px !important;border-right-width: 6px !important;border-bottom-width: 6px !important;border-left-width: 6px !important;padding-top: 5px !important;padding-right: 15px !important;padding-bottom: 15px !important;padding-left: 15px !important;border-left-style: ridge !important;border-right-style: ridge !important;border-top-style: ridge !important;border-bottom-style: ridge !important;border-color: #00693F !important;}&#8221;]<strong>\ud83c\udf1e Sommarens roliga l\u00e4ger f\u00f6r de mellanstora barnen \u2013 f\u00f6r barn 6 \u00e5r! \ud83c\udf1e<\/strong><\/p>\n<p>I sommar erbjuder vi kortare l\u00e4ger f\u00f6r v\u00e5ra Mellan stj\u00e4rnor, (fyllda 6 \u00e5r). Under dessa dagar f\u00e5r barnen uppleva g\u00e5rden p\u00e5 sitt eget s\u00e4tt \u2013 tr\u00e4ffa djuren, baka, leka massor av roliga lekar och hitta nya kompisar!<\/p>\n<p><strong>Vad h\u00e4nder p\u00e5 l\u00e4gret?<\/strong><br \/>\n\ud83d\udc10 Tr\u00e4ffa och sk\u00f6ta om g\u00e5rdens djur \u2013 sm\u00e5 och stora!<br \/>\n\ud83c\udf6a Baka n\u00e5got gott tillsammans.<br \/>\n\ud83c\udf89 Leka lekar och ha kul i grupp.<br \/>\n\ud83d\udc6f\u200d\u2640\ufe0f Skapa nya v\u00e4nskapsband och uppt\u00e4ck v\u00e4rlden p\u00e5 g\u00e5rden.<\/p>\n<p>L\u00e4gren \u00e4r anpassade f\u00f6r lite yngre barn, och alla aktiviteter \u00e4r p\u00e5 en lagom niv\u00e5 \u2013 ledarna finns d\u00e4r f\u00f6r att uppt\u00e4cka och ha kul tillsammans med barnen.<\/p>\n<p>Kom och var med i sommarens b\u00e4sta \u00e4ventyr \u2013 vi lovar massor av skratt och nya minnen! \ud83c\udf08[\/vc_toggle][\/vc_column][\/vc_row][vc_row][vc_column][vc_column_text css=&#8221;&#8221;]<\/p>\n<h1 style=\"text-align: center;\"><span style=\"color: #006340;\">L\u00e4ger 2026<\/span><\/h1>\n<blockquote>\n<p style=\"text-align: center;\"><span style=\"color: #000000;\">H\u00e4r nedan f\u00f6ljer anm\u00e4lningsl\u00e4nkar till \u00e5rets l\u00e4ger. G\u00e5 in p\u00e5 varje specifik l\u00e4nk f\u00f6r att l\u00e4sa mer om de olika l\u00e4gerveckorna.<\/span><\/p>\n<\/blockquote>\n<h4 style=\"text-align: center;\"><strong>P\u00e5sklovsl\u00e4ger V.15<br \/>\n<\/strong><\/h4>\n<h5 style=\"text-align: center;\"><strong><a href=\"https:\/\/antribe.com\/org\/4h\/bjorklunds-hage-4h\/event\/pasklovslager-4-dagar-1-1-1\" target=\"_blank\" rel=\"noopener\">Info och anm\u00e4lan<\/a><br \/>\n<\/strong><\/h5>\n<h4 style=\"text-align: center;\"><strong>\u00c4ventyrsl\u00e4ger V.25<br \/>\n<\/strong><\/h4>\n<h5 style=\"text-align: center;\"><strong><a href=\"https:\/\/antribe.com\/org\/4h\/bjorklunds-hage-4h\/event\/aventyrslager-v25-1-1\" target=\"_blank\" rel=\"noopener\">Info och anm\u00e4lan<\/a><\/strong><\/h5>\n<h4 style=\"text-align: center;\"><strong>Minil\u00e4ger V.25<\/strong><\/h4>\n<h5 style=\"text-align: center;\"><strong><a href=\"https:\/\/antribe.com\/org\/4h\/bjorklunds-hage-4h\/event\/minilager-vecka-25-for-yngre-barn-eftermiddag-1-1-1-1-1\" target=\"_blank\" rel=\"noopener\">Info och anm\u00e4lan<\/a><\/strong><\/h5>\n<h4 style=\"text-align: center;\"><strong style=\"color: inherit;\">\u00c4ventyrsl\u00e4ger V.26 grupp 1<br \/>\n<\/strong><\/h4>\n<h5 style=\"text-align: center;\"><strong><a href=\"https:\/\/antribe.com\/org\/4h\/bjorklunds-hage-4h\/event\/aventyrslager-v26\" target=\"_blank\" rel=\"noopener\">Info och anm\u00e4lan<\/a><\/strong><\/h5>\n<h4 style=\"text-align: center;\"><strong style=\"color: inherit;\">\u00c4ventyrsl\u00e4ger V.26 grupp 2<\/strong><\/h4>\n<h5 style=\"text-align: center;\"><strong><a href=\"https:\/\/antribe.com\/org\/4h\/bjorklunds-hage-4h\/event\/aventyrslager-v26-2\" target=\"_blank\" rel=\"noopener\">Info och anm\u00e4lan<\/a><\/strong><\/h5>\n<h4 style=\"text-align: center;\"><strong>\u00c4ventyrsl\u00e4ger V.27 grupp 1<br \/>\n<\/strong><\/h4>\n<h5 style=\"text-align: center;\"><strong><a href=\"https:\/\/antribe.com\/org\/4h\/bjorklunds-hage-4h\/event\/aventyrslager-v27-3\" target=\"_blank\" rel=\"noopener\">Info och anm\u00e4lan<\/a><\/strong><\/h5>\n<h4 style=\"text-align: center;\"><strong>\u00c4ventyrsl\u00e4ger V.27 grupp 2<\/strong><\/h4>\n<h5 style=\"text-align: center;\"><strong><a href=\"https:\/\/antribe.com\/org\/4h\/bjorklunds-hage-4h\/event\/aventyrslager-v27-3-1\" target=\"_blank\" rel=\"noopener\">Info och anm\u00e4lan<\/a><\/strong><\/h5>\n<h4 style=\"text-align: center;\"><strong>Anpassatl\u00e4ger V.28 Fm<br \/>\n<\/strong><\/h4>\n<h5 style=\"text-align: center;\"><strong><a href=\"https:\/\/antribe.com\/org\/4h\/bjorklunds-hage-4h\/event\/anpassat-lager-fm-1-1\" target=\"_blank\" rel=\"noopener\">Info och anm\u00e4lan<\/a><\/strong><\/h5>\n<h4 style=\"text-align: center;\"><strong>Anpassatl\u00e4ger (spr\u00e5kgrupp) V.28 em<\/strong><\/h4>\n<h5 style=\"text-align: center;\"><strong><a href=\"https:\/\/antribe.com\/org\/4h\/bjorklunds-hage-4h\/event\/anpassat-lager-em-1-1\" target=\"_blank\" rel=\"noopener\">Info och anm\u00e4lan<\/a><\/strong><\/h5>\n<h4 style=\"text-align: center;\"><strong>Mellanl\u00e4ger V.28<\/strong><\/h4>\n<h5 style=\"text-align: center;\"><strong><a href=\"https:\/\/antribe.com\/org\/4h\/bjorklunds-hage-4h\/event\/mellanlager-vecka-28-for-yngre-barn-eftermiddag-1-1-1-1-1-1\" target=\"_blank\" rel=\"noopener\">Info och anm\u00e4lan<\/a><\/strong><\/h5>\n<h4 style=\"text-align: center;\"><strong>4H-g\u00e5rdsl\u00e4ger V.31<br \/>\n<\/strong><\/h4>\n<h5 style=\"text-align: center;\"><strong><a href=\"https:\/\/antribe.com\/org\/4h\/bjorklunds-hage-4h\/event\/4hgardslager-v321\" target=\"_blank\" rel=\"noopener\">Info och anm\u00e4lan<\/a><\/strong><\/h5>\n<h4 style=\"text-align: center;\"><strong>Minil\u00e4ger V.31<\/strong><\/h4>\n<h5 style=\"text-align: center;\"><strong><a href=\"https:\/\/antribe.com\/org\/4h\/bjorklunds-hage-4h\/event\/minilager-vecka-31-for-yngre-barn-eftermiddag\" target=\"_blank\" rel=\"noopener\">Info och anm\u00e4lan<\/a><\/strong><\/h5>\n<h4 style=\"text-align: center;\"><strong>\u00c4ventyrsl\u00e4ger V.32<br \/>\n<\/strong><\/h4>\n<h5 style=\"text-align: center;\"><strong><a href=\"https:\/\/antribe.com\/org\/4h\/bjorklunds-hage-4h\/event\/aventyrslager-v32\" target=\"_blank\" rel=\"noopener\">Info och anm\u00e4lan<\/a><\/strong><\/h5>\n<h4 style=\"text-align: center;\"><strong>4H-g\u00e5rdsl\u00e4ger V.32<\/strong><\/h4>\n<h5 style=\"text-align: center;\"><strong><a href=\"https:\/\/antribe.com\/org\/4h\/bjorklunds-hage-4h\/event\/4hgardslager-v32\" target=\"_blank\" rel=\"noopener\">Info och anm\u00e4lan<\/a><\/strong><\/h5>\n<h4 style=\"text-align: center;\"><strong>\u00c4ventyrsl\u00e4ger V.33 grupp 1<br \/>\n<\/strong><\/h4>\n<h5 style=\"text-align: center;\"><strong><a href=\"https:\/\/antribe.com\/org\/4h\/bjorklunds-hage-4h\/event\/aventyrslager-v33-1-1-1-1-1-1-1-2-2\" target=\"_blank\" rel=\"noopener\">Info och anm\u00e4lan<\/a><\/strong><\/h5>\n<h4 style=\"text-align: center;\"><strong>\u00c4ventyrsl\u00e4ger V.33 grupp 2<\/strong><\/h4>\n<h5 style=\"text-align: center;\"><strong><a href=\"https:\/\/antribe.com\/org\/4h\/bjorklunds-hage-4h\/event\/aventyrslager-v33-1-1-1-1-1-1-1-2-2-1\" target=\"_blank\" rel=\"noopener\">Info och anm\u00e4lan<\/a><\/strong><\/h5>\n<h4 style=\"text-align: center;\"><strong>&nbsp;<\/strong><\/h4>\n<h4 style=\"text-align: center;\"><\/h4>\n<h4 style=\"text-align: center;\"><\/h4>\n<h4 style=\"text-align: center;\"><\/h4>\n<h4 style=\"text-align: center;\"><strong>&nbsp;<\/strong><\/h4>\n<p>&nbsp;[\/vc_column_text][\/vc_column][\/vc_row]<\/p>\n<\/div>","protected":false},"excerpt":{"rendered":"<p>[vc_row][vc_column width=&#8221;1\/6&#8243;][vc_single_image image=&#8221;813&#8243; img_size=&#8221;full&#8221; add_caption=&#8221;yes&#8221; alignment=&#8221;center&#8221; style=&#8221;vc_box_circle_2&#8243;][vc_single_image image=&#8221;811&#8243; img_size=&#8221;full&#8221; add_caption=&#8221;yes&#8221; alignment=&#8221;center&#8221; style=&#8221;vc_box_circle_2&#8243;][vc_row_inner][vc_column_inner width=&#8221;1\/2&#8243;][\/vc_column_inner][vc_column_inner width=&#8221;1\/2&#8243;][\/vc_column_inner][\/vc_row_inner][\/vc_column][vc_column width=&#8221;2\/3&#8243;][vc_column_text] Lov = l\u00e4ger p\u00e5 4H! [\/vc_column_text][vc_column_text css=&#8221;&#8221;] L\u00e4ger \u00f6ppna f\u00f6r anm\u00e4lan: P\u00e5sklovsl\u00e4ger Sommarl\u00e4ger [\/vc_column_text][vc_column_text][\/vc_column_text][vc_row_inner][vc_column_inner width=&#8221;1\/2&#8243;][vc_message message_box_style=&#8221;3d&#8221; style=&#8221;round&#8221; message_box_color=&#8221;green&#8221; icon_type=&#8221;openiconic&#8221; icon_openiconic=&#8221;vc-oi vc-oi-comment&#8221;] \u00c4r du redan medlem och vill anm\u00e4la dig till ett l\u00e4ger? G\u00f6r s\u00e5 h\u00e4r: 1. Logga in 2. V\u00e4lj&nbsp; <a href=\"https:\/\/www.4h.se\/bjorklundshage\/lager\/\">&hellip; Read more <i class=\"glyphicon glyphicon-arrow-right\"><\/i><\/a><\/p>\n","protected":false},"author":124,"featured_media":0,"parent":0,"menu_order":0,"comment_status":"closed","ping_status":"closed","template":"","meta":{"_acf_changed":false,"footnotes":""},"class_list":["post-491","page","type-page","status-publish","hentry"],"acf":[],"yoast_head":"<!-- This site is optimized with the Yoast SEO plugin v27.5 - https:\/\/yoast.com\/product\/yoast-seo-wordpress\/ -->\n<title>L\u00e4ger - Bj\u00f6rklunds Hage 4H-g\u00e5rd<\/title>\n<meta name=\"robots\" content=\"index, follow, max-snippet:-1, max-image-preview:large, max-video-preview:-1\" \/>\n<link rel=\"canonical\" href=\"https:\/\/www.4h.se\/bjorklundshage\/lager\/\" \/>\n<meta property=\"og:locale\" content=\"sv_SE\" \/>\n<meta property=\"og:type\" content=\"article\" \/>\n<meta property=\"og:title\" content=\"L\u00e4ger - Bj\u00f6rklunds Hage 4H-g\u00e5rd\" \/>\n<meta property=\"og:description\" content=\"[vc_row][vc_column width=&#8221;1\/6&#8243;][vc_single_image image=&#8221;813&#8243; img_size=&#8221;full&#8221; add_caption=&#8221;yes&#8221; alignment=&#8221;center&#8221; style=&#8221;vc_box_circle_2&#8243;][vc_single_image image=&#8221;811&#8243; img_size=&#8221;full&#8221; add_caption=&#8221;yes&#8221; alignment=&#8221;center&#8221; style=&#8221;vc_box_circle_2&#8243;][vc_row_inner][vc_column_inner width=&#8221;1\/2&#8243;][\/vc_column_inner][vc_column_inner width=&#8221;1\/2&#8243;][\/vc_column_inner][\/vc_row_inner][\/vc_column][vc_column width=&#8221;2\/3&#8243;][vc_column_text] Lov = l\u00e4ger p\u00e5 4H! [\/vc_column_text][vc_column_text css=&#8221;&#8221;] L\u00e4ger \u00f6ppna f\u00f6r anm\u00e4lan: P\u00e5sklovsl\u00e4ger Sommarl\u00e4ger [\/vc_column_text][vc_column_text][\/vc_column_text][vc_row_inner][vc_column_inner width=&#8221;1\/2&#8243;][vc_message message_box_style=&#8221;3d&#8221; style=&#8221;round&#8221; message_box_color=&#8221;green&#8221; icon_type=&#8221;openiconic&#8221; icon_openiconic=&#8221;vc-oi vc-oi-comment&#8221;] \u00c4r du redan medlem och vill anm\u00e4la dig till ett l\u00e4ger? G\u00f6r s\u00e5 h\u00e4r: 1. Logga in 2. V\u00e4lj&nbsp; &hellip; Read more\" \/>\n<meta property=\"og:url\" content=\"https:\/\/www.4h.se\/bjorklundshage\/lager\/\" \/>\n<meta property=\"og:site_name\" content=\"Bj\u00f6rklunds Hage 4H-g\u00e5rd\" \/>\n<meta property=\"article:modified_time\" content=\"2026-02-05T14:22:49+00:00\" \/>\n<meta name=\"twitter:card\" content=\"summary_large_image\" \/>\n<meta name=\"twitter:label1\" content=\"Ber\u00e4knad l\u00e4stid\" \/>\n\t<meta name=\"twitter:data1\" content=\"10 minuter\" \/>\n<script type=\"application\/ld+json\" class=\"yoast-schema-graph\">{\"@context\":\"https:\\\/\\\/schema.org\",\"@graph\":[{\"@type\":\"WebPage\",\"@id\":\"https:\\\/\\\/www.4h.se\\\/bjorklundshage\\\/lager\\\/\",\"url\":\"https:\\\/\\\/www.4h.se\\\/bjorklundshage\\\/lager\\\/\",\"name\":\"L\u00e4ger - Bj\u00f6rklunds Hage 4H-g\u00e5rd\",\"isPartOf\":{\"@id\":\"https:\\\/\\\/www.4h.se\\\/bjorklundshage\\\/#website\"},\"datePublished\":\"2018-06-02T11:18:59+00:00\",\"dateModified\":\"2026-02-05T14:22:49+00:00\",\"breadcrumb\":{\"@id\":\"https:\\\/\\\/www.4h.se\\\/bjorklundshage\\\/lager\\\/#breadcrumb\"},\"inLanguage\":\"sv-SE\",\"potentialAction\":[{\"@type\":\"ReadAction\",\"target\":[\"https:\\\/\\\/www.4h.se\\\/bjorklundshage\\\/lager\\\/\"]}]},{\"@type\":\"BreadcrumbList\",\"@id\":\"https:\\\/\\\/www.4h.se\\\/bjorklundshage\\\/lager\\\/#breadcrumb\",\"itemListElement\":[{\"@type\":\"ListItem\",\"position\":1,\"name\":\"Hem\",\"item\":\"https:\\\/\\\/www.4h.se\\\/bjorklundshage\\\/\"},{\"@type\":\"ListItem\",\"position\":2,\"name\":\"L\u00e4ger\"}]},{\"@type\":\"WebSite\",\"@id\":\"https:\\\/\\\/www.4h.se\\\/bjorklundshage\\\/#website\",\"url\":\"https:\\\/\\\/www.4h.se\\\/bjorklundshage\\\/\",\"name\":\"Bj\u00f6rklunds Hage 4H-g\u00e5rd\",\"description\":\"\",\"potentialAction\":[{\"@type\":\"SearchAction\",\"target\":{\"@type\":\"EntryPoint\",\"urlTemplate\":\"https:\\\/\\\/www.4h.se\\\/bjorklundshage\\\/?s={search_term_string}\"},\"query-input\":{\"@type\":\"PropertyValueSpecification\",\"valueRequired\":true,\"valueName\":\"search_term_string\"}}],\"inLanguage\":\"sv-SE\"}]}<\/script>\n<!-- \/ Yoast SEO plugin. -->","yoast_head_json":{"title":"L\u00e4ger - Bj\u00f6rklunds Hage 4H-g\u00e5rd","robots":{"index":"index","follow":"follow","max-snippet":"max-snippet:-1","max-image-preview":"max-image-preview:large","max-video-preview":"max-video-preview:-1"},"canonical":"https:\/\/www.4h.se\/bjorklundshage\/lager\/","og_locale":"sv_SE","og_type":"article","og_title":"L\u00e4ger - Bj\u00f6rklunds Hage 4H-g\u00e5rd","og_description":"[vc_row][vc_column width=&#8221;1\/6&#8243;][vc_single_image image=&#8221;813&#8243; img_size=&#8221;full&#8221; add_caption=&#8221;yes&#8221; alignment=&#8221;center&#8221; style=&#8221;vc_box_circle_2&#8243;][vc_single_image image=&#8221;811&#8243; img_size=&#8221;full&#8221; add_caption=&#8221;yes&#8221; alignment=&#8221;center&#8221; style=&#8221;vc_box_circle_2&#8243;][vc_row_inner][vc_column_inner width=&#8221;1\/2&#8243;][\/vc_column_inner][vc_column_inner width=&#8221;1\/2&#8243;][\/vc_column_inner][\/vc_row_inner][\/vc_column][vc_column width=&#8221;2\/3&#8243;][vc_column_text] Lov = l\u00e4ger p\u00e5 4H! [\/vc_column_text][vc_column_text css=&#8221;&#8221;] L\u00e4ger \u00f6ppna f\u00f6r anm\u00e4lan: P\u00e5sklovsl\u00e4ger Sommarl\u00e4ger [\/vc_column_text][vc_column_text][\/vc_column_text][vc_row_inner][vc_column_inner width=&#8221;1\/2&#8243;][vc_message message_box_style=&#8221;3d&#8221; style=&#8221;round&#8221; message_box_color=&#8221;green&#8221; icon_type=&#8221;openiconic&#8221; icon_openiconic=&#8221;vc-oi vc-oi-comment&#8221;] \u00c4r du redan medlem och vill anm\u00e4la dig till ett l\u00e4ger? G\u00f6r s\u00e5 h\u00e4r: 1. Logga in 2. V\u00e4lj&nbsp; &hellip; Read more","og_url":"https:\/\/www.4h.se\/bjorklundshage\/lager\/","og_site_name":"Bj\u00f6rklunds Hage 4H-g\u00e5rd","article_modified_time":"2026-02-05T14:22:49+00:00","twitter_card":"summary_large_image","twitter_misc":{"Ber\u00e4knad l\u00e4stid":"10 minuter"},"schema":{"@context":"https:\/\/schema.org","@graph":[{"@type":"WebPage","@id":"https:\/\/www.4h.se\/bjorklundshage\/lager\/","url":"https:\/\/www.4h.se\/bjorklundshage\/lager\/","name":"L\u00e4ger - Bj\u00f6rklunds Hage 4H-g\u00e5rd","isPartOf":{"@id":"https:\/\/www.4h.se\/bjorklundshage\/#website"},"datePublished":"2018-06-02T11:18:59+00:00","dateModified":"2026-02-05T14:22:49+00:00","breadcrumb":{"@id":"https:\/\/www.4h.se\/bjorklundshage\/lager\/#breadcrumb"},"inLanguage":"sv-SE","potentialAction":[{"@type":"ReadAction","target":["https:\/\/www.4h.se\/bjorklundshage\/lager\/"]}]},{"@type":"BreadcrumbList","@id":"https:\/\/www.4h.se\/bjorklundshage\/lager\/#breadcrumb","itemListElement":[{"@type":"ListItem","position":1,"name":"Hem","item":"https:\/\/www.4h.se\/bjorklundshage\/"},{"@type":"ListItem","position":2,"name":"L\u00e4ger"}]},{"@type":"WebSite","@id":"https:\/\/www.4h.se\/bjorklundshage\/#website","url":"https:\/\/www.4h.se\/bjorklundshage\/","name":"Bj\u00f6rklunds Hage 4H-g\u00e5rd","description":"","potentialAction":[{"@type":"SearchAction","target":{"@type":"EntryPoint","urlTemplate":"https:\/\/www.4h.se\/bjorklundshage\/?s={search_term_string}"},"query-input":{"@type":"PropertyValueSpecification","valueRequired":true,"valueName":"search_term_string"}}],"inLanguage":"sv-SE"}]}},"_links":{"self":[{"href":"https:\/\/www.4h.se\/bjorklundshage\/wp-json\/wp\/v2\/pages\/491","targetHints":{"allow":["GET"]}}],"collection":[{"href":"https:\/\/www.4h.se\/bjorklundshage\/wp-json\/wp\/v2\/pages"}],"about":[{"href":"https:\/\/www.4h.se\/bjorklundshage\/wp-json\/wp\/v2\/types\/page"}],"author":[{"embeddable":true,"href":"https:\/\/www.4h.se\/bjorklundshage\/wp-json\/wp\/v2\/users\/124"}],"replies":[{"embeddable":true,"href":"https:\/\/www.4h.se\/bjorklundshage\/wp-json\/wp\/v2\/comments?post=491"}],"version-history":[{"count":0,"href":"https:\/\/www.4h.se\/bjorklundshage\/wp-json\/wp\/v2\/pages\/491\/revisions"}],"wp:attachment":[{"href":"https:\/\/www.4h.se\/bjorklundshage\/wp-json\/wp\/v2\/media?parent=491"}],"curies":[{"name":"wp","href":"https:\/\/api.w.org\/{rel}","templated":true}]}}